{"id":65743,"date":"2024-03-16T12:41:46","date_gmt":"2024-03-16T11:41:46","guid":{"rendered":"https:\/\/actagis.ch\/?page_id=65743"},"modified":"2025-08-05T10:31:12","modified_gmt":"2025-08-05T08:31:12","slug":"security-risk-management-academy","status":"publish","type":"page","link":"https:\/\/actagis.ch\/fr\/actagis-academy\/security-risk-management-academy\/","title":{"rendered":"S\u00e9curit\u00e9 &#038; Gestion du Risque &#8211; Academy"},"content":{"rendered":"<p>[et_pb_section fb_built=\u00a0\u00bb1&Prime; _builder_version=\u00a0\u00bb4.16&Prime; background_color=\u00a0\u00bb#0071bb\u00a0\u00bb custom_padding=\u00a0\u00bb54px|0px|30px|0px|false|false\u00a0\u00bb global_colors_info=\u00a0\u00bb{}\u00a0\u00bb][et_pb_row column_structure=\u00a0\u00bb3_5,2_5&Prime; _builder_version=\u00a0\u00bb4.16&Prime; custom_padding=\u00a0\u00bb50px|0px|29px|0px|false|false\u00a0\u00bb global_colors_info=\u00a0\u00bb{}\u00a0\u00bb][et_pb_column type=\u00a0\u00bb3_5&Prime; _builder_version=\u00a0\u00bb4.16&Prime; custom_padding=\u00a0\u00bb|||\u00a0\u00bb global_colors_info=\u00a0\u00bb{}\u00a0\u00bb custom_padding__hover=\u00a0\u00bb|||\u00a0\u00bb][et_pb_text _builder_version=\u00a0\u00bb4.24.2&Prime; header_line_height=\u00a0\u00bb1.3em\u00a0\u00bb header_2_line_height=\u00a0\u00bb1.3em\u00a0\u00bb min_height=\u00a0\u00bb128.6px\u00a0\u00bb global_colors_info=\u00a0\u00bb{}\u00a0\u00bb]<\/p>\n<h1><span style=\"color: #ffffff;\">S\u00e9curit\u00e9 &amp; Gestion du Risque &#8211; Academy<\/span><\/h1>\n<h2><span style=\"color: #ff9900;\">S\u00e9curisez votre entreprise et am\u00e9liorez votre approche de la gestion des risques<\/span><\/h2>\n<p>[\/et_pb_text][et_pb_text _builder_version=\u00a0\u00bb4.24.3&Prime; _module_preset=\u00a0\u00bbdefault\u00a0\u00bb text_font=\u00a0\u00bb|700|||||||\u00a0\u00bb text_text_color=\u00a0\u00bb#FFFFFF\u00a0\u00bb text_font_size=\u00a0\u00bb18px\u00a0\u00bb background_color=\u00a0\u00bb#E09900&Prime; text_orientation=\u00a0\u00bbcenter\u00a0\u00bb custom_margin=\u00a0\u00bb40px||||false|false\u00a0\u00bb custom_padding=\u00a0\u00bb10px|10px|10px|10px|false|false\u00a0\u00bb border_radii=\u00a0\u00bbon|5px|5px|5px|5px\u00a0\u00bb saved_tabs=\u00a0\u00bball\u00a0\u00bb locked=\u00a0\u00bboff\u00a0\u00bb global_colors_info=\u00a0\u00bb{}\u00a0\u00bb]<\/p>\n<p>Nous avons conseill\u00e9 plus de 400 entreprises et form\u00e9 plus de 1500 professionnels. Serez-vous le prochain ?<\/p>\n<p>[\/et_pb_text][et_pb_text admin_label=\u00a0\u00bbText\u00a0\u00bb _builder_version=\u00a0\u00bb4.24.2&Prime; text_text_color=\u00a0\u00bb#FFFFFF\u00a0\u00bb header_3_text_color=\u00a0\u00bb#FFFFFF\u00a0\u00bb background_size=\u00a0\u00bbinitial\u00a0\u00bb background_position=\u00a0\u00bbtop_left\u00a0\u00bb background_repeat=\u00a0\u00bbrepeat\u00a0\u00bb custom_margin=\u00a0\u00bb||-10px|||\u00a0\u00bb global_colors_info=\u00a0\u00bb{}\u00a0\u00bb]<\/p>\n<p><strong>S\u00e9curit\u00e9<\/strong><\/p>\n<p>S\u00e9curisez votre entreprise en alignement avec les\u00a0besoins des parties prenantes. Augmentez votre niveau de protection de mani\u00e8re proactive en adoptant des cadres it\u00e9ratifs de s\u00e9curit\u00e9 et de gestion des risques\u00a0tels que ISO 27001, 27005, 27032 et 31000.<\/p>\n<ul>\n<li>D\u00e9finition de strat\u00e9gie<\/li>\n<li>Syst\u00e8me de gestion de la s\u00e9curit\u00e9<\/li>\n<li>Tableau de bord S\u00e9curit\u00e9<\/li>\n<li>Architectures<\/li>\n<li>Formation et sensibilisation<\/li>\n<li>Services de s\u00e9curit\u00e9 packag\u00e9s<\/li>\n<li>Services aux CSO,\u00a0CISO<\/li>\n<\/ul>\n<p><strong>Gestion des risques<\/strong><\/p>\n<p>Adoptez une approche pragmatique pour un cadre de gestion de risques it\u00e9rative, et priorisez vos efforts sur les questions les plus importantes pour votre entreprise.<\/p>\n<ul>\n<li>Impl\u00e9mentation des cadres de gestion de risques<\/li>\n<li>Mise en \u0153uvre d&rsquo;outils de gestion de risques<\/li>\n<li>Services de gestion des risques\u00a0packag\u00e9s<\/li>\n<li>Services au CRO<\/li>\n<\/ul>\n<p>[\/et_pb_text][et_pb_button button_url=\u00a0\u00bb#formations\u00a0\u00bb button_text=\u00a0\u00bbD\u00e9couvrez nos formations\u00a0\u00bb _builder_version=\u00a0\u00bb4.24.2&Prime; _module_preset=\u00a0\u00bbdefault\u00a0\u00bb custom_button=\u00a0\u00bbon\u00a0\u00bb button_text_color=\u00a0\u00bb#FFFFFF\u00a0\u00bb custom_margin=\u00a0\u00bb60px||||false|false\u00a0\u00bb button_text_color_tablet=\u00a0\u00bb#FFFFFF\u00a0\u00bb button_text_color_phone=\u00a0\u00bb#FFFFFF\u00a0\u00bb button_text_color_last_edited=\u00a0\u00bbon|desktop\u00a0\u00bb global_colors_info=\u00a0\u00bb{}\u00a0\u00bb button_text_color__hover_enabled=\u00a0\u00bbon|desktop\u00a0\u00bb button_text_color__hover=\u00a0\u00bb#E09900&Prime;][\/et_pb_button][\/et_pb_column][et_pb_column type=\u00a0\u00bb2_5&Prime; _builder_version=\u00a0\u00bb4.16&Prime; custom_padding=\u00a0\u00bb|||\u00a0\u00bb global_colors_info=\u00a0\u00bb{}\u00a0\u00bb custom_padding__hover=\u00a0\u00bb|||\u00a0\u00bb][et_pb_code _builder_version=\u00a0\u00bb4.24.2&Prime; _module_preset=\u00a0\u00bbdefault\u00a0\u00bb custom_padding=\u00a0\u00bb||||false|false\u00a0\u00bb saved_tabs=\u00a0\u00bball\u00a0\u00bb locked=\u00a0\u00bboff\u00a0\u00bb global_colors_info=\u00a0\u00bb{}\u00a0\u00bb]<div style=\"background-color:#ffffff;padding:20px;\">\r\n\t\r\n\t<a href=\"https:\/\/actagis.ch\/fr\/actagis-academy\/bci-continuite-des-activites\/\"><img decoding=\"async\" loading=\"lazy\" width=\"800\" height=\"800\" src=\"https:\/\/actagis.ch\/wp-content\/uploads\/2024\/02\/ACTAGIS_Sorbonne_20230824_Reframed-scaled.jpg\" alt=\"\" ><\/a>\r\n\t<h4>\r\n\t<a href=\"https:\/\/actagis.ch\/fr\/actagis-academy\/bci-continuite-des-activites\/\">ACTAGIS d\u00e9livre des formations \u00e0 University of Paris I: Panth\u00e9on-Sorbonne<\/a>\r\n\t<\/h4>\r\n\t<p>Former la nouvelle g\u00e9n\u00e9ration en Cybers\u00e9curit\u00e9, Gouvernance IT, Continuit\u00e9 des Activit\u00e9s et Gestion de la Qualit\u00e9 est notre engagement passionn\u00e9. Notre Lead Trainer Jeff Primus, avec 14 ans d'exp\u00e9rience \u00e0 University of Paris I: Panth\u00e9on-Sorbonne, contribue au d\u00e9veloppement de futurs leaders et innovateurs. Chez ACTAGIS, nous valorisons cette contribution et nous engageons \u00e0 poursuivre avec excellence et int\u00e9grit\u00e9.<\/p>\r\n<\/div>[\/et_pb_code][et_pb_code module_class=\u00a0\u00bbheader-future-events\u00a0\u00bb _builder_version=\u00a0\u00bb4.16&Prime; _module_preset=\u00a0\u00bbdefault\u00a0\u00bb locked=\u00a0\u00bboff\u00a0\u00bb global_colors_info=\u00a0\u00bb{}\u00a0\u00bb]<!-- EventON Calendar --><div id='evcal_calendar_275' class='ajde_evcal_calendar clean esty_0 noiajx etttc_custom evoEL ' data-cal=''><div id='evcal_head' class='calendar_header ' ><div class='evo_cal_above evodfx evofx_dr_r marb5 evofx_ww'><button class='cal_head_btn evo-gototoday-btn' style='' data-mo='' data-yr='' data-dy='' aria-label='Go to today'>Current Month<\/button><\/div><div class='evo_cal_above_content'><\/div><div class='evo_header_title right'><\/div><\/div><div id='eventon_loadbar_section'><div id='eventon_loadbar'><\/div><\/div><!-- Events List --><div class='evo_events_list_box'><div id='evcal_list' class='eventon_events_list  el_cal'><div class='eventon_list_event no_events'><p class='no_events' >No Events<\/p><\/div>\t\t\t<\/div>\r\n\t\t\t<\/div><!-- evo_events_list_box -->\t\r\n\t\t\t<div class='clear'><\/div>\r\n\t\t\t\t\t \t<div id='evcal_footer' class='evo_bottom' style='display:none'>\r\n\t\t \t\t<div class='evo_cal_data' data-sc=\"{&quot;accord&quot;:&quot;no&quot;,&quot;bottom_nav&quot;:&quot;no&quot;,&quot;cal_id&quot;:&quot;&quot;,&quot;cal_init_nonajax&quot;:&quot;yes&quot;,&quot;cal_type&quot;:&quot;&quot;,&quot;calendar_type&quot;:&quot;el&quot;,&quot;currentuser&quot;:&quot;no&quot;,&quot;el_title&quot;:&quot;&quot;,&quot;el_type&quot;:&quot;ue&quot;,&quot;end_range&quot;:0,&quot;ep_fields&quot;:&quot;&quot;,&quot;etc_override&quot;:&quot;no&quot;,&quot;evc_open&quot;:&quot;no&quot;,&quot;event_count&quot;:0,&quot;event_count_list&quot;:&quot;no&quot;,&quot;event_location&quot;:&quot;all&quot;,&quot;event_order&quot;:&quot;ASC&quot;,&quot;event_organizer&quot;:&quot;all&quot;,&quot;event_parts&quot;:&quot;no&quot;,&quot;event_past_future&quot;:&quot;all&quot;,&quot;event_status&quot;:&quot;all&quot;,&quot;event_tag&quot;:&quot;all&quot;,&quot;event_type&quot;:&quot;all&quot;,&quot;event_type_2&quot;:&quot;118&quot;,&quot;event_users&quot;:&quot;all&quot;,&quot;event_virtual&quot;:&quot;all&quot;,&quot;eventtop_date_style&quot;:0,&quot;eventtop_style&quot;:&quot;0&quot;,&quot;exp_jumper&quot;:&quot;no&quot;,&quot;exp_so&quot;:&quot;no&quot;,&quot;filter_relationship&quot;:&quot;AND&quot;,&quot;filter_show_set_only&quot;:&quot;no&quot;,&quot;filter_style&quot;:&quot;default&quot;,&quot;filter_type&quot;:&quot;default&quot;,&quot;filters&quot;:&quot;yes&quot;,&quot;fixed_month&quot;:&quot;&quot;,&quot;fixed_year&quot;:&quot;&quot;,&quot;focus_end_date_range&quot;:&quot;1932760799&quot;,&quot;focus_start_date_range&quot;:&quot;1777523873&quot;,&quot;ft_event_priority&quot;:&quot;no&quot;,&quot;hide_arrows&quot;:&quot;no&quot;,&quot;hide_cancels&quot;:&quot;no&quot;,&quot;hide_empty_months&quot;:&quot;no&quot;,&quot;hide_end_time&quot;:&quot;no&quot;,&quot;hide_et_dn&quot;:&quot;no&quot;,&quot;hide_et_extra&quot;:&quot;no&quot;,&quot;hide_et_tags&quot;:&quot;no&quot;,&quot;hide_et_tl&quot;:&quot;no&quot;,&quot;hide_ft&quot;:&quot;no&quot;,&quot;hide_ft_img&quot;:&quot;no&quot;,&quot;hide_month_headers&quot;:&quot;no&quot;,&quot;hide_mult_occur&quot;:&quot;no&quot;,&quot;hide_past&quot;:&quot;no&quot;,&quot;hide_past_by&quot;:&quot;ee&quot;,&quot;hide_so&quot;:&quot;no&quot;,&quot;ics&quot;:&quot;no&quot;,&quot;jumper&quot;:&quot;no&quot;,&quot;jumper_count&quot;:5,&quot;jumper_offset&quot;:&quot;0&quot;,&quot;lang&quot;:&quot;L2&quot;,&quot;layout_changer&quot;:&quot;no&quot;,&quot;livenow_bar&quot;:&quot;yes&quot;,&quot;mapformat&quot;:&quot;roadmap&quot;,&quot;mapiconurl&quot;:&quot;&quot;,&quot;maps_load&quot;:&quot;yes&quot;,&quot;mapscroll&quot;:&quot;true&quot;,&quot;mapzoom&quot;:&quot;16&quot;,&quot;members_only&quot;:&quot;no&quot;,&quot;ml_priority&quot;:&quot;no&quot;,&quot;ml_toend&quot;:&quot;no&quot;,&quot;month_incre&quot;:0,&quot;month_order&quot;:&quot;ASC&quot;,&quot;number_of_months&quot;:&quot;60&quot;,&quot;only_ft&quot;:&quot;no&quot;,&quot;pec&quot;:&quot;&quot;,&quot;s&quot;:&quot;&quot;,&quot;search&quot;:&quot;&quot;,&quot;search_all&quot;:&quot;no&quot;,&quot;sep_month&quot;:&quot;no&quot;,&quot;show_et_ft_img&quot;:&quot;yes&quot;,&quot;show_limit&quot;:&quot;no&quot;,&quot;show_limit_ajax&quot;:&quot;no&quot;,&quot;show_limit_paged&quot;:1,&quot;show_limit_redir&quot;:&quot;&quot;,&quot;show_repeats&quot;:&quot;no&quot;,&quot;show_rsvp&quot;:&quot;no&quot;,&quot;show_search&quot;:&quot;no&quot;,&quot;show_upcoming&quot;:0,&quot;show_year&quot;:&quot;no&quot;,&quot;social_share&quot;:&quot;no&quot;,&quot;sort_by&quot;:&quot;sort_date&quot;,&quot;start_range&quot;:0,&quot;tile_bg&quot;:0,&quot;tile_bg_size&quot;:&quot;full&quot;,&quot;tile_count&quot;:2,&quot;tile_height&quot;:0,&quot;tile_style&quot;:0,&quot;tiles&quot;:&quot;no&quot;,&quot;users&quot;:&quot;all&quot;,&quot;ux_val&quot;:&quot;3&quot;,&quot;view_switcher&quot;:&quot;no&quot;,&quot;wpml_l1&quot;:&quot;en&quot;,&quot;wpml_l2&quot;:&quot;fr&quot;,&quot;wpml_l3&quot;:&quot;&quot;,&quot;x_ids&quot;:&quot;&quot;,&quot;yl_priority&quot;:&quot;no&quot;,&quot;yl_toend&quot;:&quot;no&quot;,&quot;fixed_day&quot;:&quot;30&quot;,&quot;fixed_date&quot;:&quot;&quot;,&quot;_cver&quot;:&quot;5.0.9&quot;}\" data-filter_data=\"[]\" data-nav_data=\"{&quot;month_title&quot;:&quot;&lt;p id=&#039;evcal_cur&#039; class=&#039;evo_month_title padr10&#039;&gt; , &lt;\\\/p&gt;&quot;}\" data-od=\"{&quot;lang_no_events&quot;:&quot;No Events&quot;,&quot;cal_tz_offset&quot;:120,&quot;cal_tz&quot;:&quot;Europe\\\/Zurich&quot;}\" ><\/div>\r\n\t\t \t\t<div class='evo_cal_events' data-events=\"\"><\/div>\r\n\t\t \t<\/div>\r\n\t\t\t\t\r\n\t\t\t\r\n\t\t\t\t\t\t<\/div><!-- EventON End -->\r\n\t\t\t[\/et_pb_code][\/et_pb_column][\/et_pb_row][\/et_pb_section][et_pb_section fb_built=\u00a0\u00bb1&Prime; _builder_version=\u00a0\u00bb4.24.2&Prime; _module_preset=\u00a0\u00bbdefault\u00a0\u00bb custom_margin=\u00a0\u00bb||0px||false|false\u00a0\u00bb custom_padding=\u00a0\u00bb||0px||false|false\u00a0\u00bb bottom_divider_style=\u00a0\u00bbslant\u00a0\u00bb bottom_divider_color=\u00a0\u00bb#0C71C3&Prime; bottom_divider_height=\u00a0\u00bb20px\u00a0\u00bb bottom_divider_flip=\u00a0\u00bbhorizontal\u00a0\u00bb global_colors_info=\u00a0\u00bb{}\u00a0\u00bb][et_pb_row column_structure=\u00a0\u00bb1_3,1_3,1_3&Prime; _builder_version=\u00a0\u00bb4.24.2&Prime; _module_preset=\u00a0\u00bbdefault\u00a0\u00bb global_colors_info=\u00a0\u00bb{}\u00a0\u00bb][et_pb_column type=\u00a0\u00bb1_3&Prime; _builder_version=\u00a0\u00bb4.24.2&Prime; _module_preset=\u00a0\u00bbdefault\u00a0\u00bb global_colors_info=\u00a0\u00bb{}\u00a0\u00bb][et_pb_blurb title=\u00a0\u00bbCertification officielle ou certificat de participation\u00a0\u00bb image=\u00a0\u00bbhttps:\/\/actagis.ch\/wp-content\/uploads\/2017\/04\/np_certificate_659530_0271C1.png\u00a0\u00bb alt=\u00a0\u00bbOfficial BCI Certification\u00a0\u00bb image_icon_width=\u00a0\u00bb100px\u00a0\u00bb admin_label=\u00a0\u00bbBlurb\u00a0\u00bb _builder_version=\u00a0\u00bb4.24.2&Prime; background_size=\u00a0\u00bbinitial\u00a0\u00bb background_position=\u00a0\u00bbtop_left\u00a0\u00bb background_repeat=\u00a0\u00bbrepeat\u00a0\u00bb text_orientation=\u00a0\u00bbcenter\u00a0\u00bb image_max_width=\u00a0\u00bb100px\u00a0\u00bb locked=\u00a0\u00bboff\u00a0\u00bb global_colors_info=\u00a0\u00bb{}\u00a0\u00bb]<\/p>\n<p>ACTAGIS, <strong>en tant que partenaire officiel et formateur de PECB pour la Suisse et l&rsquo;Europe, en tant que partenaire officiel de SABSA pour la Suisse et la France, et sur la base d&rsquo;un partenariat \u00e0 long terme avec l&rsquo;ISACA Swiss Chapter<\/strong>, propose des cours d&rsquo;apprentissage et de pr\u00e9paration aux certifications et assure les sessions d&rsquo;examens.<\/p>\n<p>[\/et_pb_blurb][\/et_pb_column][et_pb_column type=\u00a0\u00bb1_3&Prime; _builder_version=\u00a0\u00bb4.24.2&Prime; _module_preset=\u00a0\u00bbdefault\u00a0\u00bb global_colors_info=\u00a0\u00bb{}\u00a0\u00bb][et_pb_blurb title=\u00a0\u00bbGarantie de r\u00e9ussite \u00e0 l&rsquo;examen\u00a0\u00bb image=\u00a0\u00bbhttps:\/\/actagis.ch\/wp-content\/uploads\/2017\/04\/np_badge_898310_0271C1.png\u00a0\u00bb image_icon_width=\u00a0\u00bb100px\u00a0\u00bb admin_label=\u00a0\u00bbBlurb\u00a0\u00bb _builder_version=\u00a0\u00bb4.16&Prime; background_size=\u00a0\u00bbinitial\u00a0\u00bb background_position=\u00a0\u00bbtop_left\u00a0\u00bb background_repeat=\u00a0\u00bbrepeat\u00a0\u00bb text_orientation=\u00a0\u00bbcenter\u00a0\u00bb image_max_width=\u00a0\u00bb100px\u00a0\u00bb saved_tabs=\u00a0\u00bball\u00a0\u00bb locked=\u00a0\u00bboff\u00a0\u00bb global_colors_info=\u00a0\u00bb{}\u00a0\u00bb]<\/p>\n<p><span style=\"color: #ff6600;\"><strong>Un taux de r\u00e9ussite de pr\u00e8s de 100 % !<\/strong><\/span><br \/>Nous vous soutiendrons jusqu&rsquo;\u00e0 ce que vous r\u00e9ussissiez l&rsquo;examen du cours auquel vous \u00eates inscrit (<a href=\"http:\/\/bit.ly\/1TODhFW\">consulter les conditions<\/a>). Nous proposons les examens blancs officiels pour vous aider \u00e0 vous pr\u00e9parer.<\/p>\n<p>[\/et_pb_blurb][\/et_pb_column][et_pb_column type=\u00a0\u00bb1_3&Prime; _builder_version=\u00a0\u00bb4.24.2&Prime; _module_preset=\u00a0\u00bbdefault\u00a0\u00bb global_colors_info=\u00a0\u00bb{}\u00a0\u00bb][et_pb_blurb title=\u00a0\u00bbLa qualit\u00e9 suisse dans le monde entier\u00a0\u00bb image=\u00a0\u00bbhttps:\/\/actagis.ch\/wp-content\/uploads\/2021\/05\/swiss-quality.png\u00a0\u00bb image_icon_width=\u00a0\u00bb100px\u00a0\u00bb admin_label=\u00a0\u00bbBlurb\u00a0\u00bb _builder_version=\u00a0\u00bb4.16&Prime; background_size=\u00a0\u00bbinitial\u00a0\u00bb background_position=\u00a0\u00bbtop_left\u00a0\u00bb background_repeat=\u00a0\u00bbrepeat\u00a0\u00bb text_orientation=\u00a0\u00bbcenter\u00a0\u00bb image_max_width=\u00a0\u00bb100px\u00a0\u00bb global_colors_info=\u00a0\u00bb{}\u00a0\u00bb]<\/p>\n<p>Notre souci du d\u00e9tail et de rester \u00e0 jour refl\u00e8te notre engagement envers la qualit\u00e9. Nos formateurs apportent une exp\u00e9rience de terrain de la mise en \u0153uvre de frameworks et de programmes dans de grandes organisations.<\/p>\n<p>[\/et_pb_blurb][\/et_pb_column][\/et_pb_row][et_pb_row column_structure=\u00a0\u00bb1_3,1_3,1_3&Prime; _builder_version=\u00a0\u00bb4.24.2&Prime; _module_preset=\u00a0\u00bbdefault\u00a0\u00bb min_height=\u00a0\u00bb343.2px\u00a0\u00bb custom_padding=\u00a0\u00bb||||false|false\u00a0\u00bb global_colors_info=\u00a0\u00bb{}\u00a0\u00bb][et_pb_column type=\u00a0\u00bb1_3&Prime; _builder_version=\u00a0\u00bb4.24.2&Prime; _module_preset=\u00a0\u00bbdefault\u00a0\u00bb global_colors_info=\u00a0\u00bb{}\u00a0\u00bb][et_pb_blurb title=\u00a0\u00bbSession de conseil gratuite incluse\u00a0\u00bb image=\u00a0\u00bbhttps:\/\/actagis.ch\/wp-content\/uploads\/2020\/04\/consulting.png\u00a0\u00bb alt=\u00a0\u00bbHands-on exercises\u00a0\u00bb image_icon_width=\u00a0\u00bb100px\u00a0\u00bb admin_label=\u00a0\u00bbBlurb\u00a0\u00bb _builder_version=\u00a0\u00bb4.16&Prime; background_size=\u00a0\u00bbinitial\u00a0\u00bb background_position=\u00a0\u00bbtop_left\u00a0\u00bb background_repeat=\u00a0\u00bbrepeat\u00a0\u00bb text_orientation=\u00a0\u00bbcenter\u00a0\u00bb image_max_width=\u00a0\u00bb100px\u00a0\u00bb global_colors_info=\u00a0\u00bb{}\u00a0\u00bb]<\/p>\n<p>La plupart de nos programmes de formation comprennent <strong>une session suppl\u00e9mentaire de conseil en ligne gratuite<\/strong> pour vous aider \u00e0 mettre en \u0153uvre votre projet dans votre organisation.<\/p>\n<p>[\/et_pb_blurb][\/et_pb_column][et_pb_column type=\u00a0\u00bb1_3&Prime; _builder_version=\u00a0\u00bb4.24.2&Prime; _module_preset=\u00a0\u00bbdefault\u00a0\u00bb global_colors_info=\u00a0\u00bb{}\u00a0\u00bb][et_pb_blurb title=\u00a0\u00bbPrix comp\u00e9titifs\u00a0\u00bb image=\u00a0\u00bbhttps:\/\/actagis.ch\/wp-content\/uploads\/2021\/05\/competitve-pricing.png\u00a0\u00bb alt=\u00a0\u00bbSmall classes\u00a0\u00bb image_icon_width=\u00a0\u00bb100px\u00a0\u00bb admin_label=\u00a0\u00bbBlurb\u00a0\u00bb _builder_version=\u00a0\u00bb4.16&Prime; background_size=\u00a0\u00bbinitial\u00a0\u00bb background_position=\u00a0\u00bbtop_left\u00a0\u00bb background_repeat=\u00a0\u00bbrepeat\u00a0\u00bb text_orientation=\u00a0\u00bbcenter\u00a0\u00bb image_max_width=\u00a0\u00bb100px\u00a0\u00bb global_colors_info=\u00a0\u00bb{}\u00a0\u00bb]<\/p>\n<p>Pour que nos cours soient accessibles aux entreprises de toutes tailles, nous pratiquons des prix comp\u00e9titifs.<\/p>\n<p>[\/et_pb_blurb][\/et_pb_column][et_pb_column type=\u00a0\u00bb1_3&Prime; _builder_version=\u00a0\u00bb4.24.2&Prime; _module_preset=\u00a0\u00bbdefault\u00a0\u00bb global_colors_info=\u00a0\u00bb{}\u00a0\u00bb][et_pb_blurb title=\u00a0\u00bbTrainEverywhere\u00ae\u00a0\u00bb image=\u00a0\u00bbhttps:\/\/actagis.ch\/wp-content\/uploads\/2020\/04\/online.png\u00a0\u00bb alt=\u00a0\u00bbEnglish and French\u00a0\u00bb image_icon_width=\u00a0\u00bb100px\u00a0\u00bb admin_label=\u00a0\u00bbBlurb\u00a0\u00bb _builder_version=\u00a0\u00bb4.27.4&Prime; background_size=\u00a0\u00bbinitial\u00a0\u00bb background_position=\u00a0\u00bbtop_left\u00a0\u00bb background_repeat=\u00a0\u00bbrepeat\u00a0\u00bb text_orientation=\u00a0\u00bbcenter\u00a0\u00bb image_max_width=\u00a0\u00bb100px\u00a0\u00bb locked=\u00a0\u00bboff\u00a0\u00bb global_colors_info=\u00a0\u00bb{}\u00a0\u00bb]<\/p>\n<p>Nos cours sont dispens\u00e9s dans une salle de classe ou en ligne en direct avec un instructeur (parfois hybride). Certains cours sont \u00e9galement disponibles sous forme d&rsquo;auto-apprentissage.<\/p>\n<p>[\/et_pb_blurb][\/et_pb_column][\/et_pb_row][\/et_pb_section][et_pb_section fb_built=\u00a0\u00bb1&Prime; _builder_version=\u00a0\u00bb4.24.2&Prime; _module_preset=\u00a0\u00bbdefault\u00a0\u00bb custom_margin=\u00a0\u00bb50px||0px||false|false\u00a0\u00bb custom_padding=\u00a0\u00bb0px||0px||false|false\u00a0\u00bb global_colors_info=\u00a0\u00bb{}\u00a0\u00bb][et_pb_row _builder_version=\u00a0\u00bb4.24.2&Prime; _module_preset=\u00a0\u00bbdefault\u00a0\u00bb custom_margin=\u00a0\u00bb-29px|auto||auto||\u00a0\u00bb custom_padding=\u00a0\u00bb||20px|||\u00a0\u00bb global_colors_info=\u00a0\u00bb{}\u00a0\u00bb][et_pb_column type=\u00a0\u00bb4_4&Prime; _builder_version=\u00a0\u00bb4.24.2&Prime; _module_preset=\u00a0\u00bbdefault\u00a0\u00bb global_colors_info=\u00a0\u00bb{}\u00a0\u00bb][et_pb_text module_id=\u00a0\u00bbformations\u00a0\u00bb _builder_version=\u00a0\u00bb4.24.2&Prime; _module_preset=\u00a0\u00bbdefault\u00a0\u00bb global_colors_info=\u00a0\u00bb{}\u00a0\u00bb]<\/p>\n<h2>Nos formations<\/h2>\n<p>[\/et_pb_text][\/et_pb_column][\/et_pb_row][\/et_pb_section][et_pb_section fb_built=\u00a0\u00bb1&Prime; _builder_version=\u00a0\u00bb4.24.2&Prime; _module_preset=\u00a0\u00bbdefault\u00a0\u00bb custom_margin=\u00a0\u00bb||||false|false\u00a0\u00bb custom_padding=\u00a0\u00bb||||false|false\u00a0\u00bb bottom_divider_style=\u00a0\u00bbslant\u00a0\u00bb bottom_divider_color=\u00a0\u00bb#0C71C3&Prime; bottom_divider_height=\u00a0\u00bb20px\u00a0\u00bb bottom_divider_flip=\u00a0\u00bbhorizontal\u00a0\u00bb global_colors_info=\u00a0\u00bb{}\u00a0\u00bb][et_pb_row column_structure=\u00a0\u00bb1_3,1_3,1_3&Prime; _builder_version=\u00a0\u00bb4.24.2&Prime; _module_preset=\u00a0\u00bbdefault\u00a0\u00bb custom_padding=\u00a0\u00bb||||false|false\u00a0\u00bb global_colors_info=\u00a0\u00bb{}\u00a0\u00bb][et_pb_column type=\u00a0\u00bb1_3&Prime; _builder_version=\u00a0\u00bb4.24.2&Prime; _module_preset=\u00a0\u00bbdefault\u00a0\u00bb global_colors_info=\u00a0\u00bb{}\u00a0\u00bb][et_pb_image src=\u00a0\u00bbhttps:\/\/actagis.ch\/wp-content\/uploads\/2022\/03\/PECB-386.jpg\u00a0\u00bb title_text=\u00a0\u00bbPECB-386&Prime; _builder_version=\u00a0\u00bb4.24.2&Prime; _module_preset=\u00a0\u00bbdefault\u00a0\u00bb global_colors_info=\u00a0\u00bb{}\u00a0\u00bb][\/et_pb_image][\/et_pb_column][et_pb_column type=\u00a0\u00bb1_3&Prime; _builder_version=\u00a0\u00bb4.24.2&Prime; _module_preset=\u00a0\u00bbdefault\u00a0\u00bb global_colors_info=\u00a0\u00bb{}\u00a0\u00bb][et_pb_text _builder_version=\u00a0\u00bb4.24.2&Prime; _module_preset=\u00a0\u00bbdefault\u00a0\u00bb global_colors_info=\u00a0\u00bb{}\u00a0\u00bb]<\/p>\n<h2><a href=\"https:\/\/actagis.ch\/fr\/actagis-academy\/iso-formation-certifiantes\/iso-27001\/\">ISO 27001<\/a><\/h2>\n<p><a href=\"https:\/\/actagis.ch\/fr\/actagis-academy\/iso-formation-certifiantes\/iso-27001\/\">Lead Implementer \/ Lead Auditor \/ Introduction<br \/>Formation &amp; Certification <\/a><\/p>\n<p><strong>S\u00e9curit\u00e9 de l\u2019information<\/strong><\/p>\n<p>La s\u00e9curit\u00e9 de l\u2019information est certainement l\u2019une des questions les plus importantes qui concernent tous les professionnels du monde entier.<\/p>\n<p>[\/et_pb_text][\/et_pb_column][et_pb_column type=\u00a0\u00bb1_3&Prime; _builder_version=\u00a0\u00bb4.24.2&Prime; _module_preset=\u00a0\u00bbdefault\u00a0\u00bb global_colors_info=\u00a0\u00bb{}\u00a0\u00bb][et_pb_text _builder_version=\u00a0\u00bb4.24.2&Prime; _module_preset=\u00a0\u00bbdefault\u00a0\u00bb global_colors_info=\u00a0\u00bb{}\u00a0\u00bb]<\/p>\n<h2><a href=\"https:\/\/actagis.ch\/fr\/actagis-academy\/iso-formation-certifiantes\/iso-27701\/\">ISO\u00a027701<\/a><\/h2>\n<p><a href=\"https:\/\/actagis.ch\/fr\/actagis-academy\/iso-formation-certifiantes\/iso-27701\/\">Lead Implementer \/ Lead Auditor<br \/>Formation &amp; Certification <\/a><\/p>\n<p><strong>Management de la protection de la vie priv\u00e9e<\/strong><\/p>\n<p>La protection de la vie priv\u00e9e est certainement l\u2019une des questions les plus importantes qui concernent tous les professionnels du monde entier.<\/p>\n<p>[\/et_pb_text][\/et_pb_column][\/et_pb_row][et_pb_row column_structure=\u00a0\u00bb1_3,1_3,1_3&Prime; _builder_version=\u00a0\u00bb4.24.2&Prime; _module_preset=\u00a0\u00bbdefault\u00a0\u00bb custom_padding=\u00a0\u00bb||||false|false\u00a0\u00bb global_colors_info=\u00a0\u00bb{}\u00a0\u00bb][et_pb_column type=\u00a0\u00bb1_3&Prime; _builder_version=\u00a0\u00bb4.24.2&Prime; _module_preset=\u00a0\u00bbdefault\u00a0\u00bb global_colors_info=\u00a0\u00bb{}\u00a0\u00bb][et_pb_text _builder_version=\u00a0\u00bb4.24.2&Prime; _module_preset=\u00a0\u00bbdefault\u00a0\u00bb global_colors_info=\u00a0\u00bb{}\u00a0\u00bb]<\/p>\n<h2><a href=\"https:\/\/actagis.ch\/fr\/actagis-academy\/iso-formation-certifiantes\/iso-27005-risk-manager\/\">ISO 27005<\/a><\/h2>\n<p><a href=\"https:\/\/actagis.ch\/fr\/actagis-academy\/iso-formation-certifiantes\/iso-27005-risk-manager\/\">Risk Manager \/ Lead Risk Manager<br \/>Formation &amp; Certification<\/a><\/p>\n<p><strong>Gestion des risques<\/strong><\/p>\n<div class=\"et_pb_row_inner et_pb_row_inner_0\">\n<div class=\"et_pb_column et_pb_column_4_4 et_pb_column_inner et_pb_column_inner_0 et-last-child\">\n<div class=\"et_pb_module et_pb_text et_pb_text_3  et_pb_text_align_left et_pb_bg_layout_light\">\n<div class=\"et_pb_text_inner\">\n<p class=\"\">Les organisations doivent \u00e9valuer les risques de s\u00e9curit\u00e9 associ\u00e9s \u00e0 leurs syst\u00e8mes d\u2019information comme un pr\u00e9lude \u00e0 les traiter de diverses mani\u00e8res.<\/p>\n<p>Nos cours de formation \u00e0 la gestion des risques de s\u00e9curit\u00e9 de l\u2019information vous aideront \u00e0 apprendre comment traiter avec les plus hauts risques dans votre syst\u00e8me de gestion de la s\u00e9curit\u00e9 de l\u2019information.<\/p>\n<p class=\"\"><span>Consultez la liste ci-dessous pour trouver la formation,\u00a0<\/span><strong>y compris l\u2019examen de certification<\/strong><span>, qui vous convient le mieux!<\/span><\/p>\n<\/div>\n<\/div>\n<\/div>\n<\/div>\n<p>[\/et_pb_text][\/et_pb_column][et_pb_column type=\u00a0\u00bb1_3&Prime; _builder_version=\u00a0\u00bb4.24.2&Prime; _module_preset=\u00a0\u00bbdefault\u00a0\u00bb global_colors_info=\u00a0\u00bb{}\u00a0\u00bb][et_pb_text _builder_version=\u00a0\u00bb4.24.2&Prime; _module_preset=\u00a0\u00bbdefault\u00a0\u00bb global_colors_info=\u00a0\u00bb{}\u00a0\u00bb]<\/p>\n<h2><a href=\"https:\/\/actagis.ch\/fr\/actagis-academy\/iso-formation-certifiantes\/iso-27032-lead-cybersecurity-manager\/\">ISO\u00a027032<\/a><\/h2>\n<p><a href=\"https:\/\/actagis.ch\/fr\/actagis-academy\/iso-formation-certifiantes\/iso-27032-lead-cybersecurity-manager\/\">Lead Cybersecurity Manager<br \/>\nFormation &amp; Certification<\/a><\/p>\n<p><strong>Cybers\u00e9curit\u00e9<\/strong><\/p>\n<div class=\"et_pb_row_inner et_pb_row_inner_0\">\n<div class=\"et_pb_column et_pb_column_4_4 et_pb_column_inner et_pb_column_inner_0 et-last-child\">\n<div class=\"et_pb_module et_pb_text et_pb_text_3  et_pb_text_align_left et_pb_bg_layout_light\">\n<div class=\"et_pb_text_inner\">\n<p>La norme internationale ISO\/CEI 27032 vise \u00e0 mettre l\u2019accent sur le r\u00f4le des diff\u00e9rentes s\u00e9curit\u00e9s dans le cyberespace, au regard de la s\u00e9curit\u00e9 de l\u2019information, de la s\u00e9curit\u00e9 des r\u00e9seaux et de l\u2019Internet et de la protection des infrastructures d\u2019information essentielles. L\u2019ISO \/ CEI 27032 fournit un cadre strat\u00e9gique pour traiter la question de la confiance, de la collaboration et de l\u2019\u00e9change d\u2019informations ainsi que des conseils techniques pour l\u2019int\u00e9gration des syst\u00e8mes entre les parties prenantes du cyberespace.<\/p>\n<\/div>\n<\/div>\n<\/div>\n<\/div>\n<p>[\/et_pb_text][\/et_pb_column][et_pb_column type=\u00a0\u00bb1_3&Prime; _builder_version=\u00a0\u00bb4.24.2&Prime; _module_preset=\u00a0\u00bbdefault\u00a0\u00bb global_colors_info=\u00a0\u00bb{}\u00a0\u00bb][et_pb_text _builder_version=\u00a0\u00bb4.24.2&Prime; _module_preset=\u00a0\u00bbdefault\u00a0\u00bb global_colors_info=\u00a0\u00bb{}\u00a0\u00bb]<\/p>\n<h2><a href=\"https:\/\/actagis.ch\/fr\/actagis-academy\/iso-formation-certifiantes\/lead-cloud-security-manager\/\">Lead Cloud Security Manager<\/a><\/h2>\n<p><a href=\"https:\/\/actagis.ch\/fr\/actagis-academy\/iso-formation-certifiantes\/lead-cloud-security-manager\/\"> Formation &amp; Certification <\/a><\/p>\n<p>L\u2019utilisation du cloud computing ne cesse de cro\u00eetre, tout comme la n\u00e9cessit\u00e9 d\u2019en assurer la s\u00e9curit\u00e9. Les violations de donn\u00e9es et autres formes d\u2019attaques sont principalement dues \u00e0 de mauvaises pratiques de s\u00e9curit\u00e9, \u00e0 des mesures compliqu\u00e9es et \u00e0 des configurations erron\u00e9es. La s\u00e9curit\u00e9 du cloud est donc essentielle au bon fonctionnement des services en nuage.<\/p>\n<p>Les organismes qui adoptent la technologie en nuage doivent s\u2019assurer que le niveau de s\u00e9curit\u00e9 de leurs syst\u00e8mes en nuage r\u00e9pond \u00e0 leurs exigences et est conforme aux lois et r\u00e9glementations applicables.<\/p>\n<p>[\/et_pb_text][\/et_pb_column][\/et_pb_row][et_pb_row column_structure=\u00a0\u00bb1_3,1_3,1_3&Prime; _builder_version=\u00a0\u00bb4.24.2&Prime; _module_preset=\u00a0\u00bbdefault\u00a0\u00bb custom_padding=\u00a0\u00bb||||false|false\u00a0\u00bb global_colors_info=\u00a0\u00bb{}\u00a0\u00bb][et_pb_column type=\u00a0\u00bb1_3&Prime; _builder_version=\u00a0\u00bb4.24.2&Prime; _module_preset=\u00a0\u00bbdefault\u00a0\u00bb global_colors_info=\u00a0\u00bb{}\u00a0\u00bb][et_pb_text _builder_version=\u00a0\u00bb4.24.2&Prime; _module_preset=\u00a0\u00bbdefault\u00a0\u00bb global_colors_info=\u00a0\u00bb{}\u00a0\u00bb]<\/p>\n<h2><a href=\"https:\/\/actagis.ch\/fr\/actagis-academy\/iso-formation-certifiantes\/reglement-general-de-la-protection-des-donnees\/\"> R\u00e9glement G\u00e9n\u00e9ral de la Protection des Donn\u00e9es (RGPD)<br \/><\/a><\/h2>\n<p><a href=\"https:\/\/actagis.ch\/fr\/actagis-academy\/iso-formation-certifiantes\/reglement-general-de-la-protection-des-donnees\/\"> Formation et examen Certified Data Protection Officer (CDPO)<br \/><\/a><\/p>\n<p><strong>Protection des donn\u00e9es<\/strong><\/p>\n<p>Familiarisez-vous avec tous les processus n\u00e9cessaires pour adopter un r\u00e8glement g\u00e9n\u00e9ral sur la protection des donn\u00e9es (RGPD) dans une organisation.<\/p>\n<p>[\/et_pb_text][\/et_pb_column][et_pb_column type=\u00a0\u00bb1_3&Prime; _builder_version=\u00a0\u00bb4.24.2&Prime; _module_preset=\u00a0\u00bbdefault\u00a0\u00bb global_colors_info=\u00a0\u00bb{}\u00a0\u00bb][et_pb_text _builder_version=\u00a0\u00bb4.24.2&Prime; _module_preset=\u00a0\u00bbdefault\u00a0\u00bb global_colors_info=\u00a0\u00bb{}\u00a0\u00bb]<\/p>\n<h2><a href=\"https:\/\/actagis.ch\/fr\/actagis-academy\/iso-formation-certifiantes\/iso-31000\/\">ISO\u00a031000<\/a><\/h2>\n<p><a href=\"https:\/\/actagis.ch\/fr\/actagis-academy\/iso-formation-certifiantes\/iso-31000\/\">Lead Risk Manager<br \/>Formation et examens de certification <\/a><\/p>\n<p><strong>Risk Management<\/strong><\/p>\n<p>La gestion des risques joue un r\u00f4le essentiel dans la performance d\u2019une organisation. Les entreprises se concentrent de plus en plus sur l\u2019identification des risques et leur gestion avant qu\u2019ils ne touchent leurs affaires.<\/p>\n<p>Nos cours de formation en gestion des risques vous aideront \u00e0 apprendre \u00e0 faire face aux risques les plus \u00e9lev\u00e9s dans votre syst\u00e8me de gestion de la s\u00e9curit\u00e9 de l\u2019information.<\/p>\n<p>[\/et_pb_text][\/et_pb_column][et_pb_column type=\u00a0\u00bb1_3&Prime; _builder_version=\u00a0\u00bb4.24.2&Prime; _module_preset=\u00a0\u00bbdefault\u00a0\u00bb global_colors_info=\u00a0\u00bb{}\u00a0\u00bb][et_pb_text _builder_version=\u00a0\u00bb4.25.0&Prime; _module_preset=\u00a0\u00bbdefault\u00a0\u00bb locked=\u00a0\u00bboff\u00a0\u00bb global_colors_info=\u00a0\u00bb{}\u00a0\u00bb]<\/p>\n<h2><a href=\"https:\/\/actagis.ch\/fr\/actagis-academy\/iso-formation-certifiantes\/pecb-chief-information-security-officer\/\"> PECB Chief Information Security Officer <\/a><\/h2>\n<p><a href=\"https:\/\/actagis.ch\/fr\/actagis-academy\/iso-formation-certifiantes\/pecb-chief-information-security-officer\/\"> Pour les aspirants CISO<br \/>Formation &amp; Certification<\/a><\/p>\n<p><strong>S\u00e9curit\u00e9 de l&rsquo;information<\/strong><\/p>\n<p>L&rsquo;information peut \u00eatre communiqu\u00e9e, stock\u00e9e, affin\u00e9e et utilis\u00e9e pour contr\u00f4ler les processus. C&rsquo;est l&rsquo;un des actifs les plus pr\u00e9cieux et les plus importants d&rsquo;une organisation. Pour garantir sa bonne gestion et sa protection, l&rsquo;information doit \u00eatre trac\u00e9e tout au long de son cycle de vie, de la cr\u00e9ation \u00e0 l&rsquo;\u00e9limination.<\/p>\n<p>[\/et_pb_text][\/et_pb_column][\/et_pb_row][et_pb_row column_structure=\u00a0\u00bb1_3,1_3,1_3&Prime; _builder_version=\u00a0\u00bb4.24.2&Prime; _module_preset=\u00a0\u00bbdefault\u00a0\u00bb custom_padding=\u00a0\u00bb||||false|false\u00a0\u00bb global_colors_info=\u00a0\u00bb{}\u00a0\u00bb][et_pb_column type=\u00a0\u00bb1_3&Prime; _builder_version=\u00a0\u00bb4.24.2&Prime; _module_preset=\u00a0\u00bbdefault\u00a0\u00bb global_colors_info=\u00a0\u00bb{}\u00a0\u00bb][et_pb_text _builder_version=\u00a0\u00bb4.25.1&Prime; _module_preset=\u00a0\u00bbdefault\u00a0\u00bb locked=\u00a0\u00bboff\u00a0\u00bb global_colors_info=\u00a0\u00bb{}\u00a0\u00bb]<\/p>\n<h2><a href=\"https:\/\/actagis.ch\/fr\/actagis-academy\/iso-formation-certifiantes\/lead-cybersecurity-manager\/\"> Lead Cybersecurity Manager <\/a><\/h2>\n<p><a href=\"https:\/\/actagis.ch\/fr\/actagis-academy\/iso-formation-certifiantes\/lead-cybersecurity-manager\/\">Formation et Certification<\/a><\/p>\n<p><strong>Gestion de la cybers\u00e9curit\u00e9<\/strong><\/p>\n<p><span>Les participants apprendront les concepts fondamentaux de la cybers\u00e9curit\u00e9, les strat\u00e9gies, les m\u00e9thodologies et les techniques utilis\u00e9es pour \u00e9tablir et g\u00e9rer efficacement un programme de cybers\u00e9curit\u00e9 fond\u00e9 sur les normes internationales et les meilleures pratiques de l&rsquo;industrie en mati\u00e8re de cybers\u00e9curit\u00e9.\u00a0<\/span>[\/et_pb_text][\/et_pb_column][et_pb_column type=\u00a0\u00bb1_3&Prime; _builder_version=\u00a0\u00bb4.24.2&Prime; _module_preset=\u00a0\u00bbdefault\u00a0\u00bb global_colors_info=\u00a0\u00bb{}\u00a0\u00bb][et_pb_text _builder_version=\u00a0\u00bb4.25.1&Prime; _module_preset=\u00a0\u00bbdefault\u00a0\u00bb locked=\u00a0\u00bboff\u00a0\u00bb global_colors_info=\u00a0\u00bb{}\u00a0\u00bb]<\/p>\n<h1 class=\"primary-title\"><a href=\"https:\/\/actagis.ch\/fr\/actagis-academy\/iso-formation-certifiantes\/lead-pen-test-professional\/\">Lead Pen Test Professional<\/a><\/h1>\n<p><a href=\"https:\/\/actagis.ch\/fr\/actagis-academy\/iso-formation-certifiantes\/lead-pen-test-professional\/\">Formation et Certification<\/a><\/p>\n<p><strong>Test de p\u00e9n\u00e9tration<\/strong><\/p>\n<p>La formation Lead Pen Test Professional vous permet de d\u00e9velopper l&rsquo;expertise n\u00e9cessaire pour mener un test de p\u00e9n\u00e9tration professionnel en utilisant un m\u00e9lange de techniques pratiques et de comp\u00e9tences de gestion.<\/p>\n<p>[\/et_pb_text][\/et_pb_column][et_pb_column _builder_version=\u00a0\u00bb4.27.4&Prime; _module_preset=\u00a0\u00bbdefault\u00a0\u00bb type=\u00a0\u00bb1_3&Prime;][et_pb_text _builder_version=\u00a0\u00bb4.25.1&Prime; _module_preset=\u00a0\u00bbdefault\u00a0\u00bb locked=\u00a0\u00bboff\u00a0\u00bb global_colors_info=\u00a0\u00bb{}\u00a0\u00bb]<\/p>\n<h2><a href=\"https:\/\/actagis.ch\/fr\/actagis-academy\/iso-formation-certifiantes\/lead-scada-security-manager\/\"> Lead SCADA Security Manager <\/a><\/h2>\n<p><a href=\"https:\/\/actagis.ch\/fr\/actagis-academy\/iso-formation-certifiantes\/lead-scada-security-manager\/\">Formation et Certification<\/a><\/p>\n<p><strong>Contr\u00f4le de surveillance et acquisition de donn\u00e9es<\/strong><\/p>\n<div class=\"et_pb_module et_pb_text et_pb_text_9  et_pb_text_align_left et_pb_bg_layout_light\">\n<div class=\"et_pb_text_inner\">\n<p>La formation Lead SCADA Security Manager vous permet de d\u00e9velopper l\u2019expertise n\u00e9cessaire pour planifier, concevoir et mettre en \u0153uvre un programme efficace de protection des syst\u00e8mes SCADA. En outre, vous serez en mesure de comprendre les menaces, les vuln\u00e9rabilit\u00e9s et les risques courants li\u00e9s aux syst\u00e8mes de contr\u00f4le industriel (ICS), ainsi que les techniques utilis\u00e9es pour g\u00e9rer ces risques. Cette formation se concentre sur plusieurs aspects de la gestion de la s\u00e9curit\u00e9 et des comp\u00e9tences li\u00e9es \u00e0 la s\u00e9curit\u00e9 des SCADA\/ICS.<\/p>\n<\/div>\n<\/div>\n<p>[\/et_pb_text][\/et_pb_column][\/et_pb_row][et_pb_row column_structure=\u00a0\u00bb1_3,1_3,1_3&Prime; _builder_version=\u00a0\u00bb4.24.2&Prime; _module_preset=\u00a0\u00bbdefault\u00a0\u00bb custom_padding=\u00a0\u00bb||||false|false\u00a0\u00bb global_colors_info=\u00a0\u00bb{}\u00a0\u00bb][et_pb_column type=\u00a0\u00bb1_3&Prime; _builder_version=\u00a0\u00bb4.24.2&Prime; _module_preset=\u00a0\u00bbdefault\u00a0\u00bb global_colors_info=\u00a0\u00bb{}\u00a0\u00bb][et_pb_text _builder_version=\u00a0\u00bb4.25.1&Prime; _module_preset=\u00a0\u00bbdefault\u00a0\u00bb locked=\u00a0\u00bboff\u00a0\u00bb global_colors_info=\u00a0\u00bb{}\u00a0\u00bb]<\/p>\n<h2 class=\"primary-title\"><a href=\"https:\/\/actagis.ch\/fr\/actagis-academy\/iso-formation-certifiantes\/computer-forensics-foundation\/\">Computer Forensics Foundation<\/a><\/h2>\n<p><a href=\"https:\/\/actagis.ch\/fr\/actagis-academy\/iso-formation-certifiantes\/computer-forensics-foundation\/\">Formation et Certification<\/a><\/p>\n<p><strong>Mettre en \u0153uvre les processus de r\u00e9cup\u00e9ration et d&rsquo;analyse des preuves m\u00e9dico-l\u00e9gales<\/strong><\/p>\n<p>La formation Computer Forensics Foundation vous permet d&rsquo;apprendre les \u00e9l\u00e9ments de base pour mettre en \u0153uvre les processus Computer Forensics. Au cours de cette formation, vous serez en mesure de comprendre les outils d&rsquo;informatique l\u00e9gale qui sont utilis\u00e9s pour mettre en \u0153uvre les processus de r\u00e9cup\u00e9ration et d&rsquo;analyse des preuves en informatique l\u00e9gale.<\/p>\n<p>[\/et_pb_text][\/et_pb_column][et_pb_column type=\u00a0\u00bb1_3&Prime; _builder_version=\u00a0\u00bb4.24.2&Prime; _module_preset=\u00a0\u00bbdefault\u00a0\u00bb global_colors_info=\u00a0\u00bb{}\u00a0\u00bb][et_pb_text _builder_version=\u00a0\u00bb4.25.1&Prime; _module_preset=\u00a0\u00bbdefault\u00a0\u00bb locked=\u00a0\u00bboff\u00a0\u00bb global_colors_info=\u00a0\u00bb{}\u00a0\u00bb]<\/p>\n<h2 class=\"primary-title\"><a href=\"https:\/\/actagis.ch\/fr\/actagis-academy\/iso-formation-certifiantes\/iso-iec-27033-lead-network-security\/\">ISO\/IEC 27033 Lead Network Security<\/a><\/h2>\n<p><a href=\"https:\/\/actagis.ch\/fr\/actagis-academy\/iso-formation-certifiantes\/iso-iec-27033-lead-network-security\/\">Formation et Certification<\/a><\/p>\n<p><strong>Concepts, principes, m\u00e9thodes et techniques de conception utilis\u00e9s pour mettre en \u0153uvre et g\u00e9rer la s\u00e9curit\u00e9 des r\u00e9seaux<\/strong><\/p>\n<p>Ce cours de formation est ax\u00e9 sur le d\u00e9veloppement des connaissances n\u00e9cessaires pour aider une organisation \u00e0 planifier, mettre en \u0153uvre, g\u00e9rer, surveiller et maintenir efficacement la s\u00e9curit\u00e9 des r\u00e9seaux. Il fournit une \u00e9laboration compl\u00e8te de la structure de la s\u00e9rie de normes ISO\/IEC 27033, y compris une vue d&rsquo;ensemble de la s\u00e9curit\u00e9 des r\u00e9seaux et des concepts, des lignes directrices pour la conception et la mise en \u0153uvre de la s\u00e9curit\u00e9 des r\u00e9seaux, et des sc\u00e9narios de r\u00e9seau de r\u00e9f\u00e9rence pour s\u00e9curiser la communication entre les r\u00e9seaux en utilisant des passerelles de s\u00e9curit\u00e9, des VPN, et l&rsquo;acc\u00e8s au r\u00e9seau IP sans fil.<\/p>\n<p>[\/et_pb_text][\/et_pb_column][et_pb_column type=\u00a0\u00bb1_3&Prime; _builder_version=\u00a0\u00bb4.24.2&Prime; _module_preset=\u00a0\u00bbdefault\u00a0\u00bb global_colors_info=\u00a0\u00bb{}\u00a0\u00bb][et_pb_text _builder_version=\u00a0\u00bb4.25.1&Prime; _module_preset=\u00a0\u00bbdefault\u00a0\u00bb locked=\u00a0\u00bboff\u00a0\u00bb global_colors_info=\u00a0\u00bb{}\u00a0\u00bb]<\/p>\n<h2><a href=\"https:\/\/actagis.ch\/fr\/actagis-academy\/iso-formation-certifiantes\/ebios\/\">EBIOS<\/a><\/h2>\n<p><a href=\"https:\/\/actagis.ch\/fr\/actagis-academy\/iso-formation-certifiantes\/ebios\/\">Formation et Certification<\/a><\/p>\n<p><strong>M\u00e9thode d&rsquo;\u00e9valuation des risques<\/strong><\/p>\n<p>La formation EBIOS Risk Manager vous permet d&rsquo;acqu\u00e9rir les connaissances et de d\u00e9velopper les comp\u00e9tences n\u00e9cessaires pour ma\u00eetriser les concepts et les composantes de la gestion des risques li\u00e9s \u00e0 tous les actifs pertinents pour la s\u00e9curit\u00e9 de l&rsquo;information, sur la base de la m\u00e9thode EBIOS.<\/p>\n<p>[\/et_pb_text][\/et_pb_column][\/et_pb_row][\/et_pb_section][et_pb_section fb_built=\u00a0\u00bb1&Prime; _builder_version=\u00a0\u00bb4.24.2&Prime; _module_preset=\u00a0\u00bbdefault\u00a0\u00bb custom_margin=\u00a0\u00bb||||false|false\u00a0\u00bb custom_padding=\u00a0\u00bb||||false|false\u00a0\u00bb bottom_divider_style=\u00a0\u00bbslant\u00a0\u00bb bottom_divider_color=\u00a0\u00bb#0C71C3&Prime; bottom_divider_height=\u00a0\u00bb20px\u00a0\u00bb bottom_divider_flip=\u00a0\u00bbhorizontal\u00a0\u00bb global_colors_info=\u00a0\u00bb{}\u00a0\u00bb][et_pb_row column_structure=\u00a0\u00bb1_3,1_3,1_3&Prime; _builder_version=\u00a0\u00bb4.24.2&Prime; _module_preset=\u00a0\u00bbdefault\u00a0\u00bb custom_margin=\u00a0\u00bb-12px|auto||auto||\u00a0\u00bb custom_padding=\u00a0\u00bb||||false|false\u00a0\u00bb global_colors_info=\u00a0\u00bb{}\u00a0\u00bb][et_pb_column type=\u00a0\u00bb1_3&Prime; _builder_version=\u00a0\u00bb4.24.2&Prime; _module_preset=\u00a0\u00bbdefault\u00a0\u00bb global_colors_info=\u00a0\u00bb{}\u00a0\u00bb][et_pb_image src=\u00a0\u00bbhttps:\/\/actagis.ch\/wp-content\/uploads\/2021\/03\/isaca-logo-web-600.jpg\u00a0\u00bb title_text=\u00a0\u00bbisaca-logo-web-600&Prime; _builder_version=\u00a0\u00bb4.24.2&Prime; _module_preset=\u00a0\u00bbdefault\u00a0\u00bb global_colors_info=\u00a0\u00bb{}\u00a0\u00bb][\/et_pb_image][\/et_pb_column][et_pb_column type=\u00a0\u00bb1_3&Prime; _builder_version=\u00a0\u00bb4.24.2&Prime; _module_preset=\u00a0\u00bbdefault\u00a0\u00bb global_colors_info=\u00a0\u00bb{}\u00a0\u00bb][et_pb_text _builder_version=\u00a0\u00bb4.24.2&Prime; _module_preset=\u00a0\u00bbdefault\u00a0\u00bb global_colors_info=\u00a0\u00bb{}\u00a0\u00bb]<\/p>\n<h2><a href=\"https:\/\/actagis.ch\/fr\/actagis-academy\/isaca-formations\/crisc-certified-risk-information-systems-control\/\">CRISC<\/a><\/h2>\n<p><a href=\"https:\/\/actagis.ch\/fr\/actagis-academy\/isaca-formations\/crisc-certified-risk-information-systems-control\/\"> Formation et pr\u00e9paration \u00e0 l\u2019examen certifiant <\/a><\/p>\n<p><strong>Gestion du Risque<\/strong><\/p>\n<p>CRISC est la seule certification mondialement reconnue dans les domaines de la gestion et de la gouvernance des SI. Elle jouit d\u2019une grande r\u00e9putation internationale depuis de nombreuses ann\u00e9es, car elle \u00e9tablit une norme \u00e9lev\u00e9e et coh\u00e9rente dans le monde entier.<\/p>\n<p>Le domaine de pratique professionnelle CRISC se compose de cinq \u00ab\u00a0domaines\u00a0\u00bb, 39 \u00ab\u00a0t\u00e2ches\u00a0\u00bb et 71 \u00ab\u00a0\u00e9nonc\u00e9s de connaissances\u00a0\u00bb. Comme les diff\u00e9rentes t\u00e2ches font r\u00e9f\u00e9rence aux processus COBIT pertinents, COBIT fait partie int\u00e9grante de la formation et de la certification CRISC.<\/p>\n<p>[\/et_pb_text][\/et_pb_column][et_pb_column type=\u00a0\u00bb1_3&Prime; _builder_version=\u00a0\u00bb4.24.2&Prime; _module_preset=\u00a0\u00bbdefault\u00a0\u00bb global_colors_info=\u00a0\u00bb{}\u00a0\u00bb][et_pb_text _builder_version=\u00a0\u00bb4.24.2&Prime; _module_preset=\u00a0\u00bbdefault\u00a0\u00bb global_colors_info=\u00a0\u00bb{}\u00a0\u00bb]<\/p>\n<h2><a href=\"https:\/\/actagis.ch\/fr\/actagis-academy\/isaca-formations\/cism-certified-information-security-manager\/\"> CISM\u00ae \u2013 Certified Information Security Manager <\/a><\/h2>\n<p><a href=\"https:\/\/actagis.ch\/fr\/actagis-academy\/isaca-formations\/cism-certified-information-security-manager\/\"> Formation et pr\u00e9paration \u00e0 l\u2019examen certifiant <\/a><\/p>\n<p><strong> Gestion et Gouvernance de la S\u00e9curit\u00e9 des Syst\u00e8mes d\u2019Information<br \/><\/strong><\/p>\n<p>CISM est la seule certification mondialement reconnue dans le domaine de la gestion et de la gouvernance de la s\u00e9curit\u00e9 des SI. Son excellente r\u00e9putation au niveau international vient du fait que cette certification place des exigences \u00e9lev\u00e9es et identiques dans le monde entier.<\/p>\n<p>La mati\u00e8re couverte par le CISM (\u00ab\u00a0Job Practice Area\u00a0\u00bb) comprend quatre domaines, 37 t\u00e2ches et 60 bases de connaissances (knowledge statements). Comme les diff\u00e9rentes t\u00e2ches font r\u00e9f\u00e9rence aux processus COBIT respectifs, COBIT fait partie int\u00e9grante de la formation et de la certification CISM.<\/p>\n<p>[\/et_pb_text][\/et_pb_column][\/et_pb_row][\/et_pb_section][et_pb_section fb_built=\u00a0\u00bb1&Prime; _builder_version=\u00a0\u00bb4.24.2&Prime; _module_preset=\u00a0\u00bbdefault\u00a0\u00bb custom_margin=\u00a0\u00bb||||false|false\u00a0\u00bb custom_padding=\u00a0\u00bb||||false|false\u00a0\u00bb bottom_divider_style=\u00a0\u00bbslant\u00a0\u00bb bottom_divider_color=\u00a0\u00bb#0C71C3&Prime; bottom_divider_height=\u00a0\u00bb20px\u00a0\u00bb bottom_divider_flip=\u00a0\u00bbhorizontal\u00a0\u00bb global_colors_info=\u00a0\u00bb{}\u00a0\u00bb][et_pb_row column_structure=\u00a0\u00bb1_3,1_3,1_3&Prime; _builder_version=\u00a0\u00bb4.24.2&Prime; _module_preset=\u00a0\u00bbdefault\u00a0\u00bb custom_margin=\u00a0\u00bb-12px|auto||auto||\u00a0\u00bb custom_padding=\u00a0\u00bb||||false|false\u00a0\u00bb global_colors_info=\u00a0\u00bb{}\u00a0\u00bb][et_pb_column type=\u00a0\u00bb1_3&Prime; _builder_version=\u00a0\u00bb4.24.2&Prime; _module_preset=\u00a0\u00bbdefault\u00a0\u00bb global_colors_info=\u00a0\u00bb{}\u00a0\u00bb][et_pb_image src=\u00a0\u00bbhttps:\/\/actagis.ch\/wp-content\/uploads\/2016\/01\/alpine-security-cissp-course.jpg\u00a0\u00bb title_text=\u00a0\u00bbalpine-security-cissp-course\u00a0\u00bb _builder_version=\u00a0\u00bb4.24.2&Prime; _module_preset=\u00a0\u00bbdefault\u00a0\u00bb global_colors_info=\u00a0\u00bb{}\u00a0\u00bb][\/et_pb_image][\/et_pb_column][et_pb_column type=\u00a0\u00bb1_3&Prime; _builder_version=\u00a0\u00bb4.24.2&Prime; _module_preset=\u00a0\u00bbdefault\u00a0\u00bb global_colors_info=\u00a0\u00bb{}\u00a0\u00bb][et_pb_text _builder_version=\u00a0\u00bb4.24.2&Prime; _module_preset=\u00a0\u00bbdefault\u00a0\u00bb global_colors_info=\u00a0\u00bb{}\u00a0\u00bb]<\/p>\n<h2><a href=\"https:\/\/actagis.ch\/fr\/actagis-academy\/cissp-professionnel-certifie-dans-la-securite-des-systemes-dinformation\/\"> CISSP\u00ae \u2013 Certified Information Systems Security Professional <\/a><\/h2>\n<p><a href=\"https:\/\/actagis.ch\/fr\/actagis-academy\/cissp-professionnel-certifie-dans-la-securite-des-systemes-dinformation\/\"> Formation et pr\u00e9paration \u00e0 l\u2019examen <\/a><\/p>\n<p><strong> S\u00e9curit\u00e9 des Syst\u00e8mes d\u2019Information <\/strong><\/p>\n<div class=\"et_pb_row_inner et_pb_row_inner_0\">\n<div class=\"et_pb_column et_pb_column_4_4 et_pb_column_inner et_pb_column_inner_0 et-last-child\">\n<div class=\"et_pb_module et_pb_text et_pb_text_3  et_pb_text_align_left et_pb_bg_layout_light\">\n<div class=\"et_pb_text_inner\">\n<p>Cette formation de 5 jours est compos\u00e9e de modules th\u00e9oriques, couvrant les 8 domaines CISSP qui ont \u00e9t\u00e9 mis \u00e0 jour en avril 2015, entrelac\u00e9s avec des questions d\u2019examen, offrant au participant une pr\u00e9paration optimale pour l\u2019examen de certification.<\/p>\n<\/div>\n<\/div>\n<\/div>\n<\/div>\n<div class=\"et_pb_row_inner et_pb_row_inner_1\">\n<div class=\"et_pb_column et_pb_column_1_3 et_pb_column_inner et_pb_column_inner_1\">\n<div class=\"et_pb_module et_pb_blurb et_pb_blurb_0  et_pb_text_align_center  et_pb_blurb_position_top et_pb_bg_layout_light\">\n<div class=\"et_pb_blurb_content\">\n<div class=\"et_pb_main_blurb_image\"><\/div>\n<\/div>\n<\/div>\n<\/div>\n<\/div>\n<p>[\/et_pb_text][\/et_pb_column][et_pb_column type=\u00a0\u00bb1_3&Prime; _builder_version=\u00a0\u00bb4.24.2&Prime; _module_preset=\u00a0\u00bbdefault\u00a0\u00bb global_colors_info=\u00a0\u00bb{}\u00a0\u00bb][\/et_pb_column][\/et_pb_row][\/et_pb_section][et_pb_section fb_built=\u00a0\u00bb1&Prime; custom_padding_last_edited=\u00a0\u00bbon|desktop\u00a0\u00bb _builder_version=\u00a0\u00bb4.16&Prime; background_color=\u00a0\u00bb#f0e5d5&Prime; custom_padding_tablet=\u00a0\u00bb50px|0|50px|0&Prime; custom_padding_phone=\u00a0\u00bb\u00a0\u00bb padding_mobile=\u00a0\u00bboff\u00a0\u00bb global_colors_info=\u00a0\u00bb{}\u00a0\u00bb][et_pb_row _builder_version=\u00a0\u00bb4.24.2&Prime; _module_preset=\u00a0\u00bbdefault\u00a0\u00bb custom_padding=\u00a0\u00bb||0px|||\u00a0\u00bb global_colors_info=\u00a0\u00bb{}\u00a0\u00bb][et_pb_column type=\u00a0\u00bb4_4&Prime; _builder_version=\u00a0\u00bb4.24.2&Prime; _module_preset=\u00a0\u00bbdefault\u00a0\u00bb global_colors_info=\u00a0\u00bb{}\u00a0\u00bb][et_pb_text _builder_version=\u00a0\u00bb4.24.2&Prime; background_size=\u00a0\u00bbinitial\u00a0\u00bb background_position=\u00a0\u00bbtop_left\u00a0\u00bb background_repeat=\u00a0\u00bbrepeat\u00a0\u00bb global_colors_info=\u00a0\u00bb{}\u00a0\u00bb]<\/p>\n<h2 class=\"et_pb_contact_main_title\">Int\u00e9ress\u00e9? Contactez-nous.<\/h2>\n<div id=\"gtx-trans\" style=\"position: absolute; left: 549px; top: 97.8125px;\">\n<div class=\"gtx-trans-icon\"><\/div>\n<\/div>\n<p>[\/et_pb_text][\/et_pb_column][\/et_pb_row][et_pb_row column_structure=\u00a0\u00bb2_3,1_3&Prime; _builder_version=\u00a0\u00bb4.16&Prime; background_size=\u00a0\u00bbinitial\u00a0\u00bb background_position=\u00a0\u00bbtop_left\u00a0\u00bb background_repeat=\u00a0\u00bbrepeat\u00a0\u00bb custom_padding=\u00a0\u00bb1px|||||\u00a0\u00bb global_colors_info=\u00a0\u00bb{}\u00a0\u00bb][et_pb_column type=\u00a0\u00bb2_3&Prime; _builder_version=\u00a0\u00bb4.16&Prime; custom_padding=\u00a0\u00bb|||\u00a0\u00bb global_colors_info=\u00a0\u00bb{}\u00a0\u00bb custom_padding__hover=\u00a0\u00bb|||\u00a0\u00bb][et_pb_text _builder_version=\u00a0\u00bb4.24.2&Prime; background_size=\u00a0\u00bbinitial\u00a0\u00bb background_position=\u00a0\u00bbtop_left\u00a0\u00bb background_repeat=\u00a0\u00bbrepeat\u00a0\u00bb global_colors_info=\u00a0\u00bb{}\u00a0\u00bb]<\/p>\n\n<div class=\"wpcf7 no-js\" id=\"wpcf7-f3034-o1\" lang=\"en-US\" dir=\"ltr\" data-wpcf7-id=\"3034\">\n<div class=\"screen-reader-response\"><p role=\"status\" aria-live=\"polite\" aria-atomic=\"true\"><\/p> <ul><\/ul><\/div>\n<form action=\"\/fr\/wp-json\/wp\/v2\/pages\/65743#wpcf7-f3034-o1\" method=\"post\" class=\"wpcf7-form init\" aria-label=\"Contact form\" novalidate=\"novalidate\" data-status=\"init\">\n<fieldset class=\"hidden-fields-container\"><input type=\"hidden\" name=\"_wpcf7\" value=\"3034\" \/><input type=\"hidden\" name=\"_wpcf7_version\" value=\"6.1.5\" \/><input type=\"hidden\" name=\"_wpcf7_locale\" value=\"en_US\" \/><input type=\"hidden\" name=\"_wpcf7_unit_tag\" value=\"wpcf7-f3034-o1\" \/><input type=\"hidden\" name=\"_wpcf7_container_post\" value=\"0\" \/><input type=\"hidden\" name=\"_wpcf7_posted_data_hash\" value=\"\" \/><input type=\"hidden\" name=\"_wpcf7dtx_version\" value=\"5.0.5\" \/>\n<\/fieldset>\n<p>Votre int\u00e9r\u00eat\n<\/p>\n<p><span class=\"wpcf7-form-control-wrap contact-form-subject\" data-name=\"contact-form-subject\"><input type=\"text\" name=\"contact-form-subject\" class=\"wpcf7-form-control wpcf7-text wpcf7dtx wpcf7dtx-text\" aria-invalid=\"false\" value=\"ACTAGIS presenting at BCI World Hybrid 2022\"><\/span>\n<\/p>\n<p>Nom (obligatoire)\n<\/p>\n<p><span class=\"wpcf7-form-control-wrap\" data-name=\"your-name\"><input size=\"40\" maxlength=\"400\" class=\"wpcf7-form-control wpcf7-text wpcf7-validates-as-required\" aria-required=\"true\" aria-invalid=\"false\" value=\"\" type=\"text\" name=\"your-name\" \/><\/span>\n<\/p>\n<p>Email (obligatoire)\n<\/p>\n<p><span class=\"wpcf7-form-control-wrap\" data-name=\"your-email\"><input size=\"40\" maxlength=\"400\" class=\"wpcf7-form-control wpcf7-email wpcf7-validates-as-required wpcf7-text wpcf7-validates-as-email\" aria-required=\"true\" aria-invalid=\"false\" value=\"\" type=\"email\" name=\"your-email\" \/><\/span>\n<\/p>\n<p>T\u00e9l\u00e9phone professionnel direct avec l'indicatif du pays (obligatoire)\n<\/p>\n<p><span class=\"wpcf7-form-control-wrap\" data-name=\"your-tel\"><input size=\"40\" maxlength=\"400\" class=\"wpcf7-form-control wpcf7-tel wpcf7-validates-as-required wpcf7-text wpcf7-validates-as-tel\" aria-required=\"true\" aria-invalid=\"false\" value=\"\" type=\"tel\" name=\"your-tel\" \/><\/span>\n<\/p>\n<p>T\u00e9l\u00e9phone mobile avec l'indicatif du pays (obligatoire)\n<\/p>\n<p><span class=\"wpcf7-form-control-wrap\" data-name=\"your-mob-tel\"><input size=\"40\" maxlength=\"400\" class=\"wpcf7-form-control wpcf7-tel wpcf7-validates-as-required wpcf7-text wpcf7-validates-as-tel\" aria-required=\"true\" aria-invalid=\"false\" value=\"\" type=\"tel\" name=\"your-mob-tel\" \/><\/span>\n<\/p>\n<p>Ville (obligatoire)\n<\/p>\n<p><span class=\"wpcf7-form-control-wrap\" data-name=\"your-city\"><input size=\"40\" maxlength=\"400\" class=\"wpcf7-form-control wpcf7-text wpcf7-validates-as-required\" aria-required=\"true\" aria-invalid=\"false\" value=\"\" type=\"text\" name=\"your-city\" \/><\/span>\n<\/p>\n<p>Pays (obligatoire)\n<\/p>\n<p><span class=\"wpcf7-form-control-wrap\" data-name=\"your-country\"><input size=\"40\" maxlength=\"400\" class=\"wpcf7-form-control wpcf7-text wpcf7-validates-as-required\" aria-required=\"true\" aria-invalid=\"false\" value=\"\" type=\"text\" name=\"your-country\" \/><\/span>\n<\/p>\n<p>Votre message\n<\/p>\n<p><span class=\"wpcf7-form-control-wrap\" data-name=\"your-message\"><textarea cols=\"40\" rows=\"10\" maxlength=\"2000\" class=\"wpcf7-form-control wpcf7-textarea\" aria-invalid=\"false\" name=\"your-message\"><\/textarea><\/span>\n<\/p>\n<p><span class=\"wpcf7-form-control-wrap\" data-name=\"protection-donnes\"><span class=\"wpcf7-form-control wpcf7-acceptance\"><span class=\"wpcf7-list-item\"><label><input type=\"checkbox\" name=\"protection-donnes\" value=\"1\" aria-invalid=\"false\" \/><span class=\"wpcf7-list-item-label\">J'accepte la <a href=\"https:\/\/actagis.ch\/fr\/protection-des-donnees\/\" target=\"_blank\">politique de protection des donn\u00e9es<\/a><\/span><\/label><\/span><\/span><\/span>\n<\/p>\n<p><div class=\"cf7-cf-turnstile\" style=\"margin-top: 0px; margin-bottom: -15px;\"> <div id=\"cf-turnstile-cf7-3164009837\" class=\"cf-turnstile\" data-sitekey=\"0x4AAAAAAAC_PaAUNM8_UEH3\" data-theme=\"light\" data-language=\"en\" data-size=\"\" data-retry=\"auto\" data-retry-interval=\"1000\" data-refresh-expired=\"auto\" data-refresh-timeout=\"auto\" data-action=\"contact-form-7\" data-callback=\"turnstileCF7Callback\" data-appearance=\"interaction-only\"><\/div> <script>document.addEventListener(\"DOMContentLoaded\", function() { setTimeout(function(){ var e=document.getElementById(\"cf-turnstile-cf7-3164009837\"); if(e&&!e.innerHTML.trim()){turnstile.render(e, {sitekey:\"0x4AAAAAAAC_PaAUNM8_UEH3\"});} }, 200); });<\/script> <style>#cf-turnstile-cf7-3164009837 iframe { margin-bottom: 15px; }<\/style> <style>#cf-turnstile-cf7-3164009837 { margin-left: -15px; }<\/style> <script>document.addEventListener(\"DOMContentLoaded\",function(){document.querySelectorAll('.wpcf7-form').forEach(function(e){e.addEventListener('submit',function(){if(document.getElementById('cf-turnstile-cf7-3164009837')){setTimeout(function(){turnstile.reset('#cf-turnstile-cf7-3164009837');},1000)}})})});<\/script> <\/div>\n<\/p>\n<p><input class=\"wpcf7-form-control wpcf7-submit has-spinner\" type=\"submit\" value=\"Envoyer\" \/>\n<\/p><div class=\"wpcf7-response-output\" aria-hidden=\"true\"><\/div>\n<\/form>\n<\/div>\n\n<p>[\/et_pb_text][\/et_pb_column][et_pb_column type=\u00a0\u00bb1_3&Prime; _builder_version=\u00a0\u00bb4.16&Prime; custom_padding=\u00a0\u00bb|||\u00a0\u00bb global_colors_info=\u00a0\u00bb{}\u00a0\u00bb custom_padding__hover=\u00a0\u00bb|||\u00a0\u00bb][et_pb_image src=\u00a0\u00bbhttps:\/\/actagis.ch\/wp-content\/uploads\/2024\/03\/email-contact-blue.png\u00a0\u00bb title_text=\u00a0\u00bbemail-contact-blue\u00a0\u00bb _builder_version=\u00a0\u00bb4.24.2&Prime; _module_preset=\u00a0\u00bbdefault\u00a0\u00bb custom_margin=\u00a0\u00bb20px||||false|false\u00a0\u00bb global_colors_info=\u00a0\u00bb{}\u00a0\u00bb][\/et_pb_image][\/et_pb_column][\/et_pb_row][\/et_pb_section]<\/p>\n","protected":false},"excerpt":{"rendered":"<p>Join us for BCI World Hybrid 2022 \u2013 2 &amp; 3 November 2022 \u00a0 Best risk management practices to enable a strong Cyber Resilience Jeff Primus will present this important topic on 2 November at 12:30. Boosted by accelerated global exchanges and empowered with the pandemic, cyber-threats are spreading rapidly, with large-scale worldwide effects. In [&hellip;]<\/p>\n","protected":false},"author":2,"featured_media":0,"parent":3021,"menu_order":0,"comment_status":"closed","ping_status":"closed","template":"","meta":{"_et_pb_use_builder":"on","_et_pb_old_content":"","_et_gb_content_width":"","inline_featured_image":false,"footnotes":""},"class_list":["post-65743","page","type-page","status-publish","hentry"],"yoast_head":"<!-- This site is optimized with the Yoast SEO plugin v27.4 - https:\/\/yoast.com\/product\/yoast-seo-wordpress\/ -->\n<title>S\u00e9curit\u00e9 &amp; Gestion du Risque - Academy - ACTAGIS<\/title>\n<meta name=\"description\" content=\"We prepare your company to be resilient by protecting you against major threats. Discover our proven Business Continuity Management Lifecycle methodology.\" \/>\n<meta name=\"robots\" content=\"index, follow, max-snippet:-1, max-image-preview:large, max-video-preview:-1\" \/>\n<link rel=\"canonical\" href=\"https:\/\/actagis.ch\/fr\/actagis-academy\/security-risk-management-academy\/\" \/>\n<meta property=\"og:locale\" content=\"fr_FR\" \/>\n<meta property=\"og:type\" content=\"article\" \/>\n<meta property=\"og:title\" content=\"S\u00e9curit\u00e9 &amp; Gestion du Risque - Academy - ACTAGIS\" \/>\n<meta property=\"og:description\" content=\"We prepare your company to be resilient by protecting you against major threats. Discover our proven Business Continuity Management Lifecycle methodology.\" \/>\n<meta property=\"og:url\" content=\"https:\/\/actagis.ch\/fr\/actagis-academy\/security-risk-management-academy\/\" \/>\n<meta property=\"og:site_name\" content=\"ACTAGIS\" \/>\n<meta property=\"article:modified_time\" content=\"2025-08-05T08:31:12+00:00\" \/>\n<meta property=\"og:image\" content=\"https:\/\/actagis.ch\/wp-content\/uploads\/2018\/09\/actagisLinkedIn.jpg\" \/>\n\t<meta property=\"og:image:width\" content=\"522\" \/>\n\t<meta property=\"og:image:height\" content=\"324\" \/>\n\t<meta property=\"og:image:type\" content=\"image\/jpeg\" \/>\n<meta name=\"twitter:card\" content=\"summary_large_image\" \/>\n<meta name=\"twitter:label1\" content=\"Dur\u00e9e de lecture estim\u00e9e\" \/>\n\t<meta name=\"twitter:data1\" content=\"7 minutes\" \/>\n<script type=\"application\/ld+json\" class=\"yoast-schema-graph\">{\"@context\":\"https:\\\/\\\/schema.org\",\"@graph\":[{\"@type\":\"WebPage\",\"@id\":\"https:\\\/\\\/actagis.ch\\\/fr\\\/actagis-academy\\\/security-risk-management-academy\\\/\",\"url\":\"https:\\\/\\\/actagis.ch\\\/fr\\\/actagis-academy\\\/security-risk-management-academy\\\/\",\"name\":\"S\u00e9curit\u00e9 & Gestion du Risque - Academy - ACTAGIS\",\"isPartOf\":{\"@id\":\"https:\\\/\\\/actagis.ch\\\/fr\\\/#website\"},\"datePublished\":\"2024-03-16T11:41:46+00:00\",\"dateModified\":\"2025-08-05T08:31:12+00:00\",\"description\":\"We prepare your company to be resilient by protecting you against major threats. Discover our proven Business Continuity Management Lifecycle methodology.\",\"breadcrumb\":{\"@id\":\"https:\\\/\\\/actagis.ch\\\/fr\\\/actagis-academy\\\/security-risk-management-academy\\\/#breadcrumb\"},\"inLanguage\":\"fr-FR\",\"potentialAction\":[{\"@type\":\"ReadAction\",\"target\":[\"https:\\\/\\\/actagis.ch\\\/fr\\\/actagis-academy\\\/security-risk-management-academy\\\/\"]}]},{\"@type\":\"BreadcrumbList\",\"@id\":\"https:\\\/\\\/actagis.ch\\\/fr\\\/actagis-academy\\\/security-risk-management-academy\\\/#breadcrumb\",\"itemListElement\":[{\"@type\":\"ListItem\",\"position\":1,\"name\":\"Home\",\"item\":\"https:\\\/\\\/actagis.ch\\\/fr\\\/actagis\\\/\"},{\"@type\":\"ListItem\",\"position\":2,\"name\":\"ACTAGIS Academy old\",\"item\":\"https:\\\/\\\/actagis.ch\\\/fr\\\/actagis-academy\\\/\"},{\"@type\":\"ListItem\",\"position\":3,\"name\":\"S\u00e9curit\u00e9 &#038; Gestion du Risque &#8211; Academy\"}]},{\"@type\":\"WebSite\",\"@id\":\"https:\\\/\\\/actagis.ch\\\/fr\\\/#website\",\"url\":\"https:\\\/\\\/actagis.ch\\\/fr\\\/\",\"name\":\"ACTAGIS\",\"description\":\"Govern your IT, Security and Business\",\"publisher\":{\"@id\":\"https:\\\/\\\/actagis.ch\\\/fr\\\/#organization\"},\"potentialAction\":[{\"@type\":\"SearchAction\",\"target\":{\"@type\":\"EntryPoint\",\"urlTemplate\":\"https:\\\/\\\/actagis.ch\\\/fr\\\/?s={search_term_string}\"},\"query-input\":{\"@type\":\"PropertyValueSpecification\",\"valueRequired\":true,\"valueName\":\"search_term_string\"}}],\"inLanguage\":\"fr-FR\"},{\"@type\":\"Organization\",\"@id\":\"https:\\\/\\\/actagis.ch\\\/fr\\\/#organization\",\"name\":\"ACTAGIS\",\"url\":\"https:\\\/\\\/actagis.ch\\\/fr\\\/\",\"logo\":{\"@type\":\"ImageObject\",\"inLanguage\":\"fr-FR\",\"@id\":\"https:\\\/\\\/actagis.ch\\\/fr\\\/#\\\/schema\\\/logo\\\/image\\\/\",\"url\":\"https:\\\/\\\/actagis.ch\\\/wp-content\\\/uploads\\\/2016\\\/01\\\/actagis.svg\",\"contentUrl\":\"https:\\\/\\\/actagis.ch\\\/wp-content\\\/uploads\\\/2016\\\/01\\\/actagis.svg\",\"width\":1,\"height\":1,\"caption\":\"ACTAGIS\"},\"image\":{\"@id\":\"https:\\\/\\\/actagis.ch\\\/fr\\\/#\\\/schema\\\/logo\\\/image\\\/\"}}]}<\/script>\n<!-- \/ Yoast SEO plugin. -->","yoast_head_json":{"title":"S\u00e9curit\u00e9 & Gestion du Risque - Academy - ACTAGIS","description":"We prepare your company to be resilient by protecting you against major threats. Discover our proven Business Continuity Management Lifecycle methodology.","robots":{"index":"index","follow":"follow","max-snippet":"max-snippet:-1","max-image-preview":"max-image-preview:large","max-video-preview":"max-video-preview:-1"},"canonical":"https:\/\/actagis.ch\/fr\/actagis-academy\/security-risk-management-academy\/","og_locale":"fr_FR","og_type":"article","og_title":"S\u00e9curit\u00e9 & Gestion du Risque - Academy - ACTAGIS","og_description":"We prepare your company to be resilient by protecting you against major threats. Discover our proven Business Continuity Management Lifecycle methodology.","og_url":"https:\/\/actagis.ch\/fr\/actagis-academy\/security-risk-management-academy\/","og_site_name":"ACTAGIS","article_modified_time":"2025-08-05T08:31:12+00:00","og_image":[{"width":522,"height":324,"url":"https:\/\/actagis.ch\/wp-content\/uploads\/2018\/09\/actagisLinkedIn.jpg","type":"image\/jpeg"}],"twitter_card":"summary_large_image","twitter_misc":{"Dur\u00e9e de lecture estim\u00e9e":"7 minutes"},"schema":{"@context":"https:\/\/schema.org","@graph":[{"@type":"WebPage","@id":"https:\/\/actagis.ch\/fr\/actagis-academy\/security-risk-management-academy\/","url":"https:\/\/actagis.ch\/fr\/actagis-academy\/security-risk-management-academy\/","name":"S\u00e9curit\u00e9 & Gestion du Risque - Academy - ACTAGIS","isPartOf":{"@id":"https:\/\/actagis.ch\/fr\/#website"},"datePublished":"2024-03-16T11:41:46+00:00","dateModified":"2025-08-05T08:31:12+00:00","description":"We prepare your company to be resilient by protecting you against major threats. Discover our proven Business Continuity Management Lifecycle methodology.","breadcrumb":{"@id":"https:\/\/actagis.ch\/fr\/actagis-academy\/security-risk-management-academy\/#breadcrumb"},"inLanguage":"fr-FR","potentialAction":[{"@type":"ReadAction","target":["https:\/\/actagis.ch\/fr\/actagis-academy\/security-risk-management-academy\/"]}]},{"@type":"BreadcrumbList","@id":"https:\/\/actagis.ch\/fr\/actagis-academy\/security-risk-management-academy\/#breadcrumb","itemListElement":[{"@type":"ListItem","position":1,"name":"Home","item":"https:\/\/actagis.ch\/fr\/actagis\/"},{"@type":"ListItem","position":2,"name":"ACTAGIS Academy old","item":"https:\/\/actagis.ch\/fr\/actagis-academy\/"},{"@type":"ListItem","position":3,"name":"S\u00e9curit\u00e9 &#038; Gestion du Risque &#8211; Academy"}]},{"@type":"WebSite","@id":"https:\/\/actagis.ch\/fr\/#website","url":"https:\/\/actagis.ch\/fr\/","name":"ACTAGIS","description":"Govern your IT, Security and Business","publisher":{"@id":"https:\/\/actagis.ch\/fr\/#organization"},"potentialAction":[{"@type":"SearchAction","target":{"@type":"EntryPoint","urlTemplate":"https:\/\/actagis.ch\/fr\/?s={search_term_string}"},"query-input":{"@type":"PropertyValueSpecification","valueRequired":true,"valueName":"search_term_string"}}],"inLanguage":"fr-FR"},{"@type":"Organization","@id":"https:\/\/actagis.ch\/fr\/#organization","name":"ACTAGIS","url":"https:\/\/actagis.ch\/fr\/","logo":{"@type":"ImageObject","inLanguage":"fr-FR","@id":"https:\/\/actagis.ch\/fr\/#\/schema\/logo\/image\/","url":"https:\/\/actagis.ch\/wp-content\/uploads\/2016\/01\/actagis.svg","contentUrl":"https:\/\/actagis.ch\/wp-content\/uploads\/2016\/01\/actagis.svg","width":1,"height":1,"caption":"ACTAGIS"},"image":{"@id":"https:\/\/actagis.ch\/fr\/#\/schema\/logo\/image\/"}}]}},"_links":{"self":[{"href":"https:\/\/actagis.ch\/fr\/wp-json\/wp\/v2\/pages\/65743","targetHints":{"allow":["GET"]}}],"collection":[{"href":"https:\/\/actagis.ch\/fr\/wp-json\/wp\/v2\/pages"}],"about":[{"href":"https:\/\/actagis.ch\/fr\/wp-json\/wp\/v2\/types\/page"}],"author":[{"embeddable":true,"href":"https:\/\/actagis.ch\/fr\/wp-json\/wp\/v2\/users\/2"}],"replies":[{"embeddable":true,"href":"https:\/\/actagis.ch\/fr\/wp-json\/wp\/v2\/comments?post=65743"}],"version-history":[{"count":39,"href":"https:\/\/actagis.ch\/fr\/wp-json\/wp\/v2\/pages\/65743\/revisions"}],"predecessor-version":[{"id":69188,"href":"https:\/\/actagis.ch\/fr\/wp-json\/wp\/v2\/pages\/65743\/revisions\/69188"}],"up":[{"embeddable":true,"href":"https:\/\/actagis.ch\/fr\/wp-json\/wp\/v2\/pages\/3021"}],"wp:attachment":[{"href":"https:\/\/actagis.ch\/fr\/wp-json\/wp\/v2\/media?parent=65743"}],"curies":[{"name":"wp","href":"https:\/\/api.w.org\/{rel}","templated":true}]}}