{"id":3385,"date":"2016-05-31T10:37:26","date_gmt":"2016-05-31T08:37:26","guid":{"rendered":"http:\/\/actagis.ch\/fr\/?page_id=3385"},"modified":"2025-08-28T16:41:49","modified_gmt":"2025-08-28T14:41:49","slug":"actagis","status":"publish","type":"page","link":"https:\/\/actagis.ch\/fr\/","title":{"rendered":"ACTAGIS"},"content":{"rendered":"<p>[et_pb_section fb_built=\u00a0\u00bb1&Prime; _builder_version=\u00a0\u00bb4.16&Prime; background_color=\u00a0\u00bb#0071bb\u00a0\u00bb custom_margin=\u00a0\u00bb||-12px|||\u00a0\u00bb custom_padding=\u00a0\u00bb0px|0px|12px|0px||\u00a0\u00bb global_colors_info=\u00a0\u00bb{}\u00a0\u00bb][et_pb_row column_structure=\u00a0\u00bb2_3,1_3&Prime; _builder_version=\u00a0\u00bb4.16&Prime; custom_padding=\u00a0\u00bb54px|0px|0px|0px||\u00a0\u00bb global_colors_info=\u00a0\u00bb{}\u00a0\u00bb][et_pb_column type=\u00a0\u00bb2_3&Prime; _builder_version=\u00a0\u00bb4.16&Prime; custom_padding=\u00a0\u00bb|||\u00a0\u00bb global_colors_info=\u00a0\u00bb{}\u00a0\u00bb custom_padding__hover=\u00a0\u00bb|||\u00a0\u00bb][et_pb_text _builder_version=\u00a0\u00bb4.16&Prime; global_colors_info=\u00a0\u00bb{}\u00a0\u00bb]<\/p>\n<h1><span style=\"font-size: 14; color: #ffffff;\">Bienvenue \u00e0\u00a0ACTAGIS<\/span><\/h1>\n<p>[\/et_pb_text][\/et_pb_column][et_pb_column type=\u00a0\u00bb1_3&Prime; _builder_version=\u00a0\u00bb4.16&Prime; custom_padding=\u00a0\u00bb|||\u00a0\u00bb global_colors_info=\u00a0\u00bb{}\u00a0\u00bb custom_padding__hover=\u00a0\u00bb|||\u00a0\u00bb][\/et_pb_column][\/et_pb_row][et_pb_row column_structure=\u00a0\u00bb3_4,1_4&Prime; _builder_version=\u00a0\u00bb4.16&Prime; custom_padding=\u00a0\u00bb0px|0px|27px|0px\u00a0\u00bb global_colors_info=\u00a0\u00bb{}\u00a0\u00bb][et_pb_column type=\u00a0\u00bb3_4&Prime; _builder_version=\u00a0\u00bb4.16&Prime; custom_padding=\u00a0\u00bb|||\u00a0\u00bb global_colors_info=\u00a0\u00bb{}\u00a0\u00bb custom_padding__hover=\u00a0\u00bb|||\u00a0\u00bb][et_pb_text _builder_version=\u00a0\u00bb4.16&Prime; text_font=\u00a0\u00bb||||||||\u00a0\u00bb text_font_size=\u00a0\u00bb12px\u00a0\u00bb header_font=\u00a0\u00bb||||||||\u00a0\u00bb global_colors_info=\u00a0\u00bb{}\u00a0\u00bb]<\/p>\n<h2><span style=\"color: #e0ac3c; font-size: x-large;\">Faites de votre IT &amp; S\u00e9curit\u00e9 une valeur strat\u00e9gique pour la continuit\u00e9 de vos activit\u00e9s<\/span><\/h2>\n<p><span style=\"font-size: extra-small;\">\u00a0<\/span><\/p>\n<h3><span style=\"font-size: large;\"><span style=\"color: #ffffff;\">La <strong>convergence<\/strong> efficace de la <strong>gouvernance<\/strong> de votre syst\u00e8me d\u2019information, de votre <strong>cyber-s\u00e9curit\u00e9<\/strong>, ainsi que de la <strong>continuit\u00e9 des activit\u00e9s<\/strong> est essentielle pour la survie de votre entreprise et n\u00e9cessite un alignement strat\u00e9gique.<\/span><\/span><\/h3>\n<p>[\/et_pb_text][\/et_pb_column][et_pb_column type=\u00a0\u00bb1_4&Prime; _builder_version=\u00a0\u00bb4.16&Prime; custom_padding=\u00a0\u00bb|||\u00a0\u00bb global_colors_info=\u00a0\u00bb{}\u00a0\u00bb custom_padding__hover=\u00a0\u00bb|||\u00a0\u00bb][\/et_pb_column][\/et_pb_row][et_pb_row column_structure=\u00a0\u00bb1_2,1_2&Prime; _builder_version=\u00a0\u00bb4.16&Prime; global_colors_info=\u00a0\u00bb{}\u00a0\u00bb][et_pb_column type=\u00a0\u00bb1_2&Prime; _builder_version=\u00a0\u00bb4.16&Prime; global_colors_info=\u00a0\u00bb{}\u00a0\u00bb][et_pb_blurb title=\u00a0\u00bbLa BCI a interview\u00e9 Jeff Primus d\u2019ACTAGIS sur l\u2019importance de la formation pour la continuit\u00e9 des activit\u00e9s\u00a0\u00bb url=\u00a0\u00bbhttps:\/\/actagis.ch\/fr\/la-bci-a-interviewe-jeff-primus-sur-limportance-de-la-formation-a-la-continuite-des-activites\/\u00a0\u00bb image=\u00a0\u00bbhttps:\/\/actagis.ch\/wp-content\/uploads\/2021\/10\/BCI-Jeff-Primus-1024&#215;531.jpg\u00a0\u00bb _builder_version=\u00a0\u00bb4.16&Prime; _module_preset=\u00a0\u00bbdefault\u00a0\u00bb header_font=\u00a0\u00bb|600|||||||\u00a0\u00bb header_text_color=\u00a0\u00bb#0C71C3&Prime; background_color=\u00a0\u00bb#FFFFFF\u00a0\u00bb custom_margin=\u00a0\u00bb||||false|false\u00a0\u00bb custom_padding=\u00a0\u00bb20px|20px|20px|20px|false|false\u00a0\u00bb link_option_url=\u00a0\u00bbhttps:\/\/actagis.ch\/fr\/la-bci-a-interviewe-jeff-primus-sur-limportance-de-la-formation-a-la-continuite-des-activites\/\u00a0\u00bb border_radii=\u00a0\u00bbon|5px|5px|5px|5px\u00a0\u00bb locked=\u00a0\u00bboff\u00a0\u00bb global_colors_info=\u00a0\u00bb{}\u00a0\u00bb]<\/p>\n<p>Cliquer pour regarder la vid\u00e9o.<\/p>\n<p>[\/et_pb_blurb][et_pb_code disabled_on=\u00a0\u00bbon|on|on\u00a0\u00bb _builder_version=\u00a0\u00bb4.16&Prime; _module_preset=\u00a0\u00bbdefault\u00a0\u00bb disabled=\u00a0\u00bbon\u00a0\u00bb saved_tabs=\u00a0\u00bball\u00a0\u00bb global_colors_info=\u00a0\u00bb{}\u00a0\u00bb]<div style=\"background-color:#ffffff;padding:20px;\">\r\n\t\r\n\t<a href=\"https:\/\/actagis.ch\/fr\/actagis-academy\/bci-continuite-des-activites\/\"><img decoding=\"async\" loading=\"lazy\" width=\"800\" height=\"800\" src=\"https:\/\/actagis.ch\/wp-content\/uploads\/2024\/02\/ACTAGIS_Sorbonne_20230824_Reframed-scaled.jpg\" alt=\"\" ><\/a>\r\n\t<h4>\r\n\t<a href=\"https:\/\/actagis.ch\/fr\/actagis-academy\/bci-continuite-des-activites\/\">ACTAGIS d\u00e9livre des formations \u00e0 University of Paris I: Panth\u00e9on-Sorbonne<\/a>\r\n\t<\/h4>\r\n\t<p>Former la nouvelle g\u00e9n\u00e9ration en Cybers\u00e9curit\u00e9, Gouvernance IT, Continuit\u00e9 des Activit\u00e9s et Gestion de la Qualit\u00e9 est notre engagement passionn\u00e9. Notre Lead Trainer Jeff Primus, avec 14 ans d'exp\u00e9rience \u00e0 University of Paris I: Panth\u00e9on-Sorbonne, contribue au d\u00e9veloppement de futurs leaders et innovateurs. Chez ACTAGIS, nous valorisons cette contribution et nous engageons \u00e0 poursuivre avec excellence et int\u00e9grit\u00e9.<\/p>\r\n<\/div>[\/et_pb_code][et_pb_code admin_label=\u00a0\u00bbFuture Events\u00a0\u00bb module_class=\u00a0\u00bbheader-future-events\u00a0\u00bb _builder_version=\u00a0\u00bb4.16&Prime; _module_preset=\u00a0\u00bbdefault\u00a0\u00bb global_colors_info=\u00a0\u00bb{}\u00a0\u00bb]<!-- EventON Calendar --><div id='evcal_calendar_169' class='ajde_evcal_calendar clean esty_0 noiajx etttc_custom evoEL ' data-cal=''><div id='evcal_head' class='calendar_header ' ><div class='evo_cal_above evodfx evofx_dr_r marb5 evofx_ww'><button class='cal_head_btn evo-gototoday-btn' style='' data-mo='' data-yr='' data-dy='' aria-label='Go to today'>Current Month<\/button><\/div><div class='evo_cal_above_content'><\/div><div class='evo_header_title right'><\/div><\/div><div id='eventon_loadbar_section'><div id='eventon_loadbar'><\/div><\/div><!-- Events List --><div class='evo_events_list_box'><div id='evcal_list' class='eventon_events_list  el_cal'><div class='eventon_list_event no_events'><p class='no_events' >No Events<\/p><\/div>\t\t\t<\/div>\r\n\t\t\t<\/div><!-- evo_events_list_box -->\t\r\n\t\t\t<div class='clear'><\/div>\r\n\t\t\t\t\t \t<div id='evcal_footer' class='evo_bottom' style='display:none'>\r\n\t\t \t\t<div class='evo_cal_data' data-sc=\"{&quot;accord&quot;:&quot;no&quot;,&quot;bottom_nav&quot;:&quot;no&quot;,&quot;cal_id&quot;:&quot;&quot;,&quot;cal_init_nonajax&quot;:&quot;yes&quot;,&quot;cal_type&quot;:&quot;&quot;,&quot;calendar_type&quot;:&quot;el&quot;,&quot;currentuser&quot;:&quot;no&quot;,&quot;el_title&quot;:&quot;&quot;,&quot;el_type&quot;:&quot;ue&quot;,&quot;end_range&quot;:0,&quot;ep_fields&quot;:&quot;&quot;,&quot;etc_override&quot;:&quot;no&quot;,&quot;evc_open&quot;:&quot;no&quot;,&quot;event_count&quot;:0,&quot;event_count_list&quot;:&quot;no&quot;,&quot;event_location&quot;:&quot;all&quot;,&quot;event_order&quot;:&quot;ASC&quot;,&quot;event_organizer&quot;:&quot;all&quot;,&quot;event_parts&quot;:&quot;no&quot;,&quot;event_past_future&quot;:&quot;all&quot;,&quot;event_status&quot;:&quot;all&quot;,&quot;event_tag&quot;:&quot;all&quot;,&quot;event_type&quot;:&quot;all&quot;,&quot;event_type_2&quot;:&quot;124&quot;,&quot;event_users&quot;:&quot;all&quot;,&quot;event_virtual&quot;:&quot;all&quot;,&quot;eventtop_date_style&quot;:0,&quot;eventtop_style&quot;:&quot;0&quot;,&quot;exp_jumper&quot;:&quot;no&quot;,&quot;exp_so&quot;:&quot;no&quot;,&quot;filter_relationship&quot;:&quot;AND&quot;,&quot;filter_show_set_only&quot;:&quot;no&quot;,&quot;filter_style&quot;:&quot;default&quot;,&quot;filter_type&quot;:&quot;default&quot;,&quot;filters&quot;:&quot;yes&quot;,&quot;fixed_month&quot;:&quot;&quot;,&quot;fixed_year&quot;:&quot;&quot;,&quot;focus_end_date_range&quot;:&quot;1935352799&quot;,&quot;focus_start_date_range&quot;:&quot;1777626293&quot;,&quot;ft_event_priority&quot;:&quot;no&quot;,&quot;hide_arrows&quot;:&quot;no&quot;,&quot;hide_cancels&quot;:&quot;no&quot;,&quot;hide_empty_months&quot;:&quot;no&quot;,&quot;hide_end_time&quot;:&quot;no&quot;,&quot;hide_et_dn&quot;:&quot;no&quot;,&quot;hide_et_extra&quot;:&quot;no&quot;,&quot;hide_et_tags&quot;:&quot;no&quot;,&quot;hide_et_tl&quot;:&quot;no&quot;,&quot;hide_ft&quot;:&quot;no&quot;,&quot;hide_ft_img&quot;:&quot;no&quot;,&quot;hide_month_headers&quot;:&quot;no&quot;,&quot;hide_mult_occur&quot;:&quot;no&quot;,&quot;hide_past&quot;:&quot;no&quot;,&quot;hide_past_by&quot;:&quot;ee&quot;,&quot;hide_so&quot;:&quot;no&quot;,&quot;ics&quot;:&quot;no&quot;,&quot;jumper&quot;:&quot;no&quot;,&quot;jumper_count&quot;:5,&quot;jumper_offset&quot;:&quot;0&quot;,&quot;lang&quot;:&quot;L2&quot;,&quot;layout_changer&quot;:&quot;no&quot;,&quot;livenow_bar&quot;:&quot;yes&quot;,&quot;mapformat&quot;:&quot;roadmap&quot;,&quot;mapiconurl&quot;:&quot;&quot;,&quot;maps_load&quot;:&quot;yes&quot;,&quot;mapscroll&quot;:&quot;true&quot;,&quot;mapzoom&quot;:&quot;16&quot;,&quot;members_only&quot;:&quot;no&quot;,&quot;ml_priority&quot;:&quot;no&quot;,&quot;ml_toend&quot;:&quot;no&quot;,&quot;month_incre&quot;:0,&quot;month_order&quot;:&quot;ASC&quot;,&quot;number_of_months&quot;:&quot;60&quot;,&quot;only_ft&quot;:&quot;no&quot;,&quot;pec&quot;:&quot;&quot;,&quot;s&quot;:&quot;&quot;,&quot;search&quot;:&quot;&quot;,&quot;search_all&quot;:&quot;no&quot;,&quot;sep_month&quot;:&quot;no&quot;,&quot;show_et_ft_img&quot;:&quot;yes&quot;,&quot;show_limit&quot;:&quot;no&quot;,&quot;show_limit_ajax&quot;:&quot;no&quot;,&quot;show_limit_paged&quot;:1,&quot;show_limit_redir&quot;:&quot;&quot;,&quot;show_repeats&quot;:&quot;no&quot;,&quot;show_rsvp&quot;:&quot;no&quot;,&quot;show_search&quot;:&quot;no&quot;,&quot;show_upcoming&quot;:0,&quot;show_year&quot;:&quot;no&quot;,&quot;social_share&quot;:&quot;no&quot;,&quot;sort_by&quot;:&quot;sort_date&quot;,&quot;start_range&quot;:0,&quot;tile_bg&quot;:0,&quot;tile_bg_size&quot;:&quot;full&quot;,&quot;tile_count&quot;:2,&quot;tile_height&quot;:0,&quot;tile_style&quot;:0,&quot;tiles&quot;:&quot;no&quot;,&quot;users&quot;:&quot;all&quot;,&quot;ux_val&quot;:&quot;3&quot;,&quot;view_switcher&quot;:&quot;no&quot;,&quot;wpml_l1&quot;:&quot;en&quot;,&quot;wpml_l2&quot;:&quot;fr&quot;,&quot;wpml_l3&quot;:&quot;&quot;,&quot;x_ids&quot;:&quot;&quot;,&quot;yl_priority&quot;:&quot;no&quot;,&quot;yl_toend&quot;:&quot;no&quot;,&quot;fixed_day&quot;:&quot;1&quot;,&quot;fixed_date&quot;:&quot;&quot;,&quot;_cver&quot;:&quot;5.0.9&quot;}\" data-filter_data=\"[]\" data-nav_data=\"{&quot;month_title&quot;:&quot;&lt;p id=&#039;evcal_cur&#039; class=&#039;evo_month_title padr10&#039;&gt; , &lt;\\\/p&gt;&quot;}\" data-od=\"{&quot;lang_no_events&quot;:&quot;No Events&quot;,&quot;cal_tz_offset&quot;:120,&quot;cal_tz&quot;:&quot;Europe\\\/Zurich&quot;}\" ><\/div>\r\n\t\t \t\t<div class='evo_cal_events' data-events=\"\"><\/div>\r\n\t\t \t<\/div>\r\n\t\t\t\t\r\n\t\t\t\r\n\t\t\t\t\t\t<\/div><!-- EventON End -->\r\n\t\t\t[\/et_pb_code][et_pb_text _builder_version=\u00a0\u00bb4.24.3&Prime; _module_preset=\u00a0\u00bbdefault\u00a0\u00bb text_font=\u00a0\u00bb|700|||||||\u00a0\u00bb text_text_color=\u00a0\u00bb#FFFFFF\u00a0\u00bb text_font_size=\u00a0\u00bb18px\u00a0\u00bb background_color=\u00a0\u00bb#E09900&Prime; text_orientation=\u00a0\u00bbcenter\u00a0\u00bb custom_margin=\u00a0\u00bb40px||||false|false\u00a0\u00bb custom_padding=\u00a0\u00bb10px|10px|10px|10px|false|false\u00a0\u00bb border_radii=\u00a0\u00bbon|5px|5px|5px|5px\u00a0\u00bb saved_tabs=\u00a0\u00bball\u00a0\u00bb locked=\u00a0\u00bboff\u00a0\u00bb global_colors_info=\u00a0\u00bb{}\u00a0\u00bb]<\/p>\n<p>Nous avons conseill\u00e9 plus de 400 entreprises et form\u00e9 plus de 1500 professionnels. Serez-vous le prochain ?<\/p>\n<p>[\/et_pb_text][et_pb_text disabled_on=\u00a0\u00bboff|off|off\u00a0\u00bb admin_label=\u00a0\u00bbDesktop Texte\u00a0\u00bb _builder_version=\u00a0\u00bb4.16&Prime; text_text_color=\u00a0\u00bb#0071bb\u00a0\u00bb text_font_size=\u00a0\u00bb18px\u00a0\u00bb text_line_height=\u00a0\u00bb1.3em\u00a0\u00bb header_2_text_color=\u00a0\u00bb#ffffff\u00a0\u00bb background_color=\u00a0\u00bb#ffffff\u00a0\u00bb text_orientation=\u00a0\u00bbcenter\u00a0\u00bb custom_margin=\u00a0\u00bb||||false|false\u00a0\u00bb custom_padding=\u00a0\u00bb20px|20px|20px|20px|false|false\u00a0\u00bb border_radii=\u00a0\u00bbon|5px|5px|5px|5px\u00a0\u00bb border_color_all=\u00a0\u00bb#ffffff\u00a0\u00bb locked=\u00a0\u00bboff\u00a0\u00bb global_colors_info=\u00a0\u00bb{}\u00a0\u00bb]Nous proposons \u00e9galement tous nos cours et services de conseil en ligne par le biais de sessions vid\u00e9o interactives en direct.<\/p>\n<p><a href=\"https:\/\/actagis.ch\/fr\/options-de-formations-certifiantes\/\">D\u00e9couvrez nos Options de Formation Certifiantes<\/a>[\/et_pb_text][\/et_pb_column][et_pb_column type=\u00a0\u00bb1_2&Prime; _builder_version=\u00a0\u00bb4.16&Prime; global_colors_info=\u00a0\u00bb{}\u00a0\u00bb][et_pb_text _builder_version=\u00a0\u00bb4.16&Prime; header_text_color=\u00a0\u00bb#ffffff\u00a0\u00bb header_2_text_color=\u00a0\u00bb#ffffff\u00a0\u00bb custom_margin=\u00a0\u00bb||-5px\u00a0\u00bb locked=\u00a0\u00bboff\u00a0\u00bb global_colors_info=\u00a0\u00bb{}\u00a0\u00bb]<\/p>\n<h2>Formations Best sellers<\/h2>\n<p>[\/et_pb_text][et_pb_text _builder_version=\u00a0\u00bb4.16&Prime; global_colors_info=\u00a0\u00bb{}\u00a0\u00bb]<\/p>\n<p><span><!-- EventON Calendar --><div id='evcal_calendar_390' class='ajde_evcal_calendar clean esty_0 noiajx etttc_custom evoEL ' data-cal=''><div id='evcal_head' class='calendar_header ' ><div class='evo_cal_above evodfx evofx_dr_r marb5 evofx_ww'><button class='cal_head_btn evo-gototoday-btn' style='' data-mo='' data-yr='' data-dy='' aria-label='Go to today'>Current Month<\/button><\/div><div class='evo_cal_above_content'><\/div><div class='evo_header_title right'><\/div><\/div><div id='eventon_loadbar_section'><div id='eventon_loadbar'><\/div><\/div><!-- Events List --><div class='evo_events_list_box'><div id='evcal_list' class='eventon_events_list  el_cal'><div id=\"event_69369_0\" class=\"eventon_list_event evo_eventtop scheduled  event clrD event_69369_0\" data-event_id=\"69369\" data-ri=\"0r\" data-time=\"1778482800-1778769000\" data-colr=\"#0070bb\" itemscope itemtype='http:\/\/schema.org\/Event'><div class=\"evo_event_schema\" style=\"display:none\" ><a itemprop='url'  href='https:\/\/actagis.ch\/fr\/events\/iso-22301-li-60\/'><\/a><meta itemprop='image' content=\"https:\/\/actagis.ch\/wp-content\/uploads\/2019\/09\/guaranteed-date2.png\" \/><meta itemprop='startDate' content=\"2026-5-11T09:00+2:00\" \/><meta itemprop='endDate' content=\"2026-5-14T16:30+2:00\" \/><meta itemprop='eventStatus' content=\"https:\/\/schema.org\/EventScheduled\" \/><meta itemprop='eventAttendanceMode'   itemscope itemtype=\"https:\/\/schema.org\/OfflineEventAttendanceMode\"\/><div style=\"display:none\" itemprop=\"location\" itemscope itemtype=\"http:\/\/schema.org\/Place\"><span itemprop=\"name\">Geneva \/ Lausanne - Switzerland<\/span><span itemprop=\"address\" itemscope itemtype=\"http:\/\/schema.org\/PostalAddress\"><item itemprop=\"streetAddress\">Geneva<\/item><\/span><\/div><script type=\"application\/ld+json\">{\"@context\": \"http:\/\/schema.org\",\"@type\": \"Event\",\n\t\t\t\t\"@id\": \"event_69369_0\",\n\t\t\t\t\"eventAttendanceMode\":\"https:\/\/schema.org\/OfflineEventAttendanceMode\",\n\t\t\t\t\"eventStatus\":\"https:\/\/schema.org\/EventScheduled\",\n\t\t\t\t\"name\": \"ISO 22301 LI\",\n\t\t\t\t\"url\": \"https:\/\/actagis.ch\/fr\/events\/iso-22301-li-60\/\",\n\t\t\t\t\"startDate\": \"2026-5-11T09:00+2:00\",\n\t\t\t\t\"endDate\": \"2026-5-14T16:30+2:00\",\n\t\t\t\t\"image\":\"https:\/\/actagis.ch\/wp-content\/uploads\/2019\/09\/guaranteed-date2.png\", \n\t\t\t\t\"description\":\" <p><strong>Get certified in Business Continuity<\/strong><\/p>    <p>This four-day intensive course enables participants to develop the necessary expertise to support an organization in implementing and managing a Business Continuity Management System (BCMS) based on ISO 22301.\u00a0<\/p>    <p><a href='https:\/\/actagis.ch\/actagis-academy\/iso-certification-training-courses\/iso-22301\/'>Click for full course description<\/a><\/p>    <p><a href='https:\/\/actagis.ch\/fr\/actagis-academy\/iso-formation-certifiantes\/iso-22301\/'>Cliquez pour la description en fran\u00e7ais<\/a><\/p> \",\"location\":[{\"@type\":\"Place\",\"name\":\"Geneva \/ Lausanne - Switzerland\",\"address\":{\"@type\": \"PostalAddress\",\"streetAddress\":\"Geneva\"}}]}<\/script><\/div>\r\n\t\t\t\t<p class=\"desc_trig_outter\" style=\"\"><a data-gmap_status=\"null\" data-exlk=\"0\" style=\"border-color: #0070bb;\" id=\"evc_177848280069369\" href=\"#\" class=\"hasFtIMG desc_trig featured_event 1 mul_val evcal_list_a\" data-ux_val=\"3\" data-ux_val_mob=\"-\"  ><span class='evoet_in'><span class='evoet_c1 evoet_cx '><span class='evoet_cy ev_ftImg evotrans imgFxdef' data-img='https:\/\/actagis.ch\/wp-content\/uploads\/2019\/09\/guaranteed-date2.png' data-thumb='https:\/\/actagis.ch\/wp-content\/uploads\/2019\/09\/guaranteed-date2-300x90.png' style='background-image:url(\"https:\/\/actagis.ch\/wp-content\/uploads\/2019\/09\/guaranteed-date2-300x90.png\")' ><\/span><\/span><span class='evoet_c2 evoet_cx '><span class='evoet_dayblock evcal_cblock ' data-bgcolor='#0070bb' data-smon='May' data-syr='2026' data-bub=''><span class='evo_start  evofxdrc'><em class='date'>11<\/em><em class='month'>may<\/em><em class='time'><i t=\"y\">(may 11)<\/i>9h00<\/em><\/span><span class='evo_end  evofxdrc'><em class='date'>14<\/em><em class='time'><i t=\"y\">(may 14)<\/i>16h30<\/em><\/span><\/span><\/span><span class='evoet_c3 evoet_cx evcal_desc hide_eventtopdata '><span class='evoet_title evcal_desc2 evcal_event_title ' itemprop='name'>ISO 22301 LI<\/span><span class='event_location_attrs evodni'  data-location_address=\"Geneva\" data-location_type=\"lonlat\" data-location_name=\"Geneva \/ Lausanne - Switzerland\" data-location_url=\"https:\/\/actagis.ch\/event-location\/geneva-lausanne-switzerland\/\" data-location_status=\"true\" data-locid=\"51\" data-latlng=\"46.2043907,6.1431577\"><\/span><span class='evoet_cy evoet_subtitle evo_below_title' ><span class='evcal_event_subtitle ' >IN-CLASSROOM - Geneva \/ Lausanne-Switzerland \/ ONLINE - Live Interactive<\/span><\/span><\/span><\/span><span class='evoet_data' style='display:none' data-d=\"{&quot;loc.n&quot;:&quot;Geneva \\\/ Lausanne - Switzerland&quot;,&quot;orgs&quot;:[],&quot;tags&quot;:{&quot;featured&quot;:&quot;Featured&quot;}}\" data-bgc=\"#0070bb\" data-bggrad=\"\" ><\/span><\/a><\/p><div class='event_description evcal_eventcard ' style=\"display:none\"><div class='evocard_row'><div id='event_ftimage' class='evocard_box ftimage' data-c='' \n\t\t\t\t\tstyle=''><div class='evocard_main_image_hold' data-t='Loading Image..'><div class='evocard_main_image evo_img_triglb evocd_img_full evobr15 evobgsc evobgpc evodfx evofx_jc_c evofx_ai_c evofz48 full' style='height:50px; background-image:url();' data-f=\"https:\/\/actagis.ch\/wp-content\/uploads\/2019\/09\/guaranteed-date2.png\" data-h=\"150\" data-w=\"500\" data-ratio=\"0.3\" data-event_id=\"69369\" data-ri=\"0\"  data-t='Loading Image..'><span style='height:50px; background-image:url(https:\/\/actagis.ch\/wp-content\/uploads\/2019\/09\/guaranteed-date2.png)'><\/span><\/div><\/div><\/div><\/div><!-- row close --><div class='evocard_row'><div id='event_eventdetails' class='evocard_box eventdetails' data-c='' \n\t\t\t\t\tstyle=''><div class=\"evo_metarow_details evorow evcal_evdata_row evcal_event_details\">\n    <div class=\"event_excerpt\" style=\"display:none\"><h3 class=\"padb5 evo_h3\">Event Details<\/h3><p>Get certified in Business Continuity\n\n\n\nThis four-day intensive course enables participants to develop the necessary expertise to support an organization in implementing and managing a Business Continuity Management System (BCMS) based<\/p><\/div><span class='evcal_evdata_icons'><i class='fa fa-align-justify'><\/i><\/span>    <div class=\"evcal_evdata_cell \">\n        <div class=\"eventon_full_description\">\n            <h3 class=\"padb5 evo_h3\"><span class='evcal_evdata_icons'><i class='fa fa-align-justify'><\/i><\/span>Event Details<\/h3>\n            <div class=\"eventon_desc_in\" itemprop=\"description\">\n                <p><strong>Get certified in Business Continuity<\/strong><\/p>\n<p>This four-day intensive course enables participants to develop the necessary expertise to support an organization in implementing and managing a Business Continuity Management System (BCMS) based on ISO 22301.\u00a0<\/p>\n<p><a href=\"https:\/\/actagis.ch\/actagis-academy\/iso-certification-training-courses\/iso-22301\/\">Click for full course description<\/a><\/p>\n<p><a href=\"https:\/\/actagis.ch\/fr\/actagis-academy\/iso-formation-certifiantes\/iso-22301\/\">Cliquez pour la description en fran\u00e7ais<\/a><\/p>\n            <\/div>\n            <div class='clear'><\/div>        <\/div>\n    <\/div>\n<\/div><\/div><\/div><!-- row close --><div class='evocard_row'><div id='event_time' class='evocard_box time' data-c='' \n\t\t\t\t\tstyle=''><div class='evo_metarow_time evorow evcal_evdata_row evcal_evrow_sm '>\n\t\t<span class='evcal_evdata_icons'><i class='fa fa-clock-o'><\/i><\/span>\n\t\t<div class='evcal_evdata_cell'>\t\t\t\t\t\t\t\n\t\t\t<h3 class='evo_h3'><span class='evcal_evdata_icons'><i class='fa fa-clock-o'><\/i><\/span>Time<\/h3><div><span class='evo_eventcard_time_t evogap5 evofxww'><span class=\"start\">May 11 (Monday) 09:00<\/span> <span class=\"stime\">9:00am<\/span> - <span class='end'>May 14 (Thursday) 16:30<\/span> <span class='etime'>4:30pm<\/span><\/span><span class='evo_tz marr5'>(GMT+02:00)<\/span><\/div>\n\t\t<\/div>\n\t<\/div><\/div><\/div><!-- row close --><div class='evocard_row'><div id='event_location' class='evocard_box location' data-c='' \n\t\t\t\t\tstyle=''><div class='evcal_evdata_row evo_metarow_time_location evorow '>\n\t\t\n\t\t\t<span class='evcal_evdata_icons'><i class='fa fa-map-marker'><\/i><\/span>\n\t\t\t<div class='evcal_evdata_cell' data-loc_tax_id='51'><h3 class='evo_h3 evodfx'><span class='evcal_evdata_icons'><i class='fa fa-map-marker'><\/i><\/span>Location<\/h3><p class='evo_location_name'>Geneva \/ Lausanne - Switzerland<\/p><p class='evo_location_address evodfxi evogap10'>Geneva<\/p><\/div>\n\t\t\n\t<\/div><\/div><\/div><!-- row close --><div class='evocard_row'><div id='event_evorsvp' class='evocard_box evorsvp' data-c='' \n\t\t\t\t\tstyle=''><div class='evorow evcal_evdata_row evcal_evrow_sm evo_metarow_rsvp' ><div class='evors_jdata' data-j='{\"etitle\":\"ISO 22301 LI\",\"e_id\":69369,\"repeat_interval\":0,\"cap\":\"nocap\",\"true_cap\":\"nocap\",\"precap\":\"na\",\"uid\":\"na\",\"prefill\":false,\"lang\":\"L1\",\"incard\":\"no\",\"form_style\":\"def\",\"rsvpid\":null,\"rsvp\":null}'><\/div><span class='evcal_evdata_icons'><i class='fa fa-envelope'><\/i><\/span><div class='evcal_evdata_cell'>\r\n\t\t\t\t\t\t\t\t<h3 class='evo_h3'>RSVP to This Event<\/h3><div class='evors_eventcard_content'><div class='evors_section evors_subtext evomarb10'><p class='evo_data_val'>Reserve soon to not miss out.<\/p><\/div><div class='evors_section evors_user_text '><p>We will get back to you rapidly<\/p><\/div><div class='evoRS_status_option_selection evors_section sec_shade evodfx evofx_dr_r evofxww evogap10 evofxaic evofxjcsb'><div class=''><p class='evors_rsvp_choices_title' style='margin-right:20px;'>RSVP Now<\/p><\/div><p class='evors_rsvp_choices sin'><span class='evors_rsvp_select_box evofxww evogap10'><span data-val='y' class='evors_choices '>Request information<\/span><\/span><\/p><\/div>\t\t\t\t\t<div class=\"evors_incard_form\"><\/div>\r\n\r\n\t\t\t\t\t\r\n\t\t\t\t\t<div class='evors_information'><div class='evors_attendance_count_data evors_stat_data fx_ai_c'><div class='evors_section evors_remaining_spots sec_shade'><p class='evors_nocap_spaceleft remaining_count'><em class='space'>Open<\/em>Spaces Still Available<\/p><\/div><\/div><\/div><\/div><\/div><\/div><\/div><\/div><!-- row close --><div class='evocard_row'><div id='event_evosocial' class='evocard_box evosocial' data-c='' \n\t\t\t\t\tstyle=''><div class='evo_metarow_socialmedia evcal_evdata_row '><div class='evo_sm FacebookShare'><a class=\" evo_ss\" target=\"_blank\" onclick=\"javascript:window.open(this.href, '', 'left=50,top=50,width=600,height=350,toolbar=0');return false;\"\r\n\t\t\t\t\t\thref=\"\/\/www.facebook.com\/sharer.php?u=https%3A%2F%2Factagis.ch%2Ffr%2Fevents%2Fiso-22301-li-60%2F\" title=\"Share on facebook\"><i class=\"fa fab fa-facebook\"><\/i><\/a><\/div><div class='evo_sm LinkedIn'><a class=\"li evo_ss\" href=\"\/\/www.linkedin.com\/shareArticle?mini=true&url=https%3A%2F%2Factagis.ch%2Ffr%2Fevents%2Fiso-22301-li-60%2F&title=ISO%2022301%20LI&summary=Get+certified+in+Business+Continuity%0A%0A%0A%0AThis+four-day+intensive+course+enables+participants+to+develop+the+necessary+expertise+to\" target=\"_blank\" title=\"Share on Linkedin\"><i class=\"fa fab fa-linkedin\"><\/i><\/a><\/div><div class='evo_sm EmailShare'><a class=\"em evo_ss\" href=\"mailto:?subject=ISO%2022301%20LI&body=Event Name: ISO%2022301%20LI%0AEvent Date: 11 May 2026 9h00 - 14 May 2026 16h30%0ALink: https%3A%2F%2Factagis.ch%2Ffr%2Fevents%2Fiso-22301-li-60%2F%0A\" target=\"_blank\"><i class=\"fa fa-envelope\"><\/i><\/a><\/div><\/div><\/div><\/div><!-- row close --><button class='evo_card_row_end evcal_close' title='Close'><\/button><\/div><div class='clear end'><\/div><\/div><div id=\"event_69404_0\" class=\"eventon_list_event evo_eventtop scheduled  event clrD event_69404_0\" data-event_id=\"69404\" data-ri=\"0r\" data-time=\"1778482800-1778769000\" data-colr=\"#0070bb\" itemscope itemtype='http:\/\/schema.org\/Event'><div class=\"evo_event_schema\" style=\"display:none\" ><a itemprop='url'  href='https:\/\/actagis.ch\/fr\/events\/iso-42001-li-10\/'><\/a><meta itemprop='image'  \/><meta itemprop='startDate' content=\"2026-5-11T09:00+2:00\" \/><meta itemprop='endDate' content=\"2026-5-14T16:30+2:00\" \/><meta itemprop='eventStatus' content=\"https:\/\/schema.org\/EventScheduled\" \/><meta itemprop='eventAttendanceMode'   itemscope itemtype=\"https:\/\/schema.org\/OfflineEventAttendanceMode\"\/><div style=\"display:none\" itemprop=\"location\" itemscope itemtype=\"http:\/\/schema.org\/Place\"><span itemprop=\"name\">Lausanne<\/span><span itemprop=\"address\" itemscope itemtype=\"http:\/\/schema.org\/PostalAddress\"><item itemprop=\"streetAddress\">Ch. de la Fontaine 2, Paudex<\/item><\/span><\/div><script type=\"application\/ld+json\">{\"@context\": \"http:\/\/schema.org\",\"@type\": \"Event\",\n\t\t\t\t\"@id\": \"event_69404_0\",\n\t\t\t\t\"eventAttendanceMode\":\"https:\/\/schema.org\/OfflineEventAttendanceMode\",\n\t\t\t\t\"eventStatus\":\"https:\/\/schema.org\/EventScheduled\",\n\t\t\t\t\"name\": \"ISO 42001 LI\",\n\t\t\t\t\"url\": \"https:\/\/actagis.ch\/fr\/events\/iso-42001-li-10\/\",\n\t\t\t\t\"startDate\": \"2026-5-11T09:00+2:00\",\n\t\t\t\t\"endDate\": \"2026-5-14T16:30+2:00\",\n\t\t\t\t\"image\":\"\", \n\t\t\t\t\"description\":\" <p><strong>Get certified for Artificial Intelligence Management System<\/strong><\/p>    <p>The ISO\/IEC 42001 Lead Implementer training course provides the participants with the essential competencies needed to effectively plan, implement, manage, monitor, maintain, and continually improve an artificial intelligence management system (AIMS).&nbsp;&nbsp;<\/p>    <p><a href='https:\/\/actagis.ch\/actagis-academy\/iso-certification-training-courses\/iso-42001\/'>Click for full course description<\/a><\/p>    <p><a href='https:\/\/actagis.ch\/fr\/actagis-academy\/iso-formation-certifiantes\/iso-42001\/'>Cliquez pour la description en fran\u00e7ais<\/a><\/p>    <p><\/p> \",\"location\":[{\"@type\":\"Place\",\"name\":\"Lausanne\",\"address\":{\"@type\": \"PostalAddress\",\"streetAddress\":\"Ch. de la Fontaine 2, Paudex\"}}]}<\/script><\/div>\r\n\t\t\t\t<p class=\"desc_trig_outter\" style=\"\"><a data-gmap_status=\"null\" data-exlk=\"0\" style=\"border-color: #0070bb;\" id=\"evc_177848280069404\" href=\"#\" class=\"desc_trig featured_event 1 mul_val evcal_list_a\" data-ux_val=\"3\" data-ux_val_mob=\"-\"  ><span class='evoet_in'><span class='evoet_c2 evoet_cx '><span class='evoet_dayblock evcal_cblock ' data-bgcolor='#0070bb' data-smon='May' data-syr='2026' data-bub=''><span class='evo_start  evofxdrc'><em class='date'>11<\/em><em class='month'>may<\/em><em class='time'><i t=\"y\">(may 11)<\/i>9h00<\/em><\/span><span class='evo_end  evofxdrc'><em class='date'>14<\/em><em class='time'><i t=\"y\">(may 14)<\/i>16h30<\/em><\/span><\/span><\/span><span class='evoet_c3 evoet_cx evcal_desc hide_eventtopdata '><span class='evoet_title evcal_desc2 evcal_event_title ' itemprop='name'>ISO 42001 LI<\/span><span class='event_location_attrs evodni'  data-location_address=\"Ch. de la Fontaine 2, Paudex\" data-location_type=\"lonlat\" data-location_name=\"Lausanne\" data-location_url=\"https:\/\/actagis.ch\/event-location\/lausanne\/\" data-location_status=\"true\" data-locid=\"50\" data-latlng=\"46.5062801,6.6717238\"><\/span><span class='evoet_cy evoet_subtitle evo_below_title' ><span class='evcal_event_subtitle ' >IN-CLASSROOM - Lausanne - Switzerland \/ ONLINE - Live Interactive<\/span><\/span><\/span><\/span><span class='evoet_data' style='display:none' data-d=\"{&quot;loc.n&quot;:&quot;Lausanne&quot;,&quot;orgs&quot;:[],&quot;tags&quot;:{&quot;featured&quot;:&quot;Featured&quot;}}\" data-bgc=\"#0070bb\" data-bggrad=\"\" ><\/span><\/a><\/p><div class='event_description evcal_eventcard ' style=\"display:none\"><div class='evocard_row'><div id='event_eventdetails' class='evocard_box eventdetails' data-c='' \n\t\t\t\t\tstyle=''><div class=\"evo_metarow_details evorow evcal_evdata_row evcal_event_details\">\n    <div class=\"event_excerpt\" style=\"display:none\"><h3 class=\"padb5 evo_h3\">Event Details<\/h3><p>Get certified for Artificial Intelligence Management System\n\n\n\nThe ISO\/IEC 42001 Lead Implementer training course provides the participants with the essential competencies needed to effectively plan, implement, manage, monitor, maintain, and continually<\/p><\/div><span class='evcal_evdata_icons'><i class='fa fa-align-justify'><\/i><\/span>    <div class=\"evcal_evdata_cell \">\n        <div class=\"eventon_full_description\">\n            <h3 class=\"padb5 evo_h3\"><span class='evcal_evdata_icons'><i class='fa fa-align-justify'><\/i><\/span>Event Details<\/h3>\n            <div class=\"eventon_desc_in\" itemprop=\"description\">\n                <p><strong>Get certified for Artificial Intelligence Management System<\/strong><\/p>\n<p>The ISO\/IEC 42001 Lead Implementer training course provides the participants with the essential competencies needed to effectively plan, implement, manage, monitor, maintain, and continually improve an artificial intelligence management system (AIMS).&nbsp;&nbsp;<\/p>\n<p><a href=\"https:\/\/actagis.ch\/actagis-academy\/iso-certification-training-courses\/iso-42001\/\">Click for full course description<\/a><\/p>\n<p><a href=\"https:\/\/actagis.ch\/fr\/actagis-academy\/iso-formation-certifiantes\/iso-42001\/\">Cliquez pour la description en fran\u00e7ais<\/a><\/p><\/p>\n            <\/div>\n            <div class='clear'><\/div>        <\/div>\n    <\/div>\n<\/div><\/div><\/div><!-- row close --><div class='evocard_row'><div id='event_time' class='evocard_box time' data-c='' \n\t\t\t\t\tstyle=''><div class='evo_metarow_time evorow evcal_evdata_row evcal_evrow_sm '>\n\t\t<span class='evcal_evdata_icons'><i class='fa fa-clock-o'><\/i><\/span>\n\t\t<div class='evcal_evdata_cell'>\t\t\t\t\t\t\t\n\t\t\t<h3 class='evo_h3'><span class='evcal_evdata_icons'><i class='fa fa-clock-o'><\/i><\/span>Time<\/h3><div><span class='evo_eventcard_time_t evogap5 evofxww'><span class=\"start\">May 11 (Monday) 09:00<\/span> <span class=\"stime\">9:00am<\/span> - <span class='end'>May 14 (Thursday) 16:30<\/span> <span class='etime'>4:30pm<\/span><\/span><span class='evo_tz marr5'>(GMT+02:00)<\/span><\/div>\n\t\t<\/div>\n\t<\/div><\/div><\/div><!-- row close --><div class='evocard_row'><div id='event_location' class='evocard_box location' data-c='' \n\t\t\t\t\tstyle=''><div class='evcal_evdata_row evo_metarow_time_location evorow '>\n\t\t\n\t\t\t<span class='evcal_evdata_icons'><i class='fa fa-map-marker'><\/i><\/span>\n\t\t\t<div class='evcal_evdata_cell' data-loc_tax_id='50'><h3 class='evo_h3 evodfx'><span class='evcal_evdata_icons'><i class='fa fa-map-marker'><\/i><\/span>Location<\/h3><p class='evo_location_name'>Lausanne<\/p><p class='evo_location_address evodfxi evogap10'>Ch. de la Fontaine 2, Paudex<\/p><\/div>\n\t\t\n\t<\/div><\/div><\/div><!-- row close --><div class='evocard_row'><div id='event_evorsvp' class='evocard_box evorsvp' data-c='' \n\t\t\t\t\tstyle=''><div class='evorow evcal_evdata_row evcal_evrow_sm evo_metarow_rsvp' ><div class='evors_jdata' data-j='{\"etitle\":\"ISO 42001 LI\",\"e_id\":69404,\"repeat_interval\":0,\"cap\":\"nocap\",\"true_cap\":\"nocap\",\"precap\":\"na\",\"uid\":\"na\",\"prefill\":false,\"lang\":\"L1\",\"incard\":\"no\",\"form_style\":\"def\",\"rsvpid\":null,\"rsvp\":null}'><\/div><span class='evcal_evdata_icons'><i class='fa fa-envelope'><\/i><\/span><div class='evcal_evdata_cell'>\r\n\t\t\t\t\t\t\t\t<h3 class='evo_h3'>RSVP to This Event<\/h3><div class='evors_eventcard_content'><div class='evors_section evors_subtext evomarb10'><p class='evo_data_val'>Reserve soon to not miss out.<\/p><\/div><div class='evors_section evors_user_text '><p>We will get back to you rapidly<\/p><\/div><div class='evoRS_status_option_selection evors_section sec_shade evodfx evofx_dr_r evofxww evogap10 evofxaic evofxjcsb'><div class=''><p class='evors_rsvp_choices_title' style='margin-right:20px;'>RSVP Now<\/p><\/div><p class='evors_rsvp_choices sin'><span class='evors_rsvp_select_box evofxww evogap10'><span data-val='y' class='evors_choices '>Request information<\/span><\/span><\/p><\/div>\t\t\t\t\t<div class=\"evors_incard_form\"><\/div>\r\n\r\n\t\t\t\t\t\r\n\t\t\t\t\t<div class='evors_information'><div class='evors_attendance_count_data evors_stat_data fx_ai_c'><div class='evors_section evors_remaining_spots sec_shade'><p class='evors_nocap_spaceleft remaining_count'><em class='space'>Open<\/em>Spaces Still Available<\/p><\/div><\/div><\/div><\/div><\/div><\/div><\/div><\/div><!-- row close --><div class='evocard_row'><div id='event_evosocial' class='evocard_box evosocial' data-c='' \n\t\t\t\t\tstyle=''><div class='evo_metarow_socialmedia evcal_evdata_row '><div class='evo_sm FacebookShare'><a class=\" evo_ss\" target=\"_blank\" onclick=\"javascript:window.open(this.href, '', 'left=50,top=50,width=600,height=350,toolbar=0');return false;\"\r\n\t\t\t\t\t\thref=\"\/\/www.facebook.com\/sharer.php?u=https%3A%2F%2Factagis.ch%2Ffr%2Fevents%2Fiso-42001-li-10%2F\" title=\"Share on facebook\"><i class=\"fa fab fa-facebook\"><\/i><\/a><\/div><div class='evo_sm LinkedIn'><a class=\"li evo_ss\" href=\"\/\/www.linkedin.com\/shareArticle?mini=true&url=https%3A%2F%2Factagis.ch%2Ffr%2Fevents%2Fiso-42001-li-10%2F&title=ISO%2042001%20LI&summary=Get+certified+for+Artificial+Intelligence+Management+System%0A%0A%0A%0AThe+ISO%2FIEC+42001+Lead+Implementer+training+course+provides+the+participants\" target=\"_blank\" title=\"Share on Linkedin\"><i class=\"fa fab fa-linkedin\"><\/i><\/a><\/div><div class='evo_sm EmailShare'><a class=\"em evo_ss\" href=\"mailto:?subject=ISO%2042001%20LI&body=Event Name: ISO%2042001%20LI%0AEvent Date: 11 May 2026 9h00 - 14 May 2026 16h30%0ALink: https%3A%2F%2Factagis.ch%2Ffr%2Fevents%2Fiso-42001-li-10%2F%0A\" target=\"_blank\"><i class=\"fa fa-envelope\"><\/i><\/a><\/div><\/div><\/div><\/div><!-- row close --><button class='evo_card_row_end evcal_close' title='Close'><\/button><\/div><div class='clear end'><\/div><\/div><div id=\"event_69394_0\" class=\"eventon_list_event evo_eventtop scheduled  event clrD event_69394_0\" data-event_id=\"69394\" data-ri=\"0r\" data-time=\"1780383600-1780669800\" data-colr=\"#0070bb\" itemscope itemtype='http:\/\/schema.org\/Event'><div class=\"evo_event_schema\" style=\"display:none\" ><a itemprop='url'  href='https:\/\/actagis.ch\/fr\/events\/iso-31000-lead-risk-manager-46\/'><\/a><meta itemprop='image' content=\"https:\/\/actagis.ch\/wp-content\/uploads\/2019\/09\/guaranteed-date2.png\" \/><meta itemprop='startDate' content=\"2026-6-2T09:00+2:00\" \/><meta itemprop='endDate' content=\"2026-6-5T16:30+2:00\" \/><meta itemprop='eventStatus' content=\"https:\/\/schema.org\/EventScheduled\" \/><meta itemprop='eventAttendanceMode'   itemscope itemtype=\"https:\/\/schema.org\/OfflineEventAttendanceMode\"\/><div style=\"display:none\" itemprop=\"location\" itemscope itemtype=\"http:\/\/schema.org\/Place\"><span itemprop=\"name\">Lausanne<\/span><span itemprop=\"address\" itemscope itemtype=\"http:\/\/schema.org\/PostalAddress\"><item itemprop=\"streetAddress\">Ch. de la Fontaine 2, Paudex<\/item><\/span><\/div><script type=\"application\/ld+json\">{\"@context\": \"http:\/\/schema.org\",\"@type\": \"Event\",\n\t\t\t\t\"@id\": \"event_69394_0\",\n\t\t\t\t\"eventAttendanceMode\":\"https:\/\/schema.org\/OfflineEventAttendanceMode\",\n\t\t\t\t\"eventStatus\":\"https:\/\/schema.org\/EventScheduled\",\n\t\t\t\t\"name\": \"ISO 31000 Lead Risk Manager\",\n\t\t\t\t\"url\": \"https:\/\/actagis.ch\/fr\/events\/iso-31000-lead-risk-manager-46\/\",\n\t\t\t\t\"startDate\": \"2026-6-2T09:00+2:00\",\n\t\t\t\t\"endDate\": \"2026-6-5T16:30+2:00\",\n\t\t\t\t\"image\":\"https:\/\/actagis.ch\/wp-content\/uploads\/2019\/09\/guaranteed-date2.png\", \n\t\t\t\t\"description\":\" <p id='block-fcb636ba-a9cd-442c-8c2f-b704448baae8'><strong>Get certified in Risk Management<\/strong><\/p>    <p id='block-4760af23-7f48-49c9-a062-228c1cffe2a2'>This four-day intensive course qualifies participants to develop the necessary expertise and knowledge to support an organization in implementing a risk management process as specified in ISO 31000.<\/p>    <p id='block-5b92568a-0e7e-46b5-915c-b94ade6f7f61'><a href='\/?page_id=26527'>Click for full course description<\/a><\/p>    <p id='block-3abe9f4b-88dd-4f05-81ff-5d24e1170e89'><a href='https:\/\/actagis.ch\/fr\/actagis-academy\/iso-formation-certifiantes\/iso-31000\/'>Cliquez pour la description en fran\u00e7ais<\/a><\/p>    <p><\/p> \",\"location\":[{\"@type\":\"Place\",\"name\":\"Lausanne\",\"address\":{\"@type\": \"PostalAddress\",\"streetAddress\":\"Ch. de la Fontaine 2, Paudex\"}}]}<\/script><\/div>\r\n\t\t\t\t<p class=\"desc_trig_outter\" style=\"\"><a data-gmap_status=\"null\" data-exlk=\"0\" style=\"border-color: #0070bb;\" id=\"evc_178038360069394\" href=\"#\" class=\"hasFtIMG desc_trig featured_event 1 mul_val evcal_list_a\" data-ux_val=\"3\" data-ux_val_mob=\"-\"  ><span class='evoet_in'><span class='evoet_c1 evoet_cx '><span class='evoet_cy ev_ftImg evotrans imgFxdef' data-img='https:\/\/actagis.ch\/wp-content\/uploads\/2019\/09\/guaranteed-date2.png' data-thumb='https:\/\/actagis.ch\/wp-content\/uploads\/2019\/09\/guaranteed-date2-300x90.png' style='background-image:url(\"https:\/\/actagis.ch\/wp-content\/uploads\/2019\/09\/guaranteed-date2-300x90.png\")' ><\/span><\/span><span class='evoet_c2 evoet_cx '><span class='evoet_dayblock evcal_cblock ' data-bgcolor='#0070bb' data-smon='June' data-syr='2026' data-bub=''><span class='evo_start  evofxdrc'><em class='date'>02<\/em><em class='month'>jun<\/em><em class='time'><i t=\"y\">(jun 2)<\/i>9h00<\/em><\/span><span class='evo_end  evofxdrc'><em class='date'>05<\/em><em class='time'><i t=\"y\">(jun 5)<\/i>16h30<\/em><\/span><\/span><\/span><span class='evoet_c3 evoet_cx evcal_desc hide_eventtopdata '><span class='evoet_title evcal_desc2 evcal_event_title ' itemprop='name'>ISO 31000 Lead Risk Manager<\/span><span class='event_location_attrs evodni'  data-location_address=\"Ch. de la Fontaine 2, Paudex\" data-location_type=\"lonlat\" data-location_name=\"Lausanne\" data-location_url=\"https:\/\/actagis.ch\/event-location\/lausanne\/\" data-location_status=\"true\" data-locid=\"50\" data-latlng=\"46.5062801,6.6717238\"><\/span><span class='evoet_cy evoet_subtitle evo_below_title' ><span class='evcal_event_subtitle ' >IN-CLASSROOM - Lausanne-Switzerland \/ ONLINE - Live Interactive<\/span><\/span><\/span><\/span><span class='evoet_data' style='display:none' data-d=\"{&quot;loc.n&quot;:&quot;Lausanne&quot;,&quot;orgs&quot;:[],&quot;tags&quot;:{&quot;featured&quot;:&quot;Featured&quot;}}\" data-bgc=\"#0070bb\" data-bggrad=\"\" ><\/span><\/a><\/p><div class='event_description evcal_eventcard ' style=\"display:none\"><div class='evocard_row'><div id='event_ftimage' class='evocard_box ftimage' data-c='' \n\t\t\t\t\tstyle=''><div class='evocard_main_image_hold' data-t='Loading Image..'><div class='evocard_main_image evo_img_triglb evocd_img_full evobr15 evobgsc evobgpc evodfx evofx_jc_c evofx_ai_c evofz48 full' style='height:50px; background-image:url();' data-f=\"https:\/\/actagis.ch\/wp-content\/uploads\/2019\/09\/guaranteed-date2.png\" data-h=\"150\" data-w=\"500\" data-ratio=\"0.3\" data-event_id=\"69394\" data-ri=\"0\"  data-t='Loading Image..'><span style='height:50px; background-image:url(https:\/\/actagis.ch\/wp-content\/uploads\/2019\/09\/guaranteed-date2.png)'><\/span><\/div><\/div><\/div><\/div><!-- row close --><div class='evocard_row'><div id='event_eventdetails' class='evocard_box eventdetails' data-c='' \n\t\t\t\t\tstyle=''><div class=\"evo_metarow_details evorow evcal_evdata_row evcal_event_details\">\n    <div class=\"event_excerpt\" style=\"display:none\"><h3 class=\"padb5 evo_h3\">Event Details<\/h3><p>Get certified in Risk Management\n\n\n\nThis four-day intensive course qualifies participants to develop the necessary expertise and knowledge to support an organization in implementing a risk management process as<\/p><\/div><span class='evcal_evdata_icons'><i class='fa fa-align-justify'><\/i><\/span>    <div class=\"evcal_evdata_cell \">\n        <div class=\"eventon_full_description\">\n            <h3 class=\"padb5 evo_h3\"><span class='evcal_evdata_icons'><i class='fa fa-align-justify'><\/i><\/span>Event Details<\/h3>\n            <div class=\"eventon_desc_in\" itemprop=\"description\">\n                <p id=\"block-fcb636ba-a9cd-442c-8c2f-b704448baae8\"><strong>Get certified in Risk Management<\/strong><\/p>\n<p id=\"block-4760af23-7f48-49c9-a062-228c1cffe2a2\">This four-day intensive course qualifies participants to develop the necessary expertise and knowledge to support an organization in implementing a risk management process as specified in ISO 31000.<\/p>\n<p id=\"block-5b92568a-0e7e-46b5-915c-b94ade6f7f61\"><a href=\"\/?page_id=26527\">Click for full course description<\/a><\/p>\n<p id=\"block-3abe9f4b-88dd-4f05-81ff-5d24e1170e89\"><a href=\"https:\/\/actagis.ch\/fr\/actagis-academy\/iso-formation-certifiantes\/iso-31000\/\">Cliquez pour la description en fran\u00e7ais<\/a><\/p><\/p>\n            <\/div>\n            <div class='clear'><\/div>        <\/div>\n    <\/div>\n<\/div><\/div><\/div><!-- row close --><div class='evocard_row'><div id='event_time' class='evocard_box time' data-c='' \n\t\t\t\t\tstyle=''><div class='evo_metarow_time evorow evcal_evdata_row evcal_evrow_sm '>\n\t\t<span class='evcal_evdata_icons'><i class='fa fa-clock-o'><\/i><\/span>\n\t\t<div class='evcal_evdata_cell'>\t\t\t\t\t\t\t\n\t\t\t<h3 class='evo_h3'><span class='evcal_evdata_icons'><i class='fa fa-clock-o'><\/i><\/span>Time<\/h3><div><span class='evo_eventcard_time_t evogap5 evofxww'><span class=\"start\">June 2 (Tuesday) 09:00<\/span> <span class=\"stime\">9:00am<\/span> - <span class='end'>June 5 (Friday) 16:30<\/span> <span class='etime'>4:30pm<\/span><\/span><span class='evo_tz marr5'>(GMT+02:00)<\/span><\/div>\n\t\t<\/div>\n\t<\/div><\/div><\/div><!-- row close --><div class='evocard_row'><div id='event_location' class='evocard_box location' data-c='' \n\t\t\t\t\tstyle=''><div class='evcal_evdata_row evo_metarow_time_location evorow '>\n\t\t\n\t\t\t<span class='evcal_evdata_icons'><i class='fa fa-map-marker'><\/i><\/span>\n\t\t\t<div class='evcal_evdata_cell' data-loc_tax_id='50'><h3 class='evo_h3 evodfx'><span class='evcal_evdata_icons'><i class='fa fa-map-marker'><\/i><\/span>Location<\/h3><p class='evo_location_name'>Lausanne<\/p><p class='evo_location_address evodfxi evogap10'>Ch. de la Fontaine 2, Paudex<\/p><\/div>\n\t\t\n\t<\/div><\/div><\/div><!-- row close --><div class='evocard_row'><div id='event_evorsvp' class='evocard_box evorsvp' data-c='' \n\t\t\t\t\tstyle=''><div class='evorow evcal_evdata_row evcal_evrow_sm evo_metarow_rsvp' ><div class='evors_jdata' data-j='{\"etitle\":\"ISO 31000 Lead Risk Manager\",\"e_id\":69394,\"repeat_interval\":0,\"cap\":\"nocap\",\"true_cap\":\"nocap\",\"precap\":\"na\",\"uid\":\"na\",\"prefill\":false,\"lang\":\"L1\",\"incard\":\"no\",\"form_style\":\"def\",\"rsvpid\":null,\"rsvp\":null}'><\/div><span class='evcal_evdata_icons'><i class='fa fa-envelope'><\/i><\/span><div class='evcal_evdata_cell'>\r\n\t\t\t\t\t\t\t\t<h3 class='evo_h3'>RSVP to This Event<\/h3><div class='evors_eventcard_content'><div class='evors_section evors_subtext evomarb10'><p class='evo_data_val'>Reserve soon to not miss out.<\/p><\/div><div class='evors_section evors_user_text '><p>We will get back to you rapidly<\/p><\/div><div class='evoRS_status_option_selection evors_section sec_shade evodfx evofx_dr_r evofxww evogap10 evofxaic evofxjcsb'><div class=''><p class='evors_rsvp_choices_title' style='margin-right:20px;'>RSVP Now<\/p><\/div><p class='evors_rsvp_choices sin'><span class='evors_rsvp_select_box evofxww evogap10'><span data-val='y' class='evors_choices '>Request information<\/span><\/span><\/p><\/div>\t\t\t\t\t<div class=\"evors_incard_form\"><\/div>\r\n\r\n\t\t\t\t\t\r\n\t\t\t\t\t<div class='evors_information'><div class='evors_attendance_count_data evors_stat_data fx_ai_c'><div class='evors_section evors_remaining_spots sec_shade'><p class='evors_nocap_spaceleft remaining_count'><em class='space'>Open<\/em>Spaces Still Available<\/p><\/div><\/div><\/div><\/div><\/div><\/div><\/div><\/div><!-- row close --><div class='evocard_row'><div id='event_evosocial' class='evocard_box evosocial' data-c='' \n\t\t\t\t\tstyle=''><div class='evo_metarow_socialmedia evcal_evdata_row '><div class='evo_sm FacebookShare'><a class=\" evo_ss\" target=\"_blank\" onclick=\"javascript:window.open(this.href, '', 'left=50,top=50,width=600,height=350,toolbar=0');return false;\"\r\n\t\t\t\t\t\thref=\"\/\/www.facebook.com\/sharer.php?u=https%3A%2F%2Factagis.ch%2Ffr%2Fevents%2Fiso-31000-lead-risk-manager-46%2F\" title=\"Share on facebook\"><i class=\"fa fab fa-facebook\"><\/i><\/a><\/div><div class='evo_sm LinkedIn'><a class=\"li evo_ss\" href=\"\/\/www.linkedin.com\/shareArticle?mini=true&url=https%3A%2F%2Factagis.ch%2Ffr%2Fevents%2Fiso-31000-lead-risk-manager-46%2F&title=ISO%2031000%20Lead%20Risk%20Manager&summary=Get+certified+in+Risk+Management%0A%0A%0A%0AThis+four-day+intensive+course+qualifies+participants+to+develop+the+necessary\" target=\"_blank\" title=\"Share on Linkedin\"><i class=\"fa fab fa-linkedin\"><\/i><\/a><\/div><div class='evo_sm EmailShare'><a class=\"em evo_ss\" href=\"mailto:?subject=ISO%2031000%20Lead%20Risk%20Manager&body=Event Name: ISO%2031000%20Lead%20Risk%20Manager%0AEvent Date: 2 June 2026 9h00 - 5 June 2026 16h30%0ALink: https%3A%2F%2Factagis.ch%2Ffr%2Fevents%2Fiso-31000-lead-risk-manager-46%2F%0A\" target=\"_blank\"><i class=\"fa fa-envelope\"><\/i><\/a><\/div><\/div><\/div><\/div><!-- row close --><button class='evo_card_row_end evcal_close' title='Close'><\/button><\/div><div class='clear end'><\/div><\/div><div id=\"event_69353_0\" class=\"eventon_list_event evo_eventtop scheduled  event clrD event_69353_0\" data-event_id=\"69353\" data-ri=\"0r\" data-time=\"1780988400-1781274600\" data-colr=\"#0070bb\" itemscope itemtype='http:\/\/schema.org\/Event'><div class=\"evo_event_schema\" style=\"display:none\" ><a itemprop='url'  href='https:\/\/actagis.ch\/fr\/events\/iso-27001-li-71\/'><\/a><meta itemprop='image' content=\"https:\/\/actagis.ch\/wp-content\/uploads\/2019\/09\/guaranteed-date2.png\" \/><meta itemprop='startDate' content=\"2026-6-9T09:00+2:00\" \/><meta itemprop='endDate' content=\"2026-6-12T16:30+2:00\" \/><meta itemprop='eventStatus' content=\"https:\/\/schema.org\/EventScheduled\" \/><meta itemprop='eventAttendanceMode'   itemscope itemtype=\"https:\/\/schema.org\/OfflineEventAttendanceMode\"\/><div style=\"display:none\" itemprop=\"location\" itemscope itemtype=\"http:\/\/schema.org\/Place\"><span itemprop=\"name\">Geneva \/ Lausanne - Switzerland<\/span><span itemprop=\"address\" itemscope itemtype=\"http:\/\/schema.org\/PostalAddress\"><item itemprop=\"streetAddress\">Geneva<\/item><\/span><\/div><script type=\"application\/ld+json\">{\"@context\": \"http:\/\/schema.org\",\"@type\": \"Event\",\n\t\t\t\t\"@id\": \"event_69353_0\",\n\t\t\t\t\"eventAttendanceMode\":\"https:\/\/schema.org\/OfflineEventAttendanceMode\",\n\t\t\t\t\"eventStatus\":\"https:\/\/schema.org\/EventScheduled\",\n\t\t\t\t\"name\": \"ISO 27001 LI\",\n\t\t\t\t\"url\": \"https:\/\/actagis.ch\/fr\/events\/iso-27001-li-71\/\",\n\t\t\t\t\"startDate\": \"2026-6-9T09:00+2:00\",\n\t\t\t\t\"endDate\": \"2026-6-12T16:30+2:00\",\n\t\t\t\t\"image\":\"https:\/\/actagis.ch\/wp-content\/uploads\/2019\/09\/guaranteed-date2.png\", \n\t\t\t\t\"description\":\" <p id='block-6c1b110b-77ff-44bb-bb9f-434c291aa0a7'><strong>Get certified as Lead Implementor for Information Security.<\/strong><\/p>    <p id='block-92e75eaf-7a1a-4309-b183-d05dde85d3c1'>This four-day intensive course enables participants to develop the necessary expertise to support an organization in implementing and managing an Information Security Management System (ISMS) based on ISO\/IEC 27001.&nbsp;<\/p>    <p id='block-c34d5562-32ce-4f4e-b43a-1e480b8c6658'><a href='https:\/\/actagis.ch\/actagis-academy\/iso-certification-training-courses\/iso-27001\/'>Click for full course description<\/a><\/p>    <p id='block-148d9d9c-77da-4506-8ce0-b437fab6c190'><a href='https:\/\/actagis.ch\/fr\/actagis-academy\/iso-formation-certifiantes\/iso-27001\/'>Cliquez pour la description en fran\u00e7ais<\/a><\/p> \",\"location\":[{\"@type\":\"Place\",\"name\":\"Geneva \/ Lausanne - Switzerland\",\"address\":{\"@type\": \"PostalAddress\",\"streetAddress\":\"Geneva\"}}]}<\/script><\/div>\r\n\t\t\t\t<p class=\"desc_trig_outter\" style=\"\"><a data-gmap_status=\"null\" data-exlk=\"0\" style=\"border-color: #0070bb;\" id=\"evc_178098840069353\" href=\"#\" class=\"hasFtIMG desc_trig featured_event 1 mul_val evcal_list_a\" data-ux_val=\"3\" data-ux_val_mob=\"-\"  ><span class='evoet_in'><span class='evoet_c1 evoet_cx '><span class='evoet_cy ev_ftImg evotrans imgFxdef' data-img='https:\/\/actagis.ch\/wp-content\/uploads\/2019\/09\/guaranteed-date2.png' data-thumb='https:\/\/actagis.ch\/wp-content\/uploads\/2019\/09\/guaranteed-date2-300x90.png' style='background-image:url(\"https:\/\/actagis.ch\/wp-content\/uploads\/2019\/09\/guaranteed-date2-300x90.png\")' ><\/span><\/span><span class='evoet_c2 evoet_cx '><span class='evoet_dayblock evcal_cblock ' data-bgcolor='#0070bb' data-smon='June' data-syr='2026' data-bub=''><span class='evo_start  evofxdrc'><em class='date'>09<\/em><em class='month'>jun<\/em><em class='time'><i t=\"y\">(jun 9)<\/i>9h00<\/em><\/span><span class='evo_end  evofxdrc'><em class='date'>12<\/em><em class='time'><i t=\"y\">(jun 12)<\/i>16h30<\/em><\/span><\/span><\/span><span class='evoet_c3 evoet_cx evcal_desc hide_eventtopdata '><span class='evoet_title evcal_desc2 evcal_event_title ' itemprop='name'>ISO 27001 LI<\/span><span class='event_location_attrs evodni'  data-location_address=\"Geneva\" data-location_type=\"lonlat\" data-location_name=\"Geneva \/ Lausanne - Switzerland\" data-location_url=\"https:\/\/actagis.ch\/event-location\/geneva-lausanne-switzerland\/\" data-location_status=\"true\" data-locid=\"51\" data-latlng=\"46.2043907,6.1431577\"><\/span><span class='evoet_cy evoet_subtitle evo_below_title' ><span class='evcal_event_subtitle ' >IN-CLASSROOM - Geneva \/ Lausanne-Switzerland \/ ONLINE - Live Interactive<\/span><\/span><\/span><\/span><span class='evoet_data' style='display:none' data-d=\"{&quot;loc.n&quot;:&quot;Geneva \\\/ Lausanne - Switzerland&quot;,&quot;orgs&quot;:[],&quot;tags&quot;:{&quot;featured&quot;:&quot;Featured&quot;}}\" data-bgc=\"#0070bb\" data-bggrad=\"\" ><\/span><\/a><\/p><div class='event_description evcal_eventcard ' style=\"display:none\"><div class='evocard_row'><div id='event_ftimage' class='evocard_box ftimage' data-c='' \n\t\t\t\t\tstyle=''><div class='evocard_main_image_hold' data-t='Loading Image..'><div class='evocard_main_image evo_img_triglb evocd_img_full evobr15 evobgsc evobgpc evodfx evofx_jc_c evofx_ai_c evofz48 full' style='height:50px; background-image:url();' data-f=\"https:\/\/actagis.ch\/wp-content\/uploads\/2019\/09\/guaranteed-date2.png\" data-h=\"150\" data-w=\"500\" data-ratio=\"0.3\" data-event_id=\"69353\" data-ri=\"0\"  data-t='Loading Image..'><span style='height:50px; background-image:url(https:\/\/actagis.ch\/wp-content\/uploads\/2019\/09\/guaranteed-date2.png)'><\/span><\/div><\/div><\/div><\/div><!-- row close --><div class='evocard_row'><div id='event_eventdetails' class='evocard_box eventdetails' data-c='' \n\t\t\t\t\tstyle=''><div class=\"evo_metarow_details evorow evcal_evdata_row evcal_event_details\">\n    <div class=\"event_excerpt\" style=\"display:none\"><h3 class=\"padb5 evo_h3\">Event Details<\/h3><p>Get certified as Lead Implementor for Information Security.\n\n\n\nThis four-day intensive course enables participants to develop the necessary expertise to support an organization in implementing and managing an Information<\/p><\/div><span class='evcal_evdata_icons'><i class='fa fa-align-justify'><\/i><\/span>    <div class=\"evcal_evdata_cell \">\n        <div class=\"eventon_full_description\">\n            <h3 class=\"padb5 evo_h3\"><span class='evcal_evdata_icons'><i class='fa fa-align-justify'><\/i><\/span>Event Details<\/h3>\n            <div class=\"eventon_desc_in\" itemprop=\"description\">\n                <p id=\"block-6c1b110b-77ff-44bb-bb9f-434c291aa0a7\"><strong>Get certified as Lead Implementor for Information Security.<\/strong><\/p>\n<p id=\"block-92e75eaf-7a1a-4309-b183-d05dde85d3c1\">This four-day intensive course enables participants to develop the necessary expertise to support an organization in implementing and managing an Information Security Management System (ISMS) based on ISO\/IEC 27001.&nbsp;<\/p>\n<p id=\"block-c34d5562-32ce-4f4e-b43a-1e480b8c6658\"><a href=\"https:\/\/actagis.ch\/actagis-academy\/iso-certification-training-courses\/iso-27001\/\">Click for full course description<\/a><\/p>\n<p id=\"block-148d9d9c-77da-4506-8ce0-b437fab6c190\"><a href=\"https:\/\/actagis.ch\/fr\/actagis-academy\/iso-formation-certifiantes\/iso-27001\/\">Cliquez pour la description en fran\u00e7ais<\/a><\/p>\n            <\/div>\n            <div class='clear'><\/div>        <\/div>\n    <\/div>\n<\/div><\/div><\/div><!-- row close --><div class='evocard_row'><div id='event_time' class='evocard_box time' data-c='' \n\t\t\t\t\tstyle=''><div class='evo_metarow_time evorow evcal_evdata_row evcal_evrow_sm '>\n\t\t<span class='evcal_evdata_icons'><i class='fa fa-clock-o'><\/i><\/span>\n\t\t<div class='evcal_evdata_cell'>\t\t\t\t\t\t\t\n\t\t\t<h3 class='evo_h3'><span class='evcal_evdata_icons'><i class='fa fa-clock-o'><\/i><\/span>Time<\/h3><div><span class='evo_eventcard_time_t evogap5 evofxww'><span class=\"start\">June 9 (Tuesday) 09:00<\/span> <span class=\"stime\">9:00am<\/span> - <span class='end'>June 12 (Friday) 16:30<\/span> <span class='etime'>4:30pm<\/span><\/span><span class='evo_tz marr5'>(GMT+02:00)<\/span><\/div>\n\t\t<\/div>\n\t<\/div><\/div><\/div><!-- row close --><div class='evocard_row'><div id='event_location' class='evocard_box location' data-c='' \n\t\t\t\t\tstyle=''><div class='evcal_evdata_row evo_metarow_time_location evorow '>\n\t\t\n\t\t\t<span class='evcal_evdata_icons'><i class='fa fa-map-marker'><\/i><\/span>\n\t\t\t<div class='evcal_evdata_cell' data-loc_tax_id='51'><h3 class='evo_h3 evodfx'><span class='evcal_evdata_icons'><i class='fa fa-map-marker'><\/i><\/span>Location<\/h3><p class='evo_location_name'>Geneva \/ Lausanne - Switzerland<\/p><p class='evo_location_address evodfxi evogap10'>Geneva<\/p><\/div>\n\t\t\n\t<\/div><\/div><\/div><!-- row close --><div class='evocard_row'><div id='event_evorsvp' class='evocard_box evorsvp' data-c='' \n\t\t\t\t\tstyle=''><div class='evorow evcal_evdata_row evcal_evrow_sm evo_metarow_rsvp' ><div class='evors_jdata' data-j='{\"etitle\":\"ISO 27001 LI\",\"e_id\":69353,\"repeat_interval\":0,\"cap\":\"nocap\",\"true_cap\":\"nocap\",\"precap\":\"na\",\"uid\":\"na\",\"prefill\":false,\"lang\":\"L1\",\"incard\":\"no\",\"form_style\":\"def\",\"rsvpid\":null,\"rsvp\":null}'><\/div><span class='evcal_evdata_icons'><i class='fa fa-envelope'><\/i><\/span><div class='evcal_evdata_cell'>\r\n\t\t\t\t\t\t\t\t<h3 class='evo_h3'>RSVP to This Event<\/h3><div class='evors_eventcard_content'><div class='evors_section evors_subtext evomarb10'><p class='evo_data_val'>Reserve soon to not miss out.<\/p><\/div><div class='evors_section evors_user_text '><p>We will get back to you rapidly<\/p><\/div><div class='evoRS_status_option_selection evors_section sec_shade evodfx evofx_dr_r evofxww evogap10 evofxaic evofxjcsb'><div class=''><p class='evors_rsvp_choices_title' style='margin-right:20px;'>RSVP Now<\/p><\/div><p class='evors_rsvp_choices sin'><span class='evors_rsvp_select_box evofxww evogap10'><span data-val='y' class='evors_choices '>Request information<\/span><\/span><\/p><\/div>\t\t\t\t\t<div class=\"evors_incard_form\"><\/div>\r\n\r\n\t\t\t\t\t\r\n\t\t\t\t\t<div class='evors_information'><div class='evors_attendance_count_data evors_stat_data fx_ai_c'><div class='evors_section evors_remaining_spots sec_shade'><p class='evors_nocap_spaceleft remaining_count'><em class='space'>Open<\/em>Spaces Still Available<\/p><\/div><\/div><\/div><\/div><\/div><\/div><\/div><\/div><!-- row close --><div class='evocard_row'><div id='event_evosocial' class='evocard_box evosocial' data-c='' \n\t\t\t\t\tstyle=''><div class='evo_metarow_socialmedia evcal_evdata_row '><div class='evo_sm FacebookShare'><a class=\" evo_ss\" target=\"_blank\" onclick=\"javascript:window.open(this.href, '', 'left=50,top=50,width=600,height=350,toolbar=0');return false;\"\r\n\t\t\t\t\t\thref=\"\/\/www.facebook.com\/sharer.php?u=https%3A%2F%2Factagis.ch%2Ffr%2Fevents%2Fiso-27001-li-71%2F\" title=\"Share on facebook\"><i class=\"fa fab fa-facebook\"><\/i><\/a><\/div><div class='evo_sm LinkedIn'><a class=\"li evo_ss\" href=\"\/\/www.linkedin.com\/shareArticle?mini=true&url=https%3A%2F%2Factagis.ch%2Ffr%2Fevents%2Fiso-27001-li-71%2F&title=ISO%2027001%20LI&summary=Get+certified+as+Lead+Implementor+for+Information+Security.%0A%0A%0A%0AThis+four-day+intensive+course+enables+participants+to\" target=\"_blank\" title=\"Share on Linkedin\"><i class=\"fa fab fa-linkedin\"><\/i><\/a><\/div><div class='evo_sm EmailShare'><a class=\"em evo_ss\" href=\"mailto:?subject=ISO%2027001%20LI&body=Event Name: ISO%2027001%20LI%0AEvent Date: 9 June 2026 9h00 - 12 June 2026 16h30%0ALink: https%3A%2F%2Factagis.ch%2Ffr%2Fevents%2Fiso-27001-li-71%2F%0A\" target=\"_blank\"><i class=\"fa fa-envelope\"><\/i><\/a><\/div><\/div><\/div><\/div><!-- row close --><button class='evo_card_row_end evcal_close' title='Close'><\/button><\/div><div class='clear end'><\/div><\/div><div id=\"event_69417_0\" class=\"eventon_list_event evo_eventtop scheduled  event clrD event_69417_0\" data-event_id=\"69417\" data-ri=\"0r\" data-time=\"1780988400-1781274600\" data-colr=\"#0070bb\" itemscope itemtype='http:\/\/schema.org\/Event'><div class=\"evo_event_schema\" style=\"display:none\" ><a itemprop='url'  href='https:\/\/actagis.ch\/fr\/events\/iso-9001-li-58\/'><\/a><meta itemprop='image'  \/><meta itemprop='startDate' content=\"2026-6-9T09:00+2:00\" \/><meta itemprop='endDate' content=\"2026-6-12T16:30+2:00\" \/><meta itemprop='eventStatus' content=\"https:\/\/schema.org\/EventScheduled\" \/><meta itemprop='eventAttendanceMode'   itemscope itemtype=\"https:\/\/schema.org\/OfflineEventAttendanceMode\"\/><div style=\"display:none\" itemprop=\"location\" itemscope itemtype=\"http:\/\/schema.org\/Place\"><span itemprop=\"name\">Lausanne<\/span><span itemprop=\"address\" itemscope itemtype=\"http:\/\/schema.org\/PostalAddress\"><item itemprop=\"streetAddress\">Ch. de la Fontaine 2, Paudex<\/item><\/span><\/div><script type=\"application\/ld+json\">{\"@context\": \"http:\/\/schema.org\",\"@type\": \"Event\",\n\t\t\t\t\"@id\": \"event_69417_0\",\n\t\t\t\t\"eventAttendanceMode\":\"https:\/\/schema.org\/OfflineEventAttendanceMode\",\n\t\t\t\t\"eventStatus\":\"https:\/\/schema.org\/EventScheduled\",\n\t\t\t\t\"name\": \"ISO 9001 LI\",\n\t\t\t\t\"url\": \"https:\/\/actagis.ch\/fr\/events\/iso-9001-li-58\/\",\n\t\t\t\t\"startDate\": \"2026-6-9T09:00+2:00\",\n\t\t\t\t\"endDate\": \"2026-6-12T16:30+2:00\",\n\t\t\t\t\"image\":\"\", \n\t\t\t\t\"description\":\" <p><strong>Get certified in Quality Management<\/strong><\/p>    <p>This four-day intensive course enables participants to develop the necessary expertise to support an organization in implementing and managing a Quality Management System (QMS) based on ISO 9001.&nbsp;<\/p>    <p><a href='https:\/\/actagis.ch\/actagis-academy\/iso-certification-training-courses\/iso-9001\/'>Click for full course description<\/a><\/p>    <p><a href='https:\/\/actagis.ch\/fr\/actagis-academy\/iso-formation-certifiantes\/iso-9001\/'>Cliquez pour la description en fran\u00e7ais<\/a><\/p>    <p><\/p> \",\"location\":[{\"@type\":\"Place\",\"name\":\"Lausanne\",\"address\":{\"@type\": \"PostalAddress\",\"streetAddress\":\"Ch. de la Fontaine 2, Paudex\"}}]}<\/script><\/div>\r\n\t\t\t\t<p class=\"desc_trig_outter\" style=\"\"><a data-gmap_status=\"null\" data-exlk=\"0\" style=\"border-color: #0070bb;\" id=\"evc_178098840069417\" href=\"#\" class=\"desc_trig featured_event 1 mul_val evcal_list_a\" data-ux_val=\"3\" data-ux_val_mob=\"-\"  ><span class='evoet_in'><span class='evoet_c2 evoet_cx '><span class='evoet_dayblock evcal_cblock ' data-bgcolor='#0070bb' data-smon='June' data-syr='2026' data-bub=''><span class='evo_start  evofxdrc'><em class='date'>09<\/em><em class='month'>jun<\/em><em class='time'><i t=\"y\">(jun 9)<\/i>9h00<\/em><\/span><span class='evo_end  evofxdrc'><em class='date'>12<\/em><em class='time'><i t=\"y\">(jun 12)<\/i>16h30<\/em><\/span><\/span><\/span><span class='evoet_c3 evoet_cx evcal_desc hide_eventtopdata '><span class='evoet_title evcal_desc2 evcal_event_title ' itemprop='name'>ISO 9001 LI<\/span><span class='event_location_attrs evodni'  data-location_address=\"Ch. de la Fontaine 2, Paudex\" data-location_type=\"lonlat\" data-location_name=\"Lausanne\" data-location_url=\"https:\/\/actagis.ch\/event-location\/lausanne\/\" data-location_status=\"true\" data-locid=\"50\" data-latlng=\"46.5062801,6.6717238\"><\/span><span class='evoet_cy evoet_subtitle evo_below_title' ><span class='evcal_event_subtitle ' >IN-CLASSROOM - Lausanne-Switzerland \/ ONLINE - Live Interactive<\/span><\/span><\/span><\/span><span class='evoet_data' style='display:none' data-d=\"{&quot;loc.n&quot;:&quot;Lausanne&quot;,&quot;orgs&quot;:[],&quot;tags&quot;:{&quot;featured&quot;:&quot;Featured&quot;}}\" data-bgc=\"#0070bb\" data-bggrad=\"\" ><\/span><\/a><\/p><div class='event_description evcal_eventcard ' style=\"display:none\"><div class='evocard_row'><div id='event_eventdetails' class='evocard_box eventdetails' data-c='' \n\t\t\t\t\tstyle=''><div class=\"evo_metarow_details evorow evcal_evdata_row evcal_event_details\">\n    <div class=\"event_excerpt\" style=\"display:none\"><h3 class=\"padb5 evo_h3\">Event Details<\/h3><p>Get certified in Quality Management\n\n\n\nThis four-day intensive course enables participants to develop the necessary expertise to support an organization in implementing and managing a Quality Management System (QMS) based on<\/p><\/div><span class='evcal_evdata_icons'><i class='fa fa-align-justify'><\/i><\/span>    <div class=\"evcal_evdata_cell \">\n        <div class=\"eventon_full_description\">\n            <h3 class=\"padb5 evo_h3\"><span class='evcal_evdata_icons'><i class='fa fa-align-justify'><\/i><\/span>Event Details<\/h3>\n            <div class=\"eventon_desc_in\" itemprop=\"description\">\n                <p><strong>Get certified in Quality Management<\/strong><\/p>\n<p>This four-day intensive course enables participants to develop the necessary expertise to support an organization in implementing and managing a Quality Management System (QMS) based on ISO 9001.&nbsp;<\/p>\n<p><a href=\"https:\/\/actagis.ch\/actagis-academy\/iso-certification-training-courses\/iso-9001\/\">Click for full course description<\/a><\/p>\n<p><a href=\"https:\/\/actagis.ch\/fr\/actagis-academy\/iso-formation-certifiantes\/iso-9001\/\">Cliquez pour la description en fran\u00e7ais<\/a><\/p><\/p>\n            <\/div>\n            <div class='clear'><\/div>        <\/div>\n    <\/div>\n<\/div><\/div><\/div><!-- row close --><div class='evocard_row'><div id='event_time' class='evocard_box time' data-c='' \n\t\t\t\t\tstyle=''><div class='evo_metarow_time evorow evcal_evdata_row evcal_evrow_sm '>\n\t\t<span class='evcal_evdata_icons'><i class='fa fa-clock-o'><\/i><\/span>\n\t\t<div class='evcal_evdata_cell'>\t\t\t\t\t\t\t\n\t\t\t<h3 class='evo_h3'><span class='evcal_evdata_icons'><i class='fa fa-clock-o'><\/i><\/span>Time<\/h3><div><span class='evo_eventcard_time_t evogap5 evofxww'><span class=\"start\">June 9 (Tuesday) 09:00<\/span> <span class=\"stime\">9:00am<\/span> - <span class='end'>June 12 (Friday) 16:30<\/span> <span class='etime'>4:30pm<\/span><\/span><span class='evo_tz marr5'>(GMT+02:00)<\/span><\/div>\n\t\t<\/div>\n\t<\/div><\/div><\/div><!-- row close --><div class='evocard_row'><div id='event_location' class='evocard_box location' data-c='' \n\t\t\t\t\tstyle=''><div class='evcal_evdata_row evo_metarow_time_location evorow '>\n\t\t\n\t\t\t<span class='evcal_evdata_icons'><i class='fa fa-map-marker'><\/i><\/span>\n\t\t\t<div class='evcal_evdata_cell' data-loc_tax_id='50'><h3 class='evo_h3 evodfx'><span class='evcal_evdata_icons'><i class='fa fa-map-marker'><\/i><\/span>Location<\/h3><p class='evo_location_name'>Lausanne<\/p><p class='evo_location_address evodfxi evogap10'>Ch. de la Fontaine 2, Paudex<\/p><\/div>\n\t\t\n\t<\/div><\/div><\/div><!-- row close --><div class='evocard_row'><div id='event_evorsvp' class='evocard_box evorsvp' data-c='' \n\t\t\t\t\tstyle=''><div class='evorow evcal_evdata_row evcal_evrow_sm evo_metarow_rsvp' ><div class='evors_jdata' data-j='{\"etitle\":\"ISO 9001 LI\",\"e_id\":69417,\"repeat_interval\":0,\"cap\":\"nocap\",\"true_cap\":\"nocap\",\"precap\":\"na\",\"uid\":\"na\",\"prefill\":false,\"lang\":\"L1\",\"incard\":\"no\",\"form_style\":\"def\",\"rsvpid\":null,\"rsvp\":null}'><\/div><span class='evcal_evdata_icons'><i class='fa fa-envelope'><\/i><\/span><div class='evcal_evdata_cell'>\r\n\t\t\t\t\t\t\t\t<h3 class='evo_h3'>RSVP to This Event<\/h3><div class='evors_eventcard_content'><div class='evors_section evors_subtext evomarb10'><p class='evo_data_val'>Reserve soon to not miss out.<\/p><\/div><div class='evors_section evors_user_text '><p>We will get back to you rapidly<\/p><\/div><div class='evoRS_status_option_selection evors_section sec_shade evodfx evofx_dr_r evofxww evogap10 evofxaic evofxjcsb'><div class=''><p class='evors_rsvp_choices_title' style='margin-right:20px;'>RSVP Now<\/p><\/div><p class='evors_rsvp_choices sin'><span class='evors_rsvp_select_box evofxww evogap10'><span data-val='y' class='evors_choices '>Request information<\/span><\/span><\/p><\/div>\t\t\t\t\t<div class=\"evors_incard_form\"><\/div>\r\n\r\n\t\t\t\t\t\r\n\t\t\t\t\t<div class='evors_information'><div class='evors_attendance_count_data evors_stat_data fx_ai_c'><div class='evors_section evors_remaining_spots sec_shade'><p class='evors_nocap_spaceleft remaining_count'><em class='space'>Open<\/em>Spaces Still Available<\/p><\/div><\/div><\/div><\/div><\/div><\/div><\/div><\/div><!-- row close --><div class='evocard_row'><div id='event_evosocial' class='evocard_box evosocial' data-c='' \n\t\t\t\t\tstyle=''><div class='evo_metarow_socialmedia evcal_evdata_row '><div class='evo_sm FacebookShare'><a class=\" evo_ss\" target=\"_blank\" onclick=\"javascript:window.open(this.href, '', 'left=50,top=50,width=600,height=350,toolbar=0');return false;\"\r\n\t\t\t\t\t\thref=\"\/\/www.facebook.com\/sharer.php?u=https%3A%2F%2Factagis.ch%2Ffr%2Fevents%2Fiso-9001-li-58%2F\" title=\"Share on facebook\"><i class=\"fa fab fa-facebook\"><\/i><\/a><\/div><div class='evo_sm LinkedIn'><a class=\"li evo_ss\" href=\"\/\/www.linkedin.com\/shareArticle?mini=true&url=https%3A%2F%2Factagis.ch%2Ffr%2Fevents%2Fiso-9001-li-58%2F&title=ISO%209001%20LI&summary=Get+certified+in+Quality+Management%0A%0A%0A%0AThis+four-day+intensive+course+enables+participants+to+develop+the+necessary+expertise+to\" target=\"_blank\" title=\"Share on Linkedin\"><i class=\"fa fab fa-linkedin\"><\/i><\/a><\/div><div class='evo_sm EmailShare'><a class=\"em evo_ss\" href=\"mailto:?subject=ISO%209001%20LI&body=Event Name: ISO%209001%20LI%0AEvent Date: 9 June 2026 9h00 - 12 June 2026 16h30%0ALink: https%3A%2F%2Factagis.ch%2Ffr%2Fevents%2Fiso-9001-li-58%2F%0A\" target=\"_blank\"><i class=\"fa fa-envelope\"><\/i><\/a><\/div><\/div><\/div><\/div><!-- row close --><button class='evo_card_row_end evcal_close' title='Close'><\/button><\/div><div class='clear end'><\/div><\/div><div id=\"event_69345_0\" class=\"eventon_list_event evo_eventtop scheduled  event clrD event_69345_0\" data-event_id=\"69345\" data-ri=\"0r\" data-time=\"1781506800-1781879400\" data-colr=\"#0070bb\" itemscope itemtype='http:\/\/schema.org\/Event'><div class=\"evo_event_schema\" style=\"display:none\" ><a itemprop='url'  href='https:\/\/actagis.ch\/fr\/events\/cissp-exam-bootcamp-47\/'><\/a><meta itemprop='image' content=\"https:\/\/actagis.ch\/wp-content\/uploads\/2019\/09\/guaranteed-date2.png\" \/><meta itemprop='startDate' content=\"2026-6-15T09:00+2:00\" \/><meta itemprop='endDate' content=\"2026-6-19T16:30+2:00\" \/><meta itemprop='eventStatus' content=\"https:\/\/schema.org\/EventScheduled\" \/><meta itemprop='eventAttendanceMode'   itemscope itemtype=\"https:\/\/schema.org\/OfflineEventAttendanceMode\"\/><div style=\"display:none\" itemprop=\"location\" itemscope itemtype=\"http:\/\/schema.org\/Place\"><span itemprop=\"name\">Geneva \/ Lausanne - Switzerland<\/span><span itemprop=\"address\" itemscope itemtype=\"http:\/\/schema.org\/PostalAddress\"><item itemprop=\"streetAddress\">Geneva<\/item><\/span><\/div><script type=\"application\/ld+json\">{\"@context\": \"http:\/\/schema.org\",\"@type\": \"Event\",\n\t\t\t\t\"@id\": \"event_69345_0\",\n\t\t\t\t\"eventAttendanceMode\":\"https:\/\/schema.org\/OfflineEventAttendanceMode\",\n\t\t\t\t\"eventStatus\":\"https:\/\/schema.org\/EventScheduled\",\n\t\t\t\t\"name\": \"CISSP - Exam Bootcamp\",\n\t\t\t\t\"url\": \"https:\/\/actagis.ch\/fr\/events\/cissp-exam-bootcamp-47\/\",\n\t\t\t\t\"startDate\": \"2026-6-15T09:00+2:00\",\n\t\t\t\t\"endDate\": \"2026-6-19T16:30+2:00\",\n\t\t\t\t\"image\":\"https:\/\/actagis.ch\/wp-content\/uploads\/2019\/09\/guaranteed-date2.png\", \n\t\t\t\t\"description\":\" <p id='block-fcb636ba-a9cd-442c-8c2f-b704448baae8'><strong>Get certified in Information Systems Security<\/strong><\/p>    <p id='block-4760af23-7f48-49c9-a062-228c1cffe2a2'>This 5-day training is composed of theory modules covering the 8 CISSP domains which were updated in April 2015, interlaced with exam questions, offering the participant an optimal preparation for the certification exam.<\/p>    <p id='block-5b92568a-0e7e-46b5-915c-b94ade6f7f61'><a href='https:\/\/actagis.ch\/actagis-academy\/cissp-certified-information-systems-security-professional\/'>Click for full course description<\/a><\/p>    <p id='block-3abe9f4b-88dd-4f05-81ff-5d24e1170e89'><a href='https:\/\/actagis.ch\/fr\/actagis-academy\/cissp-professionnel-certifie-dans-la-securite-des-systemes-dinformation\/'>Cliquez pour la description en fran\u00e7ais<\/a><\/p> \",\"location\":[{\"@type\":\"Place\",\"name\":\"Geneva \/ Lausanne - Switzerland\",\"address\":{\"@type\": \"PostalAddress\",\"streetAddress\":\"Geneva\"}}]}<\/script><\/div>\r\n\t\t\t\t<p class=\"desc_trig_outter\" style=\"\"><a data-gmap_status=\"null\" data-exlk=\"0\" style=\"border-color: #0070bb;\" id=\"evc_178150680069345\" href=\"#\" class=\"hasFtIMG desc_trig featured_event 1 mul_val evcal_list_a\" data-ux_val=\"3\" data-ux_val_mob=\"-\"  ><span class='evoet_in'><span class='evoet_c1 evoet_cx '><span class='evoet_cy ev_ftImg evotrans imgFxdef' data-img='https:\/\/actagis.ch\/wp-content\/uploads\/2019\/09\/guaranteed-date2.png' data-thumb='https:\/\/actagis.ch\/wp-content\/uploads\/2019\/09\/guaranteed-date2-300x90.png' style='background-image:url(\"https:\/\/actagis.ch\/wp-content\/uploads\/2019\/09\/guaranteed-date2-300x90.png\")' ><\/span><\/span><span class='evoet_c2 evoet_cx '><span class='evoet_dayblock evcal_cblock ' data-bgcolor='#0070bb' data-smon='June' data-syr='2026' data-bub=''><span class='evo_start  evofxdrc'><em class='date'>15<\/em><em class='month'>jun<\/em><em class='time'><i t=\"y\">(jun 15)<\/i>9h00<\/em><\/span><span class='evo_end  evofxdrc'><em class='date'>19<\/em><em class='time'><i t=\"y\">(jun 19)<\/i>16h30<\/em><\/span><\/span><\/span><span class='evoet_c3 evoet_cx evcal_desc hide_eventtopdata '><span class='evoet_title evcal_desc2 evcal_event_title ' itemprop='name'>CISSP - Exam Bootcamp<\/span><span class='event_location_attrs evodni'  data-location_address=\"Geneva\" data-location_type=\"lonlat\" data-location_name=\"Geneva \/ Lausanne - Switzerland\" data-location_url=\"https:\/\/actagis.ch\/event-location\/geneva-lausanne-switzerland\/\" data-location_status=\"true\" data-locid=\"51\" data-latlng=\"46.2043907,6.1431577\"><\/span><span class='evoet_cy evoet_subtitle evo_below_title' ><span class='evcal_event_subtitle ' >IN-CLASSROOM \u2013 Geneva \/ Lausanne - Switzerland \/ ONLINE \u2013 Live Interactive<\/span><\/span><\/span><\/span><span class='evoet_data' style='display:none' data-d=\"{&quot;loc.n&quot;:&quot;Geneva \\\/ Lausanne - Switzerland&quot;,&quot;orgs&quot;:[],&quot;tags&quot;:{&quot;featured&quot;:&quot;Featured&quot;}}\" data-bgc=\"#0070bb\" data-bggrad=\"\" ><\/span><\/a><\/p><div class='event_description evcal_eventcard ' style=\"display:none\"><div class='evocard_row'><div id='event_ftimage' class='evocard_box ftimage' data-c='' \n\t\t\t\t\tstyle=''><div class='evocard_main_image_hold' data-t='Loading Image..'><div class='evocard_main_image evo_img_triglb evocd_img_full evobr15 evobgsc evobgpc evodfx evofx_jc_c evofx_ai_c evofz48 full' style='height:50px; background-image:url();' data-f=\"https:\/\/actagis.ch\/wp-content\/uploads\/2019\/09\/guaranteed-date2.png\" data-h=\"150\" data-w=\"500\" data-ratio=\"0.3\" data-event_id=\"69345\" data-ri=\"0\"  data-t='Loading Image..'><span style='height:50px; background-image:url(https:\/\/actagis.ch\/wp-content\/uploads\/2019\/09\/guaranteed-date2.png)'><\/span><\/div><\/div><\/div><\/div><!-- row close --><div class='evocard_row'><div id='event_eventdetails' class='evocard_box eventdetails' data-c='' \n\t\t\t\t\tstyle=''><div class=\"evo_metarow_details evorow evcal_evdata_row evcal_event_details\">\n    <div class=\"event_excerpt\" style=\"display:none\"><h3 class=\"padb5 evo_h3\">Event Details<\/h3><p>Get certified in Information Systems Security\n\n\n\nThis 5-day training is composed of theory modules covering the 8 CISSP domains which were updated in April 2015, interlaced with exam questions,<\/p><\/div><span class='evcal_evdata_icons'><i class='fa fa-align-justify'><\/i><\/span>    <div class=\"evcal_evdata_cell \">\n        <div class=\"eventon_full_description\">\n            <h3 class=\"padb5 evo_h3\"><span class='evcal_evdata_icons'><i class='fa fa-align-justify'><\/i><\/span>Event Details<\/h3>\n            <div class=\"eventon_desc_in\" itemprop=\"description\">\n                <p id=\"block-fcb636ba-a9cd-442c-8c2f-b704448baae8\"><strong>Get certified in Information Systems Security<\/strong><\/p>\n<p id=\"block-4760af23-7f48-49c9-a062-228c1cffe2a2\">This 5-day training is composed of theory modules covering the 8 CISSP domains which were updated in April 2015, interlaced with exam questions, offering the participant an optimal preparation for the certification exam.<\/p>\n<p id=\"block-5b92568a-0e7e-46b5-915c-b94ade6f7f61\"><a href=\"https:\/\/actagis.ch\/actagis-academy\/cissp-certified-information-systems-security-professional\/\">Click for full course description<\/a><\/p>\n<p id=\"block-3abe9f4b-88dd-4f05-81ff-5d24e1170e89\"><a href=\"https:\/\/actagis.ch\/fr\/actagis-academy\/cissp-professionnel-certifie-dans-la-securite-des-systemes-dinformation\/\">Cliquez pour la description en fran\u00e7ais<\/a><\/p>\n            <\/div>\n            <div class='clear'><\/div>        <\/div>\n    <\/div>\n<\/div><\/div><\/div><!-- row close --><div class='evocard_row'><div id='event_time' class='evocard_box time' data-c='' \n\t\t\t\t\tstyle=''><div class='evo_metarow_time evorow evcal_evdata_row evcal_evrow_sm '>\n\t\t<span class='evcal_evdata_icons'><i class='fa fa-clock-o'><\/i><\/span>\n\t\t<div class='evcal_evdata_cell'>\t\t\t\t\t\t\t\n\t\t\t<h3 class='evo_h3'><span class='evcal_evdata_icons'><i class='fa fa-clock-o'><\/i><\/span>Time<\/h3><div><span class='evo_eventcard_time_t evogap5 evofxww'><span class=\"start\">June 15 (Monday) 09:00<\/span> <span class=\"stime\">9:00am<\/span> - <span class='end'>June 19 (Friday) 16:30<\/span> <span class='etime'>4:30pm<\/span><\/span><span class='evo_tz marr5'>(GMT+02:00)<\/span><\/div>\n\t\t<\/div>\n\t<\/div><\/div><\/div><!-- row close --><div class='evocard_row'><div id='event_location' class='evocard_box location' data-c='' \n\t\t\t\t\tstyle=''><div class='evcal_evdata_row evo_metarow_time_location evorow '>\n\t\t\n\t\t\t<span class='evcal_evdata_icons'><i class='fa fa-map-marker'><\/i><\/span>\n\t\t\t<div class='evcal_evdata_cell' data-loc_tax_id='51'><h3 class='evo_h3 evodfx'><span class='evcal_evdata_icons'><i class='fa fa-map-marker'><\/i><\/span>Location<\/h3><p class='evo_location_name'>Geneva \/ Lausanne - Switzerland<\/p><p class='evo_location_address evodfxi evogap10'>Geneva<\/p><\/div>\n\t\t\n\t<\/div><\/div><\/div><!-- row close --><div class='evocard_row'><div id='event_evorsvp' class='evocard_box evorsvp' data-c='' \n\t\t\t\t\tstyle=''><div class='evorow evcal_evdata_row evcal_evrow_sm evo_metarow_rsvp' ><div class='evors_jdata' data-j='{\"etitle\":\"CISSP &amp;#8211; Exam Bootcamp\",\"e_id\":69345,\"repeat_interval\":0,\"cap\":\"nocap\",\"true_cap\":\"nocap\",\"precap\":\"na\",\"uid\":\"na\",\"prefill\":false,\"lang\":\"L1\",\"incard\":\"no\",\"form_style\":\"def\",\"rsvpid\":null,\"rsvp\":null}'><\/div><span class='evcal_evdata_icons'><i class='fa fa-envelope'><\/i><\/span><div class='evcal_evdata_cell'>\r\n\t\t\t\t\t\t\t\t<h3 class='evo_h3'>RSVP to This Event<\/h3><div class='evors_eventcard_content'><div class='evors_section evors_subtext evomarb10'><p class='evo_data_val'>Reserve soon to not miss out.<\/p><\/div><div class='evors_section evors_user_text '><p>We will get back to you rapidly<\/p><\/div><div class='evoRS_status_option_selection evors_section sec_shade evodfx evofx_dr_r evofxww evogap10 evofxaic evofxjcsb'><div class=''><p class='evors_rsvp_choices_title' style='margin-right:20px;'>RSVP Now<\/p><\/div><p class='evors_rsvp_choices sin'><span class='evors_rsvp_select_box evofxww evogap10'><span data-val='y' class='evors_choices '>Request information<\/span><\/span><\/p><\/div>\t\t\t\t\t<div class=\"evors_incard_form\"><\/div>\r\n\r\n\t\t\t\t\t\r\n\t\t\t\t\t<div class='evors_information'><div class='evors_attendance_count_data evors_stat_data fx_ai_c'><div class='evors_section evors_remaining_spots sec_shade'><p class='evors_nocap_spaceleft remaining_count'><em class='space'>Open<\/em>Spaces Still Available<\/p><\/div><\/div><\/div><\/div><\/div><\/div><\/div><\/div><!-- row close --><div class='evocard_row'><div id='event_evosocial' class='evocard_box evosocial' data-c='' \n\t\t\t\t\tstyle=''><div class='evo_metarow_socialmedia evcal_evdata_row '><div class='evo_sm FacebookShare'><a class=\" evo_ss\" target=\"_blank\" onclick=\"javascript:window.open(this.href, '', 'left=50,top=50,width=600,height=350,toolbar=0');return false;\"\r\n\t\t\t\t\t\thref=\"\/\/www.facebook.com\/sharer.php?u=https%3A%2F%2Factagis.ch%2Ffr%2Fevents%2Fcissp-exam-bootcamp-47%2F\" title=\"Share on facebook\"><i class=\"fa fab fa-facebook\"><\/i><\/a><\/div><div class='evo_sm LinkedIn'><a class=\"li evo_ss\" href=\"\/\/www.linkedin.com\/shareArticle?mini=true&url=https%3A%2F%2Factagis.ch%2Ffr%2Fevents%2Fcissp-exam-bootcamp-47%2F&title=CISSP%20%26%238211%3B%20Exam%20Bootcamp&summary=Get+certified+in+Information+Systems+Security%0A%0A%0A%0AThis+5-day+training+is+composed+of+theory+modules+covering\" target=\"_blank\" title=\"Share on Linkedin\"><i class=\"fa fab fa-linkedin\"><\/i><\/a><\/div><div class='evo_sm EmailShare'><a class=\"em evo_ss\" href=\"mailto:?subject=CISSP%20%26%238211%3B%20Exam%20Bootcamp&body=Event Name: CISSP%20%26%238211%3B%20Exam%20Bootcamp%0AEvent Date: 15 June 2026 9h00 - 19 June 2026 16h30%0ALink: https%3A%2F%2Factagis.ch%2Ffr%2Fevents%2Fcissp-exam-bootcamp-47%2F%0A\" target=\"_blank\"><i class=\"fa fa-envelope\"><\/i><\/a><\/div><\/div><\/div><\/div><!-- row close --><button class='evo_card_row_end evcal_close' title='Close'><\/button><\/div><div class='clear end'><\/div><\/div><div id=\"event_69383_0\" class=\"eventon_list_event evo_eventtop scheduled  event clrD event_69383_0\" data-event_id=\"69383\" data-ri=\"0r\" data-time=\"1782111600-1782311400\" data-colr=\"#0070bb\" itemscope itemtype='http:\/\/schema.org\/Event'><div class=\"evo_event_schema\" style=\"display:none\" ><a itemprop='url'  href='https:\/\/actagis.ch\/fr\/events\/cism-exam-bootcamp-4\/'><\/a><meta itemprop='image'  \/><meta itemprop='startDate' content=\"2026-6-22T09:00+2:00\" \/><meta itemprop='endDate' content=\"2026-6-24T16:30+2:00\" \/><meta itemprop='eventStatus' content=\"https:\/\/schema.org\/EventScheduled\" \/><meta itemprop='eventAttendanceMode'   itemscope itemtype=\"https:\/\/schema.org\/OfflineEventAttendanceMode\"\/><div style=\"display:none\" itemprop=\"location\" itemscope itemtype=\"http:\/\/schema.org\/Place\"><span itemprop=\"name\">Paudex<\/span><span itemprop=\"address\" itemscope itemtype=\"http:\/\/schema.org\/PostalAddress\"><item itemprop=\"streetAddress\">Chemin de la fontaine 2, Paudex<\/item><\/span><\/div><script type=\"application\/ld+json\">{\"@context\": \"http:\/\/schema.org\",\"@type\": \"Event\",\n\t\t\t\t\"@id\": \"event_69383_0\",\n\t\t\t\t\"eventAttendanceMode\":\"https:\/\/schema.org\/OfflineEventAttendanceMode\",\n\t\t\t\t\"eventStatus\":\"https:\/\/schema.org\/EventScheduled\",\n\t\t\t\t\"name\": \"CISM - Exam Bootcamp\",\n\t\t\t\t\"url\": \"https:\/\/actagis.ch\/fr\/events\/cism-exam-bootcamp-4\/\",\n\t\t\t\t\"startDate\": \"2026-6-22T09:00+2:00\",\n\t\t\t\t\"endDate\": \"2026-6-24T16:30+2:00\",\n\t\t\t\t\"image\":\"\", \n\t\t\t\t\"description\":\" <p><strong>Become a Certified Information Security Manager.<\/strong><\/p>    <p>Building on pre-course preparation work, we will go through all the CISM domains and conclude the course with a realistic test examination followed by an evaluation and discussions.&nbsp;<\/p>    <p><a href='\/?page_id=203'>Click for full course description<\/a><\/p>    <p><a href='\/?page_id=203'>Cliquez pour la description en fran\u00e7ais<\/a><\/p>    <p><\/p> \",\"location\":[{\"@type\":\"Place\",\"name\":\"Paudex\",\"address\":{\"@type\": \"PostalAddress\",\"streetAddress\":\"Chemin de la fontaine 2, Paudex\"}}]}<\/script><\/div>\r\n\t\t\t\t<p class=\"desc_trig_outter\" style=\"\"><a data-gmap_status=\"null\" data-exlk=\"0\" style=\"border-color: #0070bb;\" id=\"evc_178211160069383\" href=\"#\" class=\"desc_trig featured_event 1 mul_val evcal_list_a\" data-ux_val=\"3\" data-ux_val_mob=\"-\"  ><span class='evoet_in'><span class='evoet_c2 evoet_cx '><span class='evoet_dayblock evcal_cblock ' data-bgcolor='#0070bb' data-smon='June' data-syr='2026' data-bub=''><span class='evo_start  evofxdrc'><em class='date'>22<\/em><em class='month'>jun<\/em><em class='time'><i t=\"y\">(jun 22)<\/i>9h00<\/em><\/span><span class='evo_end  evofxdrc'><em class='date'>24<\/em><em class='time'><i t=\"y\">(jun 24)<\/i>16h30<\/em><\/span><\/span><\/span><span class='evoet_c3 evoet_cx evcal_desc hide_eventtopdata '><span class='evoet_title evcal_desc2 evcal_event_title ' itemprop='name'>CISM - Exam Bootcamp<\/span><span class='event_location_attrs evodni'  data-location_address=\"Chemin de la fontaine 2, Paudex\" data-location_type=\"lonlat\" data-location_name=\"Paudex\" data-location_url=\"https:\/\/actagis.ch\/fr\/event-location\/paudex\/\" data-location_status=\"true\" data-locid=\"70\" data-latlng=\"46.5062801,6.6717238\"><\/span><span class='evoet_cy evoet_subtitle evo_below_title' ><span class='evcal_event_subtitle ' >IN-CLASSROOM - Lausanne-Switzerland \/ ONLINE - Live Interactive<\/span><\/span><\/span><\/span><span class='evoet_data' style='display:none' data-d=\"{&quot;loc.n&quot;:&quot;Paudex&quot;,&quot;orgs&quot;:[],&quot;tags&quot;:{&quot;featured&quot;:&quot;Featured&quot;}}\" data-bgc=\"#0070bb\" data-bggrad=\"\" ><\/span><\/a><\/p><div class='event_description evcal_eventcard ' style=\"display:none\"><div class='evocard_row'><div id='event_eventdetails' class='evocard_box eventdetails' data-c='' \n\t\t\t\t\tstyle=''><div class=\"evo_metarow_details evorow evcal_evdata_row evcal_event_details\">\n    <div class=\"event_excerpt\" style=\"display:none\"><h3 class=\"padb5 evo_h3\">Event Details<\/h3><p>Become a Certified Information Security Manager.\n\n\n\nBuilding on pre-course preparation work, we will go through all the CISM domains and conclude the course with a realistic test examination followed by an<\/p><\/div><span class='evcal_evdata_icons'><i class='fa fa-align-justify'><\/i><\/span>    <div class=\"evcal_evdata_cell \">\n        <div class=\"eventon_full_description\">\n            <h3 class=\"padb5 evo_h3\"><span class='evcal_evdata_icons'><i class='fa fa-align-justify'><\/i><\/span>Event Details<\/h3>\n            <div class=\"eventon_desc_in\" itemprop=\"description\">\n                <p><strong>Become a Certified Information Security Manager.<\/strong><\/p>\n<p>Building on pre-course preparation work, we will go through all the CISM domains and conclude the course with a realistic test examination followed by an evaluation and discussions.&nbsp;<\/p>\n<p><a href=\"\/?page_id=203\">Click for full course description<\/a><\/p>\n<p><a href=\"\/?page_id=203\">Cliquez pour la description en fran\u00e7ais<\/a><\/p><\/p>\n            <\/div>\n            <div class='clear'><\/div>        <\/div>\n    <\/div>\n<\/div><\/div><\/div><!-- row close --><div class='evocard_row'><div id='event_time' class='evocard_box time' data-c='' \n\t\t\t\t\tstyle=''><div class='evo_metarow_time evorow evcal_evdata_row evcal_evrow_sm '>\n\t\t<span class='evcal_evdata_icons'><i class='fa fa-clock-o'><\/i><\/span>\n\t\t<div class='evcal_evdata_cell'>\t\t\t\t\t\t\t\n\t\t\t<h3 class='evo_h3'><span class='evcal_evdata_icons'><i class='fa fa-clock-o'><\/i><\/span>Time<\/h3><div><span class='evo_eventcard_time_t evogap5 evofxww'><span class=\"start\">June 22 (Monday) 09:00<\/span> <span class=\"stime\">9:00am<\/span> - <span class='end'>June 24 (Wednesday) 16:30<\/span> <span class='etime'>4:30pm<\/span><\/span><span class='evo_tz marr5'>(GMT+02:00)<\/span><\/div>\n\t\t<\/div>\n\t<\/div><\/div><\/div><!-- row close --><div class='evocard_row'><div id='event_location' class='evocard_box location' data-c='' \n\t\t\t\t\tstyle=''><div class='evcal_evdata_row evo_metarow_time_location evorow '>\n\t\t\n\t\t\t<span class='evcal_evdata_icons'><i class='fa fa-map-marker'><\/i><\/span>\n\t\t\t<div class='evcal_evdata_cell' data-loc_tax_id='70'><h3 class='evo_h3 evodfx'><span class='evcal_evdata_icons'><i class='fa fa-map-marker'><\/i><\/span>Location<\/h3><p class='evo_location_name'>Paudex<\/p><p class='evo_location_address evodfxi evogap10'>Chemin de la fontaine 2, Paudex<\/p><\/div>\n\t\t\n\t<\/div><\/div><\/div><!-- row close --><div class='evocard_row'><div id='event_evorsvp' class='evocard_box evorsvp' data-c='' \n\t\t\t\t\tstyle=''><div class='evorow evcal_evdata_row evcal_evrow_sm evo_metarow_rsvp' ><div class='evors_jdata' data-j='{\"etitle\":\"CISM &amp;#8211; Exam Bootcamp\",\"e_id\":69383,\"repeat_interval\":0,\"cap\":\"nocap\",\"true_cap\":\"nocap\",\"precap\":\"na\",\"uid\":\"na\",\"prefill\":false,\"lang\":\"L1\",\"incard\":\"no\",\"form_style\":\"def\",\"rsvpid\":null,\"rsvp\":null}'><\/div><span class='evcal_evdata_icons'><i class='fa fa-envelope'><\/i><\/span><div class='evcal_evdata_cell'>\r\n\t\t\t\t\t\t\t\t<h3 class='evo_h3'>RSVP to This Event<\/h3><div class='evors_eventcard_content'><div class='evors_section evors_subtext evomarb10'><p class='evo_data_val'>Reserve soon to not miss out.<\/p><\/div><div class='evors_section evors_user_text '><p>We will get back to you rapidly<\/p><\/div><div class='evoRS_status_option_selection evors_section sec_shade evodfx evofx_dr_r evofxww evogap10 evofxaic evofxjcsb'><div class=''><p class='evors_rsvp_choices_title' style='margin-right:20px;'>RSVP Now<\/p><\/div><p class='evors_rsvp_choices sin'><span class='evors_rsvp_select_box evofxww evogap10'><span data-val='y' class='evors_choices '>Request information<\/span><\/span><\/p><\/div>\t\t\t\t\t<div class=\"evors_incard_form\"><\/div>\r\n\r\n\t\t\t\t\t\r\n\t\t\t\t\t<div class='evors_information'><div class='evors_attendance_count_data evors_stat_data fx_ai_c'><div class='evors_section evors_remaining_spots sec_shade'><p class='evors_nocap_spaceleft remaining_count'><em class='space'>Open<\/em>Spaces Still Available<\/p><\/div><\/div><\/div><\/div><\/div><\/div><\/div><\/div><!-- row close --><div class='evocard_row'><div id='event_evosocial' class='evocard_box evosocial' data-c='' \n\t\t\t\t\tstyle=''><div class='evo_metarow_socialmedia evcal_evdata_row '><div class='evo_sm FacebookShare'><a class=\" evo_ss\" target=\"_blank\" onclick=\"javascript:window.open(this.href, '', 'left=50,top=50,width=600,height=350,toolbar=0');return false;\"\r\n\t\t\t\t\t\thref=\"\/\/www.facebook.com\/sharer.php?u=https%3A%2F%2Factagis.ch%2Ffr%2Fevents%2Fcism-exam-bootcamp-4%2F\" title=\"Share on facebook\"><i class=\"fa fab fa-facebook\"><\/i><\/a><\/div><div class='evo_sm LinkedIn'><a class=\"li evo_ss\" href=\"\/\/www.linkedin.com\/shareArticle?mini=true&url=https%3A%2F%2Factagis.ch%2Ffr%2Fevents%2Fcism-exam-bootcamp-4%2F&title=CISM%20%26%238211%3B%20Exam%20Bootcamp&summary=Become+a+Certified+Information+Security+Manager.%0A%0A%0A%0ABuilding+on+pre-course+preparation+work%2C+we+will+go+through+all+the\" target=\"_blank\" title=\"Share on Linkedin\"><i class=\"fa fab fa-linkedin\"><\/i><\/a><\/div><div class='evo_sm EmailShare'><a class=\"em evo_ss\" href=\"mailto:?subject=CISM%20%26%238211%3B%20Exam%20Bootcamp&body=Event Name: CISM%20%26%238211%3B%20Exam%20Bootcamp%0AEvent Date: 22 June 2026 9h00 - 24 June 2026 16h30%0ALink: https%3A%2F%2Factagis.ch%2Ffr%2Fevents%2Fcism-exam-bootcamp-4%2F%0A\" target=\"_blank\"><i class=\"fa fa-envelope\"><\/i><\/a><\/div><\/div><\/div><\/div><!-- row close --><button class='evo_card_row_end evcal_close' title='Close'><\/button><\/div><div class='clear end'><\/div><\/div>\t\t\t<\/div>\r\n\t\t\t<\/div><!-- evo_events_list_box -->\t\r\n\t\t\t<div class='clear'><\/div>\r\n\t\t\t\t\t \t<div id='evcal_footer' class='evo_bottom' style='display:none'>\r\n\t\t \t\t<div class='evo_cal_data' data-sc=\"{&quot;accord&quot;:&quot;no&quot;,&quot;bottom_nav&quot;:&quot;no&quot;,&quot;cal_id&quot;:&quot;&quot;,&quot;cal_init_nonajax&quot;:&quot;yes&quot;,&quot;cal_type&quot;:&quot;&quot;,&quot;calendar_type&quot;:&quot;el&quot;,&quot;currentuser&quot;:&quot;no&quot;,&quot;el_title&quot;:&quot;&quot;,&quot;el_type&quot;:&quot;ue&quot;,&quot;end_range&quot;:0,&quot;ep_fields&quot;:&quot;&quot;,&quot;etc_override&quot;:&quot;no&quot;,&quot;evc_open&quot;:&quot;no&quot;,&quot;event_count&quot;:0,&quot;event_count_list&quot;:&quot;no&quot;,&quot;event_location&quot;:&quot;all&quot;,&quot;event_order&quot;:&quot;ASC&quot;,&quot;event_organizer&quot;:&quot;all&quot;,&quot;event_parts&quot;:&quot;no&quot;,&quot;event_past_future&quot;:&quot;future&quot;,&quot;event_status&quot;:&quot;all&quot;,&quot;event_tag&quot;:&quot;all&quot;,&quot;event_type&quot;:&quot;all&quot;,&quot;event_type_2&quot;:&quot;145&quot;,&quot;event_users&quot;:&quot;all&quot;,&quot;event_virtual&quot;:&quot;all&quot;,&quot;eventtop_date_style&quot;:0,&quot;eventtop_style&quot;:&quot;0&quot;,&quot;exp_jumper&quot;:&quot;no&quot;,&quot;exp_so&quot;:&quot;no&quot;,&quot;filter_relationship&quot;:&quot;AND&quot;,&quot;filter_show_set_only&quot;:&quot;no&quot;,&quot;filter_style&quot;:&quot;default&quot;,&quot;filter_type&quot;:&quot;default&quot;,&quot;filters&quot;:&quot;yes&quot;,&quot;fixed_month&quot;:&quot;&quot;,&quot;fixed_year&quot;:&quot;&quot;,&quot;focus_end_date_range&quot;:&quot;1825023599&quot;,&quot;focus_start_date_range&quot;:&quot;1777626293&quot;,&quot;ft_event_priority&quot;:&quot;no&quot;,&quot;hide_arrows&quot;:&quot;no&quot;,&quot;hide_cancels&quot;:&quot;no&quot;,&quot;hide_empty_months&quot;:&quot;no&quot;,&quot;hide_end_time&quot;:&quot;no&quot;,&quot;hide_et_dn&quot;:&quot;no&quot;,&quot;hide_et_extra&quot;:&quot;no&quot;,&quot;hide_et_tags&quot;:&quot;no&quot;,&quot;hide_et_tl&quot;:&quot;no&quot;,&quot;hide_ft&quot;:&quot;no&quot;,&quot;hide_ft_img&quot;:&quot;no&quot;,&quot;hide_month_headers&quot;:&quot;no&quot;,&quot;hide_mult_occur&quot;:&quot;yes&quot;,&quot;hide_past&quot;:&quot;yes&quot;,&quot;hide_past_by&quot;:&quot;ss&quot;,&quot;hide_so&quot;:&quot;no&quot;,&quot;ics&quot;:&quot;no&quot;,&quot;jumper&quot;:&quot;no&quot;,&quot;jumper_count&quot;:5,&quot;jumper_offset&quot;:&quot;0&quot;,&quot;lang&quot;:&quot;L1&quot;,&quot;layout_changer&quot;:&quot;no&quot;,&quot;livenow_bar&quot;:&quot;yes&quot;,&quot;mapformat&quot;:&quot;roadmap&quot;,&quot;mapiconurl&quot;:&quot;&quot;,&quot;maps_load&quot;:&quot;yes&quot;,&quot;mapscroll&quot;:&quot;true&quot;,&quot;mapzoom&quot;:&quot;16&quot;,&quot;members_only&quot;:&quot;no&quot;,&quot;ml_priority&quot;:&quot;no&quot;,&quot;ml_toend&quot;:&quot;no&quot;,&quot;month_incre&quot;:0,&quot;month_order&quot;:&quot;ASC&quot;,&quot;number_of_months&quot;:&quot;18&quot;,&quot;only_ft&quot;:&quot;no&quot;,&quot;pec&quot;:&quot;&quot;,&quot;s&quot;:&quot;&quot;,&quot;search&quot;:&quot;&quot;,&quot;search_all&quot;:&quot;no&quot;,&quot;sep_month&quot;:&quot;no&quot;,&quot;show_et_ft_img&quot;:&quot;yes&quot;,&quot;show_limit&quot;:&quot;no&quot;,&quot;show_limit_ajax&quot;:&quot;no&quot;,&quot;show_limit_paged&quot;:1,&quot;show_limit_redir&quot;:&quot;&quot;,&quot;show_repeats&quot;:&quot;no&quot;,&quot;show_rsvp&quot;:&quot;no&quot;,&quot;show_search&quot;:&quot;no&quot;,&quot;show_upcoming&quot;:0,&quot;show_year&quot;:&quot;no&quot;,&quot;social_share&quot;:&quot;no&quot;,&quot;sort_by&quot;:&quot;sort_date&quot;,&quot;start_range&quot;:0,&quot;tile_bg&quot;:0,&quot;tile_bg_size&quot;:&quot;full&quot;,&quot;tile_count&quot;:2,&quot;tile_height&quot;:0,&quot;tile_style&quot;:0,&quot;tiles&quot;:&quot;no&quot;,&quot;users&quot;:&quot;all&quot;,&quot;ux_val&quot;:&quot;3&quot;,&quot;view_switcher&quot;:&quot;no&quot;,&quot;wpml_l1&quot;:&quot;&quot;,&quot;wpml_l2&quot;:&quot;&quot;,&quot;wpml_l3&quot;:&quot;&quot;,&quot;x_ids&quot;:&quot;&quot;,&quot;yl_priority&quot;:&quot;no&quot;,&quot;yl_toend&quot;:&quot;no&quot;,&quot;fixed_day&quot;:&quot;1&quot;,&quot;fixed_date&quot;:&quot;&quot;,&quot;_cver&quot;:&quot;5.0.9&quot;}\" data-filter_data=\"[]\" data-nav_data=\"{&quot;month_title&quot;:&quot;&lt;p id=&#039;evcal_cur&#039; class=&#039;evo_month_title padr10&#039;&gt; , &lt;\\\/p&gt;&quot;}\" data-od=\"{&quot;lang_no_events&quot;:&quot;No Events&quot;,&quot;cal_tz_offset&quot;:120,&quot;cal_tz&quot;:&quot;Europe\\\/Zurich&quot;}\" ><\/div>\r\n\t\t \t\t<div class='evo_cal_events' data-events=\"\"><\/div>\r\n\t\t \t<\/div>\r\n\t\t\t\t\r\n\t\t\t\r\n\t\t\t\t\t\t<\/div><!-- EventON End -->\r\n\t\t\t<\/span><\/p>\n<p>[\/et_pb_text][\/et_pb_column][\/et_pb_row][\/et_pb_section][et_pb_section fb_built=\u00a0\u00bb1&Prime; specialty=\u00a0\u00bbon\u00a0\u00bb parallax_method_1=\u00a0\u00bboff\u00a0\u00bb parallax_method_2=\u00a0\u00bboff\u00a0\u00bb padding_top_1=\u00a0\u00bb0px\u00a0\u00bb padding_top_2=\u00a0\u00bb0px\u00a0\u00bb admin_label=\u00a0\u00bbSection\u00a0\u00bb _builder_version=\u00a0\u00bb4.16&Prime; background_color=\u00a0\u00bbrgba(255,255,255,0)\u00a0\u00bb custom_margin=\u00a0\u00bb13px|||||\u00a0\u00bb custom_padding=\u00a0\u00bb61px||0px|||\u00a0\u00bb top_divider_color=\u00a0\u00bb#f17f26&Prime; top_divider_height=\u00a0\u00bb30px\u00a0\u00bb transparent_background=\u00a0\u00bbon\u00a0\u00bb global_colors_info=\u00a0\u00bb{}\u00a0\u00bb][et_pb_column type=\u00a0\u00bb2_3&Prime; specialty_columns=\u00a0\u00bb2&Prime; _builder_version=\u00a0\u00bb4.16&Prime; custom_padding=\u00a0\u00bb|||\u00a0\u00bb global_colors_info=\u00a0\u00bb{}\u00a0\u00bb padding_top__hover=\u00a0\u00bb0px\u00a0\u00bb parallax__hover=\u00a0\u00bboff\u00a0\u00bb parallax_method__hover=\u00a0\u00bboff\u00a0\u00bb custom_padding__hover=\u00a0\u00bb|||\u00a0\u00bb][et_pb_row_inner column_structure=\u00a0\u00bb1_2,1_2&Prime; padding_mobile=\u00a0\u00bboff\u00a0\u00bb column_padding_mobile=\u00a0\u00bbon\u00a0\u00bb admin_label=\u00a0\u00bbRow\u00a0\u00bb _builder_version=\u00a0\u00bb4.16&Prime; custom_padding=\u00a0\u00bb0px||0px|\u00a0\u00bb global_colors_info=\u00a0\u00bb{}\u00a0\u00bb][et_pb_column_inner type=\u00a0\u00bb1_2&Prime; saved_specialty_column_type=\u00a0\u00bb2_3&Prime; _builder_version=\u00a0\u00bb4.16&Prime; custom_padding=\u00a0\u00bb|||\u00a0\u00bb global_colors_info=\u00a0\u00bb{}\u00a0\u00bb column_padding_mobile__hover=\u00a0\u00bbon\u00a0\u00bb parallax__hover=\u00a0\u00bboff\u00a0\u00bb parallax_method__hover=\u00a0\u00bboff\u00a0\u00bb custom_padding__hover=\u00a0\u00bb|||\u00a0\u00bb][et_pb_text admin_label=\u00a0\u00bbACTAGIS Consulting Services\u00a0\u00bb _builder_version=\u00a0\u00bb4.16&Prime; background_size=\u00a0\u00bbinitial\u00a0\u00bb background_position=\u00a0\u00bbtop_left\u00a0\u00bb background_repeat=\u00a0\u00bbrepeat\u00a0\u00bb global_colors_info=\u00a0\u00bb{}\u00a0\u00bb]<\/p>\n<h2><a href=\"https:\/\/actagis.ch\/fr\/services-de-consulting\/\">Services de\u00a0Consulting<\/a><\/h2>\n<p style=\"text-align: left;\">Les consultants ACTAGIS, s&rsquo;appuient sur\u00a0une gamme \u00e9tendue et une <strong>combinaison unique des meilleures pratiques<\/strong>\u00a0de gouvernance et de la cyber-s\u00e9curit\u00e9, ainsi que de la continuit\u00e9 des activit\u00e9s. Apportant une grande <strong>expertise technique<\/strong>, ils travaillent avec vous pour \u00e9laborer une feuille de route contextualis\u00e9e pour ajouter de la valeur \u00e0 votre entreprise .<\/p>\n<p>[\/et_pb_text][et_pb_image src=\u00a0\u00bbhttps:\/\/actagis.ch\/wp-content\/uploads\/2021\/04\/CONSULTANCY_633351611-500.jpg\u00a0\u00bb alt=\u00a0\u00bbACTAGIS Teamwork\u00a0\u00bb title_text=\u00a0\u00bbCONSULTANCY_633351611-500&Prime; url=\u00a0\u00bbhttps:\/\/actagis.ch\/fr\/services-de-consulting\/#assessment\u00a0\u00bb _builder_version=\u00a0\u00bb4.16&Prime; locked=\u00a0\u00bboff\u00a0\u00bb global_colors_info=\u00a0\u00bb{}\u00a0\u00bb][\/et_pb_image][et_pb_text _builder_version=\u00a0\u00bb4.16&Prime; custom_margin=\u00a0\u00bb||13px|||\u00a0\u00bb custom_padding=\u00a0\u00bb15px||||false|false\u00a0\u00bb link_option_url=\u00a0\u00bbhttps:\/\/actagis.ch\/fr\/services-de-consulting\/#assessment\u00a0\u00bb locked=\u00a0\u00bboff\u00a0\u00bb global_colors_info=\u00a0\u00bb{}\u00a0\u00bb]<\/p>\n<h2><a href=\"https:\/\/actagis.ch\/fr\/services-de-consulting\/#assessment\" title=\"Assessment\">Services d&rsquo;Audit<\/a><\/h2>\n<p>Am\u00e9liorez l&rsquo;efficience et l&rsquo;efficacit\u00e9 de votre entreprise en \u00e9tablissant des processus optimaux qui couvrent toute votre cha\u00eene de valeur ajout\u00e9e.\u00a0<a href=\"https:\/\/actagis.ch\/fr\/services-de-consulting\/#assessment\">Cliquez ici.<\/a><\/p>\n<p>[\/et_pb_text][et_pb_divider _builder_version=\u00a0\u00bb4.16&Prime; _module_preset=\u00a0\u00bbdefault\u00a0\u00bb custom_margin=\u00a0\u00bb40px||||false|false\u00a0\u00bb global_colors_info=\u00a0\u00bb{}\u00a0\u00bb][\/et_pb_divider][et_pb_text admin_label=\u00a0\u00bbTestimonials cycloneslider\u00a0\u00bb _builder_version=\u00a0\u00bb4.16&Prime; background_size=\u00a0\u00bbinitial\u00a0\u00bb background_position=\u00a0\u00bbtop_left\u00a0\u00bb background_repeat=\u00a0\u00bbrepeat\u00a0\u00bb global_colors_info=\u00a0\u00bb{}\u00a0\u00bb]<\/p>\n<h2 style=\"text-align: left;\">Ce que\u00a0disent nos clients<\/h2>\n<div id=\"sky-testimonials-slider-69f46cb5de04d\" class=\"sky-testimonials-slider-wrapper\" data-interval=\"7000\"><div class=\"sky-testimonials-slider\"><div class=\"testimonial-slide\"><div class=\"testimonial-image\"><img loading=\"lazy\" decoding=\"async\" width=\"225\" height=\"225\" src=\"https:\/\/actagis.ch\/wp-content\/uploads\/2026\/04\/Logo-3.png\" class=\"attachment-medium size-medium wp-post-image\" alt=\"\" srcset=\"https:\/\/actagis.ch\/wp-content\/uploads\/2026\/04\/Logo-3.png 225w, https:\/\/actagis.ch\/wp-content\/uploads\/2026\/04\/Logo-3-150x150.png 150w\" sizes=\"(max-width: 225px) 100vw, 225px\" \/><\/div><div class=\"testimonial-text\">\n<p>Une formation ISO 27001 remarquable ! L\u2019exp\u00e9rience internationale de Jeff a permis des sessions interactives, des exemples concrets et une solide pr\u00e9paration aux d\u00e9fis d\u2019impl\u00e9mentation. Une formation exceptionnelle !<\/p>\n<\/div><div class=\"testimonial-author\">Robert Rolle, Sales Specialist, Cybersecurity<\/div><\/div><div class=\"testimonial-slide\"><div class=\"testimonial-image\"><img loading=\"lazy\" decoding=\"async\" width=\"300\" height=\"130\" src=\"https:\/\/actagis.ch\/wp-content\/uploads\/2026\/04\/Logo-2-300x130.png\" class=\"attachment-medium size-medium wp-post-image\" alt=\"\" srcset=\"https:\/\/actagis.ch\/wp-content\/uploads\/2026\/04\/Logo-2-300x130.png 300w, https:\/\/actagis.ch\/wp-content\/uploads\/2026\/04\/Logo-2.png 341w\" sizes=\"(max-width: 300px) 100vw, 300px\" \/><\/div><div class=\"testimonial-text\">\n<p>Un grand merci \u00e0 ACTAGIS &amp; Jeff Primus pour l\u2019excellent bootcamp CISA ! Ce parcours a \u00e9t\u00e9 bien plus enrichissant que j\u2019ai imagin\u00e9. Vos conseils et votre soutien ont \u00e9t\u00e9 pr\u00e9cieux.  <\/p>\n<\/div><div class=\"testimonial-author\">Alexandre Gudiol Muns, Senior GRC Manager<\/div><\/div><div class=\"testimonial-slide\"><div class=\"testimonial-image\"><img loading=\"lazy\" decoding=\"async\" width=\"300\" height=\"115\" src=\"https:\/\/actagis.ch\/wp-content\/uploads\/2026\/04\/Vaudoise_logo-300x115.png\" class=\"attachment-medium size-medium wp-post-image\" alt=\"\" srcset=\"https:\/\/actagis.ch\/wp-content\/uploads\/2026\/04\/Vaudoise_logo-300x115.png 300w, https:\/\/actagis.ch\/wp-content\/uploads\/2026\/04\/Vaudoise_logo.png 362w\" sizes=\"(max-width: 300px) 100vw, 300px\" \/><\/div><div class=\"testimonial-text\">\n<p>Examen ISO 27001 r\u00e9ussi avec succ\u00e8s ! Cette formation ISO 27001 m\u2019a permis d\u2019\u00e9largir mes comp\u00e9tences au-del\u00e0 du domaine juridique. Merci \u00e0 Jeff Primus &amp; ACTAGIS pour cette excellente formation.  <\/p>\n<\/div><div class=\"testimonial-author\">Fran\u00e7ois Charlet, Head of Digital Law Office &amp; DPO Group<\/div><\/div><div class=\"testimonial-slide\"><div class=\"testimonial-image\"><img loading=\"lazy\" decoding=\"async\" width=\"300\" height=\"143\" src=\"https:\/\/actagis.ch\/wp-content\/uploads\/2026\/04\/logo-1-300x143.png\" class=\"attachment-medium size-medium wp-post-image\" alt=\"\" srcset=\"https:\/\/actagis.ch\/wp-content\/uploads\/2026\/04\/logo-1-300x143.png 300w, https:\/\/actagis.ch\/wp-content\/uploads\/2026\/04\/logo-1.png 326w\" sizes=\"(max-width: 300px) 100vw, 300px\" \/><\/div><div class=\"testimonial-text\">\n<p>J\u2019ai eu la chance de suivre le bootcamp CISSP exceptionnel avec Jeff Primus et Alexandre Chappuis: intense, inspirant et percutant!<\/p>\n<\/div><div class=\"testimonial-author\">Marton Nagy, Lead Architect Workplace &amp; Collaboration<\/div><\/div><div class=\"testimonial-slide\"><div class=\"testimonial-image\"><img loading=\"lazy\" decoding=\"async\" width=\"300\" height=\"143\" src=\"https:\/\/actagis.ch\/wp-content\/uploads\/2026\/04\/logo-1-300x143.png\" class=\"attachment-medium size-medium wp-post-image\" alt=\"\" srcset=\"https:\/\/actagis.ch\/wp-content\/uploads\/2026\/04\/logo-1-300x143.png 300w, https:\/\/actagis.ch\/wp-content\/uploads\/2026\/04\/logo-1.png 326w\" sizes=\"(max-width: 300px) 100vw, 300px\" \/><\/div><div class=\"testimonial-text\">\n<p>Quel bootcamp formidable ! Ce fut un v\u00e9ritable tremplin d\u00e9cisif pour r\u00e9ussir la certification CISSP. Je le recommande \u00e0 tous ceux qui souhaitent la r\u00e9ussir avec succ\u00e8s !<\/p>\n<\/div><div class=\"testimonial-author\">Ricardo Gon\u00e7alves, Technical Lead Information Security Officers<\/div><\/div><div class=\"testimonial-slide\"><div class=\"testimonial-image\"><img loading=\"lazy\" decoding=\"async\" width=\"300\" height=\"150\" src=\"https:\/\/actagis.ch\/wp-content\/uploads\/2026\/04\/Logo-300x150.png\" class=\"attachment-medium size-medium wp-post-image\" alt=\"\" srcset=\"https:\/\/actagis.ch\/wp-content\/uploads\/2026\/04\/Logo-300x150.png 300w, https:\/\/actagis.ch\/wp-content\/uploads\/2026\/04\/Logo.png 317w\" sizes=\"(max-width: 300px) 100vw, 300px\" \/><\/div><div class=\"testimonial-text\">\n<p>Merci \u00e0 ACTAGIS &amp; Jeff Primus pour un accompagnement de haut niveau, orient\u00e9 r\u00e9sultats, qui a contribu\u00e9 \u00e0 ma certification ISO 9001, \u00e0 la consolidation de mes comp\u00e9tences et au renforcement de mon leadership.<\/p>\n<\/div><div class=\"testimonial-author\">Emilie Lovato, Group Quality Manager<\/div><\/div><div class=\"testimonial-slide\"><div class=\"testimonial-image\"><img loading=\"lazy\" decoding=\"async\" width=\"179\" height=\"80\" src=\"https:\/\/actagis.ch\/wp-content\/uploads\/2026\/04\/OIP.webp\" class=\"attachment-medium size-medium wp-post-image\" alt=\"\" \/><\/div><div class=\"testimonial-text\">\n<p>\u00ab\u00a0Merci \u00e0 Jeff Primus pour l\u2019excellente formation ISO 27001 LI : \u00e9nergie, clart\u00e9, partage et convivialit\u00e9. Je recommande vivement ACTAGIS pour les formations certifiantes de haut niveau.\u00a0\u00bb<\/p>\n<\/div><div class=\"testimonial-author\">Abraham Ritz, Responsable des syst\u00e8mes d&rsquo;informations centraux<\/div><\/div><div class=\"testimonial-slide\"><div class=\"testimonial-image\"><img loading=\"lazy\" decoding=\"async\" width=\"225\" height=\"225\" src=\"https:\/\/actagis.ch\/wp-content\/uploads\/2026\/04\/Logo2.png\" class=\"attachment-medium size-medium wp-post-image\" alt=\"\" srcset=\"https:\/\/actagis.ch\/wp-content\/uploads\/2026\/04\/Logo2.png 225w, https:\/\/actagis.ch\/wp-content\/uploads\/2026\/04\/Logo2-150x150.png 150w\" sizes=\"(max-width: 225px) 100vw, 225px\" \/><\/div><div class=\"testimonial-text\">\n<p>Une formation riche, concr\u00e8te et motivante, anim\u00e9e par un formateur passionn\u00e9. Je repars avec des outils utiles et une vision plus claire. Un vrai d\u00e9clic professionnel\u202f!  <\/p>\n<\/div><div class=\"testimonial-author\">Filipe Loureiro, Business Process Junior Manager<\/div><\/div><div class=\"testimonial-slide\"><div class=\"testimonial-image\"><img loading=\"lazy\" decoding=\"async\" width=\"150\" height=\"116\" src=\"https:\/\/actagis.ch\/wp-content\/uploads\/2021\/09\/Logo_Etat_GE-e1632735140151.png\" class=\"attachment-medium size-medium wp-post-image\" alt=\"\" \/><\/div><div class=\"testimonial-text\"><p>Le consultant-formateur a une exp\u00e9rience de premi\u00e8re main dans la plupart des domaines couverts par le programme CISA. Cela a \u00e9t\u00e9 d&rsquo;une valeur inestimable pour que les sujets un peu th\u00e9oriques de l&rsquo;ISACA deviennent tr\u00e8s tangibles et prennent sens. Un grand merci pour ce grand pas vers la certification CISA.<\/p>\n<\/div><div class=\"testimonial-author\">Tom Royston, CIO<\/div><\/div><div class=\"testimonial-slide\"><div class=\"testimonial-image\"><img loading=\"lazy\" decoding=\"async\" width=\"166\" height=\"60\" src=\"https:\/\/actagis.ch\/wp-content\/uploads\/2018\/02\/hep3.jpg\" class=\"attachment-medium size-medium wp-post-image\" alt=\"\" \/><\/div><div class=\"testimonial-text\"><p>Pendant toutes les sessions CISA, Continuit\u00e9 des Activit\u00e9s (CA) et ISO 27001 LI l&rsquo;expert d&rsquo;ACTAGIS a ouvertement partag\u00e9 ses exp\u00e9riences pertinentes, a \u00e9cout\u00e9 attentivement toutes les questions, remarques, critiques les plus pointues des participants &#8230; et a donn\u00e9 des explications, des recommandations et des conseils pr\u00e9cieux.<\/p>\n<\/div><div class=\"testimonial-author\">Savrak Sar, Head of IT, Haute \u00c9cole P\u00e9dagogique<\/div><\/div><div class=\"testimonial-slide\"><div class=\"testimonial-image\"><img loading=\"lazy\" decoding=\"async\" width=\"162\" height=\"60\" src=\"https:\/\/actagis.ch\/wp-content\/uploads\/2018\/02\/ubs-logo3.jpg\" class=\"attachment-medium size-medium wp-post-image\" alt=\"\" \/><\/div><div class=\"testimonial-text\"><p>Un grand cours et une s\u00e9rieuse remise \u00e0 niveau avec une bonne plong\u00e9e dans l&rsquo;univers du CISA.<\/p>\n<\/div><div class=\"testimonial-author\">Josselin Renard, IT Systems Auditor, UBS<\/div><\/div><div class=\"testimonial-slide\"><div class=\"testimonial-image\"><img loading=\"lazy\" decoding=\"async\" width=\"194\" height=\"60\" src=\"https:\/\/actagis.ch\/wp-content\/uploads\/2018\/02\/Logo_Vaudoise_Assurances3.jpg\" class=\"attachment-medium size-medium wp-post-image\" alt=\"\" \/><\/div><div class=\"testimonial-text\">\n<p>Je remercie le consultant d&rsquo;ACTAGIS pour cette formation ISO 27001. Sa p\u00e9dagogie, ses comp\u00e9tences techniques et sa longue exp\u00e9rience du terrain font la diff\u00e9rence et apportent une v\u00e9ritable valeur ajout\u00e9e.<br\/><br\/> Les supports de cours sont de qualit\u00e9 et les \u00e9changes pratiqu\u00e9s tout au long de cette formation m&rsquo;ont permis de bien assimiler la mati\u00e8re et d&rsquo;aller au-del\u00e0 de la th\u00e9orie.<\/p>\n<\/div><div class=\"testimonial-author\">Daniel Meier, Head Internal Audit, Vaudoise Assurances<\/div><\/div><div class=\"testimonial-slide\"><div class=\"testimonial-image\"><img loading=\"lazy\" decoding=\"async\" width=\"300\" height=\"71\" src=\"https:\/\/actagis.ch\/wp-content\/uploads\/2022\/02\/SwissRe_logo-300x71.png\" class=\"attachment-medium size-medium wp-post-image\" alt=\"\" srcset=\"https:\/\/actagis.ch\/wp-content\/uploads\/2022\/02\/SwissRe_logo-300x71.png 300w, https:\/\/actagis.ch\/wp-content\/uploads\/2022\/02\/SwissRe_logo-e1643700494276.png 250w\" sizes=\"(max-width: 300px) 100vw, 300px\" \/><\/div><div class=\"testimonial-text\">\n<p>Pendant la formation Continuit\u00e9 des Activit\u00e9s (CA), le formateur a non seulement couvert les sujets sp\u00e9cifiquement li\u00e9s \u00e0 la certification mais a aussi pu nous montrer les relations avec d&rsquo;autres standards et cadres r\u00e9f\u00e9rentiels. Ce fut une semaine qui nous a permis d&rsquo;enrichir nos connaissances. Merci !<\/p>\n<\/div><div class=\"testimonial-author\">Christoph Teuber, Group Safety &amp; Security Manager, Swiss Re<\/div><\/div><div class=\"testimonial-slide\"><div class=\"testimonial-image\"><img loading=\"lazy\" decoding=\"async\" width=\"134\" height=\"70\" src=\"https:\/\/actagis.ch\/wp-content\/uploads\/2018\/02\/TUI-France3.jpg\" class=\"attachment-medium size-medium wp-post-image\" alt=\"\" \/><\/div><div class=\"testimonial-text\">\n<p>La formation Continuit\u00e9 des Activit\u00e9s (CA) par ACTAGIS m\u2019a permis de consolider et approfondir mes connaissances dans ce domaine. Une formation tr\u00e8s r\u00e9ussie, ce que me permettra d\u00e9sormais d\u2019amener CA vers un niveau plus professionnel dans mon entreprise.<\/p>\n<\/div><div class=\"testimonial-author\">Paulo Grilo, Directeur Etudes &amp; D\u00e9veloppements, TUI France<\/div><\/div><div class=\"testimonial-slide\"><div class=\"testimonial-image\"><img loading=\"lazy\" decoding=\"async\" width=\"300\" height=\"86\" src=\"https:\/\/actagis.ch\/wp-content\/uploads\/2021\/09\/Logo_Nestle-300x86.png\" class=\"attachment-medium size-medium wp-post-image\" alt=\"\" \/><\/div><div class=\"testimonial-text\">\n<p>Je remercie le formateur d&rsquo;ACTAGIS pour son professionnalisme et motivation tout au long de la formation. Ce qui m&rsquo;a permis de r\u00e9ussir l&rsquo;examen de certification Continuit\u00e9 des Activit\u00e9s (CA). Je recommande cette formation \u00e0 toutes les personnes qui souhaitent renforcer et consolider leurs connaissances dans le domaine de la continuit\u00e9 des activit\u00e9s.<\/p>\n<\/div><div class=\"testimonial-author\">Jean-Charles Coral, BC Manager, Nestl\u00e9 Switzerland<\/div><\/div><div class=\"testimonial-slide\"><div class=\"testimonial-image\"><img loading=\"lazy\" decoding=\"async\" width=\"90\" height=\"90\" src=\"https:\/\/actagis.ch\/wp-content\/uploads\/2018\/02\/Goldec3.png\" class=\"attachment-medium size-medium wp-post-image\" alt=\"\" \/><\/div><div class=\"testimonial-text\">\n<p>J&rsquo;ai eu un grand plaisir \u00e0 participer \u00e0 la formation ISO 9001 LI fournie par Jeff Primus. Son engagement, son professionnalisme, sa motivation et son expertise technique m&rsquo;ont donn\u00e9 enti\u00e8re satisfaction. Avec sa capacit\u00e9 de communication, je n&rsquo;ai eu aucune difficult\u00e9 \u00e0 assimiler le contenu du cours. Sans aucune h\u00e9sitation, je recommande ACTAGIS \u00e0 ceux qui auraient besoin de conseils pour des projets de mise en \u0153uvre SMQ.<\/p>\n<\/div><div class=\"testimonial-author\">Mehmed Cormehic, Lean Manufacturing Engineer, GOLDEC SA<\/div><\/div><div class=\"testimonial-slide\"><div class=\"testimonial-image\"><img loading=\"lazy\" decoding=\"async\" width=\"220\" height=\"60\" src=\"https:\/\/actagis.ch\/wp-content\/uploads\/2018\/02\/logo-Novartis3.png\" class=\"attachment-medium size-medium wp-post-image\" alt=\"\" \/><\/div><div class=\"testimonial-text\">\n<p>Merci pour cet excellent cours. Je l&rsquo;ai vraiment appr\u00e9ci\u00e9 et j&rsquo;ai acquis beaucoup de nouvelles connaissances et une bien meilleure compr\u00e9hension de ce qui est important dans un syst\u00e8me de gestion de la continuit\u00e9 des activit\u00e9s.<\/p>\n<\/div><div class=\"testimonial-author\">Dieter Gramberg, Business Continuity Manager, Novartis Pharma AG<\/div><\/div><div class=\"testimonial-slide\"><div class=\"testimonial-image\"><img loading=\"lazy\" decoding=\"async\" width=\"227\" height=\"60\" src=\"https:\/\/actagis.ch\/wp-content\/uploads\/2018\/02\/ISS-Facility-Services3.png\" class=\"attachment-medium size-medium wp-post-image\" alt=\"\" \/><\/div><div class=\"testimonial-text\">\n<p>Le cours \u00e9tait tr\u00e8s int\u00e9ressant. Les outils de gestion d&rsquo;un programme de continuit\u00e9 des activit\u00e9s ont \u00e9t\u00e9 enseign\u00e9s de mani\u00e8re tr\u00e8s descriptive et compr\u00e9hensible. Je peux recommander ce cours \u00e0 tous ceux qui ont un poste cl\u00e9 au sein d&rsquo;un programme de continuit\u00e9 des activit\u00e9s.  <\/p>\n<\/div><div class=\"testimonial-author\">Philip Sauter, Business Continuity Manager, ISS Facility Services AG<\/div><\/div><div class=\"testimonial-slide\"><div class=\"testimonial-image\"><img loading=\"lazy\" decoding=\"async\" width=\"209\" height=\"60\" src=\"https:\/\/actagis.ch\/wp-content\/uploads\/2018\/02\/Logo_Nestle3.png\" class=\"attachment-medium size-medium wp-post-image\" alt=\"\" \/><\/div><div class=\"testimonial-text\">\n<p>Je trouve souvent qu\u2019on apprend plus gr\u00e2ce l&rsquo;exp\u00e9rience des personnes participant \u00e0 formation que par le biais du support de cours et ceci fut exactement le cas chez ACTAGIS. Jeff a beaucoup d&rsquo;exp\u00e9rience et il a fait un excellent travail en adaptant sa formation aux besoins de la classe.<\/p>\n<\/div><div class=\"testimonial-author\">Anthony Scarfe, Information Security Services Specialist<\/div><\/div><div class=\"testimonial-slide\"><div class=\"testimonial-image\"><img loading=\"lazy\" decoding=\"async\" width=\"250\" height=\"42\" src=\"https:\/\/actagis.ch\/wp-content\/uploads\/2018\/02\/Logo_Jet_Aviation3-e1518906198439.png\" class=\"attachment-medium size-medium wp-post-image\" alt=\"\" \/><\/div><div class=\"testimonial-text\">\n<p>Jeff Primus a fourni une excellente formation CISA. Sa motivation, son engagement et son professionnalisme ont rendu la formation vraiment int\u00e9ressante et facile \u00e0 comprendre. J&rsquo;ai appr\u00e9ci\u00e9 de participer \u00e0 cette formation et je tiens \u00e0 remercier ACTAGIS de m&rsquo;avoir aid\u00e9e \u00e0 r\u00e9ussir l&rsquo;examen CISA.<\/p>\n<\/div><div class=\"testimonial-author\">Melany Scherer, Global IT Audit - Compliance, Jet Aviation AG<\/div><\/div><div class=\"testimonial-slide\"><div class=\"testimonial-image\"><img loading=\"lazy\" decoding=\"async\" width=\"225\" height=\"225\" src=\"https:\/\/actagis.ch\/wp-content\/uploads\/2023\/03\/EPFL_logo_new.png\" class=\"attachment-medium size-medium wp-post-image\" alt=\"\" srcset=\"https:\/\/actagis.ch\/wp-content\/uploads\/2023\/03\/EPFL_logo_new.png 225w, https:\/\/actagis.ch\/wp-content\/uploads\/2023\/03\/EPFL_logo_new-150x150.png 150w\" sizes=\"(max-width: 225px) 100vw, 225px\" \/><\/div><div class=\"testimonial-text\">\n<p>Je remercie ACTAGIS, et en particulier Jeff Primus, d\u2019avoir mis sur pied la formation GDPR \u2013 Certified Data Protection Officer \u2013 qui m\u2019est tr\u00e8s utile dans le cadre de mon travail et que je conseille vivement. Le fait d\u2019organiser des formations pour un nombre restreint de participants permet de profiter pleinement des cours et d\u2019\u00e9changer plus facilement des informations int\u00e9ressantes, entre les professionnels de la branche.<\/p>\n<\/div><div class=\"testimonial-author\">Chiara Tanteri, Vice-Pr\u00e9sidence pour les syst\u00e8mes d\u2019information, \u00c9cole Polytechnique F\u00e9d\u00e9rale de Lausanne (EPFL)<\/div><\/div><div class=\"testimonial-slide\"><div class=\"testimonial-image\"><img loading=\"lazy\" decoding=\"async\" width=\"100\" height=\"62\" src=\"https:\/\/actagis.ch\/wp-content\/uploads\/2018\/02\/TPF_Logo-e1518216570697.gif\" class=\"attachment-medium size-medium wp-post-image\" alt=\"Transport Publics Fribourgeois\" \/><\/div><div class=\"testimonial-text\">\n<p>Assister \u00e0 la formation GDPR &#8211; Certified Data Protection Officer &#8211; dispens\u00e9e par ACTAGIS a repr\u00e9sent\u00e9 \u00e0 la fois un d\u00e9fi et un plaisir. Le contenu \u00e9tait extr\u00eamement int\u00e9ressant et fourni par un formateur hautement qualifi\u00e9. L\u2019environnement de travail, le groupe restreint favorisant les \u00e9changes et le mat\u00e9riel fourni ont contribu\u00e9 au succ\u00e8s de cette formation.<\/p>\n<\/div><div class=\"testimonial-author\">Gr\u00e9goire Ramuz, CIO, Transports Publics Fribourgeois<\/div><\/div><div class=\"testimonial-slide\"><div class=\"testimonial-image\"><img loading=\"lazy\" decoding=\"async\" width=\"300\" height=\"96\" src=\"https:\/\/actagis.ch\/wp-content\/uploads\/2018\/07\/5\u00e0Sec_Logo-300x96.jpg\" class=\"attachment-medium size-medium wp-post-image\" alt=\"\" srcset=\"https:\/\/actagis.ch\/wp-content\/uploads\/2018\/07\/5\u00e0Sec_Logo-300x96.jpg 300w, https:\/\/actagis.ch\/wp-content\/uploads\/2018\/07\/5\u00e0Sec_Logo.jpg 368w\" sizes=\"(max-width: 300px) 100vw, 300px\" \/><\/div><div class=\"testimonial-text\">\n<p>Formation tr\u00e8s intense et enrichissante. Le formateur base son enseignement sur une excellente connaissance du r\u00e8glement RGPD, mais aussi sur des exp\u00e9riences pratiques. Je recommande cette formation certifiante \u00e0 toute personne ayant \u00e0 faire avec la protection des donn\u00e9es personnelles au sein de son entreprise.<\/p>\n<\/div><div class=\"testimonial-author\">St\u00e9phane Butty, DPO Group - 5\u00e0Sec<\/div><\/div><div class=\"testimonial-slide\"><div class=\"testimonial-image\"><img loading=\"lazy\" decoding=\"async\" width=\"100\" height=\"100\" src=\"https:\/\/actagis.ch\/wp-content\/uploads\/2018\/07\/100px-OP_Financial_Group.svg.png\" class=\"attachment-medium size-medium wp-post-image\" alt=\"\" \/><\/div><div class=\"testimonial-text\">\n<p>La fa\u00e7on dont nous avons travers\u00e9 les domaines de Continuit\u00e9 des Activit\u00e9s (CA), depuis la politique \u00e0 la validation en passant par des exemples pratiques, a \u00e9t\u00e9 source d&rsquo;inspiration. L&rsquo;approche enthousiaste de Jeff, bas\u00e9e sur des connaissances approfondies et sa capacit\u00e9 \u00e0 promouvoir les discussions ont vraiment \u00e9largi la compr\u00e9hension du sujet. Maintenant je pense que j&rsquo;ai de bons outils pour pratiquer. Merci Jeff!<\/p>\n<\/div><div class=\"testimonial-author\">Miska Riihim\u00e4ki, Senior Risk Manager - OP Insurance Ltd<\/div><\/div><div class=\"testimonial-slide\"><div class=\"testimonial-image\"><img loading=\"lazy\" decoding=\"async\" width=\"100\" height=\"100\" src=\"https:\/\/actagis.ch\/wp-content\/uploads\/2019\/06\/AAA_logo-e1560105590517.png\" class=\"attachment-medium size-medium wp-post-image\" alt=\"\" \/><\/div><div class=\"testimonial-text\">\n<p>L&rsquo;objectif principal de Jeff n&rsquo;est pas seulement de vous aider \u00e0 dig\u00e9rer la mati\u00e8re, mais aussi de vous pr\u00e9parer \u00e0 l&rsquo;examen avec les bons outils et le bon niveau de confiance afin de maximiser vos chances de r\u00e9ussite. Je recommande Jeff de tout coeur et sans r\u00e9serve. Jeff est l&rsquo;un de ces rares paris s\u00fbrs!<\/p>\n<\/div><div class=\"testimonial-author\">Massimo Marino, CDPO - Advanced Accelerator Applications<\/div><\/div><div class=\"testimonial-slide\"><div class=\"testimonial-text\">\n<p>J&rsquo;ai suivi un cours CISSP dans un petit groupe avec ACTAGIS. Jeff a enseign\u00e9 avec expertise, passion et profession. Le sujet complexe de la s\u00e9curit\u00e9 informatique a \u00e9t\u00e9 pr\u00e9sent\u00e9 de mani\u00e8re compr\u00e9hensible et d\u00e9cor\u00e9 avec de nombreux exemples de la vie r\u00e9elle. L&rsquo;atmosph\u00e8re \u00e9tait studieuse et allait de l&rsquo;avant, mais \u00e9tait aussi d\u00e9tendue et b\u00e9n\u00e9fique. Je suis vraiment impressionn\u00e9 et je suivrai sans aucun doute d&rsquo;autres formations chez ACTAGIS et je recommande aux autres de contacter ACTAGIS.I followed a CISSP course in a small group with ACTAGIS.<\/p>\n<\/div><div class=\"testimonial-author\">Harald Friedel, Project Manager &amp; DPO<\/div><\/div><div class=\"testimonial-slide\"><div class=\"testimonial-image\"><img loading=\"lazy\" decoding=\"async\" width=\"300\" height=\"125\" src=\"https:\/\/actagis.ch\/wp-content\/uploads\/2023\/03\/Groupe_Mutuel_logo-300x125.png\" class=\"attachment-medium size-medium wp-post-image\" alt=\"\" srcset=\"https:\/\/actagis.ch\/wp-content\/uploads\/2023\/03\/Groupe_Mutuel_logo-300x125.png 300w, https:\/\/actagis.ch\/wp-content\/uploads\/2023\/03\/Groupe_Mutuel_logo.png 348w\" sizes=\"(max-width: 300px) 100vw, 300px\" \/><\/div><div class=\"testimonial-text\">\n<p>Ayant particip\u00e9 \u00e0 un cours ISO 27001 LA anim\u00e9 par Jeff Primus, j\u2019ai pu appr\u00e9cier sa valeur de formateur tant li\u00e9e \u00e0 ses comp\u00e9tences techniques qu\u2019\u00e0 sa large exp\u00e9rience du m\u00e9tier d\u2019auditeur. Je salue en Jeff un professionnel exp\u00e9riment\u00e9 qui communique son savoir avec enthousiasme. Cela m\u2019a permis de passer avec succ\u00e8s l\u2019examen de certification. Je tiens \u00e0 recommander ici ACTAGIS pour la qualit\u00e9 de ses prestations et l\u2019organisation parfaite de cette formation.   <\/p>\n<\/div><div class=\"testimonial-author\">St\u00e9phane Reuss, Audit interne Groupe Mutuel<\/div><\/div><div class=\"testimonial-slide\"><div class=\"testimonial-image\"><img loading=\"lazy\" decoding=\"async\" width=\"300\" height=\"140\" src=\"https:\/\/actagis.ch\/wp-content\/uploads\/2020\/03\/Hitachi_Logo-300x140.png\" class=\"attachment-medium size-medium wp-post-image\" alt=\"\" \/><\/div><div class=\"testimonial-text\">\n<p>\u00ab\u00a0J&rsquo;ai particip\u00e9 \u00e0 la formation ISO 27001 LI anim\u00e9e par le formateur d\u2019une rare efficacit\u00e9 et ayant une r\u00e9elle connaissance des concepts et une solide exp\u00e9rience de terrain. La formation \u00e9tait bas\u00e9e sur des fondamentaux th\u00e9oriques illustr\u00e9s de mani\u00e8re concr\u00e8te, via des ateliers de travail et des \u00e9changes en groupe. Le groupe dans son entier a r\u00e9ussi l\u2019examen de certification. Merci encore \u00e0 ACTAGIS pour leur accueil chaleureux, la qualit\u00e9 de la formation et leur professionnalisme.\u00a0\u00bb<\/p>\n<\/div><div class=\"testimonial-author\">Lotfi Adassen, Information Security Architect - Hitachi Automotive Systems Group<\/div><\/div><div class=\"testimonial-slide\"><div class=\"testimonial-image\"><img loading=\"lazy\" decoding=\"async\" width=\"100\" height=\"72\" src=\"https:\/\/actagis.ch\/wp-content\/uploads\/2020\/08\/IMD_logo-e1598002612528.jpg\" class=\"attachment-medium size-medium wp-post-image\" alt=\"\" \/><\/div><div class=\"testimonial-text\">\n<p>J&rsquo;ai eu le plaisir d&rsquo;assister \u00e0 la formation de GDPR dispens\u00e9e par Jeff et ACTAGIS.\u00a0 Le contenu du cours \u00e9tait un vrai d\u00e9fi en termes de mat\u00e9riel \u00e0 absorber et Jeff a rendu le travail tr\u00e8s int\u00e9ressant, tout en fournissant de bonnes r\u00e9ponses avec des exemples r\u00e9els aux participants. Je recommanderais volontiers Jeff et ACTAGIS \u00e0 ceux qui recherchent une excellente aper\u00e7u d\u00e9taill\u00e9 de GDPR.\u00a0<\/p>\n<\/div><div class=\"testimonial-author\">Clare Joyner, Legal Counsel, IMD<\/div><\/div><div class=\"testimonial-slide\"><div class=\"testimonial-image\"><img loading=\"lazy\" decoding=\"async\" width=\"162\" height=\"60\" src=\"https:\/\/actagis.ch\/wp-content\/uploads\/2018\/02\/ubs-logo3.jpg\" class=\"attachment-medium size-medium wp-post-image\" alt=\"\" \/><\/div><div class=\"testimonial-text\">\n<p>J&rsquo;ai particip\u00e9 \u00e0 la formation CISSP chez ACTAGIS Academy. Je recommande vivement ce cours \u00e0 toute personne qui souhaite r\u00e9ussir l\u2019examen CISSP. Jeff est un excellent formateur qui sait transmettre les messages clefs renforc\u00e9s avec des exemples concrets. Merci Jeff pour cette excellente formation.   <\/p>\n<\/div><div class=\"testimonial-author\">Gilbert Caballer, IT Audit Expert, UBS<\/div><\/div><div class=\"testimonial-slide\"><div class=\"testimonial-image\"><img loading=\"lazy\" decoding=\"async\" width=\"110\" height=\"110\" src=\"https:\/\/actagis.ch\/wp-content\/uploads\/2020\/08\/RC_BANK_logo.png\" class=\"attachment-medium size-medium wp-post-image\" alt=\"\" \/><\/div><div class=\"testimonial-text\">\n<p>La formation BCI, bas\u00e9e sur une solide exp\u00e9rience et des exemples concrets, a \u00e9t\u00e9 dispens\u00e9e par un mentor tr\u00e8s professionnel et patient, Jeff Primus. Un petit groupe de participants est un grand avantage pour les discussions \u00e0 valeur ajout\u00e9e. La formation a d\u00e9pass\u00e9 toutes mes attentes.<\/p>\n<\/div><div class=\"testimonial-author\">Andrey Afanasiev, Vice President, Risk Manager, RCB Bank Ltd<\/div><\/div><div class=\"testimonial-slide\"><div class=\"testimonial-image\"><img loading=\"lazy\" decoding=\"async\" width=\"135\" height=\"150\" src=\"https:\/\/actagis.ch\/wp-content\/uploads\/2021\/08\/ALTIS_Logo-e1628667148882.jpg\" class=\"attachment-medium size-medium wp-post-image\" alt=\"\" \/><\/div><div class=\"testimonial-text\">\n<p>Dans un cadre tr\u00e8s agr\u00e9able, j&rsquo;ai particip\u00e9 \u00e0 la formation GDPR-CDPO dispens\u00e9e par ACTAGIS que je recommande. Tout au long des sessions, l&rsquo;expert nous a form\u00e9s avec dynamisme et p\u00e9dagogie tout en partageant son exp\u00e9rience de terrain. Au cours de cette formation, j&rsquo;ai pu soumettre mes questions sur des cas pratiques. Tous ces points ont grandement contribu\u00e9 \u00e0 la r\u00e9ussite de l&rsquo;examen de certification.<\/p>\n<\/div><div class=\"testimonial-author\">Vincent Bovay, Responsable informatique, Altis<\/div><\/div><div class=\"testimonial-slide\"><div class=\"testimonial-image\"><img loading=\"lazy\" decoding=\"async\" width=\"100\" height=\"100\" src=\"https:\/\/actagis.ch\/wp-content\/uploads\/2021\/08\/SCC_Logo_1-2-e1628586985443.jpg\" class=\"attachment-medium size-medium wp-post-image\" alt=\"\" \/><\/div><div class=\"testimonial-text\">\n<p>Je voudrais remercier Jeff pour tout le soutien qu&rsquo;il m&rsquo;a apport\u00e9 et qui m&rsquo;a permis de r\u00e9ussir l&rsquo;examen de gestion de la continuit\u00e9 des activit\u00e9s (BCM). Le cours \u00e9tait stimulant, avec beaucoup d&rsquo;informations utiles, et Jeff \u00e9tait toujours l\u00e0 pour me soutenir (ainsi que tous les autres stagiaires) et pr\u00eat \u00e0 m&rsquo;aider. J&rsquo;ai beaucoup appr\u00e9ci\u00e9 votre cours. Je me r\u00e9jouis de suivre un autre cours avec ACTAGIS.   <\/p>\n<\/div><div class=\"testimonial-author\">Valentin Mazareanu, PhD, Data Security Officer, SCC Services Romania<\/div><\/div><div class=\"testimonial-slide\"><div class=\"testimonial-image\"><img loading=\"lazy\" decoding=\"async\" width=\"300\" height=\"125\" src=\"https:\/\/actagis.ch\/wp-content\/uploads\/2023\/03\/Groupe_Mutuel_logo-300x125.png\" class=\"attachment-medium size-medium wp-post-image\" alt=\"\" srcset=\"https:\/\/actagis.ch\/wp-content\/uploads\/2023\/03\/Groupe_Mutuel_logo-300x125.png 300w, https:\/\/actagis.ch\/wp-content\/uploads\/2023\/03\/Groupe_Mutuel_logo.png 348w\" sizes=\"(max-width: 300px) 100vw, 300px\" \/><\/div><div class=\"testimonial-text\">\n<p>Le cours de Business Continuity Management (BCM) m&rsquo;a permis d&rsquo;\u00e9largir ma compr\u00e9hension et mon analyse des diff\u00e9rents th\u00e8mes. Au-del\u00e0 du mat\u00e9riel de cours et des notions acad\u00e9miques n\u00e9cessaires \u00e0 la certification, Jeff met tout en \u0153uvre pour nous mettre dans un contexte pratique en partageant ses connaissances et son exp\u00e9rience. Il enseigne avec passion, enthousiasme et s&rsquo;adapte aux participants afin de nous faire b\u00e9n\u00e9ficier de son expertise.  <\/p>\n<\/div><div class=\"testimonial-author\">St\u00e9phane Rard, CIO<\/div><\/div><div class=\"testimonial-slide\"><div class=\"testimonial-image\"><img loading=\"lazy\" decoding=\"async\" width=\"40\" height=\"40\" src=\"https:\/\/actagis.ch\/wp-content\/uploads\/2021\/06\/UNHCR_Logo-e1624435848795.png\" class=\"attachment-medium size-medium wp-post-image\" alt=\"\" \/><\/div><div class=\"testimonial-text\">\n<p>L&rsquo;une des craintes lors des formations est qu&rsquo;elle ne soit que th\u00e9orique et n&rsquo;ait qu&rsquo;un rapport limit\u00e9 avec mes r\u00e9alit\u00e9s professionnelles. Je suis heureux d&rsquo;avoir suivi la formation \u00ab\u00a0Continuit\u00e9 des Activit\u00e9s\u00a0\u00bb avec ACTAGIS. Jeff a pu partager sa vaste exp\u00e9rience d&rsquo;expert et expliquer, \u00e0 l&rsquo;aide d&rsquo;exemples pratiques, comment appliquer les principes et les outils dans nos situations de travail r\u00e9elles. M\u00eame avec peu de pr\u00e9paration, j&rsquo;ai r\u00e9ussi l&rsquo;examen avec mention. J&rsquo;ai h\u00e2te de suivre le prochain cours avec ACTAGIS.<\/p>\n<\/div><div class=\"testimonial-author\">Mathew Siwoi, Senior Oversight Officer, UNHCR<\/div><\/div><div class=\"testimonial-slide\"><div class=\"testimonial-image\"><img loading=\"lazy\" decoding=\"async\" width=\"150\" height=\"83\" src=\"https:\/\/actagis.ch\/wp-content\/uploads\/2020\/08\/CIMO_Logo-e1598435393426.jpg\" class=\"attachment-medium size-medium wp-post-image\" alt=\"\" \/><\/div><div class=\"testimonial-text\">\n<p>Merci pour votre formation. J&rsquo;ai particuli\u00e8rement appr\u00e9ci\u00e9 la qualit\u00e9 des enseignants Jeff et son coll\u00e8gue qui ont su animer ce cours de mani\u00e8re attractive et instructive en alternant la partie th\u00e9orique et les exercices pratiques. Le support de cours est un condens\u00e9 d&rsquo;excellente qualit\u00e9. Je recommande vivement ce cours.   <\/p>\n<\/div><div class=\"testimonial-author\">Remo Stolz, IT Manager, CIMO<\/div><\/div><div class=\"testimonial-slide\"><div class=\"testimonial-text\">\n<p>La formation \u00e0 la gestion de la continuit\u00e9 des activit\u00e9s (BCM) dispens\u00e9e par le formateur m&rsquo;a \u00e9t\u00e9 d&rsquo;une aide pr\u00e9cieuse. Tous les participants ont fortement appr\u00e9ci\u00e9 ses excellentes connaissances, son exp\u00e9rience, sa concentration sur les points cl\u00e9s, sa mani\u00e8re d&rsquo;enseigner, sa compr\u00e9hension des besoins des participants. Merci pour l&rsquo;excellente formation dispens\u00e9e ! Je recommande vivement ACTAGIS si vous voulez r\u00e9ussir l&rsquo;examen.<\/p>\n<\/div><div class=\"testimonial-author\">Anna Glazunova, BC Manager<\/div><\/div><div class=\"testimonial-slide\"><div class=\"testimonial-image\"><img loading=\"lazy\" decoding=\"async\" width=\"300\" height=\"228\" src=\"https:\/\/actagis.ch\/wp-content\/uploads\/2021\/09\/IOC_Logo_2-300x228.png\" class=\"attachment-medium size-medium wp-post-image\" alt=\"\" \/><\/div><div class=\"testimonial-text\">\n<p>La formation CISSP dispens\u00e9e par les formateurs d&rsquo;ACTAGIS est intense et tr\u00e8s compl\u00e8te. Au cours des cinq jours, vous rentrez chez vous \u00e9puis\u00e9 mais avec des connaissances que vous n&rsquo;aviez pas au d\u00e9but de la journ\u00e9e. Les formateurs utilisent une m\u00e9thodologie qui vous aide \u00e0 comprendre les concepts et les questions pi\u00e8ges que vous pourriez rencontrer lors de l&rsquo;examen. Cela en vaut vraiment la peine.<\/p>\n<\/div><div class=\"testimonial-author\">Diego de Haller, IT Security Service Manager<\/div><\/div><div class=\"testimonial-slide\"><div class=\"testimonial-image\"><img loading=\"lazy\" decoding=\"async\" width=\"100\" height=\"100\" src=\"https:\/\/actagis.ch\/wp-content\/uploads\/2020\/09\/BIT_Logo-1-e1599343781527.png\" class=\"attachment-medium size-medium wp-post-image\" alt=\"\" \/><\/div><div class=\"testimonial-text\">\n<p>Je suis un habitu\u00e9 des cours de Jeff, ayant d\u00e9j\u00e0 particip\u00e9 aux cours CISA, CISSP et CRISC. Jeff est un professeur passionnant et apporte de nombreux exemples tir\u00e9s de la vie r\u00e9elle. Le nombre de participants \u00e9tant limit\u00e9, vous aurez toujours le temps de poser des questions. Je pr\u00e9vois d&rsquo;attaquer le CISM l&rsquo;ann\u00e9e prochaine et je ne manquerai pas de frapper \u00e0 nouveau \u00e0 la porte de Jeff. Hautement recommand\u00e9 !<\/p>\n<\/div><div class=\"testimonial-author\">Liz O&rsquo;Sullivan, Bundesamt f\u00fcr Informatik und Telekommunication BIT, Head of Security<\/div><\/div><div class=\"testimonial-slide\"><div class=\"testimonial-image\"><img loading=\"lazy\" decoding=\"async\" width=\"100\" height=\"100\" src=\"https:\/\/actagis.ch\/wp-content\/uploads\/2020\/09\/BIT_Logo-1-e1599343781527.png\" class=\"attachment-medium size-medium wp-post-image\" alt=\"\" \/><\/div><div class=\"testimonial-text\">\n<p>Participer \u00e0 la formation CDPO avec ACTAGIS. Le volume d&rsquo;informations et le sujet \u00e9taient intenses \u00e9tant donn\u00e9 la conduite en ligne en raison de la situation de pand\u00e9mie. Dans ce contexte, Massimo nous l&rsquo;a rendu tr\u00e8s accessible gr\u00e2ce \u00e0 sa grande exp\u00e9rience professionnelle et \u00e0 sa p\u00e9dagogie. Je ne peux que recommander ACTAGIS comme partenaire de formation.<\/p>\n<\/div><div class=\"testimonial-author\">Mahieu Perrin, IT Advisor, BIT<\/div><\/div><div class=\"testimonial-slide\"><div class=\"testimonial-image\"><img loading=\"lazy\" decoding=\"async\" width=\"300\" height=\"71\" src=\"https:\/\/actagis.ch\/wp-content\/uploads\/2022\/02\/SwissRe_logo-300x71.png\" class=\"attachment-medium size-medium wp-post-image\" alt=\"\" srcset=\"https:\/\/actagis.ch\/wp-content\/uploads\/2022\/02\/SwissRe_logo-300x71.png 300w, https:\/\/actagis.ch\/wp-content\/uploads\/2022\/02\/SwissRe_logo-e1643700494276.png 250w\" sizes=\"(max-width: 300px) 100vw, 300px\" \/><\/div><div class=\"testimonial-text\">\n<p>La formation en gestion de la continuit\u00e9 des affaires (BCM) avec ACTAGIS m&rsquo;a fourni les informations n\u00e9cessaires pour accro\u00eetre mes connaissances dans mon contexte professionnel actuel et pour comprendre \u00e0 quoi sert la continuit\u00e9 des affaires, y compris toutes les connexions avec le monde r\u00e9el afin d&rsquo;atteindre un niveau de connaissance plus \u00e9lev\u00e9.<\/p>\n<\/div><div class=\"testimonial-author\">Aristidis Lampiris, Major Incident and Process Expert, Swiss Re<\/div><\/div><div class=\"testimonial-slide\"><div class=\"testimonial-image\"><img loading=\"lazy\" decoding=\"async\" width=\"200\" height=\"200\" src=\"https:\/\/actagis.ch\/wp-content\/uploads\/2021\/07\/FINA_Logo-e1625218536166.png\" class=\"attachment-medium size-medium wp-post-image\" alt=\"\" \/><\/div><div class=\"testimonial-text\">\n<p>La formation dispens\u00e9e par ACTAGIS est d&rsquo;un haut niveau de qualit\u00e9 gr\u00e2ce \u00e0 l&rsquo;exp\u00e9rience et \u00e0 la personnalit\u00e9 du formateur. Nous avons pu non seulement nous pr\u00e9parer \u00e0 l&rsquo;examen CDPO, mais aussi b\u00e9n\u00e9ficier de ses connaissances n\u00e9cessaires \u00e0 une mise en \u0153uvre r\u00e9ussie du GDPR dans nos organisations. <\/p>\n<\/div><div class=\"testimonial-author\">Romain Galster, IT Manager, FINA<\/div><\/div><div class=\"testimonial-slide\"><div class=\"testimonial-image\"><img loading=\"lazy\" decoding=\"async\" width=\"300\" height=\"150\" src=\"https:\/\/actagis.ch\/wp-content\/uploads\/2022\/02\/Allianz_Logo-300x150.png\" class=\"attachment-medium size-medium wp-post-image\" alt=\"\" srcset=\"https:\/\/actagis.ch\/wp-content\/uploads\/2022\/02\/Allianz_Logo-300x150.png 300w, https:\/\/actagis.ch\/wp-content\/uploads\/2022\/02\/Allianz_Logo.png 317w\" sizes=\"(max-width: 300px) 100vw, 300px\" \/><\/div><div class=\"testimonial-text\">\n<p>Le formateur a tr\u00e8s bien dirig\u00e9 le cours de gestion de la continuit\u00e9 des activit\u00e9s (BCM). Il a couvert la mati\u00e8re \u00e0 un rythme id\u00e9al, a assur\u00e9 la participation active de tous et a encourag\u00e9 une atmosph\u00e8re interactive en classe. Tous ces avantages m&rsquo;ont permis de r\u00e9ussir l&rsquo;examen de certification.<\/p>\n<\/div><div class=\"testimonial-author\">Maximilian Mayer, Senior Consultant, Allianz<\/div><\/div><div class=\"testimonial-slide\"><div class=\"testimonial-image\"><img loading=\"lazy\" decoding=\"async\" width=\"300\" height=\"125\" src=\"https:\/\/actagis.ch\/wp-content\/uploads\/2023\/03\/Groupe_Mutuel_logo-300x125.png\" class=\"attachment-medium size-medium wp-post-image\" alt=\"\" srcset=\"https:\/\/actagis.ch\/wp-content\/uploads\/2023\/03\/Groupe_Mutuel_logo-300x125.png 300w, https:\/\/actagis.ch\/wp-content\/uploads\/2023\/03\/Groupe_Mutuel_logo.png 348w\" sizes=\"(max-width: 300px) 100vw, 300px\" \/><\/div><div class=\"testimonial-text\">\n<p>Je voudrais remercier ACTAGIS, et en particulier Jeff et Alexandre, pour le cours de pr\u00e9paration \u00e0 la certification CISSP. Une formation intense de 5 jours, dans une ambiance studieuse mais d\u00e9tendue, qui m&rsquo;a pr\u00e9par\u00e9 au mieux \u00e0 passer cette certification exigeante. Merci encore, et j&rsquo;attends avec impatience de suivre un autre cours avec vous !<\/p>\n<\/div><div class=\"testimonial-author\">Claude-Alain Schweri, Responsable s\u00e9curit\u00e9 informatique et technologie<\/div><\/div><div class=\"testimonial-slide\"><div class=\"testimonial-image\"><img loading=\"lazy\" decoding=\"async\" width=\"300\" height=\"171\" src=\"https:\/\/actagis.ch\/wp-content\/uploads\/2023\/03\/Syz-Group_logo-300x171.png\" class=\"attachment-medium size-medium wp-post-image\" alt=\"\" \/><\/div><div class=\"testimonial-text\">\n<p>Une tr\u00e8s bonne pr\u00e9paration pour le CISA. Bonne approche p\u00e9dagogique, allant \u00e0 l&rsquo;essentiel. Vous permet d&rsquo;avoir des \u00e9changes fructueux avec des sp\u00e9cialistes. Rend la pr\u00e9paration de l&rsquo;examen agr\u00e9able et ajoute des connaissances informatiques au-del\u00e0 du cadre strict du CISA.<\/p>\n<\/div><div class=\"testimonial-author\">Lionel Noetzlin, Head of Internal Audit<\/div><\/div><div class=\"testimonial-slide\"><div class=\"testimonial-image\"><img loading=\"lazy\" decoding=\"async\" width=\"119\" height=\"48\" src=\"https:\/\/actagis.ch\/wp-content\/uploads\/2023\/03\/Logo.png\" class=\"attachment-medium size-medium wp-post-image\" alt=\"\" \/><\/div><div class=\"testimonial-text\">\n<p>Je tiens \u00e0 exprimer mon enti\u00e8re satisfaction \u00e0 l&rsquo;\u00e9gard d&rsquo;ACTAGIS et de la formation CISSP dispens\u00e9e par leurs deux instructeurs. Leur expertise et leur passion pour le sujet ont grandement am\u00e9lior\u00e9 l&rsquo;exp\u00e9rience d&rsquo;apprentissage. Les cours \u00e9taient clairs, bien structur\u00e9s et \u00e9tay\u00e9s par des exemples concrets, ce qui a permis une assimilation efficace des connaissances. Je recommande vivement ce cours \u00e0 toute personne souhaitant se pr\u00e9parer \u00e0 la certification CISSP.<\/p>\n<\/div><div class=\"testimonial-author\">Sivathushn Vairavanathar, Chief Information Security Officer<\/div><\/div><\/div><a class=\"prev\">&#10094;<\/a><a class=\"next\">&#10095;<\/a><\/div>\n<p>[\/et_pb_text][et_pb_divider _builder_version=\u00a0\u00bb4.16&Prime; _module_preset=\u00a0\u00bbdefault\u00a0\u00bb custom_margin=\u00a0\u00bb40px||||false|false\u00a0\u00bb global_colors_info=\u00a0\u00bb{}\u00a0\u00bb][\/et_pb_divider][\/et_pb_column_inner][et_pb_column_inner type=\u00a0\u00bb1_2&Prime; saved_specialty_column_type=\u00a0\u00bb2_3&Prime; _builder_version=\u00a0\u00bb4.16&Prime; custom_padding=\u00a0\u00bb|||\u00a0\u00bb global_colors_info=\u00a0\u00bb{}\u00a0\u00bb column_padding_mobile__hover=\u00a0\u00bbon\u00a0\u00bb parallax__hover=\u00a0\u00bboff\u00a0\u00bb parallax_method__hover=\u00a0\u00bboff\u00a0\u00bb custom_padding__hover=\u00a0\u00bb|||\u00a0\u00bb][et_pb_text admin_label=\u00a0\u00bbACTAGIS Academy\u00a0\u00bb _builder_version=\u00a0\u00bb4.24.2&Prime; background_size=\u00a0\u00bbinitial\u00a0\u00bb background_position=\u00a0\u00bbtop_left\u00a0\u00bb background_repeat=\u00a0\u00bbrepeat\u00a0\u00bb global_colors_info=\u00a0\u00bb{}\u00a0\u00bb]<\/p>\n<h2><a href=\"https:\/\/actagis.ch\/fr\/actagis-academy\/\">Academy<\/a><\/h2>\n<p class=\"p1\">ACTAGIS Academy est l&rsquo;<strong>unique<\/strong>\u00a0<strong>centre de formation continue en Suisse, qualifi\u00e9 et accr\u00e9dit\u00e9,<\/strong> <strong>combinant<\/strong> les <strong>connaissances <\/strong>et<strong> l&rsquo;expertise<\/strong> pour la gouvernance, la s\u00e9curit\u00e9, le risque, la qualit\u00e9 et la continuit\u00e9 des affaires, offrant des formations<strong> certifiantes, officielles et autoris\u00e9es <\/strong>ainsi que\u00a0et la pr\u00e9paration aux examens avec des <strong>taux de r\u00e9ussite tr\u00e8s \u00e9lev\u00e9s<\/strong>. D\u00e9couvrez <a href=\"https:\/\/actagis.ch\/fr\/actagis-academy-toutes-nos-formations\/\"><strong>l&rsquo;agenda complet de nos formations<\/strong><\/a>.<\/p>\n<p>[\/et_pb_text][et_pb_image src=\u00a0\u00bbhttps:\/\/actagis.ch\/wp-content\/uploads\/2020\/04\/Certifying-Training-options.jpg\u00a0\u00bb url=\u00a0\u00bbhttps:\/\/actagis.ch\/fr\/options-de-formations-certifiantes\/\u00a0\u00bb _builder_version=\u00a0\u00bb4.16&Prime; border_color_all=\u00a0\u00bb#0286CA\u00a0\u00bb locked=\u00a0\u00bboff\u00a0\u00bb global_colors_info=\u00a0\u00bb{}\u00a0\u00bb][\/et_pb_image][et_pb_text _builder_version=\u00a0\u00bb4.16&Prime; custom_margin=\u00a0\u00bb||15px|||\u00a0\u00bb locked=\u00a0\u00bboff\u00a0\u00bb global_colors_info=\u00a0\u00bb{}\u00a0\u00bb]<\/p>\n<h3>Plusieurs options de formation adapt\u00e9es \u00e0 vos besoins.<\/h3>\n<p><span>Nous proposons d\u00e9sormais tous nos cours (toujours tr\u00e8s interactifs)\u00a0<\/span><strong>en ligne et en direct<\/strong><span>. Nous utilisons les derni\u00e8res technologies pour stimuler l\u2019interaction des participants et leur permettre de profiter pleinement de la formation.<\/span><\/p>\n<p><a href=\"https:\/\/actagis.ch\/fr\/options-de-formations-certifiantes\/\">D\u00e9couvrez nos Options de Formations Certifiantes<\/a><\/p>\n<p>[\/et_pb_text][et_pb_image src=\u00a0\u00bbhttps:\/\/actagis.ch\/wp-content\/uploads\/2023\/03\/3-pecb-authorized-gold-partner-249&#215;300-1.jpg\u00a0\u00bb alt=\u00a0\u00bbPECB authorized gold partner\u00a0\u00bb title_text=\u00a0\u00bb3-pecb-authorized-gold-partner-249&#215;300&Prime; _builder_version=\u00a0\u00bb4.23.1&Prime; _module_preset=\u00a0\u00bbdefault\u00a0\u00bb width=\u00a0\u00bb150px\u00a0\u00bb locked=\u00a0\u00bboff\u00a0\u00bb global_colors_info=\u00a0\u00bb{}\u00a0\u00bb][\/et_pb_image][\/et_pb_column_inner][\/et_pb_row_inner][\/et_pb_column][et_pb_column type=\u00a0\u00bb1_3&Prime; _builder_version=\u00a0\u00bb4.16&Prime; custom_padding=\u00a0\u00bb|||\u00a0\u00bb global_colors_info=\u00a0\u00bb{}\u00a0\u00bb padding_top__hover=\u00a0\u00bb0px\u00a0\u00bb parallax__hover=\u00a0\u00bboff\u00a0\u00bb parallax_method__hover=\u00a0\u00bboff\u00a0\u00bb custom_padding__hover=\u00a0\u00bb|||\u00a0\u00bb][et_pb_text admin_label=\u00a0\u00bbSome training courses\u00a0\u00bb _builder_version=\u00a0\u00bb4.16&Prime; text_text_color=\u00a0\u00bb#2c7f00&Prime; background_size=\u00a0\u00bbinitial\u00a0\u00bb background_position=\u00a0\u00bbtop_left\u00a0\u00bb background_repeat=\u00a0\u00bbrepeat\u00a0\u00bb custom_margin=\u00a0\u00bb0px|||\u00a0\u00bb custom_padding=\u00a0\u00bb0px||7px|||\u00a0\u00bb global_colors_info=\u00a0\u00bb{}\u00a0\u00bb]<\/p>\n<h2>Prochaines formations<\/h2>\n<p><strong>Les cours mis en \u00e9vidence en vert<\/strong><br \/> <strong> se remplissent rapidement.<\/strong><br \/> <strong> Ne manquez pas votre chance.<\/strong><\/p>\n<p>[\/et_pb_text][et_pb_text module_class=\u00a0\u00bbupcoming\u00a0\u00bb _builder_version=\u00a0\u00bb4.16&Prime; global_colors_info=\u00a0\u00bb{}\u00a0\u00bb]<\/p>\n<!-- EventON Calendar --><div id='evcal_calendar_388' class='ajde_evcal_calendar clean esty_0 noiajx etttc_custom evoEL ' data-cal=''><div id='evcal_head' class='calendar_header ' ><div class='evo_cal_above evodfx evofx_dr_r marb5 evofx_ww'><button class='cal_head_btn evo-gototoday-btn' style='' data-mo='' data-yr='' data-dy='' aria-label='Go to today'>Current Month<\/button><\/div><div class='evo_cal_above_content'><\/div><div class='evo_header_title right'><\/div><\/div><div id='eventon_loadbar_section'><div id='eventon_loadbar'><\/div><\/div><!-- Events List --><div class='evo_events_list_box'><div id='evcal_list' class='eventon_events_list  el_cal'><div id=\"event_69369_0\" class=\"eventon_list_event evo_eventtop scheduled  event clrD event_69369_0\" data-event_id=\"69369\" data-ri=\"0r\" data-time=\"1778482800-1778769000\" data-colr=\"#0070bb\" itemscope itemtype='http:\/\/schema.org\/Event'><div class=\"evo_event_schema\" style=\"display:none\" ><a itemprop='url'  href='https:\/\/actagis.ch\/fr\/events\/iso-22301-li-60\/var\/ri-0.l-L2'><\/a><meta itemprop='image' content=\"https:\/\/actagis.ch\/wp-content\/uploads\/2019\/09\/guaranteed-date2.png\" \/><meta itemprop='startDate' content=\"2026-5-11T09:00+2:00\" \/><meta itemprop='endDate' content=\"2026-5-14T16:30+2:00\" \/><meta itemprop='eventStatus' content=\"https:\/\/schema.org\/EventScheduled\" \/><meta itemprop='eventAttendanceMode'   itemscope itemtype=\"https:\/\/schema.org\/OfflineEventAttendanceMode\"\/><div style=\"display:none\" itemprop=\"location\" itemscope itemtype=\"http:\/\/schema.org\/Place\"><span itemprop=\"name\">Geneva \/ Lausanne - Switzerland<\/span><span itemprop=\"address\" itemscope itemtype=\"http:\/\/schema.org\/PostalAddress\"><item itemprop=\"streetAddress\">Geneva<\/item><\/span><\/div><script type=\"application\/ld+json\">{\"@context\": \"http:\/\/schema.org\",\"@type\": \"Event\",\n\t\t\t\t\"@id\": \"event_69369_0\",\n\t\t\t\t\"eventAttendanceMode\":\"https:\/\/schema.org\/OfflineEventAttendanceMode\",\n\t\t\t\t\"eventStatus\":\"https:\/\/schema.org\/EventScheduled\",\n\t\t\t\t\"name\": \"ISO 22301 LI\",\n\t\t\t\t\"url\": \"https:\/\/actagis.ch\/fr\/events\/iso-22301-li-60\/var\/ri-0.l-L2\",\n\t\t\t\t\"startDate\": \"2026-5-11T09:00+2:00\",\n\t\t\t\t\"endDate\": \"2026-5-14T16:30+2:00\",\n\t\t\t\t\"image\":\"https:\/\/actagis.ch\/wp-content\/uploads\/2019\/09\/guaranteed-date2.png\", \n\t\t\t\t\"description\":\" <p><strong>Get certified in Business Continuity<\/strong><\/p>    <p>This four-day intensive course enables participants to develop the necessary expertise to support an organization in implementing and managing a Business Continuity Management System (BCMS) based on ISO 22301.\u00a0<\/p>    <p><a href='https:\/\/actagis.ch\/actagis-academy\/iso-certification-training-courses\/iso-22301\/'>Click for full course description<\/a><\/p>    <p><a href='https:\/\/actagis.ch\/fr\/actagis-academy\/iso-formation-certifiantes\/iso-22301\/'>Cliquez pour la description en fran\u00e7ais<\/a><\/p> \",\"location\":[{\"@type\":\"Place\",\"name\":\"Geneva \/ Lausanne - Switzerland\",\"address\":{\"@type\": \"PostalAddress\",\"streetAddress\":\"Geneva\"}}]}<\/script><\/div>\r\n\t\t\t\t<p class=\"desc_trig_outter\" style=\"\"><a data-gmap_status=\"null\" data-exlk=\"0\" style=\"border-color: #0070bb;\" id=\"evc_177848280069369\" href=\"#\" class=\"hasFtIMG desc_trig featured_event 1 mul_val evcal_list_a\" data-ux_val=\"1\" data-ux_val_mob=\"-\"  ><span class='evoet_in'><span class='evoet_c1 evoet_cx '><span class='evoet_cy ev_ftImg evotrans imgFxdef' data-img='https:\/\/actagis.ch\/wp-content\/uploads\/2019\/09\/guaranteed-date2.png' data-thumb='https:\/\/actagis.ch\/wp-content\/uploads\/2019\/09\/guaranteed-date2-300x90.png' style='background-image:url(\"https:\/\/actagis.ch\/wp-content\/uploads\/2019\/09\/guaranteed-date2-300x90.png\")' ><\/span><\/span><span class='evoet_c2 evoet_cx '><span class='evoet_dayblock evcal_cblock ' data-bgcolor='#0070bb' data-smon='mai' data-syr='2026' data-bub=''><span class='evo_start  evofxdrc'><em class='date'>11<\/em><em class='month'>mai<\/em><em class='time'><i t=\"y\">(mai 11)<\/i>9h00<\/em><\/span><span class='evo_end  evofxdrc'><em class='date'>14<\/em><em class='time'><i t=\"y\">(mai 14)<\/i>16h30<\/em><\/span><\/span><\/span><span class='evoet_c3 evoet_cx evcal_desc hide_eventtopdata '><span class='evoet_title evcal_desc2 evcal_event_title ' itemprop='name'>ISO 22301 LI<\/span><span class='event_location_attrs evodni'  data-location_address=\"Geneva\" data-location_type=\"lonlat\" data-location_name=\"Geneva \/ Lausanne - Switzerland\" data-location_url=\"https:\/\/actagis.ch\/event-location\/geneva-lausanne-switzerland\/\" data-location_status=\"true\" data-locid=\"51\" data-latlng=\"46.2043907,6.1431577\"><\/span><span class='evoet_cy evoet_subtitle evo_below_title' ><span class='evcal_event_subtitle ' >IN-CLASSROOM - Geneva \/ Lausanne-Switzerland \/ ONLINE - Live Interactive<\/span><\/span><\/span><\/span><span class='evoet_data' style='display:none' data-d=\"{&quot;loc.n&quot;:&quot;Geneva \\\/ Lausanne - Switzerland&quot;,&quot;orgs&quot;:[],&quot;tags&quot;:{&quot;featured&quot;:&quot;Featured&quot;}}\" data-bgc=\"#0070bb\" data-bggrad=\"\" ><\/span><\/a><\/p><div class='event_description evcal_eventcard ' style=\"display:none\"><div class='evocard_row'><div id='event_ftimage' class='evocard_box ftimage' data-c='' \n\t\t\t\t\tstyle=''><div class='evocard_main_image_hold' data-t='Loading Image..'><div class='evocard_main_image evo_img_triglb evocd_img_full evobr15 evobgsc evobgpc evodfx evofx_jc_c evofx_ai_c evofz48 full' style='height:50px; background-image:url();' data-f=\"https:\/\/actagis.ch\/wp-content\/uploads\/2019\/09\/guaranteed-date2.png\" data-h=\"150\" data-w=\"500\" data-ratio=\"0.3\" data-event_id=\"69369\" data-ri=\"0\"  data-t='Loading Image..'><span style='height:50px; background-image:url(https:\/\/actagis.ch\/wp-content\/uploads\/2019\/09\/guaranteed-date2.png)'><\/span><\/div><\/div><\/div><\/div><!-- row close --><div class='evocard_row'><div id='event_eventdetails' class='evocard_box eventdetails' data-c='' \n\t\t\t\t\tstyle=''><div class=\"evo_metarow_details evorow evcal_evdata_row evcal_event_details\">\n    <div class=\"event_excerpt\" style=\"display:none\"><h3 class=\"padb5 evo_h3\">Event Details<\/h3><p>Get certified in Business Continuity\n\n\n\nThis four-day intensive course enables participants to develop the necessary expertise to support an organization in implementing and managing a Business Continuity Management System (BCMS) based<\/p><\/div><span class='evcal_evdata_icons'><i class='fa fa-align-justify'><\/i><\/span>    <div class=\"evcal_evdata_cell \">\n        <div class=\"eventon_full_description\">\n            <h3 class=\"padb5 evo_h3\"><span class='evcal_evdata_icons'><i class='fa fa-align-justify'><\/i><\/span>Event Details<\/h3>\n            <div class=\"eventon_desc_in\" itemprop=\"description\">\n                <p><strong>Get certified in Business Continuity<\/strong><\/p>\n<p>This four-day intensive course enables participants to develop the necessary expertise to support an organization in implementing and managing a Business Continuity Management System (BCMS) based on ISO 22301.\u00a0<\/p>\n<p><a href=\"https:\/\/actagis.ch\/actagis-academy\/iso-certification-training-courses\/iso-22301\/\">Click for full course description<\/a><\/p>\n<p><a href=\"https:\/\/actagis.ch\/fr\/actagis-academy\/iso-formation-certifiantes\/iso-22301\/\">Cliquez pour la description en fran\u00e7ais<\/a><\/p>\n            <\/div>\n            <div class='clear'><\/div>        <\/div>\n    <\/div>\n<\/div><\/div><\/div><!-- row close --><div class='evocard_row'><div id='event_time' class='evocard_box time' data-c='' \n\t\t\t\t\tstyle=''><div class='evo_metarow_time evorow evcal_evdata_row evcal_evrow_sm '>\n\t\t<span class='evcal_evdata_icons'><i class='fa fa-clock-o'><\/i><\/span>\n\t\t<div class='evcal_evdata_cell'>\t\t\t\t\t\t\t\n\t\t\t<h3 class='evo_h3'><span class='evcal_evdata_icons'><i class='fa fa-clock-o'><\/i><\/span>Horaire<\/h3><div><span class='evo_eventcard_time_t evogap5 evofxww'><span class=\"start\">mai 11 (lundi) 09:00<\/span> <span class=\"stime\">9:00am<\/span> - <span class='end'>mai 14 (jeudi) 16:30<\/span> <span class='etime'>4:30pm<\/span><\/span><span class='evo_tz marr5'>(GMT+02:00)<\/span><\/div>\n\t\t<\/div>\n\t<\/div><\/div><\/div><!-- row close --><div class='evocard_row'><div id='event_location' class='evocard_box location' data-c='' \n\t\t\t\t\tstyle=''><div class='evcal_evdata_row evo_metarow_time_location evorow '>\n\t\t\n\t\t\t<span class='evcal_evdata_icons'><i class='fa fa-map-marker'><\/i><\/span>\n\t\t\t<div class='evcal_evdata_cell' data-loc_tax_id='51'><h3 class='evo_h3 evodfx'><span class='evcal_evdata_icons'><i class='fa fa-map-marker'><\/i><\/span>Lieu<\/h3><p class='evo_location_name'>Geneva \/ Lausanne - Switzerland<\/p><p class='evo_location_address evodfxi evogap10'>Geneva<\/p><\/div>\n\t\t\n\t<\/div><\/div><\/div><!-- row close --><div class='evocard_row'><div id='event_evorsvp' class='evocard_box evorsvp' data-c='' \n\t\t\t\t\tstyle=''><div class='evorow evcal_evdata_row evcal_evrow_sm evo_metarow_rsvp' ><div class='evors_jdata' data-j='{\"etitle\":\"ISO 22301 LI\",\"e_id\":69369,\"repeat_interval\":0,\"cap\":\"nocap\",\"true_cap\":\"nocap\",\"precap\":\"na\",\"uid\":\"na\",\"prefill\":false,\"lang\":\"L1\",\"incard\":\"no\",\"form_style\":\"def\",\"rsvpid\":null,\"rsvp\":null}'><\/div><span class='evcal_evdata_icons'><i class='fa fa-envelope'><\/i><\/span><div class='evcal_evdata_cell'>\r\n\t\t\t\t\t\t\t\t<h3 class='evo_h3'>RSVP to This Event<\/h3><div class='evors_eventcard_content'><div class='evors_section evors_subtext evomarb10'><p class='evo_data_val'>Pensez \u00e0 r\u00e9server assez t\u00f4t.<\/p><\/div><div class='evors_section evors_user_text '><p>Nous vous contacterons rapidement<\/p><\/div><div class='evoRS_status_option_selection evors_section sec_shade evodfx evofx_dr_r evofxww evogap10 evofxaic evofxjcsb'><div class=''><p class='evors_rsvp_choices_title' style='margin-right:20px;'>RSVP Now<\/p><\/div><p class='evors_rsvp_choices sin'><span class='evors_rsvp_select_box evofxww evogap10'><span data-val='y' class='evors_choices '>Request information<\/span><\/span><\/p><\/div>\t\t\t\t\t<div class=\"evors_incard_form\"><\/div>\r\n\r\n\t\t\t\t\t\r\n\t\t\t\t\t<div class='evors_information'><div class='evors_attendance_count_data evors_stat_data fx_ai_c'><div class='evors_section evors_remaining_spots sec_shade'><p class='evors_nocap_spaceleft remaining_count'><em class='space'>Open<\/em>Spaces Still Available<\/p><\/div><\/div><\/div><\/div><\/div><\/div><\/div><\/div><!-- row close --><div class='evocard_row'><div id='event_evosocial' class='evocard_box evosocial' data-c='' \n\t\t\t\t\tstyle=''><div class='evo_metarow_socialmedia evcal_evdata_row '><div class='evo_sm FacebookShare'><a class=\" evo_ss\" target=\"_blank\" onclick=\"javascript:window.open(this.href, '', 'left=50,top=50,width=600,height=350,toolbar=0');return false;\"\r\n\t\t\t\t\t\thref=\"\/\/www.facebook.com\/sharer.php?u=https%3A%2F%2Factagis.ch%2Ffr%2Fevents%2Fiso-22301-li-60%2Fvar%2Fri-0.l-L2\" title=\"Share on facebook\"><i class=\"fa fab fa-facebook\"><\/i><\/a><\/div><div class='evo_sm LinkedIn'><a class=\"li evo_ss\" href=\"\/\/www.linkedin.com\/shareArticle?mini=true&url=https%3A%2F%2Factagis.ch%2Ffr%2Fevents%2Fiso-22301-li-60%2Fvar%2Fri-0.l-L2&title=ISO%2022301%20LI&summary=Get+certified+in+Business+Continuity%0A%0A%0A%0AThis+four-day+intensive+course+enables+participants+to+develop+the+necessary+expertise+to\" target=\"_blank\" title=\"Share on Linkedin\"><i class=\"fa fab fa-linkedin\"><\/i><\/a><\/div><div class='evo_sm EmailShare'><a class=\"em evo_ss\" href=\"mailto:?subject=ISO%2022301%20LI&body=Event Name: ISO%2022301%20LI%0AEvent Date: 11 Mai 2026 9h00 - 14 Mai 2026 16h30%0ALink: https%3A%2F%2Factagis.ch%2Ffr%2Fevents%2Fiso-22301-li-60%2Fvar%2Fri-0.l-L2%0A\" target=\"_blank\"><i class=\"fa fa-envelope\"><\/i><\/a><\/div><\/div><\/div><\/div><!-- row close --><button class='evo_card_row_end evcal_close' title='Close'><\/button><\/div><div class='clear end'><\/div><\/div><div id=\"event_69404_0\" class=\"eventon_list_event evo_eventtop scheduled  event clrD event_69404_0\" data-event_id=\"69404\" data-ri=\"0r\" data-time=\"1778482800-1778769000\" data-colr=\"#0070bb\" itemscope itemtype='http:\/\/schema.org\/Event'><div class=\"evo_event_schema\" style=\"display:none\" ><a itemprop='url'  href='https:\/\/actagis.ch\/fr\/events\/iso-42001-li-10\/var\/ri-0.l-L2'><\/a><meta itemprop='image'  \/><meta itemprop='startDate' content=\"2026-5-11T09:00+2:00\" \/><meta itemprop='endDate' content=\"2026-5-14T16:30+2:00\" \/><meta itemprop='eventStatus' content=\"https:\/\/schema.org\/EventScheduled\" \/><meta itemprop='eventAttendanceMode'   itemscope itemtype=\"https:\/\/schema.org\/OfflineEventAttendanceMode\"\/><div style=\"display:none\" itemprop=\"location\" itemscope itemtype=\"http:\/\/schema.org\/Place\"><span itemprop=\"name\">Lausanne<\/span><span itemprop=\"address\" itemscope itemtype=\"http:\/\/schema.org\/PostalAddress\"><item itemprop=\"streetAddress\">Ch. de la Fontaine 2, Paudex<\/item><\/span><\/div><script type=\"application\/ld+json\">{\"@context\": \"http:\/\/schema.org\",\"@type\": \"Event\",\n\t\t\t\t\"@id\": \"event_69404_0\",\n\t\t\t\t\"eventAttendanceMode\":\"https:\/\/schema.org\/OfflineEventAttendanceMode\",\n\t\t\t\t\"eventStatus\":\"https:\/\/schema.org\/EventScheduled\",\n\t\t\t\t\"name\": \"ISO 42001 LI\",\n\t\t\t\t\"url\": \"https:\/\/actagis.ch\/fr\/events\/iso-42001-li-10\/var\/ri-0.l-L2\",\n\t\t\t\t\"startDate\": \"2026-5-11T09:00+2:00\",\n\t\t\t\t\"endDate\": \"2026-5-14T16:30+2:00\",\n\t\t\t\t\"image\":\"\", \n\t\t\t\t\"description\":\" <p><strong>Get certified for Artificial Intelligence Management System<\/strong><\/p>    <p>The ISO\/IEC 42001 Lead Implementer training course provides the participants with the essential competencies needed to effectively plan, implement, manage, monitor, maintain, and continually improve an artificial intelligence management system (AIMS).&nbsp;&nbsp;<\/p>    <p><a href='https:\/\/actagis.ch\/actagis-academy\/iso-certification-training-courses\/iso-42001\/'>Click for full course description<\/a><\/p>    <p><a href='https:\/\/actagis.ch\/fr\/actagis-academy\/iso-formation-certifiantes\/iso-42001\/'>Cliquez pour la description en fran\u00e7ais<\/a><\/p>    <p><\/p> \",\"location\":[{\"@type\":\"Place\",\"name\":\"Lausanne\",\"address\":{\"@type\": \"PostalAddress\",\"streetAddress\":\"Ch. de la Fontaine 2, Paudex\"}}]}<\/script><\/div>\r\n\t\t\t\t<p class=\"desc_trig_outter\" style=\"\"><a data-gmap_status=\"null\" data-exlk=\"0\" style=\"border-color: #0070bb;\" id=\"evc_177848280069404\" href=\"#\" class=\"desc_trig featured_event 1 mul_val evcal_list_a\" data-ux_val=\"1\" data-ux_val_mob=\"-\"  ><span class='evoet_in'><span class='evoet_c2 evoet_cx '><span class='evoet_dayblock evcal_cblock ' data-bgcolor='#0070bb' data-smon='mai' data-syr='2026' data-bub=''><span class='evo_start  evofxdrc'><em class='date'>11<\/em><em class='month'>mai<\/em><em class='time'><i t=\"y\">(mai 11)<\/i>9h00<\/em><\/span><span class='evo_end  evofxdrc'><em class='date'>14<\/em><em class='time'><i t=\"y\">(mai 14)<\/i>16h30<\/em><\/span><\/span><\/span><span class='evoet_c3 evoet_cx evcal_desc hide_eventtopdata '><span class='evoet_title evcal_desc2 evcal_event_title ' itemprop='name'>ISO 42001 LI<\/span><span class='event_location_attrs evodni'  data-location_address=\"Ch. de la Fontaine 2, Paudex\" data-location_type=\"lonlat\" data-location_name=\"Lausanne\" data-location_url=\"https:\/\/actagis.ch\/event-location\/lausanne\/\" data-location_status=\"true\" data-locid=\"50\" data-latlng=\"46.5062801,6.6717238\"><\/span><span class='evoet_cy evoet_subtitle evo_below_title' ><span class='evcal_event_subtitle ' >IN-CLASSROOM - Lausanne - Switzerland \/ ONLINE - Live Interactive<\/span><\/span><\/span><\/span><span class='evoet_data' style='display:none' data-d=\"{&quot;loc.n&quot;:&quot;Lausanne&quot;,&quot;orgs&quot;:[],&quot;tags&quot;:{&quot;featured&quot;:&quot;Featured&quot;}}\" data-bgc=\"#0070bb\" data-bggrad=\"\" ><\/span><\/a><\/p><div class='event_description evcal_eventcard ' style=\"display:none\"><div class='evocard_row'><div id='event_eventdetails' class='evocard_box eventdetails' data-c='' \n\t\t\t\t\tstyle=''><div class=\"evo_metarow_details evorow evcal_evdata_row evcal_event_details\">\n    <div class=\"event_excerpt\" style=\"display:none\"><h3 class=\"padb5 evo_h3\">Event Details<\/h3><p>Get certified for Artificial Intelligence Management System\n\n\n\nThe ISO\/IEC 42001 Lead Implementer training course provides the participants with the essential competencies needed to effectively plan, implement, manage, monitor, maintain, and continually<\/p><\/div><span class='evcal_evdata_icons'><i class='fa fa-align-justify'><\/i><\/span>    <div class=\"evcal_evdata_cell \">\n        <div class=\"eventon_full_description\">\n            <h3 class=\"padb5 evo_h3\"><span class='evcal_evdata_icons'><i class='fa fa-align-justify'><\/i><\/span>Event Details<\/h3>\n            <div class=\"eventon_desc_in\" itemprop=\"description\">\n                <p><strong>Get certified for Artificial Intelligence Management System<\/strong><\/p>\n<p>The ISO\/IEC 42001 Lead Implementer training course provides the participants with the essential competencies needed to effectively plan, implement, manage, monitor, maintain, and continually improve an artificial intelligence management system (AIMS).&nbsp;&nbsp;<\/p>\n<p><a href=\"https:\/\/actagis.ch\/actagis-academy\/iso-certification-training-courses\/iso-42001\/\">Click for full course description<\/a><\/p>\n<p><a href=\"https:\/\/actagis.ch\/fr\/actagis-academy\/iso-formation-certifiantes\/iso-42001\/\">Cliquez pour la description en fran\u00e7ais<\/a><\/p><\/p>\n            <\/div>\n            <div class='clear'><\/div>        <\/div>\n    <\/div>\n<\/div><\/div><\/div><!-- row close --><div class='evocard_row'><div id='event_time' class='evocard_box time' data-c='' \n\t\t\t\t\tstyle=''><div class='evo_metarow_time evorow evcal_evdata_row evcal_evrow_sm '>\n\t\t<span class='evcal_evdata_icons'><i class='fa fa-clock-o'><\/i><\/span>\n\t\t<div class='evcal_evdata_cell'>\t\t\t\t\t\t\t\n\t\t\t<h3 class='evo_h3'><span class='evcal_evdata_icons'><i class='fa fa-clock-o'><\/i><\/span>Horaire<\/h3><div><span class='evo_eventcard_time_t evogap5 evofxww'><span class=\"start\">mai 11 (lundi) 09:00<\/span> <span class=\"stime\">9:00am<\/span> - <span class='end'>mai 14 (jeudi) 16:30<\/span> <span class='etime'>4:30pm<\/span><\/span><span class='evo_tz marr5'>(GMT+02:00)<\/span><\/div>\n\t\t<\/div>\n\t<\/div><\/div><\/div><!-- row close --><div class='evocard_row'><div id='event_location' class='evocard_box location' data-c='' \n\t\t\t\t\tstyle=''><div class='evcal_evdata_row evo_metarow_time_location evorow '>\n\t\t\n\t\t\t<span class='evcal_evdata_icons'><i class='fa fa-map-marker'><\/i><\/span>\n\t\t\t<div class='evcal_evdata_cell' data-loc_tax_id='50'><h3 class='evo_h3 evodfx'><span class='evcal_evdata_icons'><i class='fa fa-map-marker'><\/i><\/span>Lieu<\/h3><p class='evo_location_name'>Lausanne<\/p><p class='evo_location_address evodfxi evogap10'>Ch. de la Fontaine 2, Paudex<\/p><\/div>\n\t\t\n\t<\/div><\/div><\/div><!-- row close --><div class='evocard_row'><div id='event_evorsvp' class='evocard_box evorsvp' data-c='' \n\t\t\t\t\tstyle=''><div class='evorow evcal_evdata_row evcal_evrow_sm evo_metarow_rsvp' ><div class='evors_jdata' data-j='{\"etitle\":\"ISO 42001 LI\",\"e_id\":69404,\"repeat_interval\":0,\"cap\":\"nocap\",\"true_cap\":\"nocap\",\"precap\":\"na\",\"uid\":\"na\",\"prefill\":false,\"lang\":\"L1\",\"incard\":\"no\",\"form_style\":\"def\",\"rsvpid\":null,\"rsvp\":null}'><\/div><span class='evcal_evdata_icons'><i class='fa fa-envelope'><\/i><\/span><div class='evcal_evdata_cell'>\r\n\t\t\t\t\t\t\t\t<h3 class='evo_h3'>RSVP to This Event<\/h3><div class='evors_eventcard_content'><div class='evors_section evors_subtext evomarb10'><p class='evo_data_val'>Pensez \u00e0 r\u00e9server assez t\u00f4t.<\/p><\/div><div class='evors_section evors_user_text '><p>Nous vous contacterons rapidement<\/p><\/div><div class='evoRS_status_option_selection evors_section sec_shade evodfx evofx_dr_r evofxww evogap10 evofxaic evofxjcsb'><div class=''><p class='evors_rsvp_choices_title' style='margin-right:20px;'>RSVP Now<\/p><\/div><p class='evors_rsvp_choices sin'><span class='evors_rsvp_select_box evofxww evogap10'><span data-val='y' class='evors_choices '>Request information<\/span><\/span><\/p><\/div>\t\t\t\t\t<div class=\"evors_incard_form\"><\/div>\r\n\r\n\t\t\t\t\t\r\n\t\t\t\t\t<div class='evors_information'><div class='evors_attendance_count_data evors_stat_data fx_ai_c'><div class='evors_section evors_remaining_spots sec_shade'><p class='evors_nocap_spaceleft remaining_count'><em class='space'>Open<\/em>Spaces Still Available<\/p><\/div><\/div><\/div><\/div><\/div><\/div><\/div><\/div><!-- row close --><div class='evocard_row'><div id='event_evosocial' class='evocard_box evosocial' data-c='' \n\t\t\t\t\tstyle=''><div class='evo_metarow_socialmedia evcal_evdata_row '><div class='evo_sm FacebookShare'><a class=\" evo_ss\" target=\"_blank\" onclick=\"javascript:window.open(this.href, '', 'left=50,top=50,width=600,height=350,toolbar=0');return false;\"\r\n\t\t\t\t\t\thref=\"\/\/www.facebook.com\/sharer.php?u=https%3A%2F%2Factagis.ch%2Ffr%2Fevents%2Fiso-42001-li-10%2Fvar%2Fri-0.l-L2\" title=\"Share on facebook\"><i class=\"fa fab fa-facebook\"><\/i><\/a><\/div><div class='evo_sm LinkedIn'><a class=\"li evo_ss\" href=\"\/\/www.linkedin.com\/shareArticle?mini=true&url=https%3A%2F%2Factagis.ch%2Ffr%2Fevents%2Fiso-42001-li-10%2Fvar%2Fri-0.l-L2&title=ISO%2042001%20LI&summary=Get+certified+for+Artificial+Intelligence+Management+System%0A%0A%0A%0AThe+ISO%2FIEC+42001+Lead+Implementer+training+course+provides+the+participants\" target=\"_blank\" title=\"Share on Linkedin\"><i class=\"fa fab fa-linkedin\"><\/i><\/a><\/div><div class='evo_sm EmailShare'><a class=\"em evo_ss\" href=\"mailto:?subject=ISO%2042001%20LI&body=Event Name: ISO%2042001%20LI%0AEvent Date: 11 Mai 2026 9h00 - 14 Mai 2026 16h30%0ALink: https%3A%2F%2Factagis.ch%2Ffr%2Fevents%2Fiso-42001-li-10%2Fvar%2Fri-0.l-L2%0A\" target=\"_blank\"><i class=\"fa fa-envelope\"><\/i><\/a><\/div><\/div><\/div><\/div><!-- row close --><button class='evo_card_row_end evcal_close' title='Close'><\/button><\/div><div class='clear end'><\/div><\/div><div id=\"event_69394_0\" class=\"eventon_list_event evo_eventtop scheduled  event clrD event_69394_0\" data-event_id=\"69394\" data-ri=\"0r\" data-time=\"1780383600-1780669800\" data-colr=\"#0070bb\" itemscope itemtype='http:\/\/schema.org\/Event'><div class=\"evo_event_schema\" style=\"display:none\" ><a itemprop='url'  href='https:\/\/actagis.ch\/fr\/events\/iso-31000-lead-risk-manager-46\/var\/ri-0.l-L2'><\/a><meta itemprop='image' content=\"https:\/\/actagis.ch\/wp-content\/uploads\/2019\/09\/guaranteed-date2.png\" \/><meta itemprop='startDate' content=\"2026-6-2T09:00+2:00\" \/><meta itemprop='endDate' content=\"2026-6-5T16:30+2:00\" \/><meta itemprop='eventStatus' content=\"https:\/\/schema.org\/EventScheduled\" \/><meta itemprop='eventAttendanceMode'   itemscope itemtype=\"https:\/\/schema.org\/OfflineEventAttendanceMode\"\/><div style=\"display:none\" itemprop=\"location\" itemscope itemtype=\"http:\/\/schema.org\/Place\"><span itemprop=\"name\">Lausanne<\/span><span itemprop=\"address\" itemscope itemtype=\"http:\/\/schema.org\/PostalAddress\"><item itemprop=\"streetAddress\">Ch. de la Fontaine 2, Paudex<\/item><\/span><\/div><script type=\"application\/ld+json\">{\"@context\": \"http:\/\/schema.org\",\"@type\": \"Event\",\n\t\t\t\t\"@id\": \"event_69394_0\",\n\t\t\t\t\"eventAttendanceMode\":\"https:\/\/schema.org\/OfflineEventAttendanceMode\",\n\t\t\t\t\"eventStatus\":\"https:\/\/schema.org\/EventScheduled\",\n\t\t\t\t\"name\": \"ISO 31000 Lead Risk Manager\",\n\t\t\t\t\"url\": \"https:\/\/actagis.ch\/fr\/events\/iso-31000-lead-risk-manager-46\/var\/ri-0.l-L2\",\n\t\t\t\t\"startDate\": \"2026-6-2T09:00+2:00\",\n\t\t\t\t\"endDate\": \"2026-6-5T16:30+2:00\",\n\t\t\t\t\"image\":\"https:\/\/actagis.ch\/wp-content\/uploads\/2019\/09\/guaranteed-date2.png\", \n\t\t\t\t\"description\":\" <p id='block-fcb636ba-a9cd-442c-8c2f-b704448baae8'><strong>Get certified in Risk Management<\/strong><\/p>    <p id='block-4760af23-7f48-49c9-a062-228c1cffe2a2'>This four-day intensive course qualifies participants to develop the necessary expertise and knowledge to support an organization in implementing a risk management process as specified in ISO 31000.<\/p>    <p id='block-5b92568a-0e7e-46b5-915c-b94ade6f7f61'><a href='\/?page_id=26527'>Click for full course description<\/a><\/p>    <p id='block-3abe9f4b-88dd-4f05-81ff-5d24e1170e89'><a href='https:\/\/actagis.ch\/fr\/actagis-academy\/iso-formation-certifiantes\/iso-31000\/'>Cliquez pour la description en fran\u00e7ais<\/a><\/p>    <p><\/p> \",\"location\":[{\"@type\":\"Place\",\"name\":\"Lausanne\",\"address\":{\"@type\": \"PostalAddress\",\"streetAddress\":\"Ch. de la Fontaine 2, Paudex\"}}]}<\/script><\/div>\r\n\t\t\t\t<p class=\"desc_trig_outter\" style=\"\"><a data-gmap_status=\"null\" data-exlk=\"0\" style=\"border-color: #0070bb;\" id=\"evc_178038360069394\" href=\"#\" class=\"hasFtIMG desc_trig featured_event 1 mul_val evcal_list_a\" data-ux_val=\"1\" data-ux_val_mob=\"-\"  ><span class='evoet_in'><span class='evoet_c1 evoet_cx '><span class='evoet_cy ev_ftImg evotrans imgFxdef' data-img='https:\/\/actagis.ch\/wp-content\/uploads\/2019\/09\/guaranteed-date2.png' data-thumb='https:\/\/actagis.ch\/wp-content\/uploads\/2019\/09\/guaranteed-date2-300x90.png' style='background-image:url(\"https:\/\/actagis.ch\/wp-content\/uploads\/2019\/09\/guaranteed-date2-300x90.png\")' ><\/span><\/span><span class='evoet_c2 evoet_cx '><span class='evoet_dayblock evcal_cblock ' data-bgcolor='#0070bb' data-smon='juin' data-syr='2026' data-bub=''><span class='evo_start  evofxdrc'><em class='date'>02<\/em><em class='month'>juin<\/em><em class='time'><i t=\"y\">(juin 2)<\/i>9h00<\/em><\/span><span class='evo_end  evofxdrc'><em class='date'>05<\/em><em class='time'><i t=\"y\">(juin 5)<\/i>16h30<\/em><\/span><\/span><\/span><span class='evoet_c3 evoet_cx evcal_desc hide_eventtopdata '><span class='evoet_title evcal_desc2 evcal_event_title ' itemprop='name'>ISO 31000 Lead Risk Manager<\/span><span class='event_location_attrs evodni'  data-location_address=\"Ch. de la Fontaine 2, Paudex\" data-location_type=\"lonlat\" data-location_name=\"Lausanne\" data-location_url=\"https:\/\/actagis.ch\/event-location\/lausanne\/\" data-location_status=\"true\" data-locid=\"50\" data-latlng=\"46.5062801,6.6717238\"><\/span><span class='evoet_cy evoet_subtitle evo_below_title' ><span class='evcal_event_subtitle ' >IN-CLASSROOM - Lausanne-Switzerland \/ ONLINE - Live Interactive<\/span><\/span><\/span><\/span><span class='evoet_data' style='display:none' data-d=\"{&quot;loc.n&quot;:&quot;Lausanne&quot;,&quot;orgs&quot;:[],&quot;tags&quot;:{&quot;featured&quot;:&quot;Featured&quot;}}\" data-bgc=\"#0070bb\" data-bggrad=\"\" ><\/span><\/a><\/p><div class='event_description evcal_eventcard ' style=\"display:none\"><div class='evocard_row'><div id='event_ftimage' class='evocard_box ftimage' data-c='' \n\t\t\t\t\tstyle=''><div class='evocard_main_image_hold' data-t='Loading Image..'><div class='evocard_main_image evo_img_triglb evocd_img_full evobr15 evobgsc evobgpc evodfx evofx_jc_c evofx_ai_c evofz48 full' style='height:50px; background-image:url();' data-f=\"https:\/\/actagis.ch\/wp-content\/uploads\/2019\/09\/guaranteed-date2.png\" data-h=\"150\" data-w=\"500\" data-ratio=\"0.3\" data-event_id=\"69394\" data-ri=\"0\"  data-t='Loading Image..'><span style='height:50px; background-image:url(https:\/\/actagis.ch\/wp-content\/uploads\/2019\/09\/guaranteed-date2.png)'><\/span><\/div><\/div><\/div><\/div><!-- row close --><div class='evocard_row'><div id='event_eventdetails' class='evocard_box eventdetails' data-c='' \n\t\t\t\t\tstyle=''><div class=\"evo_metarow_details evorow evcal_evdata_row evcal_event_details\">\n    <div class=\"event_excerpt\" style=\"display:none\"><h3 class=\"padb5 evo_h3\">Event Details<\/h3><p>Get certified in Risk Management\n\n\n\nThis four-day intensive course qualifies participants to develop the necessary expertise and knowledge to support an organization in implementing a risk management process as<\/p><\/div><span class='evcal_evdata_icons'><i class='fa fa-align-justify'><\/i><\/span>    <div class=\"evcal_evdata_cell \">\n        <div class=\"eventon_full_description\">\n            <h3 class=\"padb5 evo_h3\"><span class='evcal_evdata_icons'><i class='fa fa-align-justify'><\/i><\/span>Event Details<\/h3>\n            <div class=\"eventon_desc_in\" itemprop=\"description\">\n                <p id=\"block-fcb636ba-a9cd-442c-8c2f-b704448baae8\"><strong>Get certified in Risk Management<\/strong><\/p>\n<p id=\"block-4760af23-7f48-49c9-a062-228c1cffe2a2\">This four-day intensive course qualifies participants to develop the necessary expertise and knowledge to support an organization in implementing a risk management process as specified in ISO 31000.<\/p>\n<p id=\"block-5b92568a-0e7e-46b5-915c-b94ade6f7f61\"><a href=\"\/?page_id=26527\">Click for full course description<\/a><\/p>\n<p id=\"block-3abe9f4b-88dd-4f05-81ff-5d24e1170e89\"><a href=\"https:\/\/actagis.ch\/fr\/actagis-academy\/iso-formation-certifiantes\/iso-31000\/\">Cliquez pour la description en fran\u00e7ais<\/a><\/p><\/p>\n            <\/div>\n            <div class='clear'><\/div>        <\/div>\n    <\/div>\n<\/div><\/div><\/div><!-- row close --><div class='evocard_row'><div id='event_time' class='evocard_box time' data-c='' \n\t\t\t\t\tstyle=''><div class='evo_metarow_time evorow evcal_evdata_row evcal_evrow_sm '>\n\t\t<span class='evcal_evdata_icons'><i class='fa fa-clock-o'><\/i><\/span>\n\t\t<div class='evcal_evdata_cell'>\t\t\t\t\t\t\t\n\t\t\t<h3 class='evo_h3'><span class='evcal_evdata_icons'><i class='fa fa-clock-o'><\/i><\/span>Horaire<\/h3><div><span class='evo_eventcard_time_t evogap5 evofxww'><span class=\"start\">juin 2 (mardi) 09:00<\/span> <span class=\"stime\">9:00am<\/span> - <span class='end'>juin 5 (vendredi) 16:30<\/span> <span class='etime'>4:30pm<\/span><\/span><span class='evo_tz marr5'>(GMT+02:00)<\/span><\/div>\n\t\t<\/div>\n\t<\/div><\/div><\/div><!-- row close --><div class='evocard_row'><div id='event_location' class='evocard_box location' data-c='' \n\t\t\t\t\tstyle=''><div class='evcal_evdata_row evo_metarow_time_location evorow '>\n\t\t\n\t\t\t<span class='evcal_evdata_icons'><i class='fa fa-map-marker'><\/i><\/span>\n\t\t\t<div class='evcal_evdata_cell' data-loc_tax_id='50'><h3 class='evo_h3 evodfx'><span class='evcal_evdata_icons'><i class='fa fa-map-marker'><\/i><\/span>Lieu<\/h3><p class='evo_location_name'>Lausanne<\/p><p class='evo_location_address evodfxi evogap10'>Ch. de la Fontaine 2, Paudex<\/p><\/div>\n\t\t\n\t<\/div><\/div><\/div><!-- row close --><div class='evocard_row'><div id='event_evorsvp' class='evocard_box evorsvp' data-c='' \n\t\t\t\t\tstyle=''><div class='evorow evcal_evdata_row evcal_evrow_sm evo_metarow_rsvp' ><div class='evors_jdata' data-j='{\"etitle\":\"ISO 31000 Lead Risk Manager\",\"e_id\":69394,\"repeat_interval\":0,\"cap\":\"nocap\",\"true_cap\":\"nocap\",\"precap\":\"na\",\"uid\":\"na\",\"prefill\":false,\"lang\":\"L1\",\"incard\":\"no\",\"form_style\":\"def\",\"rsvpid\":null,\"rsvp\":null}'><\/div><span class='evcal_evdata_icons'><i class='fa fa-envelope'><\/i><\/span><div class='evcal_evdata_cell'>\r\n\t\t\t\t\t\t\t\t<h3 class='evo_h3'>RSVP to This Event<\/h3><div class='evors_eventcard_content'><div class='evors_section evors_subtext evomarb10'><p class='evo_data_val'>Pensez \u00e0 r\u00e9server assez t\u00f4t.<\/p><\/div><div class='evors_section evors_user_text '><p>Nous vous contacterons rapidement<\/p><\/div><div class='evoRS_status_option_selection evors_section sec_shade evodfx evofx_dr_r evofxww evogap10 evofxaic evofxjcsb'><div class=''><p class='evors_rsvp_choices_title' style='margin-right:20px;'>RSVP Now<\/p><\/div><p class='evors_rsvp_choices sin'><span class='evors_rsvp_select_box evofxww evogap10'><span data-val='y' class='evors_choices '>Request information<\/span><\/span><\/p><\/div>\t\t\t\t\t<div class=\"evors_incard_form\"><\/div>\r\n\r\n\t\t\t\t\t\r\n\t\t\t\t\t<div class='evors_information'><div class='evors_attendance_count_data evors_stat_data fx_ai_c'><div class='evors_section evors_remaining_spots sec_shade'><p class='evors_nocap_spaceleft remaining_count'><em class='space'>Open<\/em>Spaces Still Available<\/p><\/div><\/div><\/div><\/div><\/div><\/div><\/div><\/div><!-- row close --><div class='evocard_row'><div id='event_evosocial' class='evocard_box evosocial' data-c='' \n\t\t\t\t\tstyle=''><div class='evo_metarow_socialmedia evcal_evdata_row '><div class='evo_sm FacebookShare'><a class=\" evo_ss\" target=\"_blank\" onclick=\"javascript:window.open(this.href, '', 'left=50,top=50,width=600,height=350,toolbar=0');return false;\"\r\n\t\t\t\t\t\thref=\"\/\/www.facebook.com\/sharer.php?u=https%3A%2F%2Factagis.ch%2Ffr%2Fevents%2Fiso-31000-lead-risk-manager-46%2Fvar%2Fri-0.l-L2\" title=\"Share on facebook\"><i class=\"fa fab fa-facebook\"><\/i><\/a><\/div><div class='evo_sm LinkedIn'><a class=\"li evo_ss\" href=\"\/\/www.linkedin.com\/shareArticle?mini=true&url=https%3A%2F%2Factagis.ch%2Ffr%2Fevents%2Fiso-31000-lead-risk-manager-46%2Fvar%2Fri-0.l-L2&title=ISO%2031000%20Lead%20Risk%20Manager&summary=Get+certified+in+Risk+Management%0A%0A%0A%0AThis+four-day+intensive+course+qualifies+participants+to+develop+the+necessary\" target=\"_blank\" title=\"Share on Linkedin\"><i class=\"fa fab fa-linkedin\"><\/i><\/a><\/div><div class='evo_sm EmailShare'><a class=\"em evo_ss\" href=\"mailto:?subject=ISO%2031000%20Lead%20Risk%20Manager&body=Event Name: ISO%2031000%20Lead%20Risk%20Manager%0AEvent Date: 2 Juin 2026 9h00 - 5 Juin 2026 16h30%0ALink: https%3A%2F%2Factagis.ch%2Ffr%2Fevents%2Fiso-31000-lead-risk-manager-46%2Fvar%2Fri-0.l-L2%0A\" target=\"_blank\"><i class=\"fa fa-envelope\"><\/i><\/a><\/div><\/div><\/div><\/div><!-- row close --><button class='evo_card_row_end evcal_close' title='Close'><\/button><\/div><div class='clear end'><\/div><\/div><div id=\"event_69353_0\" class=\"eventon_list_event evo_eventtop scheduled  event clrD event_69353_0\" data-event_id=\"69353\" data-ri=\"0r\" data-time=\"1780988400-1781274600\" data-colr=\"#0070bb\" itemscope itemtype='http:\/\/schema.org\/Event'><div class=\"evo_event_schema\" style=\"display:none\" ><a itemprop='url'  href='https:\/\/actagis.ch\/fr\/events\/iso-27001-li-71\/var\/ri-0.l-L2'><\/a><meta itemprop='image' content=\"https:\/\/actagis.ch\/wp-content\/uploads\/2019\/09\/guaranteed-date2.png\" \/><meta itemprop='startDate' content=\"2026-6-9T09:00+2:00\" \/><meta itemprop='endDate' content=\"2026-6-12T16:30+2:00\" \/><meta itemprop='eventStatus' content=\"https:\/\/schema.org\/EventScheduled\" \/><meta itemprop='eventAttendanceMode'   itemscope itemtype=\"https:\/\/schema.org\/OfflineEventAttendanceMode\"\/><div style=\"display:none\" itemprop=\"location\" itemscope itemtype=\"http:\/\/schema.org\/Place\"><span itemprop=\"name\">Geneva \/ Lausanne - Switzerland<\/span><span itemprop=\"address\" itemscope itemtype=\"http:\/\/schema.org\/PostalAddress\"><item itemprop=\"streetAddress\">Geneva<\/item><\/span><\/div><script type=\"application\/ld+json\">{\"@context\": \"http:\/\/schema.org\",\"@type\": \"Event\",\n\t\t\t\t\"@id\": \"event_69353_0\",\n\t\t\t\t\"eventAttendanceMode\":\"https:\/\/schema.org\/OfflineEventAttendanceMode\",\n\t\t\t\t\"eventStatus\":\"https:\/\/schema.org\/EventScheduled\",\n\t\t\t\t\"name\": \"ISO 27001 LI\",\n\t\t\t\t\"url\": \"https:\/\/actagis.ch\/fr\/events\/iso-27001-li-71\/var\/ri-0.l-L2\",\n\t\t\t\t\"startDate\": \"2026-6-9T09:00+2:00\",\n\t\t\t\t\"endDate\": \"2026-6-12T16:30+2:00\",\n\t\t\t\t\"image\":\"https:\/\/actagis.ch\/wp-content\/uploads\/2019\/09\/guaranteed-date2.png\", \n\t\t\t\t\"description\":\" <p id='block-6c1b110b-77ff-44bb-bb9f-434c291aa0a7'><strong>Get certified as Lead Implementor for Information Security.<\/strong><\/p>    <p id='block-92e75eaf-7a1a-4309-b183-d05dde85d3c1'>This four-day intensive course enables participants to develop the necessary expertise to support an organization in implementing and managing an Information Security Management System (ISMS) based on ISO\/IEC 27001.&nbsp;<\/p>    <p id='block-c34d5562-32ce-4f4e-b43a-1e480b8c6658'><a href='https:\/\/actagis.ch\/actagis-academy\/iso-certification-training-courses\/iso-27001\/'>Click for full course description<\/a><\/p>    <p id='block-148d9d9c-77da-4506-8ce0-b437fab6c190'><a href='https:\/\/actagis.ch\/fr\/actagis-academy\/iso-formation-certifiantes\/iso-27001\/'>Cliquez pour la description en fran\u00e7ais<\/a><\/p> \",\"location\":[{\"@type\":\"Place\",\"name\":\"Geneva \/ Lausanne - Switzerland\",\"address\":{\"@type\": \"PostalAddress\",\"streetAddress\":\"Geneva\"}}]}<\/script><\/div>\r\n\t\t\t\t<p class=\"desc_trig_outter\" style=\"\"><a data-gmap_status=\"null\" data-exlk=\"0\" style=\"border-color: #0070bb;\" id=\"evc_178098840069353\" href=\"#\" class=\"hasFtIMG desc_trig featured_event 1 mul_val evcal_list_a\" data-ux_val=\"1\" data-ux_val_mob=\"-\"  ><span class='evoet_in'><span class='evoet_c1 evoet_cx '><span class='evoet_cy ev_ftImg evotrans imgFxdef' data-img='https:\/\/actagis.ch\/wp-content\/uploads\/2019\/09\/guaranteed-date2.png' data-thumb='https:\/\/actagis.ch\/wp-content\/uploads\/2019\/09\/guaranteed-date2-300x90.png' style='background-image:url(\"https:\/\/actagis.ch\/wp-content\/uploads\/2019\/09\/guaranteed-date2-300x90.png\")' ><\/span><\/span><span class='evoet_c2 evoet_cx '><span class='evoet_dayblock evcal_cblock ' data-bgcolor='#0070bb' data-smon='juin' data-syr='2026' data-bub=''><span class='evo_start  evofxdrc'><em class='date'>09<\/em><em class='month'>juin<\/em><em class='time'><i t=\"y\">(juin 9)<\/i>9h00<\/em><\/span><span class='evo_end  evofxdrc'><em class='date'>12<\/em><em class='time'><i t=\"y\">(juin 12)<\/i>16h30<\/em><\/span><\/span><\/span><span class='evoet_c3 evoet_cx evcal_desc hide_eventtopdata '><span class='evoet_title evcal_desc2 evcal_event_title ' itemprop='name'>ISO 27001 LI<\/span><span class='event_location_attrs evodni'  data-location_address=\"Geneva\" data-location_type=\"lonlat\" data-location_name=\"Geneva \/ Lausanne - Switzerland\" data-location_url=\"https:\/\/actagis.ch\/event-location\/geneva-lausanne-switzerland\/\" data-location_status=\"true\" data-locid=\"51\" data-latlng=\"46.2043907,6.1431577\"><\/span><span class='evoet_cy evoet_subtitle evo_below_title' ><span class='evcal_event_subtitle ' >IN-CLASSROOM - Geneva \/ Lausanne-Switzerland \/ ONLINE - Live Interactive<\/span><\/span><\/span><\/span><span class='evoet_data' style='display:none' data-d=\"{&quot;loc.n&quot;:&quot;Geneva \\\/ Lausanne - Switzerland&quot;,&quot;orgs&quot;:[],&quot;tags&quot;:{&quot;featured&quot;:&quot;Featured&quot;}}\" data-bgc=\"#0070bb\" data-bggrad=\"\" ><\/span><\/a><\/p><div class='event_description evcal_eventcard ' style=\"display:none\"><div class='evocard_row'><div id='event_ftimage' class='evocard_box ftimage' data-c='' \n\t\t\t\t\tstyle=''><div class='evocard_main_image_hold' data-t='Loading Image..'><div class='evocard_main_image evo_img_triglb evocd_img_full evobr15 evobgsc evobgpc evodfx evofx_jc_c evofx_ai_c evofz48 full' style='height:50px; background-image:url();' data-f=\"https:\/\/actagis.ch\/wp-content\/uploads\/2019\/09\/guaranteed-date2.png\" data-h=\"150\" data-w=\"500\" data-ratio=\"0.3\" data-event_id=\"69353\" data-ri=\"0\"  data-t='Loading Image..'><span style='height:50px; background-image:url(https:\/\/actagis.ch\/wp-content\/uploads\/2019\/09\/guaranteed-date2.png)'><\/span><\/div><\/div><\/div><\/div><!-- row close --><div class='evocard_row'><div id='event_eventdetails' class='evocard_box eventdetails' data-c='' \n\t\t\t\t\tstyle=''><div class=\"evo_metarow_details evorow evcal_evdata_row evcal_event_details\">\n    <div class=\"event_excerpt\" style=\"display:none\"><h3 class=\"padb5 evo_h3\">Event Details<\/h3><p>Get certified as Lead Implementor for Information Security.\n\n\n\nThis four-day intensive course enables participants to develop the necessary expertise to support an organization in implementing and managing an Information<\/p><\/div><span class='evcal_evdata_icons'><i class='fa fa-align-justify'><\/i><\/span>    <div class=\"evcal_evdata_cell \">\n        <div class=\"eventon_full_description\">\n            <h3 class=\"padb5 evo_h3\"><span class='evcal_evdata_icons'><i class='fa fa-align-justify'><\/i><\/span>Event Details<\/h3>\n            <div class=\"eventon_desc_in\" itemprop=\"description\">\n                <p id=\"block-6c1b110b-77ff-44bb-bb9f-434c291aa0a7\"><strong>Get certified as Lead Implementor for Information Security.<\/strong><\/p>\n<p id=\"block-92e75eaf-7a1a-4309-b183-d05dde85d3c1\">This four-day intensive course enables participants to develop the necessary expertise to support an organization in implementing and managing an Information Security Management System (ISMS) based on ISO\/IEC 27001.&nbsp;<\/p>\n<p id=\"block-c34d5562-32ce-4f4e-b43a-1e480b8c6658\"><a href=\"https:\/\/actagis.ch\/actagis-academy\/iso-certification-training-courses\/iso-27001\/\">Click for full course description<\/a><\/p>\n<p id=\"block-148d9d9c-77da-4506-8ce0-b437fab6c190\"><a href=\"https:\/\/actagis.ch\/fr\/actagis-academy\/iso-formation-certifiantes\/iso-27001\/\">Cliquez pour la description en fran\u00e7ais<\/a><\/p>\n            <\/div>\n            <div class='clear'><\/div>        <\/div>\n    <\/div>\n<\/div><\/div><\/div><!-- row close --><div class='evocard_row'><div id='event_time' class='evocard_box time' data-c='' \n\t\t\t\t\tstyle=''><div class='evo_metarow_time evorow evcal_evdata_row evcal_evrow_sm '>\n\t\t<span class='evcal_evdata_icons'><i class='fa fa-clock-o'><\/i><\/span>\n\t\t<div class='evcal_evdata_cell'>\t\t\t\t\t\t\t\n\t\t\t<h3 class='evo_h3'><span class='evcal_evdata_icons'><i class='fa fa-clock-o'><\/i><\/span>Horaire<\/h3><div><span class='evo_eventcard_time_t evogap5 evofxww'><span class=\"start\">juin 9 (mardi) 09:00<\/span> <span class=\"stime\">9:00am<\/span> - <span class='end'>juin 12 (vendredi) 16:30<\/span> <span class='etime'>4:30pm<\/span><\/span><span class='evo_tz marr5'>(GMT+02:00)<\/span><\/div>\n\t\t<\/div>\n\t<\/div><\/div><\/div><!-- row close --><div class='evocard_row'><div id='event_location' class='evocard_box location' data-c='' \n\t\t\t\t\tstyle=''><div class='evcal_evdata_row evo_metarow_time_location evorow '>\n\t\t\n\t\t\t<span class='evcal_evdata_icons'><i class='fa fa-map-marker'><\/i><\/span>\n\t\t\t<div class='evcal_evdata_cell' data-loc_tax_id='51'><h3 class='evo_h3 evodfx'><span class='evcal_evdata_icons'><i class='fa fa-map-marker'><\/i><\/span>Lieu<\/h3><p class='evo_location_name'>Geneva \/ Lausanne - Switzerland<\/p><p class='evo_location_address evodfxi evogap10'>Geneva<\/p><\/div>\n\t\t\n\t<\/div><\/div><\/div><!-- row close --><div class='evocard_row'><div id='event_evorsvp' class='evocard_box evorsvp' data-c='' \n\t\t\t\t\tstyle=''><div class='evorow evcal_evdata_row evcal_evrow_sm evo_metarow_rsvp' ><div class='evors_jdata' data-j='{\"etitle\":\"ISO 27001 LI\",\"e_id\":69353,\"repeat_interval\":0,\"cap\":\"nocap\",\"true_cap\":\"nocap\",\"precap\":\"na\",\"uid\":\"na\",\"prefill\":false,\"lang\":\"L1\",\"incard\":\"no\",\"form_style\":\"def\",\"rsvpid\":null,\"rsvp\":null}'><\/div><span class='evcal_evdata_icons'><i class='fa fa-envelope'><\/i><\/span><div class='evcal_evdata_cell'>\r\n\t\t\t\t\t\t\t\t<h3 class='evo_h3'>RSVP to This Event<\/h3><div class='evors_eventcard_content'><div class='evors_section evors_subtext evomarb10'><p class='evo_data_val'>Pensez \u00e0 r\u00e9server assez t\u00f4t.<\/p><\/div><div class='evors_section evors_user_text '><p>Nous vous contacterons rapidement<\/p><\/div><div class='evoRS_status_option_selection evors_section sec_shade evodfx evofx_dr_r evofxww evogap10 evofxaic evofxjcsb'><div class=''><p class='evors_rsvp_choices_title' style='margin-right:20px;'>RSVP Now<\/p><\/div><p class='evors_rsvp_choices sin'><span class='evors_rsvp_select_box evofxww evogap10'><span data-val='y' class='evors_choices '>Request information<\/span><\/span><\/p><\/div>\t\t\t\t\t<div class=\"evors_incard_form\"><\/div>\r\n\r\n\t\t\t\t\t\r\n\t\t\t\t\t<div class='evors_information'><div class='evors_attendance_count_data evors_stat_data fx_ai_c'><div class='evors_section evors_remaining_spots sec_shade'><p class='evors_nocap_spaceleft remaining_count'><em class='space'>Open<\/em>Spaces Still Available<\/p><\/div><\/div><\/div><\/div><\/div><\/div><\/div><\/div><!-- row close --><div class='evocard_row'><div id='event_evosocial' class='evocard_box evosocial' data-c='' \n\t\t\t\t\tstyle=''><div class='evo_metarow_socialmedia evcal_evdata_row '><div class='evo_sm FacebookShare'><a class=\" evo_ss\" target=\"_blank\" onclick=\"javascript:window.open(this.href, '', 'left=50,top=50,width=600,height=350,toolbar=0');return false;\"\r\n\t\t\t\t\t\thref=\"\/\/www.facebook.com\/sharer.php?u=https%3A%2F%2Factagis.ch%2Ffr%2Fevents%2Fiso-27001-li-71%2Fvar%2Fri-0.l-L2\" title=\"Share on facebook\"><i class=\"fa fab fa-facebook\"><\/i><\/a><\/div><div class='evo_sm LinkedIn'><a class=\"li evo_ss\" href=\"\/\/www.linkedin.com\/shareArticle?mini=true&url=https%3A%2F%2Factagis.ch%2Ffr%2Fevents%2Fiso-27001-li-71%2Fvar%2Fri-0.l-L2&title=ISO%2027001%20LI&summary=Get+certified+as+Lead+Implementor+for+Information+Security.%0A%0A%0A%0AThis+four-day+intensive+course+enables+participants+to\" target=\"_blank\" title=\"Share on Linkedin\"><i class=\"fa fab fa-linkedin\"><\/i><\/a><\/div><div class='evo_sm EmailShare'><a class=\"em evo_ss\" href=\"mailto:?subject=ISO%2027001%20LI&body=Event Name: ISO%2027001%20LI%0AEvent Date: 9 Juin 2026 9h00 - 12 Juin 2026 16h30%0ALink: https%3A%2F%2Factagis.ch%2Ffr%2Fevents%2Fiso-27001-li-71%2Fvar%2Fri-0.l-L2%0A\" target=\"_blank\"><i class=\"fa fa-envelope\"><\/i><\/a><\/div><\/div><\/div><\/div><!-- row close --><button class='evo_card_row_end evcal_close' title='Close'><\/button><\/div><div class='clear end'><\/div><\/div><div id=\"event_69370_0\" class=\"eventon_list_event evo_eventtop scheduled  event clrD event_69370_0\" data-event_id=\"69370\" data-ri=\"0r\" data-time=\"1780988400-1781274600\" data-colr=\"#0070bb\" itemscope itemtype='http:\/\/schema.org\/Event'><div class=\"evo_event_schema\" style=\"display:none\" ><a itemprop='url'  href='https:\/\/actagis.ch\/fr\/events\/iso-22301-li-61\/var\/ri-0.l-L2'><\/a><meta itemprop='image'  \/><meta itemprop='startDate' content=\"2026-6-9T09:00+2:00\" \/><meta itemprop='endDate' content=\"2026-6-12T16:30+2:00\" \/><meta itemprop='eventStatus' content=\"https:\/\/schema.org\/EventScheduled\" \/><meta itemprop='eventAttendanceMode'   itemscope itemtype=\"https:\/\/schema.org\/OfflineEventAttendanceMode\"\/><div style=\"display:none\" itemprop=\"location\" itemscope itemtype=\"http:\/\/schema.org\/Place\"><span itemprop=\"name\">Lausanne<\/span><span itemprop=\"address\" itemscope itemtype=\"http:\/\/schema.org\/PostalAddress\"><item itemprop=\"streetAddress\">Ch. de la Fontaine 2, Paudex<\/item><\/span><\/div><script type=\"application\/ld+json\">{\"@context\": \"http:\/\/schema.org\",\"@type\": \"Event\",\n\t\t\t\t\"@id\": \"event_69370_0\",\n\t\t\t\t\"eventAttendanceMode\":\"https:\/\/schema.org\/OfflineEventAttendanceMode\",\n\t\t\t\t\"eventStatus\":\"https:\/\/schema.org\/EventScheduled\",\n\t\t\t\t\"name\": \"ISO 22301 LI\",\n\t\t\t\t\"url\": \"https:\/\/actagis.ch\/fr\/events\/iso-22301-li-61\/var\/ri-0.l-L2\",\n\t\t\t\t\"startDate\": \"2026-6-9T09:00+2:00\",\n\t\t\t\t\"endDate\": \"2026-6-12T16:30+2:00\",\n\t\t\t\t\"image\":\"\", \n\t\t\t\t\"description\":\" <p><strong>Get certified in Business Continuity<\/strong><\/p>    <p>This four-day intensive course enables participants to develop the necessary expertise to support an organization in implementing and managing a Business Continuity Management System (BCMS) based on ISO 22301.&nbsp;<\/p>    <p><a href='https:\/\/actagis.ch\/actagis-academy\/iso-certification-training-courses\/iso-22301\/'>Click for full course description<\/a><\/p>    <p><a href='https:\/\/actagis.ch\/fr\/actagis-academy\/iso-formation-certifiantes\/iso-22301\/'>Cliquez pour la description en fran\u00e7ais<\/a><\/p>    <p><\/p> \",\"location\":[{\"@type\":\"Place\",\"name\":\"Lausanne\",\"address\":{\"@type\": \"PostalAddress\",\"streetAddress\":\"Ch. de la Fontaine 2, Paudex\"}}]}<\/script><\/div>\r\n\t\t\t\t<p class=\"desc_trig_outter\" style=\"\"><a data-gmap_status=\"null\" data-exlk=\"0\" style=\"border-color: #0070bb;\" id=\"evc_178098840069370\" href=\"#\" class=\"desc_trig mul_val evcal_list_a\" data-ux_val=\"1\" data-ux_val_mob=\"-\"  ><span class='evoet_in'><span class='evoet_c2 evoet_cx '><span class='evoet_dayblock evcal_cblock ' data-bgcolor='#0070bb' data-smon='juin' data-syr='2026' data-bub=''><span class='evo_start  evofxdrc'><em class='date'>09<\/em><em class='month'>juin<\/em><em class='time'><i t=\"y\">(juin 9)<\/i>9h00<\/em><\/span><span class='evo_end  evofxdrc'><em class='date'>12<\/em><em class='time'><i t=\"y\">(juin 12)<\/i>16h30<\/em><\/span><\/span><\/span><span class='evoet_c3 evoet_cx evcal_desc hide_eventtopdata '><span class='evoet_title evcal_desc2 evcal_event_title ' itemprop='name'>ISO 22301 LI<\/span><span class='event_location_attrs evodni'  data-location_address=\"Ch. de la Fontaine 2, Paudex\" data-location_type=\"lonlat\" data-location_name=\"Lausanne\" data-location_url=\"https:\/\/actagis.ch\/event-location\/lausanne\/\" data-location_status=\"true\" data-locid=\"50\" data-latlng=\"46.5062801,6.6717238\"><\/span><span class='evoet_cy evoet_subtitle evo_below_title' ><span class='evcal_event_subtitle ' >IN-CLASSROOM - Lausanne-Switzerland \/ ONLINE - Live Interactive<\/span><\/span><\/span><\/span><span class='evoet_data' style='display:none' data-d=\"{&quot;loc.n&quot;:&quot;Lausanne&quot;,&quot;orgs&quot;:[],&quot;tags&quot;:[]}\" data-bgc=\"#0070bb\" data-bggrad=\"\" ><\/span><\/a><\/p><div class='event_description evcal_eventcard ' style=\"display:none\"><div class='evocard_row'><div id='event_eventdetails' class='evocard_box eventdetails' data-c='' \n\t\t\t\t\tstyle=''><div class=\"evo_metarow_details evorow evcal_evdata_row evcal_event_details\">\n    <div class=\"event_excerpt\" style=\"display:none\"><h3 class=\"padb5 evo_h3\">Event Details<\/h3><p>Get certified in Business Continuity\n\n\n\nThis four-day intensive course enables participants to develop the necessary expertise to support an organization in implementing and managing a Business Continuity Management System (BCMS) based<\/p><\/div><span class='evcal_evdata_icons'><i class='fa fa-align-justify'><\/i><\/span>    <div class=\"evcal_evdata_cell \">\n        <div class=\"eventon_full_description\">\n            <h3 class=\"padb5 evo_h3\"><span class='evcal_evdata_icons'><i class='fa fa-align-justify'><\/i><\/span>Event Details<\/h3>\n            <div class=\"eventon_desc_in\" itemprop=\"description\">\n                <p><strong>Get certified in Business Continuity<\/strong><\/p>\n<p>This four-day intensive course enables participants to develop the necessary expertise to support an organization in implementing and managing a Business Continuity Management System (BCMS) based on ISO 22301.&nbsp;<\/p>\n<p><a href=\"https:\/\/actagis.ch\/actagis-academy\/iso-certification-training-courses\/iso-22301\/\">Click for full course description<\/a><\/p>\n<p><a href=\"https:\/\/actagis.ch\/fr\/actagis-academy\/iso-formation-certifiantes\/iso-22301\/\">Cliquez pour la description en fran\u00e7ais<\/a><\/p><\/p>\n            <\/div>\n            <div class='clear'><\/div>        <\/div>\n    <\/div>\n<\/div><\/div><\/div><!-- row close --><div class='evocard_row'><div id='event_time' class='evocard_box time' data-c='' \n\t\t\t\t\tstyle=''><div class='evo_metarow_time evorow evcal_evdata_row evcal_evrow_sm '>\n\t\t<span class='evcal_evdata_icons'><i class='fa fa-clock-o'><\/i><\/span>\n\t\t<div class='evcal_evdata_cell'>\t\t\t\t\t\t\t\n\t\t\t<h3 class='evo_h3'><span class='evcal_evdata_icons'><i class='fa fa-clock-o'><\/i><\/span>Horaire<\/h3><div><span class='evo_eventcard_time_t evogap5 evofxww'><span class=\"start\">juin 9 (mardi) 09:00<\/span> <span class=\"stime\">9:00am<\/span> - <span class='end'>juin 12 (vendredi) 16:30<\/span> <span class='etime'>4:30pm<\/span><\/span><span class='evo_tz marr5'>(GMT+02:00)<\/span><\/div>\n\t\t<\/div>\n\t<\/div><\/div><\/div><!-- row close --><div class='evocard_row'><div id='event_location' class='evocard_box location' data-c='' \n\t\t\t\t\tstyle=''><div class='evcal_evdata_row evo_metarow_time_location evorow '>\n\t\t\n\t\t\t<span class='evcal_evdata_icons'><i class='fa fa-map-marker'><\/i><\/span>\n\t\t\t<div class='evcal_evdata_cell' data-loc_tax_id='50'><h3 class='evo_h3 evodfx'><span class='evcal_evdata_icons'><i class='fa fa-map-marker'><\/i><\/span>Lieu<\/h3><p class='evo_location_name'>Lausanne<\/p><p class='evo_location_address evodfxi evogap10'>Ch. de la Fontaine 2, Paudex<\/p><\/div>\n\t\t\n\t<\/div><\/div><\/div><!-- row close --><div class='evocard_row'><div id='event_evorsvp' class='evocard_box evorsvp' data-c='' \n\t\t\t\t\tstyle=''><div class='evorow evcal_evdata_row evcal_evrow_sm evo_metarow_rsvp' ><div class='evors_jdata' data-j='{\"etitle\":\"ISO 22301 LI\",\"e_id\":69370,\"repeat_interval\":0,\"cap\":\"nocap\",\"true_cap\":\"nocap\",\"precap\":\"na\",\"uid\":\"na\",\"prefill\":false,\"lang\":\"L1\",\"incard\":\"no\",\"form_style\":\"def\",\"rsvpid\":null,\"rsvp\":null}'><\/div><span class='evcal_evdata_icons'><i class='fa fa-envelope'><\/i><\/span><div class='evcal_evdata_cell'>\r\n\t\t\t\t\t\t\t\t<h3 class='evo_h3'>RSVP to This Event<\/h3><div class='evors_eventcard_content'><div class='evors_section evors_subtext evomarb10'><p class='evo_data_val'>Pensez \u00e0 r\u00e9server assez t\u00f4t.<\/p><\/div><div class='evors_section evors_user_text '><p>Nous vous contacterons rapidement<\/p><\/div><div class='evoRS_status_option_selection evors_section sec_shade evodfx evofx_dr_r evofxww evogap10 evofxaic evofxjcsb'><div class=''><p class='evors_rsvp_choices_title' style='margin-right:20px;'>RSVP Now<\/p><\/div><p class='evors_rsvp_choices sin'><span class='evors_rsvp_select_box evofxww evogap10'><span data-val='y' class='evors_choices '>Request information<\/span><\/span><\/p><\/div>\t\t\t\t\t<div class=\"evors_incard_form\"><\/div>\r\n\r\n\t\t\t\t\t\r\n\t\t\t\t\t<div class='evors_information'><div class='evors_attendance_count_data evors_stat_data fx_ai_c'><div class='evors_section evors_remaining_spots sec_shade'><p class='evors_nocap_spaceleft remaining_count'><em class='space'>Open<\/em>Spaces Still Available<\/p><\/div><\/div><\/div><\/div><\/div><\/div><\/div><\/div><!-- row close --><div class='evocard_row'><div id='event_evosocial' class='evocard_box evosocial' data-c='' \n\t\t\t\t\tstyle=''><div class='evo_metarow_socialmedia evcal_evdata_row '><div class='evo_sm FacebookShare'><a class=\" evo_ss\" target=\"_blank\" onclick=\"javascript:window.open(this.href, '', 'left=50,top=50,width=600,height=350,toolbar=0');return false;\"\r\n\t\t\t\t\t\thref=\"\/\/www.facebook.com\/sharer.php?u=https%3A%2F%2Factagis.ch%2Ffr%2Fevents%2Fiso-22301-li-61%2Fvar%2Fri-0.l-L2\" title=\"Share on facebook\"><i class=\"fa fab fa-facebook\"><\/i><\/a><\/div><div class='evo_sm LinkedIn'><a class=\"li evo_ss\" href=\"\/\/www.linkedin.com\/shareArticle?mini=true&url=https%3A%2F%2Factagis.ch%2Ffr%2Fevents%2Fiso-22301-li-61%2Fvar%2Fri-0.l-L2&title=ISO%2022301%20LI&summary=Get+certified+in+Business+Continuity%0A%0A%0A%0AThis+four-day+intensive+course+enables+participants+to+develop+the+necessary+expertise+to\" target=\"_blank\" title=\"Share on Linkedin\"><i class=\"fa fab fa-linkedin\"><\/i><\/a><\/div><div class='evo_sm EmailShare'><a class=\"em evo_ss\" href=\"mailto:?subject=ISO%2022301%20LI&body=Event Name: ISO%2022301%20LI%0AEvent Date: 9 Juin 2026 9h00 - 12 Juin 2026 16h30%0ALink: https%3A%2F%2Factagis.ch%2Ffr%2Fevents%2Fiso-22301-li-61%2Fvar%2Fri-0.l-L2%0A\" target=\"_blank\"><i class=\"fa fa-envelope\"><\/i><\/a><\/div><\/div><\/div><\/div><!-- row close --><button class='evo_card_row_end evcal_close' title='Close'><\/button><\/div><div class='clear end'><\/div><\/div><div id=\"event_69391_0\" class=\"eventon_list_event evo_eventtop scheduled  event clrD event_69391_0\" data-event_id=\"69391\" data-ri=\"0r\" data-time=\"1780988400-1781274600\" data-colr=\"#0070bb\" itemscope itemtype='http:\/\/schema.org\/Event'><div class=\"evo_event_schema\" style=\"display:none\" ><a itemprop='url'  href='https:\/\/actagis.ch\/fr\/events\/cisa-exam-bootcamp-5\/var\/ri-0.l-L2'><\/a><meta itemprop='image'  \/><meta itemprop='startDate' content=\"2026-6-9T09:00+2:00\" \/><meta itemprop='endDate' content=\"2026-6-12T16:30+2:00\" \/><meta itemprop='eventStatus' content=\"https:\/\/schema.org\/EventScheduled\" \/><meta itemprop='eventAttendanceMode'   itemscope itemtype=\"https:\/\/schema.org\/OfflineEventAttendanceMode\"\/><div style=\"display:none\" itemprop=\"location\" itemscope itemtype=\"http:\/\/schema.org\/Place\"><span itemprop=\"name\">Lausanne<\/span><span itemprop=\"address\" itemscope itemtype=\"http:\/\/schema.org\/PostalAddress\"><item itemprop=\"streetAddress\">Ch. de la Fontaine 2, Paudex<\/item><\/span><\/div><script type=\"application\/ld+json\">{\"@context\": \"http:\/\/schema.org\",\"@type\": \"Event\",\n\t\t\t\t\"@id\": \"event_69391_0\",\n\t\t\t\t\"eventAttendanceMode\":\"https:\/\/schema.org\/OfflineEventAttendanceMode\",\n\t\t\t\t\"eventStatus\":\"https:\/\/schema.org\/EventScheduled\",\n\t\t\t\t\"name\": \"CISA - Exam Bootcamp\",\n\t\t\t\t\"url\": \"https:\/\/actagis.ch\/fr\/events\/cisa-exam-bootcamp-5\/var\/ri-0.l-L2\",\n\t\t\t\t\"startDate\": \"2026-6-9T09:00+2:00\",\n\t\t\t\t\"endDate\": \"2026-6-12T16:30+2:00\",\n\t\t\t\t\"image\":\"\", \n\t\t\t\t\"description\":\" <p><strong>Become a Certified Information Systems Auditor.<\/strong><\/p>    <p>CISA is the only globally recognized certification in the fields of IS governance, audit, control and security. It has earned a great reputation internationally for many years, as it sets a high and consistent standard worldwide.<\/p>    <p><a href='https:\/\/actagis.ch\/actagis-academy\/isaca-training-courses\/cisa-certified-information-systems-auditor\/'>Click for full course description<\/a><\/p>    <p><a href='https:\/\/actagis.ch\/fr\/actagis-academy\/isaca-formations\/cisa-certified-information-systems-auditor\/'>Cliquez pour la description en fran\u00e7ais<\/a><\/p>    <p><\/p> \",\"location\":[{\"@type\":\"Place\",\"name\":\"Lausanne\",\"address\":{\"@type\": \"PostalAddress\",\"streetAddress\":\"Ch. de la Fontaine 2, Paudex\"}}]}<\/script><\/div>\r\n\t\t\t\t<p class=\"desc_trig_outter\" style=\"\"><a data-gmap_status=\"null\" data-exlk=\"0\" style=\"border-color: #0070bb;\" id=\"evc_178098840069391\" href=\"#\" class=\"desc_trig mul_val evcal_list_a\" data-ux_val=\"1\" data-ux_val_mob=\"-\"  ><span class='evoet_in'><span class='evoet_c2 evoet_cx '><span class='evoet_dayblock evcal_cblock ' data-bgcolor='#0070bb' data-smon='juin' data-syr='2026' data-bub=''><span class='evo_start  evofxdrc'><em class='date'>09<\/em><em class='month'>juin<\/em><em class='time'><i t=\"y\">(juin 9)<\/i>9h00<\/em><\/span><span class='evo_end  evofxdrc'><em class='date'>12<\/em><em class='time'><i t=\"y\">(juin 12)<\/i>16h30<\/em><\/span><\/span><\/span><span class='evoet_c3 evoet_cx evcal_desc hide_eventtopdata '><span class='evoet_title evcal_desc2 evcal_event_title ' itemprop='name'>CISA - Exam Bootcamp<\/span><span class='event_location_attrs evodni'  data-location_address=\"Ch. de la Fontaine 2, Paudex\" data-location_type=\"lonlat\" data-location_name=\"Lausanne\" data-location_url=\"https:\/\/actagis.ch\/event-location\/lausanne\/\" data-location_status=\"true\" data-locid=\"50\" data-latlng=\"46.5062801,6.6717238\"><\/span><span class='evoet_cy evoet_subtitle evo_below_title' ><span class='evcal_event_subtitle ' >IN-CLASSROOM - Lausanne-Switzerland \/ ONLINE - Live Interactive<\/span><\/span><\/span><\/span><span class='evoet_data' style='display:none' data-d=\"{&quot;loc.n&quot;:&quot;Lausanne&quot;,&quot;orgs&quot;:[],&quot;tags&quot;:[]}\" data-bgc=\"#0070bb\" data-bggrad=\"\" ><\/span><\/a><\/p><div class='event_description evcal_eventcard ' style=\"display:none\"><div class='evocard_row'><div id='event_eventdetails' class='evocard_box eventdetails' data-c='' \n\t\t\t\t\tstyle=''><div class=\"evo_metarow_details evorow evcal_evdata_row evcal_event_details\">\n    <div class=\"event_excerpt\" style=\"display:none\"><h3 class=\"padb5 evo_h3\">Event Details<\/h3><p>Become a Certified Information Systems Auditor.\n\n\n\nCISA is the only globally recognized certification in the fields of IS governance, audit, control and security. It has earned a great reputation internationally for<\/p><\/div><span class='evcal_evdata_icons'><i class='fa fa-align-justify'><\/i><\/span>    <div class=\"evcal_evdata_cell \">\n        <div class=\"eventon_full_description\">\n            <h3 class=\"padb5 evo_h3\"><span class='evcal_evdata_icons'><i class='fa fa-align-justify'><\/i><\/span>Event Details<\/h3>\n            <div class=\"eventon_desc_in\" itemprop=\"description\">\n                <p><strong>Become a Certified Information Systems Auditor.<\/strong><\/p>\n<p>CISA is the only globally recognized certification in the fields of IS governance, audit, control and security. It has earned a great reputation internationally for many years, as it sets a high and consistent standard worldwide.<\/p>\n<p><a href=\"https:\/\/actagis.ch\/actagis-academy\/isaca-training-courses\/cisa-certified-information-systems-auditor\/\">Click for full course description<\/a><\/p>\n<p><a href=\"https:\/\/actagis.ch\/fr\/actagis-academy\/isaca-formations\/cisa-certified-information-systems-auditor\/\">Cliquez pour la description en fran\u00e7ais<\/a><\/p><\/p>\n            <\/div>\n            <div class='clear'><\/div>        <\/div>\n    <\/div>\n<\/div><\/div><\/div><!-- row close --><div class='evocard_row'><div id='event_time' class='evocard_box time' data-c='' \n\t\t\t\t\tstyle=''><div class='evo_metarow_time evorow evcal_evdata_row evcal_evrow_sm '>\n\t\t<span class='evcal_evdata_icons'><i class='fa fa-clock-o'><\/i><\/span>\n\t\t<div class='evcal_evdata_cell'>\t\t\t\t\t\t\t\n\t\t\t<h3 class='evo_h3'><span class='evcal_evdata_icons'><i class='fa fa-clock-o'><\/i><\/span>Horaire<\/h3><div><span class='evo_eventcard_time_t evogap5 evofxww'><span class=\"start\">juin 9 (mardi) 09:00<\/span> <span class=\"stime\">9:00am<\/span> - <span class='end'>juin 12 (vendredi) 16:30<\/span> <span class='etime'>4:30pm<\/span><\/span><span class='evo_tz marr5'>(GMT+02:00)<\/span><\/div>\n\t\t<\/div>\n\t<\/div><\/div><\/div><!-- row close --><div class='evocard_row'><div id='event_location' class='evocard_box location' data-c='' \n\t\t\t\t\tstyle=''><div class='evcal_evdata_row evo_metarow_time_location evorow '>\n\t\t\n\t\t\t<span class='evcal_evdata_icons'><i class='fa fa-map-marker'><\/i><\/span>\n\t\t\t<div class='evcal_evdata_cell' data-loc_tax_id='50'><h3 class='evo_h3 evodfx'><span class='evcal_evdata_icons'><i class='fa fa-map-marker'><\/i><\/span>Lieu<\/h3><p class='evo_location_name'>Lausanne<\/p><p class='evo_location_address evodfxi evogap10'>Ch. de la Fontaine 2, Paudex<\/p><\/div>\n\t\t\n\t<\/div><\/div><\/div><!-- row close --><div class='evocard_row'><div id='event_evorsvp' class='evocard_box evorsvp' data-c='' \n\t\t\t\t\tstyle=''><div class='evorow evcal_evdata_row evcal_evrow_sm evo_metarow_rsvp' ><div class='evors_jdata' data-j='{\"etitle\":\"CISA &amp;#8211; Exam Bootcamp\",\"e_id\":69391,\"repeat_interval\":0,\"cap\":\"nocap\",\"true_cap\":\"nocap\",\"precap\":\"na\",\"uid\":\"na\",\"prefill\":false,\"lang\":\"L1\",\"incard\":\"no\",\"form_style\":\"def\",\"rsvpid\":null,\"rsvp\":null}'><\/div><span class='evcal_evdata_icons'><i class='fa fa-envelope'><\/i><\/span><div class='evcal_evdata_cell'>\r\n\t\t\t\t\t\t\t\t<h3 class='evo_h3'>RSVP to This Event<\/h3><div class='evors_eventcard_content'><div class='evors_section evors_subtext evomarb10'><p class='evo_data_val'>Pensez \u00e0 r\u00e9server assez t\u00f4t.<\/p><\/div><div class='evors_section evors_user_text '><p>Nous vous contacterons rapidement<\/p><\/div><div class='evoRS_status_option_selection evors_section sec_shade evodfx evofx_dr_r evofxww evogap10 evofxaic evofxjcsb'><div class=''><p class='evors_rsvp_choices_title' style='margin-right:20px;'>RSVP Now<\/p><\/div><p class='evors_rsvp_choices sin'><span class='evors_rsvp_select_box evofxww evogap10'><span data-val='y' class='evors_choices '>Request information<\/span><\/span><\/p><\/div>\t\t\t\t\t<div class=\"evors_incard_form\"><\/div>\r\n\r\n\t\t\t\t\t\r\n\t\t\t\t\t<div class='evors_information'><div class='evors_attendance_count_data evors_stat_data fx_ai_c'><div class='evors_section evors_remaining_spots sec_shade'><p class='evors_nocap_spaceleft remaining_count'><em class='space'>Open<\/em>Spaces Still Available<\/p><\/div><\/div><\/div><\/div><\/div><\/div><\/div><\/div><!-- row close --><div class='evocard_row'><div id='event_evosocial' class='evocard_box evosocial' data-c='' \n\t\t\t\t\tstyle=''><div class='evo_metarow_socialmedia evcal_evdata_row '><div class='evo_sm FacebookShare'><a class=\" evo_ss\" target=\"_blank\" onclick=\"javascript:window.open(this.href, '', 'left=50,top=50,width=600,height=350,toolbar=0');return false;\"\r\n\t\t\t\t\t\thref=\"\/\/www.facebook.com\/sharer.php?u=https%3A%2F%2Factagis.ch%2Ffr%2Fevents%2Fcisa-exam-bootcamp-5%2Fvar%2Fri-0.l-L2\" title=\"Share on facebook\"><i class=\"fa fab fa-facebook\"><\/i><\/a><\/div><div class='evo_sm LinkedIn'><a class=\"li evo_ss\" href=\"\/\/www.linkedin.com\/shareArticle?mini=true&url=https%3A%2F%2Factagis.ch%2Ffr%2Fevents%2Fcisa-exam-bootcamp-5%2Fvar%2Fri-0.l-L2&title=CISA%20%26%238211%3B%20Exam%20Bootcamp&summary=Become+a+Certified+Information+Systems+Auditor.%0A%0A%0A%0ACISA+is+the+only+globally+recognized+certification+in+the+fields+of\" target=\"_blank\" title=\"Share on Linkedin\"><i class=\"fa fab fa-linkedin\"><\/i><\/a><\/div><div class='evo_sm EmailShare'><a class=\"em evo_ss\" href=\"mailto:?subject=CISA%20%26%238211%3B%20Exam%20Bootcamp&body=Event Name: CISA%20%26%238211%3B%20Exam%20Bootcamp%0AEvent Date: 9 Juin 2026 9h00 - 12 Juin 2026 16h30%0ALink: https%3A%2F%2Factagis.ch%2Ffr%2Fevents%2Fcisa-exam-bootcamp-5%2Fvar%2Fri-0.l-L2%0A\" target=\"_blank\"><i class=\"fa fa-envelope\"><\/i><\/a><\/div><\/div><\/div><\/div><!-- row close --><button class='evo_card_row_end evcal_close' title='Close'><\/button><\/div><div class='clear end'><\/div><\/div><div id=\"event_69405_0\" class=\"eventon_list_event evo_eventtop scheduled  event clrD event_69405_0\" data-event_id=\"69405\" data-ri=\"0r\" data-time=\"1780988400-1781274600\" data-colr=\"#0070bb\" itemscope itemtype='http:\/\/schema.org\/Event'><div class=\"evo_event_schema\" style=\"display:none\" ><a itemprop='url'  href='https:\/\/actagis.ch\/fr\/events\/iso-42001-li-11\/var\/ri-0.l-L2'><\/a><meta itemprop='image'  \/><meta itemprop='startDate' content=\"2026-6-9T09:00+2:00\" \/><meta itemprop='endDate' content=\"2026-6-12T16:30+2:00\" \/><meta itemprop='eventStatus' content=\"https:\/\/schema.org\/EventScheduled\" \/><meta itemprop='eventAttendanceMode'   itemscope itemtype=\"https:\/\/schema.org\/OfflineEventAttendanceMode\"\/><div style=\"display:none\" itemprop=\"location\" itemscope itemtype=\"http:\/\/schema.org\/Place\"><span itemprop=\"name\">Geneva \/ Lausanne - Switzerland<\/span><span itemprop=\"address\" itemscope itemtype=\"http:\/\/schema.org\/PostalAddress\"><item itemprop=\"streetAddress\">Geneva<\/item><\/span><\/div><script type=\"application\/ld+json\">{\"@context\": \"http:\/\/schema.org\",\"@type\": \"Event\",\n\t\t\t\t\"@id\": \"event_69405_0\",\n\t\t\t\t\"eventAttendanceMode\":\"https:\/\/schema.org\/OfflineEventAttendanceMode\",\n\t\t\t\t\"eventStatus\":\"https:\/\/schema.org\/EventScheduled\",\n\t\t\t\t\"name\": \"ISO 42001 LI\",\n\t\t\t\t\"url\": \"https:\/\/actagis.ch\/fr\/events\/iso-42001-li-11\/var\/ri-0.l-L2\",\n\t\t\t\t\"startDate\": \"2026-6-9T09:00+2:00\",\n\t\t\t\t\"endDate\": \"2026-6-12T16:30+2:00\",\n\t\t\t\t\"image\":\"\", \n\t\t\t\t\"description\":\" <p><strong>Get certified for Artificial Intelligence Management System<\/strong><\/p>    <p>The ISO\/IEC 42001 Lead Implementer training course provides the participants with the essential competencies needed to effectively plan, implement, manage, monitor, maintain, and continually improve an artificial intelligence management system (AIMS).&nbsp;&nbsp;<\/p>    <p><a href='https:\/\/actagis.ch\/actagis-academy\/iso-certification-training-courses\/iso-42001\/'>Click for full course description<\/a><\/p>    <p><a href='https:\/\/actagis.ch\/fr\/actagis-academy\/iso-formation-certifiantes\/iso-42001\/'>Cliquez pour la description en fran\u00e7ais<\/a><\/p>    <p><\/p> \",\"location\":[{\"@type\":\"Place\",\"name\":\"Geneva \/ Lausanne - Switzerland\",\"address\":{\"@type\": \"PostalAddress\",\"streetAddress\":\"Geneva\"}}]}<\/script><\/div>\r\n\t\t\t\t<p class=\"desc_trig_outter\" style=\"\"><a data-gmap_status=\"null\" data-exlk=\"0\" style=\"border-color: #0070bb;\" id=\"evc_178098840069405\" href=\"#\" class=\"desc_trig mul_val evcal_list_a\" data-ux_val=\"1\" data-ux_val_mob=\"-\"  ><span class='evoet_in'><span class='evoet_c2 evoet_cx '><span class='evoet_dayblock evcal_cblock ' data-bgcolor='#0070bb' data-smon='juin' data-syr='2026' data-bub=''><span class='evo_start  evofxdrc'><em class='date'>09<\/em><em class='month'>juin<\/em><em class='time'><i t=\"y\">(juin 9)<\/i>9h00<\/em><\/span><span class='evo_end  evofxdrc'><em class='date'>12<\/em><em class='time'><i t=\"y\">(juin 12)<\/i>16h30<\/em><\/span><\/span><\/span><span class='evoet_c3 evoet_cx evcal_desc hide_eventtopdata '><span class='evoet_title evcal_desc2 evcal_event_title ' itemprop='name'>ISO 42001 LI<\/span><span class='event_location_attrs evodni'  data-location_address=\"Geneva\" data-location_type=\"lonlat\" data-location_name=\"Geneva \/ Lausanne - Switzerland\" data-location_url=\"https:\/\/actagis.ch\/event-location\/geneva-lausanne-switzerland\/\" data-location_status=\"true\" data-locid=\"51\" data-latlng=\"46.2043907,6.1431577\"><\/span><span class='evoet_cy evoet_subtitle evo_below_title' ><span class='evcal_event_subtitle ' >IN-CLASSROOM - Geneva \/ Lausanne - Switzerland \/ ONLINE - Live Interactive<\/span><\/span><\/span><\/span><span class='evoet_data' style='display:none' data-d=\"{&quot;loc.n&quot;:&quot;Geneva \\\/ Lausanne - Switzerland&quot;,&quot;orgs&quot;:[],&quot;tags&quot;:[]}\" data-bgc=\"#0070bb\" data-bggrad=\"\" ><\/span><\/a><\/p><div class='event_description evcal_eventcard ' style=\"display:none\"><div class='evocard_row'><div id='event_eventdetails' class='evocard_box eventdetails' data-c='' \n\t\t\t\t\tstyle=''><div class=\"evo_metarow_details evorow evcal_evdata_row evcal_event_details\">\n    <div class=\"event_excerpt\" style=\"display:none\"><h3 class=\"padb5 evo_h3\">Event Details<\/h3><p>Get certified for Artificial Intelligence Management System\n\n\n\nThe ISO\/IEC 42001 Lead Implementer training course provides the participants with the essential competencies needed to effectively plan, implement, manage, monitor, maintain, and continually<\/p><\/div><span class='evcal_evdata_icons'><i class='fa fa-align-justify'><\/i><\/span>    <div class=\"evcal_evdata_cell \">\n        <div class=\"eventon_full_description\">\n            <h3 class=\"padb5 evo_h3\"><span class='evcal_evdata_icons'><i class='fa fa-align-justify'><\/i><\/span>Event Details<\/h3>\n            <div class=\"eventon_desc_in\" itemprop=\"description\">\n                <p><strong>Get certified for Artificial Intelligence Management System<\/strong><\/p>\n<p>The ISO\/IEC 42001 Lead Implementer training course provides the participants with the essential competencies needed to effectively plan, implement, manage, monitor, maintain, and continually improve an artificial intelligence management system (AIMS).&nbsp;&nbsp;<\/p>\n<p><a href=\"https:\/\/actagis.ch\/actagis-academy\/iso-certification-training-courses\/iso-42001\/\">Click for full course description<\/a><\/p>\n<p><a href=\"https:\/\/actagis.ch\/fr\/actagis-academy\/iso-formation-certifiantes\/iso-42001\/\">Cliquez pour la description en fran\u00e7ais<\/a><\/p><\/p>\n            <\/div>\n            <div class='clear'><\/div>        <\/div>\n    <\/div>\n<\/div><\/div><\/div><!-- row close --><div class='evocard_row'><div id='event_time' class='evocard_box time' data-c='' \n\t\t\t\t\tstyle=''><div class='evo_metarow_time evorow evcal_evdata_row evcal_evrow_sm '>\n\t\t<span class='evcal_evdata_icons'><i class='fa fa-clock-o'><\/i><\/span>\n\t\t<div class='evcal_evdata_cell'>\t\t\t\t\t\t\t\n\t\t\t<h3 class='evo_h3'><span class='evcal_evdata_icons'><i class='fa fa-clock-o'><\/i><\/span>Horaire<\/h3><div><span class='evo_eventcard_time_t evogap5 evofxww'><span class=\"start\">juin 9 (mardi) 09:00<\/span> <span class=\"stime\">9:00am<\/span> - <span class='end'>juin 12 (vendredi) 16:30<\/span> <span class='etime'>4:30pm<\/span><\/span><span class='evo_tz marr5'>(GMT+02:00)<\/span><\/div>\n\t\t<\/div>\n\t<\/div><\/div><\/div><!-- row close --><div class='evocard_row'><div id='event_location' class='evocard_box location' data-c='' \n\t\t\t\t\tstyle=''><div class='evcal_evdata_row evo_metarow_time_location evorow '>\n\t\t\n\t\t\t<span class='evcal_evdata_icons'><i class='fa fa-map-marker'><\/i><\/span>\n\t\t\t<div class='evcal_evdata_cell' data-loc_tax_id='51'><h3 class='evo_h3 evodfx'><span class='evcal_evdata_icons'><i class='fa fa-map-marker'><\/i><\/span>Lieu<\/h3><p class='evo_location_name'>Geneva \/ Lausanne - Switzerland<\/p><p class='evo_location_address evodfxi evogap10'>Geneva<\/p><\/div>\n\t\t\n\t<\/div><\/div><\/div><!-- row close --><div class='evocard_row'><div id='event_evorsvp' class='evocard_box evorsvp' data-c='' \n\t\t\t\t\tstyle=''><div class='evorow evcal_evdata_row evcal_evrow_sm evo_metarow_rsvp' ><div class='evors_jdata' data-j='{\"etitle\":\"ISO 42001 LI\",\"e_id\":69405,\"repeat_interval\":0,\"cap\":\"nocap\",\"true_cap\":\"nocap\",\"precap\":\"na\",\"uid\":\"na\",\"prefill\":false,\"lang\":\"L1\",\"incard\":\"no\",\"form_style\":\"def\",\"rsvpid\":null,\"rsvp\":null}'><\/div><span class='evcal_evdata_icons'><i class='fa fa-envelope'><\/i><\/span><div class='evcal_evdata_cell'>\r\n\t\t\t\t\t\t\t\t<h3 class='evo_h3'>RSVP to This Event<\/h3><div class='evors_eventcard_content'><div class='evors_section evors_subtext evomarb10'><p class='evo_data_val'>Pensez \u00e0 r\u00e9server assez t\u00f4t.<\/p><\/div><div class='evors_section evors_user_text '><p>Nous vous contacterons rapidement<\/p><\/div><div class='evoRS_status_option_selection evors_section sec_shade evodfx evofx_dr_r evofxww evogap10 evofxaic evofxjcsb'><div class=''><p class='evors_rsvp_choices_title' style='margin-right:20px;'>RSVP Now<\/p><\/div><p class='evors_rsvp_choices sin'><span class='evors_rsvp_select_box evofxww evogap10'><span data-val='y' class='evors_choices '>Request information<\/span><\/span><\/p><\/div>\t\t\t\t\t<div class=\"evors_incard_form\"><\/div>\r\n\r\n\t\t\t\t\t\r\n\t\t\t\t\t<div class='evors_information'><div class='evors_attendance_count_data evors_stat_data fx_ai_c'><div class='evors_section evors_remaining_spots sec_shade'><p class='evors_nocap_spaceleft remaining_count'><em class='space'>Open<\/em>Spaces Still Available<\/p><\/div><\/div><\/div><\/div><\/div><\/div><\/div><\/div><!-- row close --><div class='evocard_row'><div id='event_evosocial' class='evocard_box evosocial' data-c='' \n\t\t\t\t\tstyle=''><div class='evo_metarow_socialmedia evcal_evdata_row '><div class='evo_sm FacebookShare'><a class=\" evo_ss\" target=\"_blank\" onclick=\"javascript:window.open(this.href, '', 'left=50,top=50,width=600,height=350,toolbar=0');return false;\"\r\n\t\t\t\t\t\thref=\"\/\/www.facebook.com\/sharer.php?u=https%3A%2F%2Factagis.ch%2Ffr%2Fevents%2Fiso-42001-li-11%2Fvar%2Fri-0.l-L2\" title=\"Share on facebook\"><i class=\"fa fab fa-facebook\"><\/i><\/a><\/div><div class='evo_sm LinkedIn'><a class=\"li evo_ss\" href=\"\/\/www.linkedin.com\/shareArticle?mini=true&url=https%3A%2F%2Factagis.ch%2Ffr%2Fevents%2Fiso-42001-li-11%2Fvar%2Fri-0.l-L2&title=ISO%2042001%20LI&summary=Get+certified+for+Artificial+Intelligence+Management+System%0A%0A%0A%0AThe+ISO%2FIEC+42001+Lead+Implementer+training+course+provides+the+participants\" target=\"_blank\" title=\"Share on Linkedin\"><i class=\"fa fab fa-linkedin\"><\/i><\/a><\/div><div class='evo_sm EmailShare'><a class=\"em evo_ss\" href=\"mailto:?subject=ISO%2042001%20LI&body=Event Name: ISO%2042001%20LI%0AEvent Date: 9 Juin 2026 9h00 - 12 Juin 2026 16h30%0ALink: https%3A%2F%2Factagis.ch%2Ffr%2Fevents%2Fiso-42001-li-11%2Fvar%2Fri-0.l-L2%0A\" target=\"_blank\"><i class=\"fa fa-envelope\"><\/i><\/a><\/div><\/div><\/div><\/div><!-- row close --><button class='evo_card_row_end evcal_close' title='Close'><\/button><\/div><div class='clear end'><\/div><\/div>\t\t\t<\/div>\r\n\t\t\t<\/div><!-- evo_events_list_box -->\t\r\n\t\t\t<div class='clear'><\/div>\r\n\t\t\t\t\t \t<div id='evcal_footer' class='evo_bottom' style='display:none'>\r\n\t\t \t\t<div class='evo_cal_data' data-sc=\"{&quot;accord&quot;:&quot;yes&quot;,&quot;bottom_nav&quot;:&quot;no&quot;,&quot;cal_id&quot;:&quot;&quot;,&quot;cal_init_nonajax&quot;:&quot;yes&quot;,&quot;cal_type&quot;:&quot;&quot;,&quot;calendar_type&quot;:&quot;el&quot;,&quot;currentuser&quot;:&quot;no&quot;,&quot;el_title&quot;:&quot;&quot;,&quot;el_type&quot;:&quot;ue&quot;,&quot;end_range&quot;:0,&quot;ep_fields&quot;:&quot;&quot;,&quot;etc_override&quot;:&quot;no&quot;,&quot;evc_open&quot;:&quot;no&quot;,&quot;event_count&quot;:&quot;7&quot;,&quot;event_count_list&quot;:&quot;yes&quot;,&quot;event_location&quot;:&quot;all&quot;,&quot;event_order&quot;:&quot;ASC&quot;,&quot;event_organizer&quot;:&quot;all&quot;,&quot;event_parts&quot;:&quot;no&quot;,&quot;event_past_future&quot;:&quot;future&quot;,&quot;event_status&quot;:&quot;all&quot;,&quot;event_tag&quot;:&quot;all&quot;,&quot;event_type&quot;:&quot;all&quot;,&quot;event_type_2&quot;:&quot;265&quot;,&quot;event_users&quot;:&quot;all&quot;,&quot;event_virtual&quot;:&quot;all&quot;,&quot;eventtop_date_style&quot;:0,&quot;eventtop_style&quot;:&quot;0&quot;,&quot;exp_jumper&quot;:&quot;no&quot;,&quot;exp_so&quot;:&quot;no&quot;,&quot;filter_relationship&quot;:&quot;AND&quot;,&quot;filter_show_set_only&quot;:&quot;no&quot;,&quot;filter_style&quot;:&quot;default&quot;,&quot;filter_type&quot;:&quot;default&quot;,&quot;filters&quot;:&quot;yes&quot;,&quot;fixed_month&quot;:&quot;&quot;,&quot;fixed_year&quot;:&quot;&quot;,&quot;focus_end_date_range&quot;:&quot;1809122399&quot;,&quot;focus_start_date_range&quot;:&quot;1777626293&quot;,&quot;ft_event_priority&quot;:&quot;no&quot;,&quot;hide_arrows&quot;:&quot;no&quot;,&quot;hide_cancels&quot;:&quot;no&quot;,&quot;hide_empty_months&quot;:&quot;no&quot;,&quot;hide_end_time&quot;:&quot;no&quot;,&quot;hide_et_dn&quot;:&quot;no&quot;,&quot;hide_et_extra&quot;:&quot;no&quot;,&quot;hide_et_tags&quot;:&quot;no&quot;,&quot;hide_et_tl&quot;:&quot;no&quot;,&quot;hide_ft&quot;:&quot;no&quot;,&quot;hide_ft_img&quot;:&quot;no&quot;,&quot;hide_month_headers&quot;:&quot;no&quot;,&quot;hide_mult_occur&quot;:&quot;yes&quot;,&quot;hide_past&quot;:&quot;yes&quot;,&quot;hide_past_by&quot;:&quot;ee&quot;,&quot;hide_so&quot;:&quot;no&quot;,&quot;ics&quot;:&quot;no&quot;,&quot;jumper&quot;:&quot;no&quot;,&quot;jumper_count&quot;:5,&quot;jumper_offset&quot;:&quot;0&quot;,&quot;lang&quot;:&quot;L2&quot;,&quot;layout_changer&quot;:&quot;no&quot;,&quot;livenow_bar&quot;:&quot;yes&quot;,&quot;mapformat&quot;:&quot;roadmap&quot;,&quot;mapiconurl&quot;:&quot;&quot;,&quot;maps_load&quot;:&quot;yes&quot;,&quot;mapscroll&quot;:&quot;true&quot;,&quot;mapzoom&quot;:&quot;16&quot;,&quot;members_only&quot;:&quot;no&quot;,&quot;ml_priority&quot;:&quot;no&quot;,&quot;ml_toend&quot;:&quot;no&quot;,&quot;month_incre&quot;:0,&quot;month_order&quot;:&quot;ASC&quot;,&quot;number_of_months&quot;:&quot;12&quot;,&quot;only_ft&quot;:&quot;no&quot;,&quot;pec&quot;:&quot;&quot;,&quot;s&quot;:&quot;&quot;,&quot;search&quot;:&quot;&quot;,&quot;search_all&quot;:&quot;no&quot;,&quot;sep_month&quot;:&quot;no&quot;,&quot;show_et_ft_img&quot;:&quot;yes&quot;,&quot;show_limit&quot;:&quot;no&quot;,&quot;show_limit_ajax&quot;:&quot;no&quot;,&quot;show_limit_paged&quot;:1,&quot;show_limit_redir&quot;:&quot;&quot;,&quot;show_repeats&quot;:&quot;no&quot;,&quot;show_rsvp&quot;:&quot;no&quot;,&quot;show_search&quot;:&quot;no&quot;,&quot;show_upcoming&quot;:0,&quot;show_year&quot;:&quot;no&quot;,&quot;social_share&quot;:&quot;no&quot;,&quot;sort_by&quot;:&quot;sort_date&quot;,&quot;start_range&quot;:0,&quot;tile_bg&quot;:0,&quot;tile_bg_size&quot;:&quot;full&quot;,&quot;tile_count&quot;:2,&quot;tile_height&quot;:0,&quot;tile_style&quot;:0,&quot;tiles&quot;:&quot;no&quot;,&quot;users&quot;:&quot;all&quot;,&quot;ux_val&quot;:&quot;1&quot;,&quot;view_switcher&quot;:&quot;no&quot;,&quot;wpml_l1&quot;:&quot;en&quot;,&quot;wpml_l2&quot;:&quot;fr&quot;,&quot;wpml_l3&quot;:&quot;&quot;,&quot;x_ids&quot;:&quot;&quot;,&quot;yl_priority&quot;:&quot;no&quot;,&quot;yl_toend&quot;:&quot;no&quot;,&quot;fixed_day&quot;:&quot;1&quot;,&quot;fixed_date&quot;:&quot;&quot;,&quot;_cver&quot;:&quot;5.0.9&quot;}\" data-filter_data=\"[]\" data-nav_data=\"{&quot;month_title&quot;:&quot;&lt;p id=&#039;evcal_cur&#039; class=&#039;evo_month_title padr10&#039;&gt; , &lt;\\\/p&gt;&quot;}\" data-od=\"{&quot;lang_no_events&quot;:&quot;No Events&quot;,&quot;cal_tz_offset&quot;:120,&quot;cal_tz&quot;:&quot;Europe\\\/Zurich&quot;}\" ><\/div>\r\n\t\t \t\t<div class='evo_cal_events' data-events=\"\"><\/div>\r\n\t\t \t<\/div>\r\n\t\t\t\t\r\n\t\t\t\r\n\t\t\t\t\t\t<\/div><!-- EventON End -->\r\n\t\t\t\n<p>[\/et_pb_text][\/et_pb_column][\/et_pb_section][et_pb_section fb_built=\u00a0\u00bb1&Prime; disabled_on=\u00a0\u00bboff|off|off\u00a0\u00bb _builder_version=\u00a0\u00bb4.16&Prime; background_enable_color=\u00a0\u00bboff\u00a0\u00bb custom_margin=\u00a0\u00bb-28px|||||\u00a0\u00bb custom_padding=\u00a0\u00bb50px||4px|||\u00a0\u00bb top_divider_style=\u00a0\u00bbcurve2&Prime; top_divider_color=\u00a0\u00bb#f17f26&Prime; top_divider_height=\u00a0\u00bb30px\u00a0\u00bb bottom_divider_color=\u00a0\u00bb#f17f26&Prime; bottom_divider_height=\u00a0\u00bb30px\u00a0\u00bb locked=\u00a0\u00bboff\u00a0\u00bb global_colors_info=\u00a0\u00bb{}\u00a0\u00bb][et_pb_row _builder_version=\u00a0\u00bb4.16&Prime; custom_padding=\u00a0\u00bb18px||0px|||\u00a0\u00bb locked=\u00a0\u00bboff\u00a0\u00bb global_colors_info=\u00a0\u00bb{}\u00a0\u00bb][et_pb_column type=\u00a0\u00bb4_4&Prime; _builder_version=\u00a0\u00bb4.16&Prime; global_colors_info=\u00a0\u00bb{}\u00a0\u00bb][et_pb_text _builder_version=\u00a0\u00bb4.27.3&Prime; custom_margin=\u00a0\u00bb||14px|||\u00a0\u00bb global_colors_info=\u00a0\u00bb{}\u00a0\u00bb]<\/p>\n<h2>Consulting &amp; Academy News<\/h2>\n<p>[\/et_pb_text][\/et_pb_column][\/et_pb_row][et_pb_row use_custom_gutter=\u00a0\u00bbon\u00a0\u00bb gutter_width=\u00a0\u00bb2&Prime; _builder_version=\u00a0\u00bb4.17.6&Prime; _module_preset=\u00a0\u00bbdefault\u00a0\u00bb min_height=\u00a0\u00bb87px\u00a0\u00bb custom_margin=\u00a0\u00bb||-40px||false|false\u00a0\u00bb custom_padding=\u00a0\u00bb0px||0px||false|false\u00a0\u00bb locked=\u00a0\u00bboff\u00a0\u00bb global_colors_info=\u00a0\u00bb{}\u00a0\u00bb][et_pb_column type=\u00a0\u00bb4_4&Prime; _builder_version=\u00a0\u00bb4.17.6&Prime; _module_preset=\u00a0\u00bbdefault\u00a0\u00bb border_radii=\u00a0\u00bbon|8px|8px|8px|8px\u00a0\u00bb border_width_all=\u00a0\u00bb1px\u00a0\u00bb border_color_all=\u00a0\u00bb#e2e2e2&Prime; box_shadow_style=\u00a0\u00bbpreset1&Prime; box_shadow_vertical=\u00a0\u00bb1px\u00a0\u00bb box_shadow_blur=\u00a0\u00bb0px\u00a0\u00bb box_shadow_spread=\u00a0\u00bb1px\u00a0\u00bb box_shadow_color=\u00a0\u00bbrgba(237,237,237,0.3)\u00a0\u00bb global_colors_info=\u00a0\u00bb{}\u00a0\u00bb][et_pb_blog_extras posts_number=\u00a0\u00bb3&Prime; blog_layout=\u00a0\u00bbblock_extended\u00a0\u00bb featured_image_size=\u00a0\u00bbfull\u00a0\u00bb excerpt_length=\u00a0\u00bb50&Prime; read_more_text=\u00a0\u00bbLire la suite\u00a0\u00bb show_author=\u00a0\u00bboff\u00a0\u00bb show_date=\u00a0\u00bboff\u00a0\u00bb show_categories=\u00a0\u00bboff\u00a0\u00bb show_comments=\u00a0\u00bboff\u00a0\u00bb _builder_version=\u00a0\u00bb4.24.2&Prime; _module_preset=\u00a0\u00bbdefault\u00a0\u00bb header_font_size=\u00a0\u00bb20px\u00a0\u00bb global_colors_info=\u00a0\u00bb{}\u00a0\u00bb][\/et_pb_blog_extras][et_pb_text _builder_version=\u00a0\u00bb4.16&Prime; _module_preset=\u00a0\u00bbdefault\u00a0\u00bb global_colors_info=\u00a0\u00bb{}\u00a0\u00bb]<\/p>\n<p style=\"text-align: right;\"><a href=\"https:\/\/actagis.ch\/fr\/notre-blog-2\/\">D\u00e9couvrez notre blog<\/a><\/p>\n<p>[\/et_pb_text][\/et_pb_column][\/et_pb_row][\/et_pb_section][et_pb_section fb_built=\u00a0\u00bb1&Prime; custom_padding_last_edited=\u00a0\u00bbon|desktop\u00a0\u00bb admin_label=\u00a0\u00bbsection\u00a0\u00bb _builder_version=\u00a0\u00bb4.16&Prime; background_color=\u00a0\u00bb#e9f0f4&Prime; custom_margin=\u00a0\u00bb64px|||||\u00a0\u00bb custom_padding=\u00a0\u00bb24px||24px|\u00a0\u00bb custom_padding_tablet=\u00a0\u00bb50px|0|50px|0&Prime; custom_padding_phone=\u00a0\u00bb\u00a0\u00bb padding_mobile=\u00a0\u00bboff\u00a0\u00bb global_colors_info=\u00a0\u00bb{}\u00a0\u00bb][et_pb_row admin_label=\u00a0\u00bbRow\u00a0\u00bb _builder_version=\u00a0\u00bb4.16&Prime; background_size=\u00a0\u00bbinitial\u00a0\u00bb background_position=\u00a0\u00bbtop_left\u00a0\u00bb background_repeat=\u00a0\u00bbrepeat\u00a0\u00bb global_colors_info=\u00a0\u00bb{}\u00a0\u00bb][et_pb_column type=\u00a0\u00bb4_4&Prime; _builder_version=\u00a0\u00bb4.16&Prime; custom_padding=\u00a0\u00bb|||\u00a0\u00bb global_colors_info=\u00a0\u00bb{}\u00a0\u00bb custom_padding__hover=\u00a0\u00bb|||\u00a0\u00bb][et_pb_text admin_label=\u00a0\u00bbConsulting &#038; Assessment Services\u00a0\u00bb _builder_version=\u00a0\u00bb4.16&Prime; background_size=\u00a0\u00bbinitial\u00a0\u00bb background_position=\u00a0\u00bbtop_left\u00a0\u00bb background_repeat=\u00a0\u00bbrepeat\u00a0\u00bb global_colors_info=\u00a0\u00bb{}\u00a0\u00bb]<\/p>\n<h2><a href=\"https:\/\/actagis.ch\/fr\/services-de-consulting\/\">Services de consulting &amp; d&rsquo;\u00e9valuation<\/a><\/h2>\n<p>[\/et_pb_text][\/et_pb_column][\/et_pb_row][et_pb_row column_structure=\u00a0\u00bb1_4,1_4,1_4,1_4&Prime; admin_label=\u00a0\u00bbrow\u00a0\u00bb _builder_version=\u00a0\u00bb4.16&Prime; background_size=\u00a0\u00bbinitial\u00a0\u00bb background_position=\u00a0\u00bbtop_left\u00a0\u00bb background_repeat=\u00a0\u00bbrepeat\u00a0\u00bb global_colors_info=\u00a0\u00bb{}\u00a0\u00bb][et_pb_column type=\u00a0\u00bb1_4&Prime; _builder_version=\u00a0\u00bb4.16&Prime; custom_padding=\u00a0\u00bb|||\u00a0\u00bb global_colors_info=\u00a0\u00bb{}\u00a0\u00bb custom_padding__hover=\u00a0\u00bb|||\u00a0\u00bb][et_pb_blurb title=\u00a0\u00bbGovernance IT\u00a0\u00bb url=\u00a0\u00bbhttps:\/\/actagis.ch\/fr\/services-de-consulting\/\u00a0\u00bb image=\u00a0\u00bbhttps:\/\/actagis.ch\/wp-content\/uploads\/2016\/01\/governance.jpg\u00a0\u00bb alt=\u00a0\u00bbIT Governance\u00a0\u00bb admin_label=\u00a0\u00bbIT Governance\u00a0\u00bb _builder_version=\u00a0\u00bb4.16&Prime; background_size=\u00a0\u00bbinitial\u00a0\u00bb background_position=\u00a0\u00bbtop_left\u00a0\u00bb background_repeat=\u00a0\u00bbrepeat\u00a0\u00bb text_orientation=\u00a0\u00bbcenter\u00a0\u00bb animation=\u00a0\u00bbleft\u00a0\u00bb global_colors_info=\u00a0\u00bb{}\u00a0\u00bb]<\/p>\n<p class=\"p1\">Apportez de la valeur \u00e0 votre entreprise, et am\u00e9liorez votre processus de d\u00e9cision en adoptant une approche orient\u00e9e cycle de vie.<\/p>\n<p>[\/et_pb_blurb][\/et_pb_column][et_pb_column type=\u00a0\u00bb1_4&Prime; _builder_version=\u00a0\u00bb4.16&Prime; custom_padding=\u00a0\u00bb|||\u00a0\u00bb global_colors_info=\u00a0\u00bb{}\u00a0\u00bb custom_padding__hover=\u00a0\u00bb|||\u00a0\u00bb][et_pb_blurb title=\u00a0\u00bbS\u00e9curit\u00e9 et gestion du risque\u00a0\u00bb url=\u00a0\u00bbhttps:\/\/actagis.ch\/fr\/cyber-securite\/\u00a0\u00bb image=\u00a0\u00bbhttps:\/\/actagis.ch\/wp-content\/uploads\/2016\/01\/security.jpg\u00a0\u00bb alt=\u00a0\u00bbSecurity\u00a0\u00bb admin_label=\u00a0\u00bbSecurity &#038; Risk Management\u00a0\u00bb _builder_version=\u00a0\u00bb4.16&Prime; background_size=\u00a0\u00bbinitial\u00a0\u00bb background_position=\u00a0\u00bbtop_left\u00a0\u00bb background_repeat=\u00a0\u00bbrepeat\u00a0\u00bb text_orientation=\u00a0\u00bbcenter\u00a0\u00bb global_colors_info=\u00a0\u00bb{}\u00a0\u00bb]<\/p>\n<p class=\"p1\">S\u00e9curisez votre entreprise en adoptant des cadres it\u00e9ratifs de s\u00e9curit\u00e9, de gestion des risques et de <a href=\"services-de-consulting\/gdpr-general-data-protection-regulation\/\">protection de donn\u00e9es<\/a> tels que GDPR, ISO 27001 et 31000.<\/p>\n<p>[\/et_pb_blurb][\/et_pb_column][et_pb_column type=\u00a0\u00bb1_4&Prime; _builder_version=\u00a0\u00bb4.16&Prime; custom_padding=\u00a0\u00bb|||\u00a0\u00bb global_colors_info=\u00a0\u00bb{}\u00a0\u00bb custom_padding__hover=\u00a0\u00bb|||\u00a0\u00bb][et_pb_blurb title=\u00a0\u00bbContinuit\u00e9 des activit\u00e9s\u00a0\u00bb url=\u00a0\u00bbhttps:\/\/actagis.ch\/fr\/services-de-consulting\/conseil-en-continuite-des-activites\/\u00a0\u00bb image=\u00a0\u00bbhttps:\/\/actagis.ch\/wp-content\/uploads\/2016\/01\/businesscont.jpg\u00a0\u00bb alt=\u00a0\u00bbBusiness Continuity\u00a0\u00bb admin_label=\u00a0\u00bbBusiness Continuity\u00a0\u00bb _builder_version=\u00a0\u00bb4.16&Prime; background_size=\u00a0\u00bbinitial\u00a0\u00bb background_position=\u00a0\u00bbtop_left\u00a0\u00bb background_repeat=\u00a0\u00bbrepeat\u00a0\u00bb text_orientation=\u00a0\u00bbcenter\u00a0\u00bb animation=\u00a0\u00bbleft\u00a0\u00bb global_colors_info=\u00a0\u00bb{}\u00a0\u00bb]<\/p>\n<p class=\"p1\">Assurez une reprise rapide des fonctions critiques de votre entreprise et pr\u00e9servez votre avantage concurrentiel en cas de catastrophe.<\/p>\n<p>[\/et_pb_blurb][\/et_pb_column][et_pb_column type=\u00a0\u00bb1_4&Prime; _builder_version=\u00a0\u00bb4.16&Prime; custom_padding=\u00a0\u00bb|||\u00a0\u00bb global_colors_info=\u00a0\u00bb{}\u00a0\u00bb custom_padding__hover=\u00a0\u00bb|||\u00a0\u00bb][et_pb_blurb title=\u00a0\u00bbGestion de la qualit\u00e9\u00a0\u00bb url=\u00a0\u00bbhttps:\/\/actagis.ch\/fr\/services-de-consulting\/#quality\u00a0\u00bb image=\u00a0\u00bbhttps:\/\/actagis.ch\/wp-content\/uploads\/2016\/01\/riskmgmt.jpg\u00a0\u00bb alt=\u00a0\u00bbRisk Management\u00a0\u00bb admin_label=\u00a0\u00bbQuality Management\u00a0\u00bb _builder_version=\u00a0\u00bb4.16&Prime; background_size=\u00a0\u00bbinitial\u00a0\u00bb background_position=\u00a0\u00bbtop_left\u00a0\u00bb background_repeat=\u00a0\u00bbrepeat\u00a0\u00bb text_orientation=\u00a0\u00bbcenter\u00a0\u00bb animation=\u00a0\u00bbright\u00a0\u00bb global_colors_info=\u00a0\u00bb{}\u00a0\u00bb]<\/p>\n<p class=\"p1\">Am\u00e9liorez l\u2019efficience et l\u2019efficacit\u00e9 de votre entreprise en \u00e9tablissant des processus optimaux qui couvrent l\u2019int\u00e9gralit\u00e9 de votre cha\u00eene de valeur ajout\u00e9e.<\/p>\n<p>[\/et_pb_blurb][\/et_pb_column][\/et_pb_row][\/et_pb_section][et_pb_section fb_built=\u00a0\u00bb1&Prime; custom_padding_last_edited=\u00a0\u00bbon|desktop\u00a0\u00bb admin_label=\u00a0\u00bbsection\u00a0\u00bb _builder_version=\u00a0\u00bb4.16&Prime; background_color=\u00a0\u00bbrgba(255,255,255,0)\u00a0\u00bb custom_padding=\u00a0\u00bb||3px|||\u00a0\u00bb custom_padding_tablet=\u00a0\u00bb50px|0|50px|0&Prime; custom_padding_phone=\u00a0\u00bb\u00a0\u00bb transparent_background=\u00a0\u00bbon\u00a0\u00bb padding_mobile=\u00a0\u00bboff\u00a0\u00bb global_colors_info=\u00a0\u00bb{}\u00a0\u00bb][et_pb_row admin_label=\u00a0\u00bbRow\u00a0\u00bb _builder_version=\u00a0\u00bb4.16&Prime; background_size=\u00a0\u00bbinitial\u00a0\u00bb background_position=\u00a0\u00bbtop_left\u00a0\u00bb background_repeat=\u00a0\u00bbrepeat\u00a0\u00bb global_colors_info=\u00a0\u00bb{}\u00a0\u00bb][et_pb_column type=\u00a0\u00bb4_4&Prime; _builder_version=\u00a0\u00bb4.16&Prime; custom_padding=\u00a0\u00bb|||\u00a0\u00bb global_colors_info=\u00a0\u00bb{}\u00a0\u00bb custom_padding__hover=\u00a0\u00bb|||\u00a0\u00bb][et_pb_text admin_label=\u00a0\u00bbACTAGIS Academy\u00a0\u00bb _builder_version=\u00a0\u00bb4.16&Prime; background_size=\u00a0\u00bbinitial\u00a0\u00bb background_position=\u00a0\u00bbtop_left\u00a0\u00bb background_repeat=\u00a0\u00bbrepeat\u00a0\u00bb global_colors_info=\u00a0\u00bb{}\u00a0\u00bb]<\/p>\n<h2><a href=\"https:\/\/actagis.ch\/fr\/actagis-academy\/\">ACTAGIS Academy<\/a><\/h2>\n<p>[\/et_pb_text][\/et_pb_column][\/et_pb_row][et_pb_row column_structure=\u00a0\u00bb1_3,1_3,1_3&Prime; admin_label=\u00a0\u00bbrow\u00a0\u00bb _builder_version=\u00a0\u00bb4.16&Prime; background_size=\u00a0\u00bbinitial\u00a0\u00bb background_position=\u00a0\u00bbtop_left\u00a0\u00bb background_repeat=\u00a0\u00bbrepeat\u00a0\u00bb global_colors_info=\u00a0\u00bb{}\u00a0\u00bb][et_pb_column type=\u00a0\u00bb1_3&Prime; _builder_version=\u00a0\u00bb4.16&Prime; custom_padding=\u00a0\u00bb|||\u00a0\u00bb global_colors_info=\u00a0\u00bb{}\u00a0\u00bb custom_padding__hover=\u00a0\u00bb|||\u00a0\u00bb][et_pb_blurb title=\u00a0\u00bbFormation certifiantes\u00a0\u00bb url=\u00a0\u00bbhttps:\/\/actagis.ch\/fr\/actagis-academy\/\u00a0\u00bb image=\u00a0\u00bbhttps:\/\/actagis.ch\/wp-content\/uploads\/2016\/01\/managedtraining.jpg\u00a0\u00bb alt=\u00a0\u00bbCertifying Trainings\u00a0\u00bb admin_label=\u00a0\u00bbCertifying Trainings\u00a0\u00bb _builder_version=\u00a0\u00bb4.16&Prime; background_size=\u00a0\u00bbinitial\u00a0\u00bb background_position=\u00a0\u00bbtop_left\u00a0\u00bb background_repeat=\u00a0\u00bbrepeat\u00a0\u00bb text_orientation=\u00a0\u00bbcenter\u00a0\u00bb global_colors_info=\u00a0\u00bb{}\u00a0\u00bb]<\/p>\n<p>Boostez votre carri\u00e8re en obtenant la meilleure des certifications dans la gouvernance IT, la s\u00e9curit\u00e9 et la continuit\u00e9 des activit\u00e9s.<\/p>\n<p>[\/et_pb_blurb][\/et_pb_column][et_pb_column type=\u00a0\u00bb1_3&Prime; _builder_version=\u00a0\u00bb4.16&Prime; custom_padding=\u00a0\u00bb|||\u00a0\u00bb global_colors_info=\u00a0\u00bb{}\u00a0\u00bb custom_padding__hover=\u00a0\u00bb|||\u00a0\u00bb][et_pb_blurb title=\u00a0\u00bbOptions de Formations Certifiantes\u00a0\u00bb url=\u00a0\u00bbhttps:\/\/actagis.ch\/fr\/options-de-formations-certifiantes\/\u00a0\u00bb image=\u00a0\u00bbhttps:\/\/actagis.ch\/wp-content\/uploads\/2020\/04\/Certifying-Training-options.jpg\u00a0\u00bb alt=\u00a0\u00bbCertifying Trainings\u00a0\u00bb admin_label=\u00a0\u00bbCertifying Trainings\u00a0\u00bb _builder_version=\u00a0\u00bb4.16&Prime; background_size=\u00a0\u00bbinitial\u00a0\u00bb background_position=\u00a0\u00bbtop_left\u00a0\u00bb background_repeat=\u00a0\u00bbrepeat\u00a0\u00bb text_orientation=\u00a0\u00bbcenter\u00a0\u00bb max_width_tablet=\u00a0\u00bb50px\u00a0\u00bb border_color_all_image=\u00a0\u00bb#0286ca\u00a0\u00bb locked=\u00a0\u00bboff\u00a0\u00bb global_colors_info=\u00a0\u00bb{}\u00a0\u00bb]<\/p>\n<p><span>Nous proposons tous nos <strong>cours interactifs\u00a0<\/strong><\/span><strong>en ligne et en direct<\/strong><span>. Nous utilisons les derni\u00e8res technologies pour stimuler l\u2019interaction des participants et leur permettre de profiter pleinement de la formation.<\/span><\/p>\n<p>[\/et_pb_blurb][\/et_pb_column][et_pb_column type=\u00a0\u00bb1_3&Prime; _builder_version=\u00a0\u00bb4.16&Prime; custom_padding=\u00a0\u00bb|||\u00a0\u00bb global_colors_info=\u00a0\u00bb{}\u00a0\u00bb custom_padding__hover=\u00a0\u00bb|||\u00a0\u00bb][et_pb_blurb title=\u00a0\u00bbFormations d\u00e9livr\u00e9es mondialement\u00a0\u00bb url=\u00a0\u00bbhttps:\/\/actagis.ch\/fr\/actagis-academy\/\u00a0\u00bb image=\u00a0\u00bbhttps:\/\/actagis.ch\/wp-content\/uploads\/2022\/03\/Depositphotos_11727144_XL-500.jpg\u00a0\u00bb alt=\u00a0\u00bbManaged Training Programs\u00a0\u00bb admin_label=\u00a0\u00bbManaged Training Programs\u00a0\u00bb _builder_version=\u00a0\u00bb4.16&Prime; background_size=\u00a0\u00bbinitial\u00a0\u00bb background_position=\u00a0\u00bbtop_left\u00a0\u00bb background_repeat=\u00a0\u00bbrepeat\u00a0\u00bb text_orientation=\u00a0\u00bbcenter\u00a0\u00bb global_colors_info=\u00a0\u00bb{}\u00a0\u00bb]<\/p>\n<p><span>En direct avec le<\/span><strong> formateur<\/strong><span> pour assurer une prestation de haute qualit\u00e9, l\u2019interaction des participants, l\u2019\u00e9change entre pairs et le travail de groupe.<\/span><\/p>\n<p>[\/et_pb_blurb][\/et_pb_column][\/et_pb_row][et_pb_row _builder_version=\u00a0\u00bb4.27.4&Prime; _module_preset=\u00a0\u00bbdefault\u00a0\u00bb column_structure=\u00a0\u00bb1_3,1_3,1_3&Prime;][et_pb_column _builder_version=\u00a0\u00bb4.27.4&Prime; _module_preset=\u00a0\u00bbdefault\u00a0\u00bb type=\u00a0\u00bb1_3&Prime;][et_pb_blurb title=\u00a0\u00bbGarantie de r\u00e9ussite \u00e0 l&rsquo;examen\u00a0\u00bb image=\u00a0\u00bbhttps:\/\/actagis.ch\/wp-content\/uploads\/2017\/04\/np_badge_898310_0271C1.png\u00a0\u00bb image_icon_width=\u00a0\u00bb100px\u00a0\u00bb admin_label=\u00a0\u00bbBlurb\u00a0\u00bb _builder_version=\u00a0\u00bb4.16&Prime; background_size=\u00a0\u00bbinitial\u00a0\u00bb background_position=\u00a0\u00bbtop_left\u00a0\u00bb background_repeat=\u00a0\u00bbrepeat\u00a0\u00bb text_orientation=\u00a0\u00bbcenter\u00a0\u00bb custom_padding=\u00a0\u00bb||0px|||\u00a0\u00bb image_max_width=\u00a0\u00bb100px\u00a0\u00bb saved_tabs=\u00a0\u00bball\u00a0\u00bb global_colors_info=\u00a0\u00bb{}\u00a0\u00bb locked=\u00a0\u00bboff\u00a0\u00bb]<\/p>\n<p><span style=\"color: #ff6600;\"><strong>Un taux de r\u00e9ussite de pr\u00e8s de 100 % !<\/strong><\/span><br \/>Nous vous soutiendrons jusqu&rsquo;\u00e0 ce que vous r\u00e9ussissiez l&rsquo;examen du cours auquel vous \u00eates inscrit (<a href=\"http:\/\/bit.ly\/1TODhFW\">consulter les conditions<\/a>).\u00a0<\/p>\n<p>[\/et_pb_blurb][\/et_pb_column][et_pb_column _builder_version=\u00a0\u00bb4.27.4&Prime; _module_preset=\u00a0\u00bbdefault\u00a0\u00bb type=\u00a0\u00bb1_3&Prime;][et_pb_blurb title=\u00a0\u00bbPrix comp\u00e9titifs\u00a0\u00bb image=\u00a0\u00bbhttps:\/\/actagis.ch\/wp-content\/uploads\/2021\/05\/competitve-pricing.png\u00a0\u00bb alt=\u00a0\u00bbSmall classes\u00a0\u00bb image_icon_width=\u00a0\u00bb100px\u00a0\u00bb admin_label=\u00a0\u00bbBlurb\u00a0\u00bb _builder_version=\u00a0\u00bb4.27.4&Prime; background_size=\u00a0\u00bbinitial\u00a0\u00bb background_position=\u00a0\u00bbtop_left\u00a0\u00bb background_repeat=\u00a0\u00bbrepeat\u00a0\u00bb text_orientation=\u00a0\u00bbcenter\u00a0\u00bb hover_enabled=\u00a0\u00bb0&Prime; image_max_width=\u00a0\u00bb100px\u00a0\u00bb global_colors_info=\u00a0\u00bb{}\u00a0\u00bb sticky_enabled=\u00a0\u00bb0&Prime; locked=\u00a0\u00bboff\u00a0\u00bb]<\/p>\n<p>Pour que nos cours soient accessibles aux entreprises de toutes tailles, nous pratiquons des prix comp\u00e9titifs. Contactez-nous pour recevoir imm\u00e9diatement un devis personnalis\u00e9.<\/p>\n<p>[\/et_pb_blurb][\/et_pb_column][et_pb_column _builder_version=\u00a0\u00bb4.27.4&Prime; _module_preset=\u00a0\u00bbdefault\u00a0\u00bb type=\u00a0\u00bb1_3&Prime;][et_pb_blurb title=\u00a0\u00bbSession de conseil gratuite incluse\u00a0\u00bb image=\u00a0\u00bbhttps:\/\/actagis.ch\/wp-content\/uploads\/2020\/04\/consulting.png\u00a0\u00bb alt=\u00a0\u00bbHands-on exercises\u00a0\u00bb image_icon_width=\u00a0\u00bb100px\u00a0\u00bb admin_label=\u00a0\u00bbBlurb\u00a0\u00bb _builder_version=\u00a0\u00bb4.16&Prime; background_size=\u00a0\u00bbinitial\u00a0\u00bb background_position=\u00a0\u00bbtop_left\u00a0\u00bb background_repeat=\u00a0\u00bbrepeat\u00a0\u00bb text_orientation=\u00a0\u00bbcenter\u00a0\u00bb image_max_width=\u00a0\u00bb100px\u00a0\u00bb global_colors_info=\u00a0\u00bb{}\u00a0\u00bb locked=\u00a0\u00bboff\u00a0\u00bb]<\/p>\n<p>La plupart de nos programmes de formation comprennent <strong>une session suppl\u00e9mentaire de conseil en ligne gratuite<\/strong> pour vous aider \u00e0 mettre en \u0153uvre votre projet dans votre organisation.<\/p>\n<p>[\/et_pb_blurb][\/et_pb_column][\/et_pb_row][et_pb_row admin_label=\u00a0\u00bbRow\u00a0\u00bb _builder_version=\u00a0\u00bb4.16&Prime; background_size=\u00a0\u00bbinitial\u00a0\u00bb background_position=\u00a0\u00bbtop_left\u00a0\u00bb background_repeat=\u00a0\u00bbrepeat\u00a0\u00bb global_colors_info=\u00a0\u00bb{}\u00a0\u00bb][et_pb_column type=\u00a0\u00bb4_4&Prime; _builder_version=\u00a0\u00bb4.16&Prime; custom_padding=\u00a0\u00bb|||\u00a0\u00bb global_colors_info=\u00a0\u00bb{}\u00a0\u00bb custom_padding__hover=\u00a0\u00bb|||\u00a0\u00bb][et_pb_divider color=\u00a0\u00bb#0071bb\u00a0\u00bb disabled_on=\u00a0\u00bbon|on|off\u00a0\u00bb admin_label=\u00a0\u00bbDivider\u00a0\u00bb _builder_version=\u00a0\u00bb4.16&Prime; height=\u00a0\u00bb4px\u00a0\u00bb global_colors_info=\u00a0\u00bb{}\u00a0\u00bb][\/et_pb_divider][\/et_pb_column][\/et_pb_row][et_pb_row column_structure=\u00a0\u00bb1_4,1_4,1_4,1_4&Prime; _builder_version=\u00a0\u00bb4.16&Prime; _module_preset=\u00a0\u00bbdefault\u00a0\u00bb global_colors_info=\u00a0\u00bb{}\u00a0\u00bb][et_pb_column type=\u00a0\u00bb1_4&Prime; _builder_version=\u00a0\u00bb4.16&Prime; _module_preset=\u00a0\u00bbdefault\u00a0\u00bb global_colors_info=\u00a0\u00bb{}\u00a0\u00bb][et_pb_image src=\u00a0\u00bbhttps:\/\/actagis.ch\/wp-content\/uploads\/2016\/01\/alpine-security-cissp-course.jpg\u00a0\u00bb alt=\u00a0\u00bbCISSP\u00a0\u00bb url=\u00a0\u00bbhttps:\/\/actagis.ch\/fr\/actagis-academy\/cissp-professionnel-certifie-dans-la-securite-des-systemes-dinformation\/\u00a0\u00bb align=\u00a0\u00bbcenter\u00a0\u00bb align_tablet=\u00a0\u00bbcenter\u00a0\u00bb align_phone=\u00a0\u00bb\u00a0\u00bb align_last_edited=\u00a0\u00bbon|desktop\u00a0\u00bb admin_label=\u00a0\u00bbImage\u00a0\u00bb _builder_version=\u00a0\u00bb4.16&Prime; width=\u00a0\u00bb112.3%\u00a0\u00bb custom_margin=\u00a0\u00bb|9px|15px|||\u00a0\u00bb custom_padding=\u00a0\u00bb|0px||||\u00a0\u00bb animation_style=\u00a0\u00bbslide\u00a0\u00bb animation_direction=\u00a0\u00bbleft\u00a0\u00bb animation_duration=\u00a0\u00bb500ms\u00a0\u00bb animation_intensity_slide=\u00a0\u00bb10%\u00a0\u00bb global_colors_info=\u00a0\u00bb{}\u00a0\u00bb][\/et_pb_image][\/et_pb_column][et_pb_column type=\u00a0\u00bb1_4&Prime; _builder_version=\u00a0\u00bb4.16&Prime; _module_preset=\u00a0\u00bbdefault\u00a0\u00bb global_colors_info=\u00a0\u00bb{}\u00a0\u00bb][\/et_pb_column][et_pb_column type=\u00a0\u00bb1_4&Prime; _builder_version=\u00a0\u00bb4.16&Prime; _module_preset=\u00a0\u00bbdefault\u00a0\u00bb global_colors_info=\u00a0\u00bb{}\u00a0\u00bb][\/et_pb_column][et_pb_column type=\u00a0\u00bb1_4&Prime; _builder_version=\u00a0\u00bb4.16&Prime; _module_preset=\u00a0\u00bbdefault\u00a0\u00bb global_colors_info=\u00a0\u00bb{}\u00a0\u00bb][\/et_pb_column][\/et_pb_row][et_pb_row column_structure=\u00a0\u00bb1_4,1_4,1_4,1_4&Prime; admin_label=\u00a0\u00bbRow\u00a0\u00bb _builder_version=\u00a0\u00bb4.16&Prime; background_size=\u00a0\u00bbinitial\u00a0\u00bb background_position=\u00a0\u00bbtop_left\u00a0\u00bb background_repeat=\u00a0\u00bbrepeat\u00a0\u00bb global_colors_info=\u00a0\u00bb{}\u00a0\u00bb][et_pb_column type=\u00a0\u00bb1_4&Prime; _builder_version=\u00a0\u00bb4.16&Prime; custom_padding=\u00a0\u00bb|||\u00a0\u00bb global_colors_info=\u00a0\u00bb{}\u00a0\u00bb custom_padding__hover=\u00a0\u00bb|||\u00a0\u00bb][et_pb_image src=\u00a0\u00bbhttps:\/\/actagis.ch\/wp-content\/uploads\/2016\/01\/ISACA_Swiss_logo.png\u00a0\u00bb alt=\u00a0\u00bbISACA\u00a0\u00bb url=\u00a0\u00bbhttps:\/\/actagis.ch\/fr\/nos-partenaires\/\u00a0\u00bb align=\u00a0\u00bbcenter\u00a0\u00bb align_tablet=\u00a0\u00bbcenter\u00a0\u00bb align_phone=\u00a0\u00bb\u00a0\u00bb align_last_edited=\u00a0\u00bbon|desktop\u00a0\u00bb admin_label=\u00a0\u00bbImage\u00a0\u00bb _builder_version=\u00a0\u00bb4.24.2&Prime; animation_style=\u00a0\u00bbslide\u00a0\u00bb animation_direction=\u00a0\u00bbleft\u00a0\u00bb animation_duration=\u00a0\u00bb500ms\u00a0\u00bb animation_intensity_slide=\u00a0\u00bb10%\u00a0\u00bb global_colors_info=\u00a0\u00bb{}\u00a0\u00bb][\/et_pb_image][\/et_pb_column][et_pb_column type=\u00a0\u00bb1_4&Prime; _builder_version=\u00a0\u00bb4.16&Prime; custom_padding=\u00a0\u00bb|||\u00a0\u00bb global_colors_info=\u00a0\u00bb{}\u00a0\u00bb custom_padding__hover=\u00a0\u00bb|||\u00a0\u00bb][et_pb_image src=\u00a0\u00bbhttps:\/\/actagis.ch\/wp-content\/uploads\/2019\/10\/COBIT2019.png\u00a0\u00bb alt=\u00a0\u00bbISACA COBIT 5&Prime; url=\u00a0\u00bbhttps:\/\/actagis.ch\/fr\/actagis-academy\/isaca-formations\/cobit-2019-governance-framework\/\u00a0\u00bb align=\u00a0\u00bbcenter\u00a0\u00bb align_tablet=\u00a0\u00bbcenter\u00a0\u00bb align_phone=\u00a0\u00bb\u00a0\u00bb align_last_edited=\u00a0\u00bbon|desktop\u00a0\u00bb admin_label=\u00a0\u00bbImage\u00a0\u00bb _builder_version=\u00a0\u00bb4.16&Prime; animation_style=\u00a0\u00bbslide\u00a0\u00bb animation_direction=\u00a0\u00bbleft\u00a0\u00bb animation_duration=\u00a0\u00bb500ms\u00a0\u00bb animation_intensity_slide=\u00a0\u00bb10%\u00a0\u00bb global_colors_info=\u00a0\u00bb{}\u00a0\u00bb][\/et_pb_image][\/et_pb_column][et_pb_column type=\u00a0\u00bb1_4&Prime; _builder_version=\u00a0\u00bb4.16&Prime; custom_padding=\u00a0\u00bb|||\u00a0\u00bb global_colors_info=\u00a0\u00bb{}\u00a0\u00bb custom_padding__hover=\u00a0\u00bb|||\u00a0\u00bb][\/et_pb_column][et_pb_column type=\u00a0\u00bb1_4&Prime; _builder_version=\u00a0\u00bb4.16&Prime; custom_padding=\u00a0\u00bb|||\u00a0\u00bb global_colors_info=\u00a0\u00bb{}\u00a0\u00bb custom_padding__hover=\u00a0\u00bb|||\u00a0\u00bb][\/et_pb_column][\/et_pb_row][et_pb_row column_structure=\u00a0\u00bb1_4,1_4,1_4,1_4&Prime; admin_label=\u00a0\u00bbRow\u00a0\u00bb _builder_version=\u00a0\u00bb4.16&Prime; background_size=\u00a0\u00bbinitial\u00a0\u00bb background_position=\u00a0\u00bbtop_left\u00a0\u00bb background_repeat=\u00a0\u00bbrepeat\u00a0\u00bb custom_padding=\u00a0\u00bb||32px||false|false\u00a0\u00bb global_colors_info=\u00a0\u00bb{}\u00a0\u00bb][et_pb_column type=\u00a0\u00bb1_4&Prime; _builder_version=\u00a0\u00bb4.16&Prime; custom_padding=\u00a0\u00bb|||\u00a0\u00bb global_colors_info=\u00a0\u00bb{}\u00a0\u00bb custom_padding__hover=\u00a0\u00bb|||\u00a0\u00bb][et_pb_image src=\u00a0\u00bbhttps:\/\/actagis.ch\/wp-content\/uploads\/2016\/01\/isaca-cisa.jpg\u00a0\u00bb alt=\u00a0\u00bbCISA\u00a0\u00bb url=\u00a0\u00bbhttps:\/\/actagis.ch\/fr\/actagis-academy\/isaca-formations\/cisa-certified-information-systems-auditor\/\u00a0\u00bb align=\u00a0\u00bbcenter\u00a0\u00bb align_tablet=\u00a0\u00bbcenter\u00a0\u00bb align_phone=\u00a0\u00bb\u00a0\u00bb align_last_edited=\u00a0\u00bbon|desktop\u00a0\u00bb admin_label=\u00a0\u00bbImage\u00a0\u00bb _builder_version=\u00a0\u00bb4.16&Prime; animation_style=\u00a0\u00bbslide\u00a0\u00bb animation_direction=\u00a0\u00bbleft\u00a0\u00bb animation_duration=\u00a0\u00bb500ms\u00a0\u00bb animation_intensity_slide=\u00a0\u00bb10%\u00a0\u00bb global_colors_info=\u00a0\u00bb{}\u00a0\u00bb][\/et_pb_image][\/et_pb_column][et_pb_column type=\u00a0\u00bb1_4&Prime; _builder_version=\u00a0\u00bb4.16&Prime; custom_padding=\u00a0\u00bb|||\u00a0\u00bb global_colors_info=\u00a0\u00bb{}\u00a0\u00bb custom_padding__hover=\u00a0\u00bb|||\u00a0\u00bb][et_pb_image src=\u00a0\u00bbhttps:\/\/actagis.ch\/wp-content\/uploads\/2016\/01\/isaca-crisc.jpg\u00a0\u00bb alt=\u00a0\u00bbCRISC\u00a0\u00bb url=\u00a0\u00bbhttps:\/\/actagis.ch\/fr\/actagis-academy\/isaca-formations\/crisc-certified-risk-information-systems-control\/\u00a0\u00bb align=\u00a0\u00bbcenter\u00a0\u00bb align_tablet=\u00a0\u00bbcenter\u00a0\u00bb align_phone=\u00a0\u00bb\u00a0\u00bb align_last_edited=\u00a0\u00bbon|desktop\u00a0\u00bb admin_label=\u00a0\u00bbImage\u00a0\u00bb _builder_version=\u00a0\u00bb4.16&Prime; animation_style=\u00a0\u00bbslide\u00a0\u00bb animation_direction=\u00a0\u00bbleft\u00a0\u00bb animation_duration=\u00a0\u00bb500ms\u00a0\u00bb animation_intensity_slide=\u00a0\u00bb10%\u00a0\u00bb global_colors_info=\u00a0\u00bb{}\u00a0\u00bb][\/et_pb_image][\/et_pb_column][et_pb_column type=\u00a0\u00bb1_4&Prime; _builder_version=\u00a0\u00bb4.16&Prime; custom_padding=\u00a0\u00bb|||\u00a0\u00bb global_colors_info=\u00a0\u00bb{}\u00a0\u00bb custom_padding__hover=\u00a0\u00bb|||\u00a0\u00bb][et_pb_image src=\u00a0\u00bbhttps:\/\/actagis.ch\/wp-content\/uploads\/2016\/01\/isaca-cism.jpg\u00a0\u00bb alt=\u00a0\u00bbCISM\u00a0\u00bb url=\u00a0\u00bbhttps:\/\/actagis.ch\/fr\/actagis-academy\/isaca-formations\/cism-certified-information-security-manager\/\u00a0\u00bb align=\u00a0\u00bbcenter\u00a0\u00bb align_tablet=\u00a0\u00bbcenter\u00a0\u00bb align_phone=\u00a0\u00bb\u00a0\u00bb align_last_edited=\u00a0\u00bbon|desktop\u00a0\u00bb admin_label=\u00a0\u00bbImage\u00a0\u00bb _builder_version=\u00a0\u00bb4.16&Prime; animation_style=\u00a0\u00bbslide\u00a0\u00bb animation_direction=\u00a0\u00bbleft\u00a0\u00bb animation_duration=\u00a0\u00bb500ms\u00a0\u00bb animation_intensity_slide=\u00a0\u00bb10%\u00a0\u00bb global_colors_info=\u00a0\u00bb{}\u00a0\u00bb][\/et_pb_image][\/et_pb_column][et_pb_column type=\u00a0\u00bb1_4&Prime; _builder_version=\u00a0\u00bb4.16&Prime; custom_padding=\u00a0\u00bb|||\u00a0\u00bb global_colors_info=\u00a0\u00bb{}\u00a0\u00bb custom_padding__hover=\u00a0\u00bb|||\u00a0\u00bb][et_pb_image src=\u00a0\u00bbhttps:\/\/actagis.ch\/wp-content\/uploads\/2016\/01\/isaca-cgeit.jpg\u00a0\u00bb alt=\u00a0\u00bbCGEIT\u00a0\u00bb url=\u00a0\u00bbhttps:\/\/actagis.ch\/fr\/actagis-academy\/isaca-formations\/cgeit-certified-governance-enterprise\/\u00a0\u00bb align=\u00a0\u00bbcenter\u00a0\u00bb align_tablet=\u00a0\u00bbcenter\u00a0\u00bb align_phone=\u00a0\u00bb\u00a0\u00bb align_last_edited=\u00a0\u00bbon|desktop\u00a0\u00bb admin_label=\u00a0\u00bbImage\u00a0\u00bb _builder_version=\u00a0\u00bb4.16&Prime; animation_style=\u00a0\u00bbslide\u00a0\u00bb animation_direction=\u00a0\u00bbleft\u00a0\u00bb animation_duration=\u00a0\u00bb500ms\u00a0\u00bb animation_intensity_slide=\u00a0\u00bb10%\u00a0\u00bb global_colors_info=\u00a0\u00bb{}\u00a0\u00bb][\/et_pb_image][\/et_pb_column][\/et_pb_row][et_pb_row column_structure=\u00a0\u00bb1_4,1_4,1_4,1_4&Prime; _builder_version=\u00a0\u00bb4.16&Prime; _module_preset=\u00a0\u00bbdefault\u00a0\u00bb global_colors_info=\u00a0\u00bb{}\u00a0\u00bb][et_pb_column type=\u00a0\u00bb1_4&Prime; _builder_version=\u00a0\u00bb4.16&Prime; _module_preset=\u00a0\u00bbdefault\u00a0\u00bb global_colors_info=\u00a0\u00bb{}\u00a0\u00bb][et_pb_image src=\u00a0\u00bbhttps:\/\/actagis.ch\/wp-content\/uploads\/2020\/05\/pecb-logo-300.png\u00a0\u00bb url=\u00a0\u00bbhttps:\/\/actagis.ch\/fr\/nos-partenaires\/\u00a0\u00bb _builder_version=\u00a0\u00bb4.24.2&Prime; locked=\u00a0\u00bboff\u00a0\u00bb global_colors_info=\u00a0\u00bb{}\u00a0\u00bb][\/et_pb_image][\/et_pb_column][et_pb_column type=\u00a0\u00bb1_4&Prime; _builder_version=\u00a0\u00bb4.16&Prime; _module_preset=\u00a0\u00bbdefault\u00a0\u00bb global_colors_info=\u00a0\u00bb{}\u00a0\u00bb][et_pb_image src=\u00a0\u00bbhttps:\/\/actagis.ch\/wp-content\/uploads\/2022\/03\/3-pecb-authorized-gold-partner.png\u00a0\u00bb title_text=\u00a0\u00bb3-pecb-authorized-gold-partner\u00a0\u00bb url=\u00a0\u00bbhttps:\/\/actagis.ch\/fr\/nos-partenaires\/\u00a0\u00bb _builder_version=\u00a0\u00bb4.24.2&Prime; _module_preset=\u00a0\u00bbdefault\u00a0\u00bb width=\u00a0\u00bb120px\u00a0\u00bb global_colors_info=\u00a0\u00bb{}\u00a0\u00bb][\/et_pb_image][\/et_pb_column][et_pb_column type=\u00a0\u00bb1_4&Prime; _builder_version=\u00a0\u00bb4.16&Prime; _module_preset=\u00a0\u00bbdefault\u00a0\u00bb global_colors_info=\u00a0\u00bb{}\u00a0\u00bb][\/et_pb_column][et_pb_column type=\u00a0\u00bb1_4&Prime; _builder_version=\u00a0\u00bb4.16&Prime; _module_preset=\u00a0\u00bbdefault\u00a0\u00bb global_colors_info=\u00a0\u00bb{}\u00a0\u00bb][\/et_pb_column][\/et_pb_row][et_pb_row column_structure=\u00a0\u00bb1_4,1_4,1_4,1_4&Prime; _builder_version=\u00a0\u00bb4.16&Prime; _module_preset=\u00a0\u00bbdefault\u00a0\u00bb locked=\u00a0\u00bboff\u00a0\u00bb global_colors_info=\u00a0\u00bb{}\u00a0\u00bb][et_pb_column type=\u00a0\u00bb1_4&Prime; _builder_version=\u00a0\u00bb4.16&Prime; _module_preset=\u00a0\u00bbdefault\u00a0\u00bb global_colors_info=\u00a0\u00bb{}\u00a0\u00bb][et_pb_image src=\u00a0\u00bbhttps:\/\/actagis.ch\/wp-content\/uploads\/2020\/05\/ISO-9001-300.png\u00a0\u00bb title_text=\u00a0\u00bbISO-9001-300&Prime; url=\u00a0\u00bbhttps:\/\/actagis.ch\/fr\/actagis-academy\/iso-formation-certifiantes\/iso-9001\/\u00a0\u00bb _builder_version=\u00a0\u00bb4.24.2&Prime; _module_preset=\u00a0\u00bbdefault\u00a0\u00bb global_colors_info=\u00a0\u00bb{}\u00a0\u00bb][\/et_pb_image][\/et_pb_column][et_pb_column type=\u00a0\u00bb1_4&Prime; _builder_version=\u00a0\u00bb4.16&Prime; _module_preset=\u00a0\u00bbdefault\u00a0\u00bb global_colors_info=\u00a0\u00bb{}\u00a0\u00bb][et_pb_image src=\u00a0\u00bbhttps:\/\/actagis.ch\/wp-content\/uploads\/2020\/05\/ISO-14001-300.png\u00a0\u00bb title_text=\u00a0\u00bbISO-14001-300&Prime; url=\u00a0\u00bbhttps:\/\/actagis.ch\/fr\/actagis-academy\/iso-formation-certifiantes\/iso-14001\/\u00a0\u00bb _builder_version=\u00a0\u00bb4.24.2&Prime; _module_preset=\u00a0\u00bbdefault\u00a0\u00bb global_colors_info=\u00a0\u00bb{}\u00a0\u00bb][\/et_pb_image][\/et_pb_column][et_pb_column type=\u00a0\u00bb1_4&Prime; _builder_version=\u00a0\u00bb4.16&Prime; _module_preset=\u00a0\u00bbdefault\u00a0\u00bb global_colors_info=\u00a0\u00bb{}\u00a0\u00bb][et_pb_image src=\u00a0\u00bbhttps:\/\/actagis.ch\/wp-content\/uploads\/2020\/05\/ISO-20000-300.png\u00a0\u00bb title_text=\u00a0\u00bbISO-20000-300&Prime; url=\u00a0\u00bbhttps:\/\/actagis.ch\/fr\/actagis-academy\/iso-formation-certifiantes\/iso-20000\/\u00a0\u00bb _builder_version=\u00a0\u00bb4.24.2&Prime; _module_preset=\u00a0\u00bbdefault\u00a0\u00bb global_colors_info=\u00a0\u00bb{}\u00a0\u00bb][\/et_pb_image][\/et_pb_column][et_pb_column type=\u00a0\u00bb1_4&Prime; _builder_version=\u00a0\u00bb4.16&Prime; _module_preset=\u00a0\u00bbdefault\u00a0\u00bb global_colors_info=\u00a0\u00bb{}\u00a0\u00bb][et_pb_image src=\u00a0\u00bbhttps:\/\/actagis.ch\/wp-content\/uploads\/2020\/05\/ISO-22301-300.png\u00a0\u00bb title_text=\u00a0\u00bbISO-22301-300&Prime; url=\u00a0\u00bbhttps:\/\/actagis.ch\/actagis-academy\/iso-certification-training-courses\/iso-22301\/\u00a0\u00bb _builder_version=\u00a0\u00bb4.24.2&Prime; _module_preset=\u00a0\u00bbdefault\u00a0\u00bb global_colors_info=\u00a0\u00bb{}\u00a0\u00bb][\/et_pb_image][\/et_pb_column][\/et_pb_row][et_pb_row column_structure=\u00a0\u00bb1_4,1_4,1_4,1_4&Prime; _builder_version=\u00a0\u00bb4.16&Prime; _module_preset=\u00a0\u00bbdefault\u00a0\u00bb locked=\u00a0\u00bboff\u00a0\u00bb global_colors_info=\u00a0\u00bb{}\u00a0\u00bb][et_pb_column type=\u00a0\u00bb1_4&Prime; _builder_version=\u00a0\u00bb4.16&Prime; _module_preset=\u00a0\u00bbdefault\u00a0\u00bb global_colors_info=\u00a0\u00bb{}\u00a0\u00bb][et_pb_image src=\u00a0\u00bbhttps:\/\/actagis.ch\/wp-content\/uploads\/2020\/05\/ISO-27001-300.png\u00a0\u00bb title_text=\u00a0\u00bbISO-27001-300&Prime; url=\u00a0\u00bbhttps:\/\/actagis.ch\/fr\/actagis-academy\/iso-formation-certifiantes\/iso-27001\/\u00a0\u00bb _builder_version=\u00a0\u00bb4.24.2&Prime; _module_preset=\u00a0\u00bbdefault\u00a0\u00bb global_colors_info=\u00a0\u00bb{}\u00a0\u00bb][\/et_pb_image][\/et_pb_column][et_pb_column type=\u00a0\u00bb1_4&Prime; _builder_version=\u00a0\u00bb4.16&Prime; _module_preset=\u00a0\u00bbdefault\u00a0\u00bb global_colors_info=\u00a0\u00bb{}\u00a0\u00bb][et_pb_image src=\u00a0\u00bbhttps:\/\/actagis.ch\/wp-content\/uploads\/2020\/05\/ISO-27005-300.png\u00a0\u00bb title_text=\u00a0\u00bbISO-27005-300&Prime; url=\u00a0\u00bbhttps:\/\/actagis.ch\/fr\/actagis-academy\/iso-formation-certifiantes\/iso-27005-risk-manager\/\u00a0\u00bb _builder_version=\u00a0\u00bb4.24.2&Prime; _module_preset=\u00a0\u00bbdefault\u00a0\u00bb global_colors_info=\u00a0\u00bb{}\u00a0\u00bb][\/et_pb_image][\/et_pb_column][et_pb_column type=\u00a0\u00bb1_4&Prime; _builder_version=\u00a0\u00bb4.16&Prime; _module_preset=\u00a0\u00bbdefault\u00a0\u00bb global_colors_info=\u00a0\u00bb{}\u00a0\u00bb][et_pb_image src=\u00a0\u00bbhttps:\/\/actagis.ch\/wp-content\/uploads\/2020\/05\/ISO-27032-300.png\u00a0\u00bb title_text=\u00a0\u00bbISO-27032-300&Prime; url=\u00a0\u00bbhttps:\/\/actagis.ch\/fr\/actagis-academy\/iso-formation-certifiantes\/iso-27032-lead-cybersecurity-manager\/\u00a0\u00bb _builder_version=\u00a0\u00bb4.24.2&Prime; _module_preset=\u00a0\u00bbdefault\u00a0\u00bb global_colors_info=\u00a0\u00bb{}\u00a0\u00bb][\/et_pb_image][\/et_pb_column][et_pb_column type=\u00a0\u00bb1_4&Prime; _builder_version=\u00a0\u00bb4.16&Prime; _module_preset=\u00a0\u00bbdefault\u00a0\u00bb global_colors_info=\u00a0\u00bb{}\u00a0\u00bb][et_pb_image src=\u00a0\u00bbhttps:\/\/actagis.ch\/wp-content\/uploads\/2022\/03\/ISO-LCSM-300b.png\u00a0\u00bb title_text=\u00a0\u00bbISO-LCSM-300b\u00a0\u00bb url=\u00a0\u00bbhttps:\/\/actagis.ch\/?page_id=59892&Prime; _builder_version=\u00a0\u00bb4.24.2&Prime; _module_preset=\u00a0\u00bbdefault\u00a0\u00bb global_colors_info=\u00a0\u00bb{}\u00a0\u00bb][\/et_pb_image][\/et_pb_column][\/et_pb_row][et_pb_row column_structure=\u00a0\u00bb1_4,1_4,1_4,1_4&Prime; _builder_version=\u00a0\u00bb4.16&Prime; _module_preset=\u00a0\u00bbdefault\u00a0\u00bb locked=\u00a0\u00bboff\u00a0\u00bb global_colors_info=\u00a0\u00bb{}\u00a0\u00bb][et_pb_column type=\u00a0\u00bb1_4&Prime; _builder_version=\u00a0\u00bb4.16&Prime; _module_preset=\u00a0\u00bbdefault\u00a0\u00bb global_colors_info=\u00a0\u00bb{}\u00a0\u00bb][et_pb_image src=\u00a0\u00bbhttps:\/\/actagis.ch\/wp-content\/uploads\/2020\/05\/ISO-27701-300.png\u00a0\u00bb title_text=\u00a0\u00bbISO-27701-300&Prime; url=\u00a0\u00bbhttps:\/\/actagis.ch\/fr\/actagis-academy\/iso-formation-certifiantes\/iso-27701\/\u00a0\u00bb _builder_version=\u00a0\u00bb4.24.2&Prime; _module_preset=\u00a0\u00bbdefault\u00a0\u00bb global_colors_info=\u00a0\u00bb{}\u00a0\u00bb][\/et_pb_image][\/et_pb_column][et_pb_column type=\u00a0\u00bb1_4&Prime; _builder_version=\u00a0\u00bb4.16&Prime; _module_preset=\u00a0\u00bbdefault\u00a0\u00bb global_colors_info=\u00a0\u00bb{}\u00a0\u00bb][et_pb_image src=\u00a0\u00bbhttps:\/\/actagis.ch\/wp-content\/uploads\/2020\/05\/ISO-31000-300.png\u00a0\u00bb title_text=\u00a0\u00bbISO-31000-300&Prime; url=\u00a0\u00bbhttps:\/\/actagis.ch\/fr\/actagis-academy\/iso-formation-certifiantes\/iso-31000\/\u00a0\u00bb _builder_version=\u00a0\u00bb4.24.2&Prime; _module_preset=\u00a0\u00bbdefault\u00a0\u00bb global_colors_info=\u00a0\u00bb{}\u00a0\u00bb][\/et_pb_image][\/et_pb_column][et_pb_column type=\u00a0\u00bb1_4&Prime; _builder_version=\u00a0\u00bb4.16&Prime; _module_preset=\u00a0\u00bbdefault\u00a0\u00bb global_colors_info=\u00a0\u00bb{}\u00a0\u00bb][et_pb_image src=\u00a0\u00bbhttps:\/\/actagis.ch\/wp-content\/uploads\/2022\/03\/ISO-45001-300.png\u00a0\u00bb title_text=\u00a0\u00bbISO-45001-300&Prime; url=\u00a0\u00bbhttps:\/\/actagis.ch\/fr\/actagis-academy\/iso-formation-certifiantes\/iso-45001\/\u00a0\u00bb _builder_version=\u00a0\u00bb4.24.2&Prime; _module_preset=\u00a0\u00bbdefault\u00a0\u00bb global_colors_info=\u00a0\u00bb{}\u00a0\u00bb][\/et_pb_image][\/et_pb_column][et_pb_column type=\u00a0\u00bb1_4&Prime; _builder_version=\u00a0\u00bb4.16&Prime; _module_preset=\u00a0\u00bbdefault\u00a0\u00bb global_colors_info=\u00a0\u00bb{}\u00a0\u00bb][et_pb_image src=\u00a0\u00bbhttps:\/\/actagis.ch\/wp-content\/uploads\/2020\/05\/GDPR-300.png\u00a0\u00bb title_text=\u00a0\u00bbGDPR-300&Prime; url=\u00a0\u00bbhttps:\/\/actagis.ch\/fr\/actagis-academy\/iso-formation-certifiantes\/reglement-general-de-la-protection-des-donnees\/\u00a0\u00bb _builder_version=\u00a0\u00bb4.24.2&Prime; _module_preset=\u00a0\u00bbdefault\u00a0\u00bb global_colors_info=\u00a0\u00bb{}\u00a0\u00bb][\/et_pb_image][\/et_pb_column][\/et_pb_row][\/et_pb_section][et_pb_section fb_built=\u00a0\u00bb1&Prime; custom_padding_last_edited=\u00a0\u00bbon|desktop\u00a0\u00bb _builder_version=\u00a0\u00bb3.22.3&Prime; background_color=\u00a0\u00bb#f0d4aa\u00a0\u00bb custom_padding=\u00a0\u00bb50px|0px|50px|0px\u00a0\u00bb custom_padding_tablet=\u00a0\u00bb50px|0|50px|0&Prime; custom_padding_phone=\u00a0\u00bb\u00a0\u00bb global_module=\u00a0\u00bb54741&Prime; saved_tabs=\u00a0\u00bball\u00a0\u00bb locked=\u00a0\u00bboff\u00a0\u00bb global_colors_info=\u00a0\u00bb{}\u00a0\u00bb][et_pb_row column_structure=\u00a0\u00bb1_3,1_3,1_3&Prime; _builder_version=\u00a0\u00bb4.16&Prime; background_size=\u00a0\u00bbinitial\u00a0\u00bb background_position=\u00a0\u00bbtop_left\u00a0\u00bb background_repeat=\u00a0\u00bbrepeat\u00a0\u00bb global_colors_info=\u00a0\u00bb{}\u00a0\u00bb][et_pb_column type=\u00a0\u00bb1_3&Prime; _builder_version=\u00a0\u00bb4.16&Prime; custom_padding=\u00a0\u00bb|||\u00a0\u00bb global_colors_info=\u00a0\u00bb{}\u00a0\u00bb custom_padding__hover=\u00a0\u00bb|||\u00a0\u00bb][et_pb_image src=\u00a0\u00bbhttps:\/\/actagis.ch\/wp-content\/uploads\/2021\/05\/hands-on-exercises3.png\u00a0\u00bb alt=\u00a0\u00bbACTAGIS Academy Guarantee\u00a0\u00bb title_text=\u00a0\u00bbhands-on-exercises3&Prime; url=\u00a0\u00bbhttps:\/\/actagis.ch\/fr\/actagis-academy\/garantie-actagis-academy\/\u00a0\u00bb show_bottom_space=\u00a0\u00bboff\u00a0\u00bb align=\u00a0\u00bbcenter\u00a0\u00bb align_tablet=\u00a0\u00bbcenter\u00a0\u00bb align_phone=\u00a0\u00bb\u00a0\u00bb align_last_edited=\u00a0\u00bbon|desktop\u00a0\u00bb _builder_version=\u00a0\u00bb4.16&Prime; custom_padding=\u00a0\u00bb||20px|\u00a0\u00bb animation_style=\u00a0\u00bbslide\u00a0\u00bb animation_direction=\u00a0\u00bbleft\u00a0\u00bb animation_duration=\u00a0\u00bb500ms\u00a0\u00bb animation_intensity_slide=\u00a0\u00bb10%\u00a0\u00bb sticky=\u00a0\u00bbon\u00a0\u00bb global_colors_info=\u00a0\u00bb{}\u00a0\u00bb][\/et_pb_image][et_pb_text disabled_on=\u00a0\u00bboff|on|on\u00a0\u00bb _builder_version=\u00a0\u00bb4.16&Prime; background_size=\u00a0\u00bbinitial\u00a0\u00bb background_position=\u00a0\u00bbtop_left\u00a0\u00bb background_repeat=\u00a0\u00bbrepeat\u00a0\u00bb global_colors_info=\u00a0\u00bb{}\u00a0\u00bb]<\/p>\n<p><span>La formation est une combinaison de th\u00e9orie directement applicable, <strong>d\u2019exercices pratiques<\/strong>, de retours d\u2019exp\u00e9rience et d\u2019interaction de la classe.<\/span><\/p>\n<p>[\/et_pb_text][\/et_pb_column][et_pb_column type=\u00a0\u00bb1_3&Prime; _builder_version=\u00a0\u00bb4.16&Prime; custom_padding=\u00a0\u00bb|||\u00a0\u00bb global_colors_info=\u00a0\u00bb{}\u00a0\u00bb custom_padding__hover=\u00a0\u00bb|||\u00a0\u00bb][et_pb_number_counter title=\u00a0\u00bbTaux de r\u00e9ussite\u00a0\u00bb number=\u00a0\u00bb99.2%\u00a0\u00bb counter_color=\u00a0\u00bb#0071bb\u00a0\u00bb _builder_version=\u00a0\u00bb4.16&Prime; background_size=\u00a0\u00bbinitial\u00a0\u00bb background_position=\u00a0\u00bbtop_left\u00a0\u00bb background_repeat=\u00a0\u00bbrepeat\u00a0\u00bb global_colors_info=\u00a0\u00bb{}\u00a0\u00bb][\/et_pb_number_counter][et_pb_text disabled_on=\u00a0\u00bboff|on|on\u00a0\u00bb _builder_version=\u00a0\u00bb4.16&Prime; background_size=\u00a0\u00bbinitial\u00a0\u00bb background_position=\u00a0\u00bbtop_left\u00a0\u00bb background_repeat=\u00a0\u00bbrepeat\u00a0\u00bb global_colors_info=\u00a0\u00bb{}\u00a0\u00bb]<\/p>\n<p>Vous serez <strong>bien pr\u00e9par\u00e9<\/strong> pour votre examen. 99.2% de nos \u00e9tudiants ont r\u00e9ussi.<\/p>\n<p>[\/et_pb_text][\/et_pb_column][et_pb_column type=\u00a0\u00bb1_3&Prime; _builder_version=\u00a0\u00bb4.16&Prime; custom_padding=\u00a0\u00bb|||\u00a0\u00bb global_colors_info=\u00a0\u00bb{}\u00a0\u00bb custom_padding__hover=\u00a0\u00bb|||\u00a0\u00bb][et_pb_image src=\u00a0\u00bbhttps:\/\/actagis.ch\/wp-content\/uploads\/2016\/01\/UpToDate3.png\u00a0\u00bb alt=\u00a0\u00bbUp To Date\u00a0\u00bb align=\u00a0\u00bbcenter\u00a0\u00bb align_tablet=\u00a0\u00bbcenter\u00a0\u00bb align_phone=\u00a0\u00bb\u00a0\u00bb align_last_edited=\u00a0\u00bbon|desktop\u00a0\u00bb _builder_version=\u00a0\u00bb4.16&Prime; animation_style=\u00a0\u00bbslide\u00a0\u00bb animation_direction=\u00a0\u00bbright\u00a0\u00bb animation_duration=\u00a0\u00bb500ms\u00a0\u00bb animation_intensity_slide=\u00a0\u00bb10%\u00a0\u00bb animation=\u00a0\u00bbright\u00a0\u00bb global_colors_info=\u00a0\u00bb{}\u00a0\u00bb][\/et_pb_image][et_pb_text disabled_on=\u00a0\u00bboff|on|on\u00a0\u00bb _builder_version=\u00a0\u00bb4.16&Prime; background_size=\u00a0\u00bbinitial\u00a0\u00bb background_position=\u00a0\u00bbtop_left\u00a0\u00bb background_repeat=\u00a0\u00bbrepeat\u00a0\u00bb global_colors_info=\u00a0\u00bb{}\u00a0\u00bb]<\/p>\n<p><strong>Nos cours\u00a0sont \u00e0 jour<\/strong>. Ils ont \u00e9t\u00e9 adapt\u00e9s aux derni\u00e8res modifications des diff\u00e9rents examens. Nous sommes en contact r\u00e9gulier avec chaque organisation de certification.<\/p>\n<p>[\/et_pb_text][\/et_pb_column][\/et_pb_row][et_pb_row column_structure=\u00a0\u00bb1_3,1_3,1_3&Prime; disabled_on=\u00a0\u00bbon|off|off\u00a0\u00bb _builder_version=\u00a0\u00bb4.16&Prime; background_size=\u00a0\u00bbinitial\u00a0\u00bb background_position=\u00a0\u00bbtop_left\u00a0\u00bb background_repeat=\u00a0\u00bbrepeat\u00a0\u00bb global_colors_info=\u00a0\u00bb{}\u00a0\u00bb][et_pb_column type=\u00a0\u00bb1_3&Prime; _builder_version=\u00a0\u00bb4.16&Prime; custom_padding=\u00a0\u00bb|||\u00a0\u00bb global_colors_info=\u00a0\u00bb{}\u00a0\u00bb custom_padding__hover=\u00a0\u00bb|||\u00a0\u00bb][et_pb_text _builder_version=\u00a0\u00bb4.16&Prime; background_size=\u00a0\u00bbinitial\u00a0\u00bb background_position=\u00a0\u00bbtop_left\u00a0\u00bb background_repeat=\u00a0\u00bbrepeat\u00a0\u00bb global_colors_info=\u00a0\u00bb{}\u00a0\u00bb]<\/p>\n<p><span>La formation est une combinaison de th\u00e9orie directement applicable, <strong>d\u2019exercices pratiques<\/strong>, de retours d\u2019exp\u00e9rience et d\u2019interaction de la classe.<\/span><\/p>\n<p>[\/et_pb_text][\/et_pb_column][et_pb_column type=\u00a0\u00bb1_3&Prime; _builder_version=\u00a0\u00bb4.16&Prime; custom_padding=\u00a0\u00bb|||\u00a0\u00bb global_colors_info=\u00a0\u00bb{}\u00a0\u00bb custom_padding__hover=\u00a0\u00bb|||\u00a0\u00bb][et_pb_text _builder_version=\u00a0\u00bb4.16&Prime; background_size=\u00a0\u00bbinitial\u00a0\u00bb background_position=\u00a0\u00bbtop_left\u00a0\u00bb background_repeat=\u00a0\u00bbrepeat\u00a0\u00bb global_colors_info=\u00a0\u00bb{}\u00a0\u00bb]<\/p>\n<p>Vous serez <strong>bien pr\u00e9par\u00e9<\/strong> pour votre examen. 99.2% de nos \u00e9tudiants ont r\u00e9ussi.<\/p>\n<p>[\/et_pb_text][\/et_pb_column][et_pb_column type=\u00a0\u00bb1_3&Prime; _builder_version=\u00a0\u00bb4.16&Prime; custom_padding=\u00a0\u00bb|||\u00a0\u00bb global_colors_info=\u00a0\u00bb{}\u00a0\u00bb custom_padding__hover=\u00a0\u00bb|||\u00a0\u00bb][et_pb_text _builder_version=\u00a0\u00bb4.16&Prime; background_size=\u00a0\u00bbinitial\u00a0\u00bb background_position=\u00a0\u00bbtop_left\u00a0\u00bb background_repeat=\u00a0\u00bbrepeat\u00a0\u00bb global_colors_info=\u00a0\u00bb{}\u00a0\u00bb]<\/p>\n<p><strong>Nos cours\u00a0sont \u00e0 jour<\/strong>. Ils ont \u00e9t\u00e9 adapt\u00e9s aux derni\u00e8res modifications des diff\u00e9rents examens. Nous sommes en contact r\u00e9gulier avec chaque organisation de certification.<\/p>\n<p>[\/et_pb_text][\/et_pb_column][\/et_pb_row][\/et_pb_section][et_pb_section fb_built=\u00a0\u00bb1&Prime; custom_padding_last_edited=\u00a0\u00bbon|desktop\u00a0\u00bb _builder_version=\u00a0\u00bb4.16&Prime; background_color=\u00a0\u00bb#f0e5d5&Prime; custom_padding_tablet=\u00a0\u00bb50px|0|50px|0&Prime; custom_padding_phone=\u00a0\u00bb\u00a0\u00bb padding_mobile=\u00a0\u00bboff\u00a0\u00bb global_colors_info=\u00a0\u00bb{}\u00a0\u00bb][et_pb_row _builder_version=\u00a0\u00bb4.24.2&Prime; _module_preset=\u00a0\u00bbdefault\u00a0\u00bb custom_padding=\u00a0\u00bb||0px|||\u00a0\u00bb global_colors_info=\u00a0\u00bb{}\u00a0\u00bb][et_pb_column type=\u00a0\u00bb4_4&Prime; _builder_version=\u00a0\u00bb4.24.2&Prime; _module_preset=\u00a0\u00bbdefault\u00a0\u00bb global_colors_info=\u00a0\u00bb{}\u00a0\u00bb][et_pb_text _builder_version=\u00a0\u00bb4.24.2&Prime; background_size=\u00a0\u00bbinitial\u00a0\u00bb background_position=\u00a0\u00bbtop_left\u00a0\u00bb background_repeat=\u00a0\u00bbrepeat\u00a0\u00bb global_colors_info=\u00a0\u00bb{}\u00a0\u00bb]<\/p>\n<h2 class=\"et_pb_contact_main_title\">Int\u00e9ress\u00e9? Contactez-nous.<\/h2>\n<div id=\"gtx-trans\" style=\"position: absolute; left: 549px; top: 97.8125px;\">\n<div class=\"gtx-trans-icon\"><\/div>\n<\/div>\n<p>[\/et_pb_text][\/et_pb_column][\/et_pb_row][et_pb_row column_structure=\u00a0\u00bb2_3,1_3&Prime; _builder_version=\u00a0\u00bb4.16&Prime; background_size=\u00a0\u00bbinitial\u00a0\u00bb background_position=\u00a0\u00bbtop_left\u00a0\u00bb background_repeat=\u00a0\u00bbrepeat\u00a0\u00bb custom_padding=\u00a0\u00bb1px|||||\u00a0\u00bb global_colors_info=\u00a0\u00bb{}\u00a0\u00bb][et_pb_column type=\u00a0\u00bb2_3&Prime; _builder_version=\u00a0\u00bb4.16&Prime; custom_padding=\u00a0\u00bb|||\u00a0\u00bb global_colors_info=\u00a0\u00bb{}\u00a0\u00bb custom_padding__hover=\u00a0\u00bb|||\u00a0\u00bb][et_pb_text _builder_version=\u00a0\u00bb4.24.2&Prime; background_size=\u00a0\u00bbinitial\u00a0\u00bb background_position=\u00a0\u00bbtop_left\u00a0\u00bb background_repeat=\u00a0\u00bbrepeat\u00a0\u00bb global_colors_info=\u00a0\u00bb{}\u00a0\u00bb]<\/p>\n\n<div class=\"wpcf7 no-js\" id=\"wpcf7-f3034-o1\" lang=\"en-US\" dir=\"ltr\" data-wpcf7-id=\"3034\">\n<div class=\"screen-reader-response\"><p role=\"status\" aria-live=\"polite\" aria-atomic=\"true\"><\/p> <ul><\/ul><\/div>\n<form action=\"\/fr\/wp-json\/wp\/v2\/pages\/3385#wpcf7-f3034-o1\" method=\"post\" class=\"wpcf7-form init\" aria-label=\"Contact form\" novalidate=\"novalidate\" data-status=\"init\">\n<fieldset class=\"hidden-fields-container\"><input type=\"hidden\" name=\"_wpcf7\" value=\"3034\" \/><input type=\"hidden\" name=\"_wpcf7_version\" value=\"6.1.5\" \/><input type=\"hidden\" name=\"_wpcf7_locale\" value=\"en_US\" \/><input type=\"hidden\" name=\"_wpcf7_unit_tag\" value=\"wpcf7-f3034-o1\" \/><input type=\"hidden\" name=\"_wpcf7_container_post\" value=\"0\" \/><input type=\"hidden\" name=\"_wpcf7_posted_data_hash\" value=\"\" \/><input type=\"hidden\" name=\"_wpcf7dtx_version\" value=\"5.0.5\" \/>\n<\/fieldset>\n<p>Votre int\u00e9r\u00eat\n<\/p>\n<p><span class=\"wpcf7-form-control-wrap contact-form-subject\" data-name=\"contact-form-subject\"><input type=\"text\" name=\"contact-form-subject\" class=\"wpcf7-form-control wpcf7-text wpcf7dtx wpcf7dtx-text\" aria-invalid=\"false\" value=\"ISO 9001 LA\"><\/span>\n<\/p>\n<p>Nom (obligatoire)\n<\/p>\n<p><span class=\"wpcf7-form-control-wrap\" data-name=\"your-name\"><input size=\"40\" maxlength=\"400\" class=\"wpcf7-form-control wpcf7-text wpcf7-validates-as-required\" aria-required=\"true\" aria-invalid=\"false\" value=\"\" type=\"text\" name=\"your-name\" \/><\/span>\n<\/p>\n<p>Email (obligatoire)\n<\/p>\n<p><span class=\"wpcf7-form-control-wrap\" data-name=\"your-email\"><input size=\"40\" maxlength=\"400\" class=\"wpcf7-form-control wpcf7-email wpcf7-validates-as-required wpcf7-text wpcf7-validates-as-email\" aria-required=\"true\" aria-invalid=\"false\" value=\"\" type=\"email\" name=\"your-email\" \/><\/span>\n<\/p>\n<p>T\u00e9l\u00e9phone professionnel direct avec l'indicatif du pays (obligatoire)\n<\/p>\n<p><span class=\"wpcf7-form-control-wrap\" data-name=\"your-tel\"><input size=\"40\" maxlength=\"400\" class=\"wpcf7-form-control wpcf7-tel wpcf7-validates-as-required wpcf7-text wpcf7-validates-as-tel\" aria-required=\"true\" aria-invalid=\"false\" value=\"\" type=\"tel\" name=\"your-tel\" \/><\/span>\n<\/p>\n<p>T\u00e9l\u00e9phone mobile avec l'indicatif du pays (obligatoire)\n<\/p>\n<p><span class=\"wpcf7-form-control-wrap\" data-name=\"your-mob-tel\"><input size=\"40\" maxlength=\"400\" class=\"wpcf7-form-control wpcf7-tel wpcf7-validates-as-required wpcf7-text wpcf7-validates-as-tel\" aria-required=\"true\" aria-invalid=\"false\" value=\"\" type=\"tel\" name=\"your-mob-tel\" \/><\/span>\n<\/p>\n<p>Ville (obligatoire)\n<\/p>\n<p><span class=\"wpcf7-form-control-wrap\" data-name=\"your-city\"><input size=\"40\" maxlength=\"400\" class=\"wpcf7-form-control wpcf7-text wpcf7-validates-as-required\" aria-required=\"true\" aria-invalid=\"false\" value=\"\" type=\"text\" name=\"your-city\" \/><\/span>\n<\/p>\n<p>Pays (obligatoire)\n<\/p>\n<p><span class=\"wpcf7-form-control-wrap\" data-name=\"your-country\"><input size=\"40\" maxlength=\"400\" class=\"wpcf7-form-control wpcf7-text wpcf7-validates-as-required\" aria-required=\"true\" aria-invalid=\"false\" value=\"\" type=\"text\" name=\"your-country\" \/><\/span>\n<\/p>\n<p>Votre message\n<\/p>\n<p><span class=\"wpcf7-form-control-wrap\" data-name=\"your-message\"><textarea cols=\"40\" rows=\"10\" maxlength=\"2000\" class=\"wpcf7-form-control wpcf7-textarea\" aria-invalid=\"false\" name=\"your-message\"><\/textarea><\/span>\n<\/p>\n<p><span class=\"wpcf7-form-control-wrap\" data-name=\"protection-donnes\"><span class=\"wpcf7-form-control wpcf7-acceptance\"><span class=\"wpcf7-list-item\"><label><input type=\"checkbox\" name=\"protection-donnes\" value=\"1\" aria-invalid=\"false\" \/><span class=\"wpcf7-list-item-label\">J'accepte la <a href=\"https:\/\/actagis.ch\/fr\/protection-des-donnees\/\" target=\"_blank\">politique de protection des donn\u00e9es<\/a><\/span><\/label><\/span><\/span><\/span>\n<\/p>\n<p><div class=\"cf7-cf-turnstile\" style=\"margin-top: 0px; margin-bottom: -15px;\"> <div id=\"cf-turnstile-cf7-497861679\" class=\"cf-turnstile\" data-sitekey=\"0x4AAAAAAAC_PaAUNM8_UEH3\" data-theme=\"light\" data-language=\"en\" data-size=\"\" data-retry=\"auto\" data-retry-interval=\"1000\" data-refresh-expired=\"auto\" data-refresh-timeout=\"auto\" data-action=\"contact-form-7\" data-callback=\"turnstileCF7Callback\" data-appearance=\"interaction-only\"><\/div> <script>document.addEventListener(\"DOMContentLoaded\", function() { setTimeout(function(){ var e=document.getElementById(\"cf-turnstile-cf7-497861679\"); if(e&&!e.innerHTML.trim()){turnstile.render(e, {sitekey:\"0x4AAAAAAAC_PaAUNM8_UEH3\"});} }, 200); });<\/script> <style>#cf-turnstile-cf7-497861679 iframe { margin-bottom: 15px; }<\/style> <style>#cf-turnstile-cf7-497861679 { margin-left: -15px; }<\/style> <script>document.addEventListener(\"DOMContentLoaded\",function(){document.querySelectorAll('.wpcf7-form').forEach(function(e){e.addEventListener('submit',function(){if(document.getElementById('cf-turnstile-cf7-497861679')){setTimeout(function(){turnstile.reset('#cf-turnstile-cf7-497861679');},1000)}})})});<\/script> <\/div>\n<\/p>\n<p><input class=\"wpcf7-form-control wpcf7-submit has-spinner\" type=\"submit\" value=\"Envoyer\" \/>\n<\/p><div class=\"wpcf7-response-output\" aria-hidden=\"true\"><\/div>\n<\/form>\n<\/div>\n\n<p>[\/et_pb_text][\/et_pb_column][et_pb_column type=\u00a0\u00bb1_3&Prime; _builder_version=\u00a0\u00bb4.16&Prime; custom_padding=\u00a0\u00bb|||\u00a0\u00bb global_colors_info=\u00a0\u00bb{}\u00a0\u00bb custom_padding__hover=\u00a0\u00bb|||\u00a0\u00bb][et_pb_image src=\u00a0\u00bbhttps:\/\/actagis.ch\/wp-content\/uploads\/2024\/03\/email-contact-blue.png\u00a0\u00bb title_text=\u00a0\u00bbemail-contact-blue\u00a0\u00bb _builder_version=\u00a0\u00bb4.24.2&Prime; _module_preset=\u00a0\u00bbdefault\u00a0\u00bb custom_margin=\u00a0\u00bb20px||||false|false\u00a0\u00bb global_colors_info=\u00a0\u00bb{}\u00a0\u00bb][\/et_pb_image][\/et_pb_column][\/et_pb_row][\/et_pb_section]<\/p>\n","protected":false},"excerpt":{"rendered":"<p>[et_pb_section fb_built=\u00a0\u00bb1&Prime; _builder_version=\u00a0\u00bb4.16&Prime; background_color=\u00a0\u00bb#0071bb\u00a0\u00bb custom_margin=\u00a0\u00bb||-12px|||\u00a0\u00bb custom_padding=\u00a0\u00bb0px|0px|12px|0px||\u00a0\u00bb global_colors_info=\u00a0\u00bb{}\u00a0\u00bb][et_pb_row column_structure=\u00a0\u00bb2_3,1_3&Prime; _builder_version=\u00a0\u00bb4.16&Prime; custom_padding=\u00a0\u00bb54px|0px|0px|0px||\u00a0\u00bb global_colors_info=\u00a0\u00bb{}\u00a0\u00bb][et_pb_column type=\u00a0\u00bb2_3&Prime; _builder_version=\u00a0\u00bb4.16&Prime; custom_padding=\u00a0\u00bb|||\u00a0\u00bb global_colors_info=\u00a0\u00bb{}\u00a0\u00bb custom_padding__hover=\u00a0\u00bb|||\u00a0\u00bb][et_pb_text _builder_version=\u00a0\u00bb4.16&Prime; global_colors_info=\u00a0\u00bb{}\u00a0\u00bb] Bienvenue \u00e0\u00a0ACTAGIS [\/et_pb_text][\/et_pb_column][et_pb_column type=\u00a0\u00bb1_3&Prime; _builder_version=\u00a0\u00bb4.16&Prime; custom_padding=\u00a0\u00bb|||\u00a0\u00bb global_colors_info=\u00a0\u00bb{}\u00a0\u00bb custom_padding__hover=\u00a0\u00bb|||\u00a0\u00bb][\/et_pb_column][\/et_pb_row][et_pb_row column_structure=\u00a0\u00bb3_4,1_4&Prime; _builder_version=\u00a0\u00bb4.16&Prime; custom_padding=\u00a0\u00bb0px|0px|27px|0px\u00a0\u00bb global_colors_info=\u00a0\u00bb{}\u00a0\u00bb][et_pb_column type=\u00a0\u00bb3_4&Prime; _builder_version=\u00a0\u00bb4.16&Prime; custom_padding=\u00a0\u00bb|||\u00a0\u00bb global_colors_info=\u00a0\u00bb{}\u00a0\u00bb custom_padding__hover=\u00a0\u00bb|||\u00a0\u00bb][et_pb_text _builder_version=\u00a0\u00bb4.16&Prime; text_font=\u00a0\u00bb||||||||\u00a0\u00bb text_font_size=\u00a0\u00bb12px\u00a0\u00bb header_font=\u00a0\u00bb||||||||\u00a0\u00bb global_colors_info=\u00a0\u00bb{}\u00a0\u00bb] Faites de votre IT &amp; S\u00e9curit\u00e9 une valeur strat\u00e9gique pour la continuit\u00e9 de vos activit\u00e9s [&hellip;]<\/p>\n","protected":false},"author":2,"featured_media":0,"parent":0,"menu_order":0,"comment_status":"closed","ping_status":"closed","template":"","meta":{"_et_pb_use_builder":"on","_et_pb_old_content":"","_et_gb_content_width":"","inline_featured_image":false,"footnotes":""},"class_list":["post-3385","page","type-page","status-publish","hentry"],"yoast_head":"<!-- This site is optimized with the Yoast SEO plugin v27.4 - https:\/\/yoast.com\/product\/yoast-seo-wordpress\/ -->\n<title>Gouvernance IT et s\u00e9curit\u00e9 &amp; continuit\u00e9 des activit\u00e9s - Conseil - ACTAGIS<\/title>\n<meta name=\"robots\" content=\"index, follow, max-snippet:-1, max-image-preview:large, max-video-preview:-1\" \/>\n<link rel=\"canonical\" href=\"https:\/\/actagis.ch\/fr\/actagis\/\" \/>\n<meta property=\"og:locale\" content=\"fr_FR\" \/>\n<meta property=\"og:type\" content=\"article\" \/>\n<meta property=\"og:title\" content=\"Gouvernance IT et s\u00e9curit\u00e9 &amp; continuit\u00e9 des activit\u00e9s - Conseil - ACTAGIS\" \/>\n<meta property=\"og:description\" content=\"[et_pb_section fb_built=\u00a0\u00bb1&Prime; _builder_version=\u00a0\u00bb4.16&Prime; background_color=\u00a0\u00bb#0071bb\u00a0\u00bb custom_margin=\u00a0\u00bb||-12px|||\u00a0\u00bb custom_padding=\u00a0\u00bb0px|0px|12px|0px||\u00a0\u00bb global_colors_info=\u00a0\u00bb{}\u00a0\u00bb][et_pb_row column_structure=\u00a0\u00bb2_3,1_3&Prime; _builder_version=\u00a0\u00bb4.16&Prime; custom_padding=\u00a0\u00bb54px|0px|0px|0px||\u00a0\u00bb global_colors_info=\u00a0\u00bb{}\u00a0\u00bb][et_pb_column type=\u00a0\u00bb2_3&Prime; _builder_version=\u00a0\u00bb4.16&Prime; custom_padding=\u00a0\u00bb|||\u00a0\u00bb global_colors_info=\u00a0\u00bb{}\u00a0\u00bb custom_padding__hover=\u00a0\u00bb|||\u00a0\u00bb][et_pb_text _builder_version=\u00a0\u00bb4.16&Prime; global_colors_info=\u00a0\u00bb{}\u00a0\u00bb] Bienvenue \u00e0\u00a0ACTAGIS [\/et_pb_text][\/et_pb_column][et_pb_column type=\u00a0\u00bb1_3&Prime; _builder_version=\u00a0\u00bb4.16&Prime; custom_padding=\u00a0\u00bb|||\u00a0\u00bb global_colors_info=\u00a0\u00bb{}\u00a0\u00bb custom_padding__hover=\u00a0\u00bb|||\u00a0\u00bb][\/et_pb_column][\/et_pb_row][et_pb_row column_structure=\u00a0\u00bb3_4,1_4&Prime; _builder_version=\u00a0\u00bb4.16&Prime; custom_padding=\u00a0\u00bb0px|0px|27px|0px\u00a0\u00bb global_colors_info=\u00a0\u00bb{}\u00a0\u00bb][et_pb_column type=\u00a0\u00bb3_4&Prime; _builder_version=\u00a0\u00bb4.16&Prime; custom_padding=\u00a0\u00bb|||\u00a0\u00bb global_colors_info=\u00a0\u00bb{}\u00a0\u00bb custom_padding__hover=\u00a0\u00bb|||\u00a0\u00bb][et_pb_text _builder_version=\u00a0\u00bb4.16&Prime; text_font=\u00a0\u00bb||||||||\u00a0\u00bb text_font_size=\u00a0\u00bb12px\u00a0\u00bb header_font=\u00a0\u00bb||||||||\u00a0\u00bb global_colors_info=\u00a0\u00bb{}\u00a0\u00bb] Faites de votre IT &amp; S\u00e9curit\u00e9 une valeur strat\u00e9gique pour la continuit\u00e9 de vos activit\u00e9s [&hellip;]\" \/>\n<meta property=\"og:url\" content=\"https:\/\/actagis.ch\/fr\/actagis\/\" \/>\n<meta property=\"og:site_name\" content=\"ACTAGIS\" \/>\n<meta property=\"article:modified_time\" content=\"2025-08-28T14:41:49+00:00\" \/>\n<meta property=\"og:image\" content=\"https:\/\/actagis.ch\/wp-content\/uploads\/2018\/09\/actagisLinkedIn.jpg\" \/>\n\t<meta property=\"og:image:width\" content=\"522\" \/>\n\t<meta property=\"og:image:height\" content=\"324\" \/>\n\t<meta property=\"og:image:type\" content=\"image\/jpeg\" \/>\n<meta name=\"twitter:card\" content=\"summary_large_image\" \/>\n<meta name=\"twitter:label1\" content=\"Dur\u00e9e de lecture estim\u00e9e\" \/>\n\t<meta name=\"twitter:data1\" content=\"26 minutes\" \/>\n<script type=\"application\/ld+json\" class=\"yoast-schema-graph\">{\"@context\":\"https:\\\/\\\/schema.org\",\"@graph\":[{\"@type\":\"WebPage\",\"@id\":\"https:\\\/\\\/actagis.ch\\\/fr\\\/actagis\\\/\",\"url\":\"https:\\\/\\\/actagis.ch\\\/fr\\\/actagis\\\/\",\"name\":\"Gouvernance IT et s\u00e9curit\u00e9 & continuit\u00e9 des activit\u00e9s - Conseil - ACTAGIS\",\"isPartOf\":{\"@id\":\"https:\\\/\\\/actagis.ch\\\/fr\\\/#website\"},\"datePublished\":\"2016-05-31T08:37:26+00:00\",\"dateModified\":\"2025-08-28T14:41:49+00:00\",\"breadcrumb\":{\"@id\":\"https:\\\/\\\/actagis.ch\\\/fr\\\/actagis\\\/#breadcrumb\"},\"inLanguage\":\"fr-FR\",\"potentialAction\":[{\"@type\":\"ReadAction\",\"target\":[\"https:\\\/\\\/actagis.ch\\\/fr\\\/actagis\\\/\"]}]},{\"@type\":\"BreadcrumbList\",\"@id\":\"https:\\\/\\\/actagis.ch\\\/fr\\\/actagis\\\/#breadcrumb\",\"itemListElement\":[{\"@type\":\"ListItem\",\"position\":1,\"name\":\"Home\",\"item\":\"https:\\\/\\\/actagis.ch\\\/fr\\\/actagis\\\/\"},{\"@type\":\"ListItem\",\"position\":2,\"name\":\"ACTAGIS\"}]},{\"@type\":\"WebSite\",\"@id\":\"https:\\\/\\\/actagis.ch\\\/fr\\\/#website\",\"url\":\"https:\\\/\\\/actagis.ch\\\/fr\\\/\",\"name\":\"ACTAGIS\",\"description\":\"Govern your IT, Security and Business\",\"publisher\":{\"@id\":\"https:\\\/\\\/actagis.ch\\\/fr\\\/#organization\"},\"potentialAction\":[{\"@type\":\"SearchAction\",\"target\":{\"@type\":\"EntryPoint\",\"urlTemplate\":\"https:\\\/\\\/actagis.ch\\\/fr\\\/?s={search_term_string}\"},\"query-input\":{\"@type\":\"PropertyValueSpecification\",\"valueRequired\":true,\"valueName\":\"search_term_string\"}}],\"inLanguage\":\"fr-FR\"},{\"@type\":\"Organization\",\"@id\":\"https:\\\/\\\/actagis.ch\\\/fr\\\/#organization\",\"name\":\"ACTAGIS\",\"url\":\"https:\\\/\\\/actagis.ch\\\/fr\\\/\",\"logo\":{\"@type\":\"ImageObject\",\"inLanguage\":\"fr-FR\",\"@id\":\"https:\\\/\\\/actagis.ch\\\/fr\\\/#\\\/schema\\\/logo\\\/image\\\/\",\"url\":\"https:\\\/\\\/actagis.ch\\\/wp-content\\\/uploads\\\/2016\\\/01\\\/actagis.svg\",\"contentUrl\":\"https:\\\/\\\/actagis.ch\\\/wp-content\\\/uploads\\\/2016\\\/01\\\/actagis.svg\",\"width\":1,\"height\":1,\"caption\":\"ACTAGIS\"},\"image\":{\"@id\":\"https:\\\/\\\/actagis.ch\\\/fr\\\/#\\\/schema\\\/logo\\\/image\\\/\"}}]}<\/script>\n<!-- \/ Yoast SEO plugin. -->","yoast_head_json":{"title":"Gouvernance IT et s\u00e9curit\u00e9 & continuit\u00e9 des activit\u00e9s - Conseil - ACTAGIS","robots":{"index":"index","follow":"follow","max-snippet":"max-snippet:-1","max-image-preview":"max-image-preview:large","max-video-preview":"max-video-preview:-1"},"canonical":"https:\/\/actagis.ch\/fr\/actagis\/","og_locale":"fr_FR","og_type":"article","og_title":"Gouvernance IT et s\u00e9curit\u00e9 & continuit\u00e9 des activit\u00e9s - Conseil - ACTAGIS","og_description":"[et_pb_section fb_built=\u00a0\u00bb1&Prime; _builder_version=\u00a0\u00bb4.16&Prime; background_color=\u00a0\u00bb#0071bb\u00a0\u00bb custom_margin=\u00a0\u00bb||-12px|||\u00a0\u00bb custom_padding=\u00a0\u00bb0px|0px|12px|0px||\u00a0\u00bb global_colors_info=\u00a0\u00bb{}\u00a0\u00bb][et_pb_row column_structure=\u00a0\u00bb2_3,1_3&Prime; _builder_version=\u00a0\u00bb4.16&Prime; custom_padding=\u00a0\u00bb54px|0px|0px|0px||\u00a0\u00bb global_colors_info=\u00a0\u00bb{}\u00a0\u00bb][et_pb_column type=\u00a0\u00bb2_3&Prime; _builder_version=\u00a0\u00bb4.16&Prime; custom_padding=\u00a0\u00bb|||\u00a0\u00bb global_colors_info=\u00a0\u00bb{}\u00a0\u00bb custom_padding__hover=\u00a0\u00bb|||\u00a0\u00bb][et_pb_text _builder_version=\u00a0\u00bb4.16&Prime; global_colors_info=\u00a0\u00bb{}\u00a0\u00bb] Bienvenue \u00e0\u00a0ACTAGIS [\/et_pb_text][\/et_pb_column][et_pb_column type=\u00a0\u00bb1_3&Prime; _builder_version=\u00a0\u00bb4.16&Prime; custom_padding=\u00a0\u00bb|||\u00a0\u00bb global_colors_info=\u00a0\u00bb{}\u00a0\u00bb custom_padding__hover=\u00a0\u00bb|||\u00a0\u00bb][\/et_pb_column][\/et_pb_row][et_pb_row column_structure=\u00a0\u00bb3_4,1_4&Prime; _builder_version=\u00a0\u00bb4.16&Prime; custom_padding=\u00a0\u00bb0px|0px|27px|0px\u00a0\u00bb global_colors_info=\u00a0\u00bb{}\u00a0\u00bb][et_pb_column type=\u00a0\u00bb3_4&Prime; _builder_version=\u00a0\u00bb4.16&Prime; custom_padding=\u00a0\u00bb|||\u00a0\u00bb global_colors_info=\u00a0\u00bb{}\u00a0\u00bb custom_padding__hover=\u00a0\u00bb|||\u00a0\u00bb][et_pb_text _builder_version=\u00a0\u00bb4.16&Prime; text_font=\u00a0\u00bb||||||||\u00a0\u00bb text_font_size=\u00a0\u00bb12px\u00a0\u00bb header_font=\u00a0\u00bb||||||||\u00a0\u00bb global_colors_info=\u00a0\u00bb{}\u00a0\u00bb] Faites de votre IT &amp; S\u00e9curit\u00e9 une valeur strat\u00e9gique pour la continuit\u00e9 de vos activit\u00e9s [&hellip;]","og_url":"https:\/\/actagis.ch\/fr\/actagis\/","og_site_name":"ACTAGIS","article_modified_time":"2025-08-28T14:41:49+00:00","og_image":[{"width":522,"height":324,"url":"https:\/\/actagis.ch\/wp-content\/uploads\/2018\/09\/actagisLinkedIn.jpg","type":"image\/jpeg"}],"twitter_card":"summary_large_image","twitter_misc":{"Dur\u00e9e de lecture estim\u00e9e":"26 minutes"},"schema":{"@context":"https:\/\/schema.org","@graph":[{"@type":"WebPage","@id":"https:\/\/actagis.ch\/fr\/actagis\/","url":"https:\/\/actagis.ch\/fr\/actagis\/","name":"Gouvernance IT et s\u00e9curit\u00e9 & continuit\u00e9 des activit\u00e9s - Conseil - ACTAGIS","isPartOf":{"@id":"https:\/\/actagis.ch\/fr\/#website"},"datePublished":"2016-05-31T08:37:26+00:00","dateModified":"2025-08-28T14:41:49+00:00","breadcrumb":{"@id":"https:\/\/actagis.ch\/fr\/actagis\/#breadcrumb"},"inLanguage":"fr-FR","potentialAction":[{"@type":"ReadAction","target":["https:\/\/actagis.ch\/fr\/actagis\/"]}]},{"@type":"BreadcrumbList","@id":"https:\/\/actagis.ch\/fr\/actagis\/#breadcrumb","itemListElement":[{"@type":"ListItem","position":1,"name":"Home","item":"https:\/\/actagis.ch\/fr\/actagis\/"},{"@type":"ListItem","position":2,"name":"ACTAGIS"}]},{"@type":"WebSite","@id":"https:\/\/actagis.ch\/fr\/#website","url":"https:\/\/actagis.ch\/fr\/","name":"ACTAGIS","description":"Govern your IT, Security and Business","publisher":{"@id":"https:\/\/actagis.ch\/fr\/#organization"},"potentialAction":[{"@type":"SearchAction","target":{"@type":"EntryPoint","urlTemplate":"https:\/\/actagis.ch\/fr\/?s={search_term_string}"},"query-input":{"@type":"PropertyValueSpecification","valueRequired":true,"valueName":"search_term_string"}}],"inLanguage":"fr-FR"},{"@type":"Organization","@id":"https:\/\/actagis.ch\/fr\/#organization","name":"ACTAGIS","url":"https:\/\/actagis.ch\/fr\/","logo":{"@type":"ImageObject","inLanguage":"fr-FR","@id":"https:\/\/actagis.ch\/fr\/#\/schema\/logo\/image\/","url":"https:\/\/actagis.ch\/wp-content\/uploads\/2016\/01\/actagis.svg","contentUrl":"https:\/\/actagis.ch\/wp-content\/uploads\/2016\/01\/actagis.svg","width":1,"height":1,"caption":"ACTAGIS"},"image":{"@id":"https:\/\/actagis.ch\/fr\/#\/schema\/logo\/image\/"}}]}},"_links":{"self":[{"href":"https:\/\/actagis.ch\/fr\/wp-json\/wp\/v2\/pages\/3385","targetHints":{"allow":["GET"]}}],"collection":[{"href":"https:\/\/actagis.ch\/fr\/wp-json\/wp\/v2\/pages"}],"about":[{"href":"https:\/\/actagis.ch\/fr\/wp-json\/wp\/v2\/types\/page"}],"author":[{"embeddable":true,"href":"https:\/\/actagis.ch\/fr\/wp-json\/wp\/v2\/users\/2"}],"replies":[{"embeddable":true,"href":"https:\/\/actagis.ch\/fr\/wp-json\/wp\/v2\/comments?post=3385"}],"version-history":[{"count":215,"href":"https:\/\/actagis.ch\/fr\/wp-json\/wp\/v2\/pages\/3385\/revisions"}],"predecessor-version":[{"id":69227,"href":"https:\/\/actagis.ch\/fr\/wp-json\/wp\/v2\/pages\/3385\/revisions\/69227"}],"wp:attachment":[{"href":"https:\/\/actagis.ch\/fr\/wp-json\/wp\/v2\/media?parent=3385"}],"curies":[{"name":"wp","href":"https:\/\/api.w.org\/{rel}","templated":true}]}}