{"id":26536,"date":"2017-05-01T16:28:37","date_gmt":"2017-05-01T14:28:37","guid":{"rendered":"https:\/\/actagis.ch\/?page_id=26536\/"},"modified":"2025-08-28T16:48:37","modified_gmt":"2025-08-28T14:48:37","slug":"reglement-general-de-la-protection-des-donnees","status":"publish","type":"page","link":"https:\/\/actagis.ch\/fr\/actagis-academy\/iso-formation-certifiantes\/reglement-general-de-la-protection-des-donnees\/","title":{"rendered":"R\u00e9glement G\u00e9n\u00e9ral de la Protection des Donn\u00e9es"},"content":{"rendered":"<p>[et_pb_section fb_built=\u00a0\u00bb1&Prime; _builder_version=\u00a0\u00bb4.16&Prime; background_color=\u00a0\u00bb#0071bb\u00a0\u00bb custom_padding=\u00a0\u00bb54px|0px|30px|0px|false|false\u00a0\u00bb global_colors_info=\u00a0\u00bb{}\u00a0\u00bb][et_pb_row _builder_version=\u00a0\u00bb4.24.2&Prime; _module_preset=\u00a0\u00bbdefault\u00a0\u00bb custom_padding=\u00a0\u00bb||0px||false|false\u00a0\u00bb global_colors_info=\u00a0\u00bb{}\u00a0\u00bb][et_pb_column type=\u00a0\u00bb4_4&Prime; _builder_version=\u00a0\u00bb4.24.2&Prime; _module_preset=\u00a0\u00bbdefault\u00a0\u00bb global_colors_info=\u00a0\u00bb{}\u00a0\u00bb][et_pb_text _builder_version=\u00a0\u00bb4.24.2&Prime; header_line_height=\u00a0\u00bb1.3em\u00a0\u00bb header_2_line_height=\u00a0\u00bb1.3em\u00a0\u00bb global_colors_info=\u00a0\u00bb{}\u00a0\u00bb]<\/p>\n<h1><span style=\"color: #ffffff;\">R\u00e9glement G\u00e9n\u00e9ral de la Protection des Donn\u00e9es (RGPD)<\/span><\/h1>\n<p>[\/et_pb_text][\/et_pb_column][\/et_pb_row][et_pb_row column_structure=\u00a0\u00bb3_5,2_5&Prime; _builder_version=\u00a0\u00bb4.16&Prime; custom_padding=\u00a0\u00bb0|0px|29px|0px|false|false\u00a0\u00bb global_colors_info=\u00a0\u00bb{}\u00a0\u00bb][et_pb_column type=\u00a0\u00bb3_5&Prime; _builder_version=\u00a0\u00bb4.16&Prime; custom_padding=\u00a0\u00bb|||\u00a0\u00bb global_colors_info=\u00a0\u00bb{}\u00a0\u00bb custom_padding__hover=\u00a0\u00bb|||\u00a0\u00bb][et_pb_text _builder_version=\u00a0\u00bb4.24.2&Prime; header_line_height=\u00a0\u00bb1.3em\u00a0\u00bb header_2_line_height=\u00a0\u00bb1.3em\u00a0\u00bb global_colors_info=\u00a0\u00bb{}\u00a0\u00bb]<\/p>\n<h2><span style=\"color: #ff9900;\">Formation et examen Certified Data Protection Officer (CDPO)<\/span><\/h2>\n<p>[\/et_pb_text][et_pb_text disabled_on=\u00a0\u00bboff|off|off\u00a0\u00bb _builder_version=\u00a0\u00bb4.16&Prime; text_text_color=\u00a0\u00bb#ffffff\u00a0\u00bb text_font_size=\u00a0\u00bb18px\u00a0\u00bb background_color=\u00a0\u00bb#005a96&Prime; custom_margin=\u00a0\u00bb||0px||false|false\u00a0\u00bb custom_padding=\u00a0\u00bb20px|20px|20px|20px|false|false\u00a0\u00bb border_radii=\u00a0\u00bbon|5px|5px|5px|5px\u00a0\u00bb border_width_all=\u00a0\u00bb2px\u00a0\u00bb border_color_all=\u00a0\u00bb#ffffff\u00a0\u00bb locked=\u00a0\u00bboff\u00a0\u00bb global_colors_info=\u00a0\u00bb{}\u00a0\u00bb]<\/p>\n<p>Nous dispensons \u00e9galement tous nos cours en ligne par le biais de sessions vid\u00e9o interactives en direct. <span style=\"color: #ff9900;\"><a href=\"https:\/\/actagis.ch\/fr\/options-de-formations-certifiantes\/\" style=\"color: #ff9900;\">D\u00e9couvrez nos Options de Formations Certifiantes.<\/a><\/span><\/p>\n<p>[\/et_pb_text][et_pb_text _builder_version=\u00a0\u00bb4.24.3&Prime; _module_preset=\u00a0\u00bbdefault\u00a0\u00bb text_font=\u00a0\u00bb|700|||||||\u00a0\u00bb text_text_color=\u00a0\u00bb#FFFFFF\u00a0\u00bb text_font_size=\u00a0\u00bb18px\u00a0\u00bb background_color=\u00a0\u00bb#E09900&Prime; text_orientation=\u00a0\u00bbcenter\u00a0\u00bb custom_margin=\u00a0\u00bb40px||||false|false\u00a0\u00bb custom_padding=\u00a0\u00bb10px|10px|10px|10px|false|false\u00a0\u00bb border_radii=\u00a0\u00bbon|5px|5px|5px|5px\u00a0\u00bb saved_tabs=\u00a0\u00bball\u00a0\u00bb locked=\u00a0\u00bboff\u00a0\u00bb global_colors_info=\u00a0\u00bb{}\u00a0\u00bb]<\/p>\n<p>Nous avons conseill\u00e9 plus de 400 entreprises et form\u00e9 plus de 1500 professionnels. Serez-vous le prochain ?<\/p>\n<p>[\/et_pb_text][\/et_pb_column][et_pb_column type=\u00a0\u00bb2_5&Prime; _builder_version=\u00a0\u00bb4.16&Prime; custom_padding=\u00a0\u00bb|||\u00a0\u00bb global_colors_info=\u00a0\u00bb{}\u00a0\u00bb custom_padding__hover=\u00a0\u00bb|||\u00a0\u00bb][et_pb_text admin_label=\u00a0\u00bbText\u00a0\u00bb _builder_version=\u00a0\u00bb4.24.2&Prime; header_3_text_color=\u00a0\u00bb#FFFFFF\u00a0\u00bb background_size=\u00a0\u00bbinitial\u00a0\u00bb background_position=\u00a0\u00bbtop_left\u00a0\u00bb background_repeat=\u00a0\u00bbrepeat\u00a0\u00bb custom_padding=\u00a0\u00bb6px||||false|false\u00a0\u00bb locked=\u00a0\u00bboff\u00a0\u00bb global_colors_info=\u00a0\u00bb{}\u00a0\u00bb]<\/p>\n<h3>TrainEverywhere\u00ae<br \/>Prochaines formations (voir plus bas)<\/h3>\n<!-- EventON Calendar --><div id='evcal_calendar_448' class='ajde_evcal_calendar clean esty_0 noiajx etttc_custom evoEL ' data-cal=''><div id='evcal_head' class='calendar_header ' ><div class='evo_cal_above evodfx evofx_dr_r marb5 evofx_ww'><button class='cal_head_btn evo-gototoday-btn' style='' data-mo='' data-yr='' data-dy='' aria-label='Go to today'>Current Month<\/button><\/div><div class='evo_cal_above_content'><\/div><div class='evo_header_title right'><p class='evo_cal_other_header'>Upcoming courses<\/p><\/div><\/div><div id='eventon_loadbar_section'><div id='eventon_loadbar'><\/div><\/div><!-- Events List --><div class='evo_events_list_box'><div id='evcal_list' class='eventon_events_list  el_cal'><div id=\"event_69535_0\" class=\"eventon_list_event evo_eventtop scheduled  event clrD event_69535_0\" data-event_id=\"69535\" data-ri=\"0r\" data-time=\"1778482800-1778682600\" data-colr=\"#0070bb\" itemscope itemtype='http:\/\/schema.org\/Event'><div class=\"evo_event_schema\" style=\"display:none\" ><a itemprop='url'  href='https:\/\/actagis.ch\/fr\/events\/gdpr-11\/var\/ri-0.l-L2'><\/a><meta itemprop='image'  \/><meta itemprop='startDate' content=\"2026-5-11T09:00+2:00\" \/><meta itemprop='endDate' content=\"2026-5-13T16:30+2:00\" \/><meta itemprop='eventStatus' content=\"https:\/\/schema.org\/EventScheduled\" \/><meta itemprop='eventAttendanceMode'   itemscope itemtype=\"https:\/\/schema.org\/OfflineEventAttendanceMode\"\/><div style=\"display:none\" itemprop=\"location\" itemscope itemtype=\"http:\/\/schema.org\/Place\"><span itemprop=\"name\">Geneva \/ Lausanne - Switzerland<\/span><span itemprop=\"address\" itemscope itemtype=\"http:\/\/schema.org\/PostalAddress\"><item itemprop=\"streetAddress\">Geneva<\/item><\/span><\/div><script type=\"application\/ld+json\">{\"@context\": \"http:\/\/schema.org\",\"@type\": \"Event\",\n\t\t\t\t\"@id\": \"event_69535_0\",\n\t\t\t\t\"eventAttendanceMode\":\"https:\/\/schema.org\/OfflineEventAttendanceMode\",\n\t\t\t\t\"eventStatus\":\"https:\/\/schema.org\/EventScheduled\",\n\t\t\t\t\"name\": \"GDPR\",\n\t\t\t\t\"url\": \"https:\/\/actagis.ch\/fr\/events\/gdpr-11\/var\/ri-0.l-L2\",\n\t\t\t\t\"startDate\": \"2026-5-11T09:00+2:00\",\n\t\t\t\t\"endDate\": \"2026-5-13T16:30+2:00\",\n\t\t\t\t\"image\":\"\", \n\t\t\t\t\"description\":\" <p id='block-fcb636ba-a9cd-442c-8c2f-b704448baae8'><strong>Become a Certified Data Protection Officer<\/strong><\/p>    <p id='block-4760af23-7f48-49c9-a062-228c1cffe2a2'>This four-day intensive course enables participants to develop the necessary expertise to demonstrate their knowledge, skills and competence, for implementing, managing and aligning a privacy framework based on General Data Protection Regulation requirements.<\/p>    <p id='block-5b92568a-0e7e-46b5-915c-b94ade6f7f61'><a href='\/?page_id=26535'>Click for full course description<\/a><\/p>    <p id='block-3abe9f4b-88dd-4f05-81ff-5d24e1170e89'><a href='https:\/\/actagis.ch\/fr\/actagis-academy\/iso-formation-certifiantes\/reglement-general-de-la-protection-des-donnees\/'>Cliquez pour la description en fran\u00e7ais<\/a><\/p> \",\"location\":[{\"@type\":\"Place\",\"name\":\"Geneva \/ Lausanne - Switzerland\",\"address\":{\"@type\": \"PostalAddress\",\"streetAddress\":\"Geneva\"}}]}<\/script><\/div>\r\n\t\t\t\t<p class=\"desc_trig_outter\" style=\"\"><a data-gmap_status=\"null\" data-exlk=\"0\" style=\"border-color: #0070bb;\" id=\"evc_177848280069535\" href=\"#\" class=\"desc_trig mul_val evcal_list_a\" data-ux_val=\"1\" data-ux_val_mob=\"-\"  ><span class='evoet_in'><span class='evoet_c2 evoet_cx '><span class='evoet_dayblock evcal_cblock ' data-bgcolor='#0070bb' data-smon='mai' data-syr='2026' data-bub=''><span class='evo_start  evofxdrc'><em class='date'>11<\/em><em class='month'>mai<\/em><em class='time'><i t=\"y\">(mai 11)<\/i>9h00<\/em><\/span><span class='evo_end  evofxdrc'><em class='date'>13<\/em><em class='time'><i t=\"y\">(mai 13)<\/i>16h30<\/em><\/span><\/span><\/span><span class='evoet_c3 evoet_cx evcal_desc hide_eventtopdata '><span class='evoet_title evcal_desc2 evcal_event_title ' itemprop='name'>GDPR<\/span><span class='event_location_attrs evodni'  data-location_address=\"Geneva\" data-location_type=\"lonlat\" data-location_name=\"Geneva \/ Lausanne - Switzerland\" data-location_url=\"https:\/\/actagis.ch\/event-location\/geneva-lausanne-switzerland\/\" data-location_status=\"true\" data-locid=\"51\" data-latlng=\"46.2043907,6.1431577\"><\/span><span class='evoet_cy evoet_subtitle evo_below_title' ><span class='evcal_event_subtitle ' >IN-CLASSROOM - Geneva \/ Lausanne-Switzerland \/ ONLINE - Live Interactive<\/span><\/span><\/span><\/span><span class='evoet_data' style='display:none' data-d=\"{&quot;loc.n&quot;:&quot;Geneva \\\/ Lausanne - Switzerland&quot;,&quot;orgs&quot;:[],&quot;tags&quot;:[]}\" data-bgc=\"#0070bb\" data-bggrad=\"\" ><\/span><\/a><\/p><div class='event_description evcal_eventcard ' style=\"display:none\"><div class='evocard_row'><div id='event_eventdetails' class='evocard_box eventdetails' data-c='' \n\t\t\t\t\tstyle=''><div class=\"evo_metarow_details evorow evcal_evdata_row evcal_event_details\">\n    <div class=\"event_excerpt\" style=\"display:none\"><h3 class=\"padb5 evo_h3\">Event Details<\/h3><p>Become a Certified Data Protection Officer\n\n\n\nThis four-day intensive course enables participants to develop the necessary expertise to demonstrate their knowledge, skills and competence, for implementing, managing and aligning<\/p><\/div><span class='evcal_evdata_icons'><i class='fa fa-align-justify'><\/i><\/span>    <div class=\"evcal_evdata_cell \">\n        <div class=\"eventon_full_description\">\n            <h3 class=\"padb5 evo_h3\"><span class='evcal_evdata_icons'><i class='fa fa-align-justify'><\/i><\/span>Event Details<\/h3>\n            <div class=\"eventon_desc_in\" itemprop=\"description\">\n                <p id=\"block-fcb636ba-a9cd-442c-8c2f-b704448baae8\"><strong>Become a Certified Data Protection Officer<\/strong><\/p>\n<p id=\"block-4760af23-7f48-49c9-a062-228c1cffe2a2\">This four-day intensive course enables participants to develop the necessary expertise to demonstrate their knowledge, skills and competence, for implementing, managing and aligning a privacy framework based on General Data Protection Regulation requirements.<\/p>\n<p id=\"block-5b92568a-0e7e-46b5-915c-b94ade6f7f61\"><a href=\"\/?page_id=26535\">Click for full course description<\/a><\/p>\n<p id=\"block-3abe9f4b-88dd-4f05-81ff-5d24e1170e89\"><a href=\"https:\/\/actagis.ch\/fr\/actagis-academy\/iso-formation-certifiantes\/reglement-general-de-la-protection-des-donnees\/\">Cliquez pour la description en fran\u00e7ais<\/a><\/p>\n            <\/div>\n            <div class='clear'><\/div>        <\/div>\n    <\/div>\n<\/div><\/div><\/div><!-- row close --><div class='evocard_row'><div id='event_time' class='evocard_box time' data-c='' \n\t\t\t\t\tstyle=''><div class='evo_metarow_time evorow evcal_evdata_row evcal_evrow_sm '>\n\t\t<span class='evcal_evdata_icons'><i class='fa fa-clock-o'><\/i><\/span>\n\t\t<div class='evcal_evdata_cell'>\t\t\t\t\t\t\t\n\t\t\t<h3 class='evo_h3'><span class='evcal_evdata_icons'><i class='fa fa-clock-o'><\/i><\/span>Horaire<\/h3><div><span class='evo_eventcard_time_t evogap5 evofxww'><span class=\"start\">mai 11 (lundi) 09:00<\/span> <span class=\"stime\">9:00am<\/span> - <span class='end'>mai 13 (mercredi) 16:30<\/span> <span class='etime'>4:30pm<\/span><\/span><span class='evo_tz marr5'>(GMT+02:00)<\/span><\/div>\n\t\t<\/div>\n\t<\/div><\/div><\/div><!-- row close --><div class='evocard_row'><div id='event_location' class='evocard_box location' data-c='' \n\t\t\t\t\tstyle=''><div class='evcal_evdata_row evo_metarow_time_location evorow '>\n\t\t\n\t\t\t<span class='evcal_evdata_icons'><i class='fa fa-map-marker'><\/i><\/span>\n\t\t\t<div class='evcal_evdata_cell' data-loc_tax_id='51'><h3 class='evo_h3 evodfx'><span class='evcal_evdata_icons'><i class='fa fa-map-marker'><\/i><\/span>Lieu<\/h3><p class='evo_location_name'>Geneva \/ Lausanne - Switzerland<\/p><p class='evo_location_address evodfxi evogap10'>Geneva<\/p><\/div>\n\t\t\n\t<\/div><\/div><\/div><!-- row close --><div class='evocard_row'><div id='event_evorsvp' class='evocard_box evorsvp' data-c='' \n\t\t\t\t\tstyle=''><div class='evorow evcal_evdata_row evcal_evrow_sm evo_metarow_rsvp' ><div class='evors_jdata' data-j='{\"etitle\":\"GDPR\",\"e_id\":69535,\"repeat_interval\":0,\"cap\":\"nocap\",\"true_cap\":\"nocap\",\"precap\":\"na\",\"uid\":\"na\",\"prefill\":false,\"lang\":\"L2\",\"incard\":\"no\",\"form_style\":\"def\",\"rsvpid\":null,\"rsvp\":null}'><\/div><span class='evcal_evdata_icons'><i class='fa fa-envelope'><\/i><\/span><div class='evcal_evdata_cell'>\r\n\t\t\t\t\t\t\t\t<h3 class='evo_h3'>RSVP to This Event<\/h3><div class='evors_eventcard_content'><div class='evors_section evors_subtext evomarb10'><p class='evo_data_val'>Pensez \u00e0 r\u00e9server assez t\u00f4t.<\/p><\/div><div class='evors_section evors_user_text '><p>Nous vous contacterons rapidement<\/p><\/div><div class='evoRS_status_option_selection evors_section sec_shade evodfx evofx_dr_r evofxww evogap10 evofxaic evofxjcsb'><div class=''><p class='evors_rsvp_choices_title' style='margin-right:20px;'>RSVP Now<\/p><\/div><p class='evors_rsvp_choices sin'><span class='evors_rsvp_select_box evofxww evogap10'><span data-val='y' class='evors_choices '>Demandez plus d'informations<\/span><\/span><\/p><\/div>\t\t\t\t\t<div class=\"evors_incard_form\"><\/div>\r\n\r\n\t\t\t\t\t\r\n\t\t\t\t\t<div class='evors_information'><div class='evors_attendance_count_data evors_stat_data fx_ai_c'><div class='evors_section evors_remaining_spots sec_shade'><p class='evors_nocap_spaceleft remaining_count'><em class='space'>Open<\/em>Spaces Still Available<\/p><\/div><\/div><\/div><\/div><\/div><\/div><\/div><\/div><!-- row close --><div class='evocard_row'><div id='event_evosocial' class='evocard_box evosocial' data-c='' \n\t\t\t\t\tstyle=''><div class='evo_metarow_socialmedia evcal_evdata_row '><div class='evo_sm FacebookShare'><a class=\" evo_ss\" target=\"_blank\" onclick=\"javascript:window.open(this.href, '', 'left=50,top=50,width=600,height=350,toolbar=0');return false;\"\r\n\t\t\t\t\t\thref=\"\/\/www.facebook.com\/sharer.php?u=https%3A%2F%2Factagis.ch%2Ffr%2Fevents%2Fgdpr-11%2Fvar%2Fri-0.l-L2\" title=\"Share on facebook\"><i class=\"fa fab fa-facebook\"><\/i><\/a><\/div><div class='evo_sm LinkedIn'><a class=\"li evo_ss\" href=\"\/\/www.linkedin.com\/shareArticle?mini=true&url=https%3A%2F%2Factagis.ch%2Ffr%2Fevents%2Fgdpr-11%2Fvar%2Fri-0.l-L2&title=GDPR&summary=Become+a+Certified+Data+Protection+Officer%0A%0A%0A%0AThis+four-day+intensive+course+enables+participants+to+develop+the\" target=\"_blank\" title=\"Share on Linkedin\"><i class=\"fa fab fa-linkedin\"><\/i><\/a><\/div><div class='evo_sm EmailShare'><a class=\"em evo_ss\" href=\"mailto:?subject=GDPR&body=Event Name: GDPR%0AEvent Date: 11 Mai 2026 9h00 - 13 Mai 2026 16h30%0ALink: https%3A%2F%2Factagis.ch%2Ffr%2Fevents%2Fgdpr-11%2Fvar%2Fri-0.l-L2%0A\" target=\"_blank\"><i class=\"fa fa-envelope\"><\/i><\/a><\/div><\/div><\/div><\/div><!-- row close --><button class='evo_card_row_end evcal_close' title='Close'><\/button><\/div><div class='clear end'><\/div><\/div><div id=\"event_69536_0\" class=\"eventon_list_event evo_eventtop scheduled  event clrD event_69536_0\" data-event_id=\"69536\" data-ri=\"0r\" data-time=\"1782111600-1782397800\" data-colr=\"#0070bb\" itemscope itemtype='http:\/\/schema.org\/Event'><div class=\"evo_event_schema\" style=\"display:none\" ><a itemprop='url'  href='https:\/\/actagis.ch\/fr\/events\/gdpr-12\/var\/ri-0.l-L2'><\/a><meta itemprop='image'  \/><meta itemprop='startDate' content=\"2026-6-22T09:00+2:00\" \/><meta itemprop='endDate' content=\"2026-6-25T16:30+2:00\" \/><meta itemprop='eventStatus' content=\"https:\/\/schema.org\/EventScheduled\" \/><meta itemprop='eventAttendanceMode'   itemscope itemtype=\"https:\/\/schema.org\/OfflineEventAttendanceMode\"\/><div style=\"display:none\" itemprop=\"location\" itemscope itemtype=\"http:\/\/schema.org\/Place\"><span itemprop=\"name\">Geneva \/ Lausanne - Switzerland<\/span><span itemprop=\"address\" itemscope itemtype=\"http:\/\/schema.org\/PostalAddress\"><item itemprop=\"streetAddress\">Geneva<\/item><\/span><\/div><script type=\"application\/ld+json\">{\"@context\": \"http:\/\/schema.org\",\"@type\": \"Event\",\n\t\t\t\t\"@id\": \"event_69536_0\",\n\t\t\t\t\"eventAttendanceMode\":\"https:\/\/schema.org\/OfflineEventAttendanceMode\",\n\t\t\t\t\"eventStatus\":\"https:\/\/schema.org\/EventScheduled\",\n\t\t\t\t\"name\": \"GDPR\",\n\t\t\t\t\"url\": \"https:\/\/actagis.ch\/fr\/events\/gdpr-12\/var\/ri-0.l-L2\",\n\t\t\t\t\"startDate\": \"2026-6-22T09:00+2:00\",\n\t\t\t\t\"endDate\": \"2026-6-25T16:30+2:00\",\n\t\t\t\t\"image\":\"\", \n\t\t\t\t\"description\":\" <p id='block-fcb636ba-a9cd-442c-8c2f-b704448baae8'><strong>Become a Certified Data Protection Officer<\/strong><\/p>    <p id='block-4760af23-7f48-49c9-a062-228c1cffe2a2'>This four-day intensive course enables participants to develop the necessary expertise to demonstrate their knowledge, skills and competence, for implementing, managing and aligning a privacy framework based on General Data Protection Regulation requirements.<\/p>    <p id='block-5b92568a-0e7e-46b5-915c-b94ade6f7f61'><a href='\/?page_id=26535'>Click for full course description<\/a><\/p>    <p id='block-3abe9f4b-88dd-4f05-81ff-5d24e1170e89'><a href='https:\/\/actagis.ch\/fr\/actagis-academy\/iso-formation-certifiantes\/reglement-general-de-la-protection-des-donnees\/'>Cliquez pour la description en fran\u00e7ais<\/a><\/p> \",\"location\":[{\"@type\":\"Place\",\"name\":\"Geneva \/ Lausanne - Switzerland\",\"address\":{\"@type\": \"PostalAddress\",\"streetAddress\":\"Geneva\"}}]}<\/script><\/div>\r\n\t\t\t\t<p class=\"desc_trig_outter\" style=\"\"><a data-gmap_status=\"null\" data-exlk=\"0\" style=\"border-color: #0070bb;\" id=\"evc_178211160069536\" href=\"#\" class=\"desc_trig mul_val evcal_list_a\" data-ux_val=\"1\" data-ux_val_mob=\"-\"  ><span class='evoet_in'><span class='evoet_c2 evoet_cx '><span class='evoet_dayblock evcal_cblock ' data-bgcolor='#0070bb' data-smon='juin' data-syr='2026' data-bub=''><span class='evo_start  evofxdrc'><em class='date'>22<\/em><em class='month'>juin<\/em><em class='time'><i t=\"y\">(juin 22)<\/i>9h00<\/em><\/span><span class='evo_end  evofxdrc'><em class='date'>25<\/em><em class='time'><i t=\"y\">(juin 25)<\/i>16h30<\/em><\/span><\/span><\/span><span class='evoet_c3 evoet_cx evcal_desc hide_eventtopdata '><span class='evoet_title evcal_desc2 evcal_event_title ' itemprop='name'>GDPR<\/span><span class='event_location_attrs evodni'  data-location_address=\"Geneva\" data-location_type=\"lonlat\" data-location_name=\"Geneva \/ Lausanne - Switzerland\" data-location_url=\"https:\/\/actagis.ch\/event-location\/geneva-lausanne-switzerland\/\" data-location_status=\"true\" data-locid=\"51\" data-latlng=\"46.2043907,6.1431577\"><\/span><span class='evoet_cy evoet_subtitle evo_below_title' ><span class='evcal_event_subtitle ' >IN-CLASSROOM - Geneva \/ Lausanne-Switzerland \/ ONLINE - Live Interactive<\/span><\/span><\/span><\/span><span class='evoet_data' style='display:none' data-d=\"{&quot;loc.n&quot;:&quot;Geneva \\\/ Lausanne - Switzerland&quot;,&quot;orgs&quot;:[],&quot;tags&quot;:[]}\" data-bgc=\"#0070bb\" data-bggrad=\"\" ><\/span><\/a><\/p><div class='event_description evcal_eventcard ' style=\"display:none\"><div class='evocard_row'><div id='event_eventdetails' class='evocard_box eventdetails' data-c='' \n\t\t\t\t\tstyle=''><div class=\"evo_metarow_details evorow evcal_evdata_row evcal_event_details\">\n    <div class=\"event_excerpt\" style=\"display:none\"><h3 class=\"padb5 evo_h3\">Event Details<\/h3><p>Become a Certified Data Protection Officer\n\n\n\nThis four-day intensive course enables participants to develop the necessary expertise to demonstrate their knowledge, skills and competence, for implementing, managing and aligning<\/p><\/div><span class='evcal_evdata_icons'><i class='fa fa-align-justify'><\/i><\/span>    <div class=\"evcal_evdata_cell \">\n        <div class=\"eventon_full_description\">\n            <h3 class=\"padb5 evo_h3\"><span class='evcal_evdata_icons'><i class='fa fa-align-justify'><\/i><\/span>Event Details<\/h3>\n            <div class=\"eventon_desc_in\" itemprop=\"description\">\n                <p id=\"block-fcb636ba-a9cd-442c-8c2f-b704448baae8\"><strong>Become a Certified Data Protection Officer<\/strong><\/p>\n<p id=\"block-4760af23-7f48-49c9-a062-228c1cffe2a2\">This four-day intensive course enables participants to develop the necessary expertise to demonstrate their knowledge, skills and competence, for implementing, managing and aligning a privacy framework based on General Data Protection Regulation requirements.<\/p>\n<p id=\"block-5b92568a-0e7e-46b5-915c-b94ade6f7f61\"><a href=\"\/?page_id=26535\">Click for full course description<\/a><\/p>\n<p id=\"block-3abe9f4b-88dd-4f05-81ff-5d24e1170e89\"><a href=\"https:\/\/actagis.ch\/fr\/actagis-academy\/iso-formation-certifiantes\/reglement-general-de-la-protection-des-donnees\/\">Cliquez pour la description en fran\u00e7ais<\/a><\/p>\n            <\/div>\n            <div class='clear'><\/div>        <\/div>\n    <\/div>\n<\/div><\/div><\/div><!-- row close --><div class='evocard_row'><div id='event_time' class='evocard_box time' data-c='' \n\t\t\t\t\tstyle=''><div class='evo_metarow_time evorow evcal_evdata_row evcal_evrow_sm '>\n\t\t<span class='evcal_evdata_icons'><i class='fa fa-clock-o'><\/i><\/span>\n\t\t<div class='evcal_evdata_cell'>\t\t\t\t\t\t\t\n\t\t\t<h3 class='evo_h3'><span class='evcal_evdata_icons'><i class='fa fa-clock-o'><\/i><\/span>Horaire<\/h3><div><span class='evo_eventcard_time_t evogap5 evofxww'><span class=\"start\">juin 22 (lundi) 09:00<\/span> <span class=\"stime\">9:00am<\/span> - <span class='end'>juin 25 (jeudi) 16:30<\/span> <span class='etime'>4:30pm<\/span><\/span><span class='evo_tz marr5'>(GMT+02:00)<\/span><\/div>\n\t\t<\/div>\n\t<\/div><\/div><\/div><!-- row close --><div class='evocard_row'><div id='event_location' class='evocard_box location' data-c='' \n\t\t\t\t\tstyle=''><div class='evcal_evdata_row evo_metarow_time_location evorow '>\n\t\t\n\t\t\t<span class='evcal_evdata_icons'><i class='fa fa-map-marker'><\/i><\/span>\n\t\t\t<div class='evcal_evdata_cell' data-loc_tax_id='51'><h3 class='evo_h3 evodfx'><span class='evcal_evdata_icons'><i class='fa fa-map-marker'><\/i><\/span>Lieu<\/h3><p class='evo_location_name'>Geneva \/ Lausanne - Switzerland<\/p><p class='evo_location_address evodfxi evogap10'>Geneva<\/p><\/div>\n\t\t\n\t<\/div><\/div><\/div><!-- row close --><div class='evocard_row'><div id='event_evorsvp' class='evocard_box evorsvp' data-c='' \n\t\t\t\t\tstyle=''><div class='evorow evcal_evdata_row evcal_evrow_sm evo_metarow_rsvp' ><div class='evors_jdata' data-j='{\"etitle\":\"GDPR\",\"e_id\":69536,\"repeat_interval\":0,\"cap\":\"nocap\",\"true_cap\":\"nocap\",\"precap\":\"na\",\"uid\":\"na\",\"prefill\":false,\"lang\":\"L2\",\"incard\":\"no\",\"form_style\":\"def\",\"rsvpid\":null,\"rsvp\":null}'><\/div><span class='evcal_evdata_icons'><i class='fa fa-envelope'><\/i><\/span><div class='evcal_evdata_cell'>\r\n\t\t\t\t\t\t\t\t<h3 class='evo_h3'>RSVP to This Event<\/h3><div class='evors_eventcard_content'><div class='evors_section evors_subtext evomarb10'><p class='evo_data_val'>Pensez \u00e0 r\u00e9server assez t\u00f4t.<\/p><\/div><div class='evors_section evors_user_text '><p>Nous vous contacterons rapidement<\/p><\/div><div class='evoRS_status_option_selection evors_section sec_shade evodfx evofx_dr_r evofxww evogap10 evofxaic evofxjcsb'><div class=''><p class='evors_rsvp_choices_title' style='margin-right:20px;'>RSVP Now<\/p><\/div><p class='evors_rsvp_choices sin'><span class='evors_rsvp_select_box evofxww evogap10'><span data-val='y' class='evors_choices '>Demandez plus d'informations<\/span><\/span><\/p><\/div>\t\t\t\t\t<div class=\"evors_incard_form\"><\/div>\r\n\r\n\t\t\t\t\t\r\n\t\t\t\t\t<div class='evors_information'><div class='evors_attendance_count_data evors_stat_data fx_ai_c'><div class='evors_section evors_remaining_spots sec_shade'><p class='evors_nocap_spaceleft remaining_count'><em class='space'>Open<\/em>Spaces Still Available<\/p><\/div><\/div><\/div><\/div><\/div><\/div><\/div><\/div><!-- row close --><div class='evocard_row'><div id='event_evosocial' class='evocard_box evosocial' data-c='' \n\t\t\t\t\tstyle=''><div class='evo_metarow_socialmedia evcal_evdata_row '><div class='evo_sm FacebookShare'><a class=\" evo_ss\" target=\"_blank\" onclick=\"javascript:window.open(this.href, '', 'left=50,top=50,width=600,height=350,toolbar=0');return false;\"\r\n\t\t\t\t\t\thref=\"\/\/www.facebook.com\/sharer.php?u=https%3A%2F%2Factagis.ch%2Ffr%2Fevents%2Fgdpr-12%2Fvar%2Fri-0.l-L2\" title=\"Share on facebook\"><i class=\"fa fab fa-facebook\"><\/i><\/a><\/div><div class='evo_sm LinkedIn'><a class=\"li evo_ss\" href=\"\/\/www.linkedin.com\/shareArticle?mini=true&url=https%3A%2F%2Factagis.ch%2Ffr%2Fevents%2Fgdpr-12%2Fvar%2Fri-0.l-L2&title=GDPR&summary=Become+a+Certified+Data+Protection+Officer%0A%0A%0A%0AThis+four-day+intensive+course+enables+participants+to+develop+the\" target=\"_blank\" title=\"Share on Linkedin\"><i class=\"fa fab fa-linkedin\"><\/i><\/a><\/div><div class='evo_sm EmailShare'><a class=\"em evo_ss\" href=\"mailto:?subject=GDPR&body=Event Name: GDPR%0AEvent Date: 22 Juin 2026 9h00 - 25 Juin 2026 16h30%0ALink: https%3A%2F%2Factagis.ch%2Ffr%2Fevents%2Fgdpr-12%2Fvar%2Fri-0.l-L2%0A\" target=\"_blank\"><i class=\"fa fa-envelope\"><\/i><\/a><\/div><\/div><\/div><\/div><!-- row close --><button class='evo_card_row_end evcal_close' title='Close'><\/button><\/div><div class='clear end'><\/div><\/div><div id=\"event_69761_0\" class=\"eventon_list_event evo_eventtop scheduled  event clrD event_69761_0\" data-event_id=\"69761\" data-ri=\"0r\" data-time=\"1790060400-1790346600\" data-colr=\"#0070bb\" itemscope itemtype='http:\/\/schema.org\/Event'><div class=\"evo_event_schema\" style=\"display:none\" ><a itemprop='url'  href='https:\/\/actagis.ch\/fr\/events\/gdpr-61\/var\/ri-0.l-L2'><\/a><meta itemprop='image'  \/><meta itemprop='startDate' content=\"2026-9-22T09:00+2:00\" \/><meta itemprop='endDate' content=\"2026-9-25T16:30+2:00\" \/><meta itemprop='eventStatus' content=\"https:\/\/schema.org\/EventScheduled\" \/><meta itemprop='eventAttendanceMode'   itemscope itemtype=\"https:\/\/schema.org\/OfflineEventAttendanceMode\"\/><div style=\"display:none\" itemprop=\"location\" itemscope itemtype=\"http:\/\/schema.org\/Place\"><span itemprop=\"name\">Geneva \/ Lausanne - Switzerland<\/span><span itemprop=\"address\" itemscope itemtype=\"http:\/\/schema.org\/PostalAddress\"><item itemprop=\"streetAddress\">Geneva<\/item><\/span><\/div><script type=\"application\/ld+json\">{\"@context\": \"http:\/\/schema.org\",\"@type\": \"Event\",\n\t\t\t\t\"@id\": \"event_69761_0\",\n\t\t\t\t\"eventAttendanceMode\":\"https:\/\/schema.org\/OfflineEventAttendanceMode\",\n\t\t\t\t\"eventStatus\":\"https:\/\/schema.org\/EventScheduled\",\n\t\t\t\t\"name\": \"GDPR\",\n\t\t\t\t\"url\": \"https:\/\/actagis.ch\/fr\/events\/gdpr-61\/var\/ri-0.l-L2\",\n\t\t\t\t\"startDate\": \"2026-9-22T09:00+2:00\",\n\t\t\t\t\"endDate\": \"2026-9-25T16:30+2:00\",\n\t\t\t\t\"image\":\"\", \n\t\t\t\t\"description\":\" <p id='block-fcb636ba-a9cd-442c-8c2f-b704448baae8'><strong>Become a Certified Data Protection Officer<\/strong><\/p>    <p id='block-4760af23-7f48-49c9-a062-228c1cffe2a2'>This four-day intensive course enables participants to develop the necessary expertise to demonstrate their knowledge, skills and competence, for implementing, managing and aligning a privacy framework based on General Data Protection Regulation requirements.<\/p>    <p id='block-5b92568a-0e7e-46b5-915c-b94ade6f7f61'><a href='\/?page_id=26535'>Click for full course description<\/a><\/p>    <p id='block-3abe9f4b-88dd-4f05-81ff-5d24e1170e89'><a href='https:\/\/actagis.ch\/fr\/actagis-academy\/iso-formation-certifiantes\/reglement-general-de-la-protection-des-donnees\/'>Cliquez pour la description en fran\u00e7ais<\/a><\/p> \",\"location\":[{\"@type\":\"Place\",\"name\":\"Geneva \/ Lausanne - Switzerland\",\"address\":{\"@type\": \"PostalAddress\",\"streetAddress\":\"Geneva\"}}]}<\/script><\/div>\r\n\t\t\t\t<p class=\"desc_trig_outter\" style=\"\"><a data-gmap_status=\"null\" data-exlk=\"0\" style=\"border-color: #0070bb;\" id=\"evc_179006040069761\" href=\"#\" class=\"desc_trig mul_val evcal_list_a\" data-ux_val=\"1\" data-ux_val_mob=\"-\"  ><span class='evoet_in'><span class='evoet_c2 evoet_cx '><span class='evoet_dayblock evcal_cblock ' data-bgcolor='#0070bb' data-smon='septembre' data-syr='2026' data-bub=''><span class='evo_start  evofxdrc'><em class='date'>22<\/em><em class='month'>sept<\/em><em class='time'><i t=\"y\">(sept 22)<\/i>9h00<\/em><\/span><span class='evo_end  evofxdrc'><em class='date'>25<\/em><em class='time'><i t=\"y\">(sept 25)<\/i>16h30<\/em><\/span><\/span><\/span><span class='evoet_c3 evoet_cx evcal_desc hide_eventtopdata '><span class='evoet_title evcal_desc2 evcal_event_title ' itemprop='name'>GDPR<\/span><span class='event_location_attrs evodni'  data-location_address=\"Geneva\" data-location_type=\"lonlat\" data-location_name=\"Geneva \/ Lausanne - Switzerland\" data-location_url=\"https:\/\/actagis.ch\/event-location\/geneva-lausanne-switzerland\/\" data-location_status=\"true\" data-locid=\"51\" data-latlng=\"46.2043907,6.1431577\"><\/span><span class='evoet_cy evoet_subtitle evo_below_title' ><span class='evcal_event_subtitle ' >IN-CLASSROOM - Geneva \/ Lausanne-Switzerland \/ ONLINE - Live Interactive<\/span><\/span><\/span><\/span><span class='evoet_data' style='display:none' data-d=\"{&quot;loc.n&quot;:&quot;Geneva \\\/ Lausanne - Switzerland&quot;,&quot;orgs&quot;:[],&quot;tags&quot;:[]}\" data-bgc=\"#0070bb\" data-bggrad=\"\" ><\/span><\/a><\/p><div class='event_description evcal_eventcard ' style=\"display:none\"><div class='evocard_row'><div id='event_eventdetails' class='evocard_box eventdetails' data-c='' \n\t\t\t\t\tstyle=''><div class=\"evo_metarow_details evorow evcal_evdata_row evcal_event_details\">\n    <div class=\"event_excerpt\" style=\"display:none\"><h3 class=\"padb5 evo_h3\">Event Details<\/h3><p>Become a Certified Data Protection Officer\n\n\n\nThis four-day intensive course enables participants to develop the necessary expertise to demonstrate their knowledge, skills and competence, for implementing, managing and aligning<\/p><\/div><span class='evcal_evdata_icons'><i class='fa fa-align-justify'><\/i><\/span>    <div class=\"evcal_evdata_cell \">\n        <div class=\"eventon_full_description\">\n            <h3 class=\"padb5 evo_h3\"><span class='evcal_evdata_icons'><i class='fa fa-align-justify'><\/i><\/span>Event Details<\/h3>\n            <div class=\"eventon_desc_in\" itemprop=\"description\">\n                <p id=\"block-fcb636ba-a9cd-442c-8c2f-b704448baae8\"><strong>Become a Certified Data Protection Officer<\/strong><\/p>\n<p id=\"block-4760af23-7f48-49c9-a062-228c1cffe2a2\">This four-day intensive course enables participants to develop the necessary expertise to demonstrate their knowledge, skills and competence, for implementing, managing and aligning a privacy framework based on General Data Protection Regulation requirements.<\/p>\n<p id=\"block-5b92568a-0e7e-46b5-915c-b94ade6f7f61\"><a href=\"\/?page_id=26535\">Click for full course description<\/a><\/p>\n<p id=\"block-3abe9f4b-88dd-4f05-81ff-5d24e1170e89\"><a href=\"https:\/\/actagis.ch\/fr\/actagis-academy\/iso-formation-certifiantes\/reglement-general-de-la-protection-des-donnees\/\">Cliquez pour la description en fran\u00e7ais<\/a><\/p>\n            <\/div>\n            <div class='clear'><\/div>        <\/div>\n    <\/div>\n<\/div><\/div><\/div><!-- row close --><div class='evocard_row'><div id='event_time' class='evocard_box time' data-c='' \n\t\t\t\t\tstyle=''><div class='evo_metarow_time evorow evcal_evdata_row evcal_evrow_sm '>\n\t\t<span class='evcal_evdata_icons'><i class='fa fa-clock-o'><\/i><\/span>\n\t\t<div class='evcal_evdata_cell'>\t\t\t\t\t\t\t\n\t\t\t<h3 class='evo_h3'><span class='evcal_evdata_icons'><i class='fa fa-clock-o'><\/i><\/span>Horaire<\/h3><div><span class='evo_eventcard_time_t evogap5 evofxww'><span class=\"start\">septembre 22 (mardi) 09:00<\/span> <span class=\"stime\">9:00am<\/span> - <span class='end'>septembre 25 (vendredi) 16:30<\/span> <span class='etime'>4:30pm<\/span><\/span><span class='evo_tz marr5'>(GMT+02:00)<\/span><\/div>\n\t\t<\/div>\n\t<\/div><\/div><\/div><!-- row close --><div class='evocard_row'><div id='event_location' class='evocard_box location' data-c='' \n\t\t\t\t\tstyle=''><div class='evcal_evdata_row evo_metarow_time_location evorow '>\n\t\t\n\t\t\t<span class='evcal_evdata_icons'><i class='fa fa-map-marker'><\/i><\/span>\n\t\t\t<div class='evcal_evdata_cell' data-loc_tax_id='51'><h3 class='evo_h3 evodfx'><span class='evcal_evdata_icons'><i class='fa fa-map-marker'><\/i><\/span>Lieu<\/h3><p class='evo_location_name'>Geneva \/ Lausanne - Switzerland<\/p><p class='evo_location_address evodfxi evogap10'>Geneva<\/p><\/div>\n\t\t\n\t<\/div><\/div><\/div><!-- row close --><div class='evocard_row'><div id='event_evorsvp' class='evocard_box evorsvp' data-c='' \n\t\t\t\t\tstyle=''><div class='evorow evcal_evdata_row evcal_evrow_sm evo_metarow_rsvp' ><div class='evors_jdata' data-j='{\"etitle\":\"GDPR\",\"e_id\":69761,\"repeat_interval\":0,\"cap\":\"nocap\",\"true_cap\":\"nocap\",\"precap\":\"na\",\"uid\":\"na\",\"prefill\":false,\"lang\":\"L2\",\"incard\":\"no\",\"form_style\":\"def\",\"rsvpid\":null,\"rsvp\":null}'><\/div><span class='evcal_evdata_icons'><i class='fa fa-envelope'><\/i><\/span><div class='evcal_evdata_cell'>\r\n\t\t\t\t\t\t\t\t<h3 class='evo_h3'>RSVP to This Event<\/h3><div class='evors_eventcard_content'><div class='evors_section evors_subtext evomarb10'><p class='evo_data_val'>Pensez \u00e0 r\u00e9server assez t\u00f4t.<\/p><\/div><div class='evors_section evors_user_text '><p>Nous vous contacterons rapidement<\/p><\/div><div class='evoRS_status_option_selection evors_section sec_shade evodfx evofx_dr_r evofxww evogap10 evofxaic evofxjcsb'><div class=''><p class='evors_rsvp_choices_title' style='margin-right:20px;'>RSVP Now<\/p><\/div><p class='evors_rsvp_choices sin'><span class='evors_rsvp_select_box evofxww evogap10'><span data-val='y' class='evors_choices '>Demandez plus d'informations<\/span><\/span><\/p><\/div>\t\t\t\t\t<div class=\"evors_incard_form\"><\/div>\r\n\r\n\t\t\t\t\t\r\n\t\t\t\t\t<div class='evors_information'><div class='evors_attendance_count_data evors_stat_data fx_ai_c'><div class='evors_section evors_remaining_spots sec_shade'><p class='evors_nocap_spaceleft remaining_count'><em class='space'>Open<\/em>Spaces Still Available<\/p><\/div><\/div><\/div><\/div><\/div><\/div><\/div><\/div><!-- row close --><div class='evocard_row'><div id='event_evosocial' class='evocard_box evosocial' data-c='' \n\t\t\t\t\tstyle=''><div class='evo_metarow_socialmedia evcal_evdata_row '><div class='evo_sm FacebookShare'><a class=\" evo_ss\" target=\"_blank\" onclick=\"javascript:window.open(this.href, '', 'left=50,top=50,width=600,height=350,toolbar=0');return false;\"\r\n\t\t\t\t\t\thref=\"\/\/www.facebook.com\/sharer.php?u=https%3A%2F%2Factagis.ch%2Ffr%2Fevents%2Fgdpr-61%2Fvar%2Fri-0.l-L2\" title=\"Share on facebook\"><i class=\"fa fab fa-facebook\"><\/i><\/a><\/div><div class='evo_sm LinkedIn'><a class=\"li evo_ss\" href=\"\/\/www.linkedin.com\/shareArticle?mini=true&url=https%3A%2F%2Factagis.ch%2Ffr%2Fevents%2Fgdpr-61%2Fvar%2Fri-0.l-L2&title=GDPR&summary=Become+a+Certified+Data+Protection+Officer%0A%0A%0A%0AThis+four-day+intensive+course+enables+participants+to+develop+the\" target=\"_blank\" title=\"Share on Linkedin\"><i class=\"fa fab fa-linkedin\"><\/i><\/a><\/div><div class='evo_sm EmailShare'><a class=\"em evo_ss\" href=\"mailto:?subject=GDPR&body=Event Name: GDPR%0AEvent Date: 22 Septembre 2026 9h00 - 25 Septembre 2026 16h30%0ALink: https%3A%2F%2Factagis.ch%2Ffr%2Fevents%2Fgdpr-61%2Fvar%2Fri-0.l-L2%0A\" target=\"_blank\"><i class=\"fa fa-envelope\"><\/i><\/a><\/div><\/div><\/div><\/div><!-- row close --><button class='evo_card_row_end evcal_close' title='Close'><\/button><\/div><div class='clear end'><\/div><\/div>\t\t\t<\/div>\r\n\t\t\t<\/div><!-- evo_events_list_box -->\t\r\n\t\t\t<div class='clear'><\/div>\r\n\t\t\t\t\t \t<div id='evcal_footer' class='evo_bottom' style='display:none'>\r\n\t\t \t\t<div class='evo_cal_data' data-sc=\"{&quot;accord&quot;:&quot;yes&quot;,&quot;bottom_nav&quot;:&quot;no&quot;,&quot;cal_id&quot;:&quot;&quot;,&quot;cal_init_nonajax&quot;:&quot;yes&quot;,&quot;cal_type&quot;:&quot;&quot;,&quot;calendar_type&quot;:&quot;el&quot;,&quot;currentuser&quot;:&quot;no&quot;,&quot;el_title&quot;:&quot;Upcoming courses&quot;,&quot;el_type&quot;:&quot;ue&quot;,&quot;end_range&quot;:0,&quot;ep_fields&quot;:&quot;&quot;,&quot;etc_override&quot;:&quot;no&quot;,&quot;evc_open&quot;:&quot;no&quot;,&quot;event_count&quot;:0,&quot;event_count_list&quot;:&quot;no&quot;,&quot;event_location&quot;:&quot;all&quot;,&quot;event_order&quot;:&quot;ASC&quot;,&quot;event_organizer&quot;:&quot;all&quot;,&quot;event_parts&quot;:&quot;no&quot;,&quot;event_past_future&quot;:&quot;future&quot;,&quot;event_status&quot;:&quot;all&quot;,&quot;event_tag&quot;:&quot;all&quot;,&quot;event_type&quot;:&quot;97&quot;,&quot;event_type_2&quot;:&quot;all&quot;,&quot;event_users&quot;:&quot;all&quot;,&quot;event_virtual&quot;:&quot;all&quot;,&quot;eventtop_date_style&quot;:0,&quot;eventtop_style&quot;:&quot;0&quot;,&quot;exp_jumper&quot;:&quot;no&quot;,&quot;exp_so&quot;:&quot;no&quot;,&quot;filter_relationship&quot;:&quot;AND&quot;,&quot;filter_show_set_only&quot;:&quot;no&quot;,&quot;filter_style&quot;:&quot;default&quot;,&quot;filter_type&quot;:&quot;default&quot;,&quot;filters&quot;:&quot;yes&quot;,&quot;fixed_month&quot;:&quot;&quot;,&quot;fixed_year&quot;:&quot;&quot;,&quot;focus_end_date_range&quot;:&quot;1793487599&quot;,&quot;focus_start_date_range&quot;:&quot;1777699470&quot;,&quot;ft_event_priority&quot;:&quot;no&quot;,&quot;hide_arrows&quot;:&quot;no&quot;,&quot;hide_cancels&quot;:&quot;no&quot;,&quot;hide_empty_months&quot;:&quot;no&quot;,&quot;hide_end_time&quot;:&quot;no&quot;,&quot;hide_et_dn&quot;:&quot;no&quot;,&quot;hide_et_extra&quot;:&quot;no&quot;,&quot;hide_et_tags&quot;:&quot;no&quot;,&quot;hide_et_tl&quot;:&quot;no&quot;,&quot;hide_ft&quot;:&quot;no&quot;,&quot;hide_ft_img&quot;:&quot;no&quot;,&quot;hide_month_headers&quot;:&quot;no&quot;,&quot;hide_mult_occur&quot;:&quot;yes&quot;,&quot;hide_past&quot;:&quot;yes&quot;,&quot;hide_past_by&quot;:&quot;ss&quot;,&quot;hide_so&quot;:&quot;no&quot;,&quot;ics&quot;:&quot;no&quot;,&quot;jumper&quot;:&quot;no&quot;,&quot;jumper_count&quot;:5,&quot;jumper_offset&quot;:&quot;0&quot;,&quot;lang&quot;:&quot;L2&quot;,&quot;layout_changer&quot;:&quot;no&quot;,&quot;livenow_bar&quot;:&quot;yes&quot;,&quot;mapformat&quot;:&quot;roadmap&quot;,&quot;mapiconurl&quot;:&quot;&quot;,&quot;maps_load&quot;:&quot;yes&quot;,&quot;mapscroll&quot;:&quot;true&quot;,&quot;mapzoom&quot;:&quot;16&quot;,&quot;members_only&quot;:&quot;no&quot;,&quot;ml_priority&quot;:&quot;no&quot;,&quot;ml_toend&quot;:&quot;no&quot;,&quot;month_incre&quot;:0,&quot;month_order&quot;:&quot;ASC&quot;,&quot;number_of_months&quot;:&quot;6&quot;,&quot;only_ft&quot;:&quot;no&quot;,&quot;pec&quot;:&quot;&quot;,&quot;s&quot;:&quot;&quot;,&quot;search&quot;:&quot;&quot;,&quot;search_all&quot;:&quot;no&quot;,&quot;sep_month&quot;:&quot;no&quot;,&quot;show_et_ft_img&quot;:&quot;yes&quot;,&quot;show_limit&quot;:&quot;no&quot;,&quot;show_limit_ajax&quot;:&quot;no&quot;,&quot;show_limit_paged&quot;:1,&quot;show_limit_redir&quot;:&quot;&quot;,&quot;show_repeats&quot;:&quot;no&quot;,&quot;show_rsvp&quot;:&quot;no&quot;,&quot;show_search&quot;:&quot;no&quot;,&quot;show_upcoming&quot;:0,&quot;show_year&quot;:&quot;no&quot;,&quot;social_share&quot;:&quot;no&quot;,&quot;sort_by&quot;:&quot;sort_date&quot;,&quot;start_range&quot;:0,&quot;tile_bg&quot;:0,&quot;tile_bg_size&quot;:&quot;full&quot;,&quot;tile_count&quot;:2,&quot;tile_height&quot;:0,&quot;tile_style&quot;:0,&quot;tiles&quot;:&quot;no&quot;,&quot;users&quot;:&quot;all&quot;,&quot;ux_val&quot;:&quot;1&quot;,&quot;view_switcher&quot;:&quot;no&quot;,&quot;wpml_l1&quot;:&quot;en&quot;,&quot;wpml_l2&quot;:&quot;fr&quot;,&quot;wpml_l3&quot;:&quot;&quot;,&quot;x_ids&quot;:&quot;&quot;,&quot;yl_priority&quot;:&quot;no&quot;,&quot;yl_toend&quot;:&quot;no&quot;,&quot;fixed_day&quot;:&quot;2&quot;,&quot;fixed_date&quot;:&quot;&quot;,&quot;_cver&quot;:&quot;5.0.9&quot;}\" data-filter_data=\"[]\" data-nav_data=\"{&quot;month_title&quot;:&quot;&lt;p id=&#039;evcal_cur&#039; class=&#039;evo_month_title padr10&#039;&gt; , &lt;\\\/p&gt;&quot;}\" data-od=\"{&quot;lang_no_events&quot;:&quot;No Events&quot;,&quot;cal_tz_offset&quot;:120,&quot;cal_tz&quot;:&quot;Europe\\\/Zurich&quot;}\" ><\/div>\r\n\t\t \t\t<div class='evo_cal_events' data-events=\"\"><\/div>\r\n\t\t \t<\/div>\r\n\t\t\t\t\r\n\t\t\t\r\n\t\t\t\t\t\t<\/div><!-- EventON End -->\r\n\t\t\t\n<p>[\/et_pb_text][\/et_pb_column][\/et_pb_row][\/et_pb_section][et_pb_section fb_built=\u00a0\u00bb1&Prime; specialty=\u00a0\u00bbon\u00a0\u00bb admin_label=\u00a0\u00bbsection\u00a0\u00bb _builder_version=\u00a0\u00bb4.16&Prime; custom_padding=\u00a0\u00bb0px|0px|0px|0px\u00a0\u00bb global_colors_info=\u00a0\u00bb{}\u00a0\u00bb][et_pb_column type=\u00a0\u00bb2_3&Prime; specialty_columns=\u00a0\u00bb2&Prime; _builder_version=\u00a0\u00bb4.16&Prime; custom_padding=\u00a0\u00bb|||\u00a0\u00bb global_colors_info=\u00a0\u00bb{}\u00a0\u00bb parallax__hover=\u00a0\u00bboff\u00a0\u00bb parallax_method__hover=\u00a0\u00bbon\u00a0\u00bb custom_padding__hover=\u00a0\u00bb|||\u00a0\u00bb][et_pb_row_inner admin_label=\u00a0\u00bbrow_inner\u00a0\u00bb _builder_version=\u00a0\u00bb4.16&Prime; global_colors_info=\u00a0\u00bb{}\u00a0\u00bb][et_pb_column_inner saved_specialty_column_type=\u00a0\u00bb2_3&Prime; _builder_version=\u00a0\u00bb4.16&Prime; custom_padding=\u00a0\u00bb|||\u00a0\u00bb global_colors_info=\u00a0\u00bb{}\u00a0\u00bb parallax__hover=\u00a0\u00bboff\u00a0\u00bb parallax_method__hover=\u00a0\u00bbon\u00a0\u00bb custom_padding__hover=\u00a0\u00bb|||\u00a0\u00bb][et_pb_text admin_label=\u00a0\u00bbText\u00a0\u00bb _builder_version=\u00a0\u00bb4.16&Prime; background_size=\u00a0\u00bbinitial\u00a0\u00bb background_position=\u00a0\u00bbtop_left\u00a0\u00bb background_repeat=\u00a0\u00bbrepeat\u00a0\u00bb global_colors_info=\u00a0\u00bb{}\u00a0\u00bb]<\/p>\n<h2>Protection des donn\u00e9es<\/h2>\n<p>Familiarisez-vous avec tous les processus n\u00e9cessaires pour adopter un r\u00e8glement g\u00e9n\u00e9ral sur la protection des donn\u00e9es (RGPD) dans une organisation.<\/p>\n<p><span style=\"background-color: #ffffff; font-size: 14px;\">Consultez la liste ci-dessous pour trouver la formation,\u00a0<\/span><strong style=\"background-color: #ffffff; font-size: 14px;\">y compris l&rsquo;examen de certification<\/strong><span style=\"background-color: #ffffff; font-size: 14px;\">, qui vous convient le mieux!<\/span><\/p>\n<p>[\/et_pb_text][\/et_pb_column_inner][\/et_pb_row_inner][et_pb_row_inner column_structure=\u00a0\u00bb1_2,1_2&Prime; admin_label=\u00a0\u00bbrow_inner\u00a0\u00bb _builder_version=\u00a0\u00bb4.16&Prime; global_colors_info=\u00a0\u00bb{}\u00a0\u00bb][et_pb_column_inner type=\u00a0\u00bb1_2&Prime; saved_specialty_column_type=\u00a0\u00bb2_3&Prime; _builder_version=\u00a0\u00bb4.16&Prime; custom_padding=\u00a0\u00bb|||\u00a0\u00bb global_colors_info=\u00a0\u00bb{}\u00a0\u00bb parallax__hover=\u00a0\u00bboff\u00a0\u00bb parallax_method__hover=\u00a0\u00bbon\u00a0\u00bb custom_padding__hover=\u00a0\u00bb|||\u00a0\u00bb][et_pb_blurb title=\u00a0\u00bbCertification officielle RGPD\u00a0\u00bb image=\u00a0\u00bbhttps:\/\/actagis.ch\/wp-content\/uploads\/2017\/04\/np_certificate_659530_0271C1.png\u00a0\u00bb alt=\u00a0\u00bbOfficial BCI Certification\u00a0\u00bb image_icon_width=\u00a0\u00bb100px\u00a0\u00bb admin_label=\u00a0\u00bbBlurb\u00a0\u00bb _builder_version=\u00a0\u00bb4.16&Prime; background_size=\u00a0\u00bbinitial\u00a0\u00bb background_position=\u00a0\u00bbtop_left\u00a0\u00bb background_repeat=\u00a0\u00bbrepeat\u00a0\u00bb text_orientation=\u00a0\u00bbcenter\u00a0\u00bb image_max_width=\u00a0\u00bb100px\u00a0\u00bb saved_tabs=\u00a0\u00bball\u00a0\u00bb global_colors_info=\u00a0\u00bb{}\u00a0\u00bb]<\/p>\n<p><span style=\"background-color: #ffffff; font-size: 14px;\">ACTAGIS, en tant que\u00a0<\/span><span style=\"font-size: 14px; background-color: #ffffff;\">partenaire et formateur officiel PECB,<\/span><span style=\"background-color: #ffffff; font-size: 14px;\">\u00a0propose en Suisse et en Europe, les cours et la pr\u00e9paration pour les certifications RGPD.<\/span><\/p>\n<p>[\/et_pb_blurb][\/et_pb_column_inner][et_pb_column_inner type=\u00a0\u00bb1_2&Prime; saved_specialty_column_type=\u00a0\u00bb2_3&Prime; _builder_version=\u00a0\u00bb4.16&Prime; custom_padding=\u00a0\u00bb|||\u00a0\u00bb global_colors_info=\u00a0\u00bb{}\u00a0\u00bb parallax__hover=\u00a0\u00bboff\u00a0\u00bb parallax_method__hover=\u00a0\u00bbon\u00a0\u00bb custom_padding__hover=\u00a0\u00bb|||\u00a0\u00bb][et_pb_blurb title=\u00a0\u00bbGarantie de r\u00e9ussite \u00e0 l&rsquo;examen\u00a0\u00bb image=\u00a0\u00bbhttps:\/\/actagis.ch\/wp-content\/uploads\/2017\/04\/np_badge_898310_0271C1.png\u00a0\u00bb image_icon_width=\u00a0\u00bb100px\u00a0\u00bb admin_label=\u00a0\u00bbBlurb\u00a0\u00bb _builder_version=\u00a0\u00bb4.16&Prime; background_size=\u00a0\u00bbinitial\u00a0\u00bb background_position=\u00a0\u00bbtop_left\u00a0\u00bb background_repeat=\u00a0\u00bbrepeat\u00a0\u00bb text_orientation=\u00a0\u00bbcenter\u00a0\u00bb image_max_width=\u00a0\u00bb100px\u00a0\u00bb saved_tabs=\u00a0\u00bball\u00a0\u00bb locked=\u00a0\u00bboff\u00a0\u00bb global_colors_info=\u00a0\u00bb{}\u00a0\u00bb]<\/p>\n<p><span style=\"color: #ff6600;\"><strong>Un taux de r\u00e9ussite de pr\u00e8s de 100 % !<\/strong><\/span><br \/>Nous vous soutiendrons jusqu&rsquo;\u00e0 ce que vous r\u00e9ussissiez l&rsquo;examen du cours auquel vous \u00eates inscrit (<a href=\"http:\/\/bit.ly\/1TODhFW\">consulter les conditions<\/a>). Nous proposons les examens blancs officiels pour vous aider \u00e0 vous pr\u00e9parer.<\/p>\n<p>[\/et_pb_blurb][\/et_pb_column_inner][\/et_pb_row_inner][et_pb_row_inner column_structure=\u00a0\u00bb1_2,1_2&Prime; _builder_version=\u00a0\u00bb3.25&Prime; global_module=\u00a0\u00bb57142&Prime; saved_tabs=\u00a0\u00bball\u00a0\u00bb locked=\u00a0\u00bboff\u00a0\u00bb global_colors_info=\u00a0\u00bb{}\u00a0\u00bb][et_pb_column_inner type=\u00a0\u00bb1_2&Prime; _builder_version=\u00a0\u00bb4.16&Prime; custom_padding=\u00a0\u00bb|||\u00a0\u00bb global_colors_info=\u00a0\u00bb{}\u00a0\u00bb parallax__hover=\u00a0\u00bboff\u00a0\u00bb parallax_method__hover=\u00a0\u00bbon\u00a0\u00bb custom_padding__hover=\u00a0\u00bb|||\u00a0\u00bb][et_pb_blurb title=\u00a0\u00bbLa qualit\u00e9 suisse dans le monde entier\u00a0\u00bb image=\u00a0\u00bbhttps:\/\/actagis.ch\/wp-content\/uploads\/2021\/05\/swiss-quality.png\u00a0\u00bb image_icon_width=\u00a0\u00bb100px\u00a0\u00bb admin_label=\u00a0\u00bbBlurb\u00a0\u00bb _builder_version=\u00a0\u00bb4.16&Prime; background_size=\u00a0\u00bbinitial\u00a0\u00bb background_position=\u00a0\u00bbtop_left\u00a0\u00bb background_repeat=\u00a0\u00bbrepeat\u00a0\u00bb text_orientation=\u00a0\u00bbcenter\u00a0\u00bb image_max_width=\u00a0\u00bb100px\u00a0\u00bb global_colors_info=\u00a0\u00bb{}\u00a0\u00bb]<\/p>\n<p>Notre souci du d\u00e9tail et de rester \u00e0 jour refl\u00e8te notre engagement envers la qualit\u00e9. Nos formateurs apportent une exp\u00e9rience de terrain de la mise en \u0153uvre de frameworks et de programmes dans de grandes organisations.<\/p>\n<p>[\/et_pb_blurb][\/et_pb_column_inner][et_pb_column_inner type=\u00a0\u00bb1_2&Prime; _builder_version=\u00a0\u00bb4.16&Prime; custom_padding=\u00a0\u00bb|||\u00a0\u00bb global_colors_info=\u00a0\u00bb{}\u00a0\u00bb parallax__hover=\u00a0\u00bboff\u00a0\u00bb parallax_method__hover=\u00a0\u00bbon\u00a0\u00bb custom_padding__hover=\u00a0\u00bb|||\u00a0\u00bb][et_pb_blurb title=\u00a0\u00bbSession de conseil gratuite incluse\u00a0\u00bb image=\u00a0\u00bbhttps:\/\/actagis.ch\/wp-content\/uploads\/2020\/04\/consulting.png\u00a0\u00bb alt=\u00a0\u00bbHands-on exercises\u00a0\u00bb image_icon_width=\u00a0\u00bb100px\u00a0\u00bb admin_label=\u00a0\u00bbBlurb\u00a0\u00bb _builder_version=\u00a0\u00bb4.16&Prime; background_size=\u00a0\u00bbinitial\u00a0\u00bb background_position=\u00a0\u00bbtop_left\u00a0\u00bb background_repeat=\u00a0\u00bbrepeat\u00a0\u00bb text_orientation=\u00a0\u00bbcenter\u00a0\u00bb image_max_width=\u00a0\u00bb100px\u00a0\u00bb global_colors_info=\u00a0\u00bb{}\u00a0\u00bb]<\/p>\n<p>La plupart de nos programmes de formation comprennent <strong>une session suppl\u00e9mentaire de conseil en ligne gratuite<\/strong> pour vous aider \u00e0 mettre en \u0153uvre votre projet dans votre organisation.<\/p>\n<p>[\/et_pb_blurb][\/et_pb_column_inner][\/et_pb_row_inner][et_pb_row_inner column_structure=\u00a0\u00bb1_2,1_2&Prime; _builder_version=\u00a0\u00bb4.16&Prime; global_colors_info=\u00a0\u00bb{}\u00a0\u00bb][et_pb_column_inner type=\u00a0\u00bb1_2&Prime; saved_specialty_column_type=\u00a0\u00bb2_3&Prime; _builder_version=\u00a0\u00bb4.16&Prime; custom_padding=\u00a0\u00bb|||\u00a0\u00bb global_colors_info=\u00a0\u00bb{}\u00a0\u00bb parallax__hover=\u00a0\u00bboff\u00a0\u00bb parallax_method__hover=\u00a0\u00bbon\u00a0\u00bb custom_padding__hover=\u00a0\u00bb|||\u00a0\u00bb][et_pb_blurb title=\u00a0\u00bbPrix comp\u00e9titifs\u00a0\u00bb image=\u00a0\u00bbhttps:\/\/actagis.ch\/wp-content\/uploads\/2021\/05\/competitve-pricing.png\u00a0\u00bb alt=\u00a0\u00bbSmall classes\u00a0\u00bb image_icon_width=\u00a0\u00bb100px\u00a0\u00bb admin_label=\u00a0\u00bbBlurb\u00a0\u00bb _builder_version=\u00a0\u00bb4.27.4&Prime; background_size=\u00a0\u00bbinitial\u00a0\u00bb background_position=\u00a0\u00bbtop_left\u00a0\u00bb background_repeat=\u00a0\u00bbrepeat\u00a0\u00bb text_orientation=\u00a0\u00bbcenter\u00a0\u00bb image_max_width=\u00a0\u00bb100px\u00a0\u00bb global_colors_info=\u00a0\u00bb{}\u00a0\u00bb locked=\u00a0\u00bboff\u00a0\u00bb]<\/p>\n<p>Pour que nos cours soient accessibles aux entreprises de toutes tailles, nous pratiquons des prix comp\u00e9titifs. Contactez-nous pour recevoir imm\u00e9diatement un devis personnalis\u00e9.<\/p>\n<p>[\/et_pb_blurb][\/et_pb_column_inner][et_pb_column_inner type=\u00a0\u00bb1_2&Prime; saved_specialty_column_type=\u00a0\u00bb2_3&Prime; _builder_version=\u00a0\u00bb4.16&Prime; custom_padding=\u00a0\u00bb|||\u00a0\u00bb global_colors_info=\u00a0\u00bb{}\u00a0\u00bb parallax__hover=\u00a0\u00bboff\u00a0\u00bb parallax_method__hover=\u00a0\u00bbon\u00a0\u00bb custom_padding__hover=\u00a0\u00bb|||\u00a0\u00bb][et_pb_blurb title=\u00a0\u00bbTrainEverywhere\u00ae\u00a0\u00bb image=\u00a0\u00bbhttps:\/\/actagis.ch\/wp-content\/uploads\/2020\/04\/online.png\u00a0\u00bb alt=\u00a0\u00bbEnglish and French\u00a0\u00bb image_icon_width=\u00a0\u00bb100px\u00a0\u00bb admin_label=\u00a0\u00bbBlurb\u00a0\u00bb _builder_version=\u00a0\u00bb4.27.4&Prime; background_size=\u00a0\u00bbinitial\u00a0\u00bb background_position=\u00a0\u00bbtop_left\u00a0\u00bb background_repeat=\u00a0\u00bbrepeat\u00a0\u00bb text_orientation=\u00a0\u00bbcenter\u00a0\u00bb image_max_width=\u00a0\u00bb100px\u00a0\u00bb locked=\u00a0\u00bboff\u00a0\u00bb global_colors_info=\u00a0\u00bb{}\u00a0\u00bb]<\/p>\n<p>Nos cours sont dispens\u00e9s dans une salle de classe ou en ligne en direct avec un instructeur (parfois hybride). Certains cours sont \u00e9galement disponibles sous forme d&rsquo;auto-apprentissage.<\/p>\n<p>[\/et_pb_blurb][\/et_pb_column_inner][\/et_pb_row_inner][et_pb_row_inner admin_label=\u00a0\u00bbrow_inner\u00a0\u00bb _builder_version=\u00a0\u00bb4.16&Prime; custom_margin=\u00a0\u00bb|||\u00a0\u00bb custom_padding=\u00a0\u00bb||0px|||\u00a0\u00bb global_colors_info=\u00a0\u00bb{}\u00a0\u00bb][et_pb_column_inner saved_specialty_column_type=\u00a0\u00bb2_3&Prime; _builder_version=\u00a0\u00bb4.16&Prime; background_color=\u00a0\u00bb#0071BB\u00a0\u00bb custom_padding=\u00a0\u00bb20px|20px|20px|20px\u00a0\u00bb global_colors_info=\u00a0\u00bb{}\u00a0\u00bb padding_bottom__hover=\u00a0\u00bb20px\u00a0\u00bb padding_left__hover=\u00a0\u00bb20px\u00a0\u00bb padding_right__hover=\u00a0\u00bb20px\u00a0\u00bb padding_top__hover=\u00a0\u00bb20px\u00a0\u00bb background_color__hover=\u00a0\u00bb#0071BB\u00a0\u00bb parallax__hover=\u00a0\u00bboff\u00a0\u00bb parallax_method__hover=\u00a0\u00bbon\u00a0\u00bb custom_padding__hover=\u00a0\u00bb|||\u00a0\u00bb][et_pb_text admin_label=\u00a0\u00bbText\u00a0\u00bb _builder_version=\u00a0\u00bb4.16&Prime; background_size=\u00a0\u00bbinitial\u00a0\u00bb background_position=\u00a0\u00bbtop_left\u00a0\u00bb background_repeat=\u00a0\u00bbrepeat\u00a0\u00bb saved_tabs=\u00a0\u00bball\u00a0\u00bb global_colors_info=\u00a0\u00bb{}\u00a0\u00bb]<\/p>\n<p style=\"text-align: center;\"><span style=\"color: #ffcc00;\"><strong><a style=\"color: #ffcc00;\" href=\"https:\/\/actagis.ch\/fr\/qui-sommes-nous\/#jeff-primus\">Clickez ici\u00a0pour d\u00e9couvrir l&rsquo;un de vos formateurs<\/a><\/strong><\/span><\/p>\n<p style=\"text-align: center;\"><span style=\"color: #ffcc00;\"><strong><a style=\"color: #ffcc00;\" href=\"https:\/\/actagis.ch\/fr\/qui-sommes-nous\/#jeff-primus\">Grande exp\u00e9rience de terrain \u2013 Enseignant \u00e0\u00a0Paris-1-Sorbonne<\/a><\/strong><\/span><\/p>\n<p>[\/et_pb_text][\/et_pb_column_inner][\/et_pb_row_inner][et_pb_row_inner _builder_version=\u00a0\u00bb4.16&Prime; _module_preset=\u00a0\u00bbdefault\u00a0\u00bb global_colors_info=\u00a0\u00bb{}\u00a0\u00bb][et_pb_column_inner saved_specialty_column_type=\u00a0\u00bb2_3&Prime; _builder_version=\u00a0\u00bb4.16&Prime; _module_preset=\u00a0\u00bbdefault\u00a0\u00bb global_colors_info=\u00a0\u00bb{}\u00a0\u00bb][et_pb_image src=\u00a0\u00bbhttps:\/\/actagis.ch\/wp-content\/uploads\/2020\/05\/GDPR-DPM-600.png\u00a0\u00bb alt=\u00a0\u00bbPECB GDPR\u00a0\u00bb align_tablet=\u00a0\u00bbcenter\u00a0\u00bb align_phone=\u00a0\u00bb\u00a0\u00bb align_last_edited=\u00a0\u00bbon|desktop\u00a0\u00bb _builder_version=\u00a0\u00bb4.16&Prime; animation_style=\u00a0\u00bbslide\u00a0\u00bb animation_direction=\u00a0\u00bbleft\u00a0\u00bb animation_duration=\u00a0\u00bb500ms\u00a0\u00bb animation_intensity_slide=\u00a0\u00bb10{f969dcb32c64d454d15604bb65b9ec17cc062b36f1719f1addbb25611afb9ba3}\u00a0\u00bb global_colors_info=\u00a0\u00bb{}\u00a0\u00bb][\/et_pb_image][\/et_pb_column_inner][\/et_pb_row_inner][\/et_pb_column][et_pb_column type=\u00a0\u00bb1_3&Prime; _builder_version=\u00a0\u00bb4.16&Prime; custom_padding=\u00a0\u00bb|||\u00a0\u00bb global_colors_info=\u00a0\u00bb{}\u00a0\u00bb parallax__hover=\u00a0\u00bboff\u00a0\u00bb parallax_method__hover=\u00a0\u00bbon\u00a0\u00bb custom_padding__hover=\u00a0\u00bb|||\u00a0\u00bb][et_pb_text admin_label=\u00a0\u00bbTestimonials cycloneslider\u00a0\u00bb _builder_version=\u00a0\u00bb4.16&Prime; background_size=\u00a0\u00bbinitial\u00a0\u00bb background_position=\u00a0\u00bbtop_left\u00a0\u00bb background_repeat=\u00a0\u00bbrepeat\u00a0\u00bb saved_tabs=\u00a0\u00bball\u00a0\u00bb locked=\u00a0\u00bboff\u00a0\u00bb global_colors_info=\u00a0\u00bb{}\u00a0\u00bb]<\/p>\n<h2 style=\"text-align: center;\">Ce que\u00a0disent nos clients<\/h2>\n<p>\u00a0<\/p>\n<p><div id=\"sky-testimonials-slider-69f58a8e583a7\" class=\"sky-testimonials-slider-wrapper\" data-interval=\"7000\"><div class=\"sky-testimonials-slider\"><div class=\"testimonial-slide\"><div class=\"testimonial-image\"><img loading=\"lazy\" decoding=\"async\" width=\"225\" height=\"225\" src=\"https:\/\/actagis.ch\/wp-content\/uploads\/2026\/04\/Logo-3.png\" class=\"attachment-medium size-medium wp-post-image\" alt=\"\" srcset=\"https:\/\/actagis.ch\/wp-content\/uploads\/2026\/04\/Logo-3.png 225w, https:\/\/actagis.ch\/wp-content\/uploads\/2026\/04\/Logo-3-150x150.png 150w\" sizes=\"(max-width: 225px) 100vw, 225px\" \/><\/div><div class=\"testimonial-text\">\n<p>Une formation ISO 27001 remarquable ! L\u2019exp\u00e9rience internationale de Jeff a permis des sessions interactives, des exemples concrets et une solide pr\u00e9paration aux d\u00e9fis d\u2019impl\u00e9mentation. Une formation exceptionnelle !<\/p>\n<\/div><div class=\"testimonial-author\">Robert Rolle, Sales Specialist, Cybersecurity<\/div><\/div><div class=\"testimonial-slide\"><div class=\"testimonial-image\"><img loading=\"lazy\" decoding=\"async\" width=\"300\" height=\"130\" src=\"https:\/\/actagis.ch\/wp-content\/uploads\/2026\/04\/Logo-2-300x130.png\" class=\"attachment-medium size-medium wp-post-image\" alt=\"\" srcset=\"https:\/\/actagis.ch\/wp-content\/uploads\/2026\/04\/Logo-2-300x130.png 300w, https:\/\/actagis.ch\/wp-content\/uploads\/2026\/04\/Logo-2.png 341w\" sizes=\"(max-width: 300px) 100vw, 300px\" \/><\/div><div class=\"testimonial-text\">\n<p>Un grand merci \u00e0 ACTAGIS &amp; Jeff Primus pour l\u2019excellent bootcamp CISA ! Ce parcours a \u00e9t\u00e9 bien plus enrichissant que j\u2019ai imagin\u00e9. Vos conseils et votre soutien ont \u00e9t\u00e9 pr\u00e9cieux.  <\/p>\n<\/div><div class=\"testimonial-author\">Alexandre Gudiol Muns, Senior GRC Manager<\/div><\/div><div class=\"testimonial-slide\"><div class=\"testimonial-image\"><img loading=\"lazy\" decoding=\"async\" width=\"300\" height=\"115\" src=\"https:\/\/actagis.ch\/wp-content\/uploads\/2026\/04\/Vaudoise_logo-300x115.png\" class=\"attachment-medium size-medium wp-post-image\" alt=\"\" srcset=\"https:\/\/actagis.ch\/wp-content\/uploads\/2026\/04\/Vaudoise_logo-300x115.png 300w, https:\/\/actagis.ch\/wp-content\/uploads\/2026\/04\/Vaudoise_logo.png 362w\" sizes=\"(max-width: 300px) 100vw, 300px\" \/><\/div><div class=\"testimonial-text\">\n<p>Examen ISO 27001 r\u00e9ussi avec succ\u00e8s ! Cette formation ISO 27001 m\u2019a permis d\u2019\u00e9largir mes comp\u00e9tences au-del\u00e0 du domaine juridique. Merci \u00e0 Jeff Primus &amp; ACTAGIS pour cette excellente formation.  <\/p>\n<\/div><div class=\"testimonial-author\">Fran\u00e7ois Charlet, Head of Digital Law Office &amp; DPO Group<\/div><\/div><div class=\"testimonial-slide\"><div class=\"testimonial-image\"><img loading=\"lazy\" decoding=\"async\" width=\"300\" height=\"143\" src=\"https:\/\/actagis.ch\/wp-content\/uploads\/2026\/04\/logo-1-300x143.png\" class=\"attachment-medium size-medium wp-post-image\" alt=\"\" srcset=\"https:\/\/actagis.ch\/wp-content\/uploads\/2026\/04\/logo-1-300x143.png 300w, https:\/\/actagis.ch\/wp-content\/uploads\/2026\/04\/logo-1.png 326w\" sizes=\"(max-width: 300px) 100vw, 300px\" \/><\/div><div class=\"testimonial-text\">\n<p>J\u2019ai eu la chance de suivre le bootcamp CISSP exceptionnel avec Jeff Primus et Alexandre Chappuis: intense, inspirant et percutant!<\/p>\n<\/div><div class=\"testimonial-author\">Marton Nagy, Lead Architect Workplace &amp; Collaboration<\/div><\/div><div class=\"testimonial-slide\"><div class=\"testimonial-image\"><img loading=\"lazy\" decoding=\"async\" width=\"300\" height=\"143\" src=\"https:\/\/actagis.ch\/wp-content\/uploads\/2026\/04\/logo-1-300x143.png\" class=\"attachment-medium size-medium wp-post-image\" alt=\"\" srcset=\"https:\/\/actagis.ch\/wp-content\/uploads\/2026\/04\/logo-1-300x143.png 300w, https:\/\/actagis.ch\/wp-content\/uploads\/2026\/04\/logo-1.png 326w\" sizes=\"(max-width: 300px) 100vw, 300px\" \/><\/div><div class=\"testimonial-text\">\n<p>Quel bootcamp formidable ! Ce fut un v\u00e9ritable tremplin d\u00e9cisif pour r\u00e9ussir la certification CISSP. Je le recommande \u00e0 tous ceux qui souhaitent la r\u00e9ussir avec succ\u00e8s !<\/p>\n<\/div><div class=\"testimonial-author\">Ricardo Gon\u00e7alves, Technical Lead Information Security Officers<\/div><\/div><div class=\"testimonial-slide\"><div class=\"testimonial-image\"><img loading=\"lazy\" decoding=\"async\" width=\"300\" height=\"150\" src=\"https:\/\/actagis.ch\/wp-content\/uploads\/2026\/04\/Logo-300x150.png\" class=\"attachment-medium size-medium wp-post-image\" alt=\"\" srcset=\"https:\/\/actagis.ch\/wp-content\/uploads\/2026\/04\/Logo-300x150.png 300w, https:\/\/actagis.ch\/wp-content\/uploads\/2026\/04\/Logo.png 317w\" sizes=\"(max-width: 300px) 100vw, 300px\" \/><\/div><div class=\"testimonial-text\">\n<p>Merci \u00e0 ACTAGIS &amp; Jeff Primus pour un accompagnement de haut niveau, orient\u00e9 r\u00e9sultats, qui a contribu\u00e9 \u00e0 ma certification ISO 9001, \u00e0 la consolidation de mes comp\u00e9tences et au renforcement de mon leadership.<\/p>\n<\/div><div class=\"testimonial-author\">Emilie Lovato, Group Quality Manager<\/div><\/div><div class=\"testimonial-slide\"><div class=\"testimonial-image\"><img loading=\"lazy\" decoding=\"async\" width=\"179\" height=\"80\" src=\"https:\/\/actagis.ch\/wp-content\/uploads\/2026\/04\/OIP.webp\" class=\"attachment-medium size-medium wp-post-image\" alt=\"\" \/><\/div><div class=\"testimonial-text\">\n<p>\u00ab\u00a0Merci \u00e0 Jeff Primus pour l\u2019excellente formation ISO 27001 LI : \u00e9nergie, clart\u00e9, partage et convivialit\u00e9. Je recommande vivement ACTAGIS pour les formations certifiantes de haut niveau.\u00a0\u00bb<\/p>\n<\/div><div class=\"testimonial-author\">Abraham Ritz, Responsable des syst\u00e8mes d&rsquo;informations centraux<\/div><\/div><div class=\"testimonial-slide\"><div class=\"testimonial-image\"><img loading=\"lazy\" decoding=\"async\" width=\"225\" height=\"225\" src=\"https:\/\/actagis.ch\/wp-content\/uploads\/2026\/04\/Logo2.png\" class=\"attachment-medium size-medium wp-post-image\" alt=\"\" srcset=\"https:\/\/actagis.ch\/wp-content\/uploads\/2026\/04\/Logo2.png 225w, https:\/\/actagis.ch\/wp-content\/uploads\/2026\/04\/Logo2-150x150.png 150w\" sizes=\"(max-width: 225px) 100vw, 225px\" \/><\/div><div class=\"testimonial-text\">\n<p>Une formation riche, concr\u00e8te et motivante, anim\u00e9e par un formateur passionn\u00e9. Je repars avec des outils utiles et une vision plus claire. Un vrai d\u00e9clic professionnel\u202f!  <\/p>\n<\/div><div class=\"testimonial-author\">Filipe Loureiro, Business Process Junior Manager<\/div><\/div><div class=\"testimonial-slide\"><div class=\"testimonial-image\"><img loading=\"lazy\" decoding=\"async\" width=\"150\" height=\"116\" src=\"https:\/\/actagis.ch\/wp-content\/uploads\/2021\/09\/Logo_Etat_GE-e1632735140151.png\" class=\"attachment-medium size-medium wp-post-image\" alt=\"\" \/><\/div><div class=\"testimonial-text\"><p>Le consultant-formateur a une exp\u00e9rience de premi\u00e8re main dans la plupart des domaines couverts par le programme CISA. Cela a \u00e9t\u00e9 d&rsquo;une valeur inestimable pour que les sujets un peu th\u00e9oriques de l&rsquo;ISACA deviennent tr\u00e8s tangibles et prennent sens. Un grand merci pour ce grand pas vers la certification CISA.<\/p>\n<\/div><div class=\"testimonial-author\">Tom Royston, CIO<\/div><\/div><div class=\"testimonial-slide\"><div class=\"testimonial-image\"><img loading=\"lazy\" decoding=\"async\" width=\"166\" height=\"60\" src=\"https:\/\/actagis.ch\/wp-content\/uploads\/2018\/02\/hep3.jpg\" class=\"attachment-medium size-medium wp-post-image\" alt=\"\" \/><\/div><div class=\"testimonial-text\"><p>Pendant toutes les sessions CISA, Continuit\u00e9 des Activit\u00e9s (CA) et ISO 27001 LI l&rsquo;expert d&rsquo;ACTAGIS a ouvertement partag\u00e9 ses exp\u00e9riences pertinentes, a \u00e9cout\u00e9 attentivement toutes les questions, remarques, critiques les plus pointues des participants &#8230; et a donn\u00e9 des explications, des recommandations et des conseils pr\u00e9cieux.<\/p>\n<\/div><div class=\"testimonial-author\">Savrak Sar, Head of IT, Haute \u00c9cole P\u00e9dagogique<\/div><\/div><div class=\"testimonial-slide\"><div class=\"testimonial-image\"><img loading=\"lazy\" decoding=\"async\" width=\"162\" height=\"60\" src=\"https:\/\/actagis.ch\/wp-content\/uploads\/2018\/02\/ubs-logo3.jpg\" class=\"attachment-medium size-medium wp-post-image\" alt=\"\" \/><\/div><div class=\"testimonial-text\"><p>Un grand cours et une s\u00e9rieuse remise \u00e0 niveau avec une bonne plong\u00e9e dans l&rsquo;univers du CISA.<\/p>\n<\/div><div class=\"testimonial-author\">Josselin Renard, IT Systems Auditor, UBS<\/div><\/div><div class=\"testimonial-slide\"><div class=\"testimonial-image\"><img loading=\"lazy\" decoding=\"async\" width=\"194\" height=\"60\" src=\"https:\/\/actagis.ch\/wp-content\/uploads\/2018\/02\/Logo_Vaudoise_Assurances3.jpg\" class=\"attachment-medium size-medium wp-post-image\" alt=\"\" \/><\/div><div class=\"testimonial-text\">\n<p>Je remercie le consultant d&rsquo;ACTAGIS pour cette formation ISO 27001. Sa p\u00e9dagogie, ses comp\u00e9tences techniques et sa longue exp\u00e9rience du terrain font la diff\u00e9rence et apportent une v\u00e9ritable valeur ajout\u00e9e.<br\/><br\/> Les supports de cours sont de qualit\u00e9 et les \u00e9changes pratiqu\u00e9s tout au long de cette formation m&rsquo;ont permis de bien assimiler la mati\u00e8re et d&rsquo;aller au-del\u00e0 de la th\u00e9orie.<\/p>\n<\/div><div class=\"testimonial-author\">Daniel Meier, Head Internal Audit, Vaudoise Assurances<\/div><\/div><div class=\"testimonial-slide\"><div class=\"testimonial-image\"><img loading=\"lazy\" decoding=\"async\" width=\"300\" height=\"71\" src=\"https:\/\/actagis.ch\/wp-content\/uploads\/2022\/02\/SwissRe_logo-300x71.png\" class=\"attachment-medium size-medium wp-post-image\" alt=\"\" srcset=\"https:\/\/actagis.ch\/wp-content\/uploads\/2022\/02\/SwissRe_logo-300x71.png 300w, https:\/\/actagis.ch\/wp-content\/uploads\/2022\/02\/SwissRe_logo-e1643700494276.png 250w\" sizes=\"(max-width: 300px) 100vw, 300px\" \/><\/div><div class=\"testimonial-text\">\n<p>Pendant la formation Continuit\u00e9 des Activit\u00e9s (CA), le formateur a non seulement couvert les sujets sp\u00e9cifiquement li\u00e9s \u00e0 la certification mais a aussi pu nous montrer les relations avec d&rsquo;autres standards et cadres r\u00e9f\u00e9rentiels. Ce fut une semaine qui nous a permis d&rsquo;enrichir nos connaissances. Merci !<\/p>\n<\/div><div class=\"testimonial-author\">Christoph Teuber, Group Safety &amp; Security Manager, Swiss Re<\/div><\/div><div class=\"testimonial-slide\"><div class=\"testimonial-image\"><img loading=\"lazy\" decoding=\"async\" width=\"134\" height=\"70\" src=\"https:\/\/actagis.ch\/wp-content\/uploads\/2018\/02\/TUI-France3.jpg\" class=\"attachment-medium size-medium wp-post-image\" alt=\"\" \/><\/div><div class=\"testimonial-text\">\n<p>La formation Continuit\u00e9 des Activit\u00e9s (CA) par ACTAGIS m\u2019a permis de consolider et approfondir mes connaissances dans ce domaine. Une formation tr\u00e8s r\u00e9ussie, ce que me permettra d\u00e9sormais d\u2019amener CA vers un niveau plus professionnel dans mon entreprise.<\/p>\n<\/div><div class=\"testimonial-author\">Paulo Grilo, Directeur Etudes &amp; D\u00e9veloppements, TUI France<\/div><\/div><div class=\"testimonial-slide\"><div class=\"testimonial-image\"><img loading=\"lazy\" decoding=\"async\" width=\"300\" height=\"86\" src=\"https:\/\/actagis.ch\/wp-content\/uploads\/2021\/09\/Logo_Nestle-300x86.png\" class=\"attachment-medium size-medium wp-post-image\" alt=\"\" \/><\/div><div class=\"testimonial-text\">\n<p>Je remercie le formateur d&rsquo;ACTAGIS pour son professionnalisme et motivation tout au long de la formation. Ce qui m&rsquo;a permis de r\u00e9ussir l&rsquo;examen de certification Continuit\u00e9 des Activit\u00e9s (CA). Je recommande cette formation \u00e0 toutes les personnes qui souhaitent renforcer et consolider leurs connaissances dans le domaine de la continuit\u00e9 des activit\u00e9s.<\/p>\n<\/div><div class=\"testimonial-author\">Jean-Charles Coral, BC Manager, Nestl\u00e9 Switzerland<\/div><\/div><div class=\"testimonial-slide\"><div class=\"testimonial-image\"><img loading=\"lazy\" decoding=\"async\" width=\"90\" height=\"90\" src=\"https:\/\/actagis.ch\/wp-content\/uploads\/2018\/02\/Goldec3.png\" class=\"attachment-medium size-medium wp-post-image\" alt=\"\" \/><\/div><div class=\"testimonial-text\">\n<p>J&rsquo;ai eu un grand plaisir \u00e0 participer \u00e0 la formation ISO 9001 LI fournie par Jeff Primus. Son engagement, son professionnalisme, sa motivation et son expertise technique m&rsquo;ont donn\u00e9 enti\u00e8re satisfaction. Avec sa capacit\u00e9 de communication, je n&rsquo;ai eu aucune difficult\u00e9 \u00e0 assimiler le contenu du cours. Sans aucune h\u00e9sitation, je recommande ACTAGIS \u00e0 ceux qui auraient besoin de conseils pour des projets de mise en \u0153uvre SMQ.<\/p>\n<\/div><div class=\"testimonial-author\">Mehmed Cormehic, Lean Manufacturing Engineer, GOLDEC SA<\/div><\/div><div class=\"testimonial-slide\"><div class=\"testimonial-image\"><img loading=\"lazy\" decoding=\"async\" width=\"220\" height=\"60\" src=\"https:\/\/actagis.ch\/wp-content\/uploads\/2018\/02\/logo-Novartis3.png\" class=\"attachment-medium size-medium wp-post-image\" alt=\"\" \/><\/div><div class=\"testimonial-text\">\n<p>Merci pour cet excellent cours. Je l&rsquo;ai vraiment appr\u00e9ci\u00e9 et j&rsquo;ai acquis beaucoup de nouvelles connaissances et une bien meilleure compr\u00e9hension de ce qui est important dans un syst\u00e8me de gestion de la continuit\u00e9 des activit\u00e9s.<\/p>\n<\/div><div class=\"testimonial-author\">Dieter Gramberg, Business Continuity Manager, Novartis Pharma AG<\/div><\/div><div class=\"testimonial-slide\"><div class=\"testimonial-image\"><img loading=\"lazy\" decoding=\"async\" width=\"227\" height=\"60\" src=\"https:\/\/actagis.ch\/wp-content\/uploads\/2018\/02\/ISS-Facility-Services3.png\" class=\"attachment-medium size-medium wp-post-image\" alt=\"\" \/><\/div><div class=\"testimonial-text\">\n<p>Le cours \u00e9tait tr\u00e8s int\u00e9ressant. Les outils de gestion d&rsquo;un programme de continuit\u00e9 des activit\u00e9s ont \u00e9t\u00e9 enseign\u00e9s de mani\u00e8re tr\u00e8s descriptive et compr\u00e9hensible. Je peux recommander ce cours \u00e0 tous ceux qui ont un poste cl\u00e9 au sein d&rsquo;un programme de continuit\u00e9 des activit\u00e9s.  <\/p>\n<\/div><div class=\"testimonial-author\">Philip Sauter, Business Continuity Manager, ISS Facility Services AG<\/div><\/div><div class=\"testimonial-slide\"><div class=\"testimonial-image\"><img loading=\"lazy\" decoding=\"async\" width=\"209\" height=\"60\" src=\"https:\/\/actagis.ch\/wp-content\/uploads\/2018\/02\/Logo_Nestle3.png\" class=\"attachment-medium size-medium wp-post-image\" alt=\"\" \/><\/div><div class=\"testimonial-text\">\n<p>Je trouve souvent qu\u2019on apprend plus gr\u00e2ce l&rsquo;exp\u00e9rience des personnes participant \u00e0 formation que par le biais du support de cours et ceci fut exactement le cas chez ACTAGIS. Jeff a beaucoup d&rsquo;exp\u00e9rience et il a fait un excellent travail en adaptant sa formation aux besoins de la classe.<\/p>\n<\/div><div class=\"testimonial-author\">Anthony Scarfe, Information Security Services Specialist<\/div><\/div><div class=\"testimonial-slide\"><div class=\"testimonial-image\"><img loading=\"lazy\" decoding=\"async\" width=\"250\" height=\"42\" src=\"https:\/\/actagis.ch\/wp-content\/uploads\/2018\/02\/Logo_Jet_Aviation3-e1518906198439.png\" class=\"attachment-medium size-medium wp-post-image\" alt=\"\" \/><\/div><div class=\"testimonial-text\">\n<p>Jeff Primus a fourni une excellente formation CISA. Sa motivation, son engagement et son professionnalisme ont rendu la formation vraiment int\u00e9ressante et facile \u00e0 comprendre. J&rsquo;ai appr\u00e9ci\u00e9 de participer \u00e0 cette formation et je tiens \u00e0 remercier ACTAGIS de m&rsquo;avoir aid\u00e9e \u00e0 r\u00e9ussir l&rsquo;examen CISA.<\/p>\n<\/div><div class=\"testimonial-author\">Melany Scherer, Global IT Audit - Compliance, Jet Aviation AG<\/div><\/div><div class=\"testimonial-slide\"><div class=\"testimonial-image\"><img loading=\"lazy\" decoding=\"async\" width=\"225\" height=\"225\" src=\"https:\/\/actagis.ch\/wp-content\/uploads\/2023\/03\/EPFL_logo_new.png\" class=\"attachment-medium size-medium wp-post-image\" alt=\"\" srcset=\"https:\/\/actagis.ch\/wp-content\/uploads\/2023\/03\/EPFL_logo_new.png 225w, https:\/\/actagis.ch\/wp-content\/uploads\/2023\/03\/EPFL_logo_new-150x150.png 150w\" sizes=\"(max-width: 225px) 100vw, 225px\" \/><\/div><div class=\"testimonial-text\">\n<p>Je remercie ACTAGIS, et en particulier Jeff Primus, d\u2019avoir mis sur pied la formation GDPR \u2013 Certified Data Protection Officer \u2013 qui m\u2019est tr\u00e8s utile dans le cadre de mon travail et que je conseille vivement. Le fait d\u2019organiser des formations pour un nombre restreint de participants permet de profiter pleinement des cours et d\u2019\u00e9changer plus facilement des informations int\u00e9ressantes, entre les professionnels de la branche.<\/p>\n<\/div><div class=\"testimonial-author\">Chiara Tanteri, Vice-Pr\u00e9sidence pour les syst\u00e8mes d\u2019information, \u00c9cole Polytechnique F\u00e9d\u00e9rale de Lausanne (EPFL)<\/div><\/div><div class=\"testimonial-slide\"><div class=\"testimonial-image\"><img loading=\"lazy\" decoding=\"async\" width=\"100\" height=\"62\" src=\"https:\/\/actagis.ch\/wp-content\/uploads\/2018\/02\/TPF_Logo-e1518216570697.gif\" class=\"attachment-medium size-medium wp-post-image\" alt=\"Transport Publics Fribourgeois\" \/><\/div><div class=\"testimonial-text\">\n<p>Assister \u00e0 la formation GDPR &#8211; Certified Data Protection Officer &#8211; dispens\u00e9e par ACTAGIS a repr\u00e9sent\u00e9 \u00e0 la fois un d\u00e9fi et un plaisir. Le contenu \u00e9tait extr\u00eamement int\u00e9ressant et fourni par un formateur hautement qualifi\u00e9. L\u2019environnement de travail, le groupe restreint favorisant les \u00e9changes et le mat\u00e9riel fourni ont contribu\u00e9 au succ\u00e8s de cette formation.<\/p>\n<\/div><div class=\"testimonial-author\">Gr\u00e9goire Ramuz, CIO, Transports Publics Fribourgeois<\/div><\/div><div class=\"testimonial-slide\"><div class=\"testimonial-image\"><img loading=\"lazy\" decoding=\"async\" width=\"300\" height=\"96\" src=\"https:\/\/actagis.ch\/wp-content\/uploads\/2018\/07\/5\u00e0Sec_Logo-300x96.jpg\" class=\"attachment-medium size-medium wp-post-image\" alt=\"\" srcset=\"https:\/\/actagis.ch\/wp-content\/uploads\/2018\/07\/5\u00e0Sec_Logo-300x96.jpg 300w, https:\/\/actagis.ch\/wp-content\/uploads\/2018\/07\/5\u00e0Sec_Logo.jpg 368w\" sizes=\"(max-width: 300px) 100vw, 300px\" \/><\/div><div class=\"testimonial-text\">\n<p>Formation tr\u00e8s intense et enrichissante. Le formateur base son enseignement sur une excellente connaissance du r\u00e8glement RGPD, mais aussi sur des exp\u00e9riences pratiques. Je recommande cette formation certifiante \u00e0 toute personne ayant \u00e0 faire avec la protection des donn\u00e9es personnelles au sein de son entreprise.<\/p>\n<\/div><div class=\"testimonial-author\">St\u00e9phane Butty, DPO Group - 5\u00e0Sec<\/div><\/div><div class=\"testimonial-slide\"><div class=\"testimonial-image\"><img loading=\"lazy\" decoding=\"async\" width=\"100\" height=\"100\" src=\"https:\/\/actagis.ch\/wp-content\/uploads\/2018\/07\/100px-OP_Financial_Group.svg.png\" class=\"attachment-medium size-medium wp-post-image\" alt=\"\" \/><\/div><div class=\"testimonial-text\">\n<p>La fa\u00e7on dont nous avons travers\u00e9 les domaines de Continuit\u00e9 des Activit\u00e9s (CA), depuis la politique \u00e0 la validation en passant par des exemples pratiques, a \u00e9t\u00e9 source d&rsquo;inspiration. L&rsquo;approche enthousiaste de Jeff, bas\u00e9e sur des connaissances approfondies et sa capacit\u00e9 \u00e0 promouvoir les discussions ont vraiment \u00e9largi la compr\u00e9hension du sujet. Maintenant je pense que j&rsquo;ai de bons outils pour pratiquer. Merci Jeff!<\/p>\n<\/div><div class=\"testimonial-author\">Miska Riihim\u00e4ki, Senior Risk Manager - OP Insurance Ltd<\/div><\/div><div class=\"testimonial-slide\"><div class=\"testimonial-image\"><img loading=\"lazy\" decoding=\"async\" width=\"100\" height=\"100\" src=\"https:\/\/actagis.ch\/wp-content\/uploads\/2019\/06\/AAA_logo-e1560105590517.png\" class=\"attachment-medium size-medium wp-post-image\" alt=\"\" \/><\/div><div class=\"testimonial-text\">\n<p>L&rsquo;objectif principal de Jeff n&rsquo;est pas seulement de vous aider \u00e0 dig\u00e9rer la mati\u00e8re, mais aussi de vous pr\u00e9parer \u00e0 l&rsquo;examen avec les bons outils et le bon niveau de confiance afin de maximiser vos chances de r\u00e9ussite. Je recommande Jeff de tout coeur et sans r\u00e9serve. Jeff est l&rsquo;un de ces rares paris s\u00fbrs!<\/p>\n<\/div><div class=\"testimonial-author\">Massimo Marino, CDPO - Advanced Accelerator Applications<\/div><\/div><div class=\"testimonial-slide\"><div class=\"testimonial-text\">\n<p>J&rsquo;ai suivi un cours CISSP dans un petit groupe avec ACTAGIS. Jeff a enseign\u00e9 avec expertise, passion et profession. Le sujet complexe de la s\u00e9curit\u00e9 informatique a \u00e9t\u00e9 pr\u00e9sent\u00e9 de mani\u00e8re compr\u00e9hensible et d\u00e9cor\u00e9 avec de nombreux exemples de la vie r\u00e9elle. L&rsquo;atmosph\u00e8re \u00e9tait studieuse et allait de l&rsquo;avant, mais \u00e9tait aussi d\u00e9tendue et b\u00e9n\u00e9fique. Je suis vraiment impressionn\u00e9 et je suivrai sans aucun doute d&rsquo;autres formations chez ACTAGIS et je recommande aux autres de contacter ACTAGIS.I followed a CISSP course in a small group with ACTAGIS.<\/p>\n<\/div><div class=\"testimonial-author\">Harald Friedel, Project Manager &amp; DPO<\/div><\/div><div class=\"testimonial-slide\"><div class=\"testimonial-image\"><img loading=\"lazy\" decoding=\"async\" width=\"300\" height=\"125\" src=\"https:\/\/actagis.ch\/wp-content\/uploads\/2023\/03\/Groupe_Mutuel_logo-300x125.png\" class=\"attachment-medium size-medium wp-post-image\" alt=\"\" srcset=\"https:\/\/actagis.ch\/wp-content\/uploads\/2023\/03\/Groupe_Mutuel_logo-300x125.png 300w, https:\/\/actagis.ch\/wp-content\/uploads\/2023\/03\/Groupe_Mutuel_logo.png 348w\" sizes=\"(max-width: 300px) 100vw, 300px\" \/><\/div><div class=\"testimonial-text\">\n<p>Ayant particip\u00e9 \u00e0 un cours ISO 27001 LA anim\u00e9 par Jeff Primus, j\u2019ai pu appr\u00e9cier sa valeur de formateur tant li\u00e9e \u00e0 ses comp\u00e9tences techniques qu\u2019\u00e0 sa large exp\u00e9rience du m\u00e9tier d\u2019auditeur. Je salue en Jeff un professionnel exp\u00e9riment\u00e9 qui communique son savoir avec enthousiasme. Cela m\u2019a permis de passer avec succ\u00e8s l\u2019examen de certification. Je tiens \u00e0 recommander ici ACTAGIS pour la qualit\u00e9 de ses prestations et l\u2019organisation parfaite de cette formation.   <\/p>\n<\/div><div class=\"testimonial-author\">St\u00e9phane Reuss, Audit interne Groupe Mutuel<\/div><\/div><div class=\"testimonial-slide\"><div class=\"testimonial-image\"><img loading=\"lazy\" decoding=\"async\" width=\"300\" height=\"140\" src=\"https:\/\/actagis.ch\/wp-content\/uploads\/2020\/03\/Hitachi_Logo-300x140.png\" class=\"attachment-medium size-medium wp-post-image\" alt=\"\" \/><\/div><div class=\"testimonial-text\">\n<p>\u00ab\u00a0J&rsquo;ai particip\u00e9 \u00e0 la formation ISO 27001 LI anim\u00e9e par le formateur d\u2019une rare efficacit\u00e9 et ayant une r\u00e9elle connaissance des concepts et une solide exp\u00e9rience de terrain. La formation \u00e9tait bas\u00e9e sur des fondamentaux th\u00e9oriques illustr\u00e9s de mani\u00e8re concr\u00e8te, via des ateliers de travail et des \u00e9changes en groupe. Le groupe dans son entier a r\u00e9ussi l\u2019examen de certification. Merci encore \u00e0 ACTAGIS pour leur accueil chaleureux, la qualit\u00e9 de la formation et leur professionnalisme.\u00a0\u00bb<\/p>\n<\/div><div class=\"testimonial-author\">Lotfi Adassen, Information Security Architect - Hitachi Automotive Systems Group<\/div><\/div><div class=\"testimonial-slide\"><div class=\"testimonial-image\"><img loading=\"lazy\" decoding=\"async\" width=\"100\" height=\"72\" src=\"https:\/\/actagis.ch\/wp-content\/uploads\/2020\/08\/IMD_logo-e1598002612528.jpg\" class=\"attachment-medium size-medium wp-post-image\" alt=\"\" \/><\/div><div class=\"testimonial-text\">\n<p>J&rsquo;ai eu le plaisir d&rsquo;assister \u00e0 la formation de GDPR dispens\u00e9e par Jeff et ACTAGIS.\u00a0 Le contenu du cours \u00e9tait un vrai d\u00e9fi en termes de mat\u00e9riel \u00e0 absorber et Jeff a rendu le travail tr\u00e8s int\u00e9ressant, tout en fournissant de bonnes r\u00e9ponses avec des exemples r\u00e9els aux participants. Je recommanderais volontiers Jeff et ACTAGIS \u00e0 ceux qui recherchent une excellente aper\u00e7u d\u00e9taill\u00e9 de GDPR.\u00a0<\/p>\n<\/div><div class=\"testimonial-author\">Clare Joyner, Legal Counsel, IMD<\/div><\/div><div class=\"testimonial-slide\"><div class=\"testimonial-image\"><img loading=\"lazy\" decoding=\"async\" width=\"162\" height=\"60\" src=\"https:\/\/actagis.ch\/wp-content\/uploads\/2018\/02\/ubs-logo3.jpg\" class=\"attachment-medium size-medium wp-post-image\" alt=\"\" \/><\/div><div class=\"testimonial-text\">\n<p>J&rsquo;ai particip\u00e9 \u00e0 la formation CISSP chez ACTAGIS Academy. Je recommande vivement ce cours \u00e0 toute personne qui souhaite r\u00e9ussir l\u2019examen CISSP. Jeff est un excellent formateur qui sait transmettre les messages clefs renforc\u00e9s avec des exemples concrets. Merci Jeff pour cette excellente formation.   <\/p>\n<\/div><div class=\"testimonial-author\">Gilbert Caballer, IT Audit Expert, UBS<\/div><\/div><div class=\"testimonial-slide\"><div class=\"testimonial-image\"><img loading=\"lazy\" decoding=\"async\" width=\"110\" height=\"110\" src=\"https:\/\/actagis.ch\/wp-content\/uploads\/2020\/08\/RC_BANK_logo.png\" class=\"attachment-medium size-medium wp-post-image\" alt=\"\" \/><\/div><div class=\"testimonial-text\">\n<p>La formation BCI, bas\u00e9e sur une solide exp\u00e9rience et des exemples concrets, a \u00e9t\u00e9 dispens\u00e9e par un mentor tr\u00e8s professionnel et patient, Jeff Primus. Un petit groupe de participants est un grand avantage pour les discussions \u00e0 valeur ajout\u00e9e. La formation a d\u00e9pass\u00e9 toutes mes attentes.<\/p>\n<\/div><div class=\"testimonial-author\">Andrey Afanasiev, Vice President, Risk Manager, RCB Bank Ltd<\/div><\/div><div class=\"testimonial-slide\"><div class=\"testimonial-image\"><img loading=\"lazy\" decoding=\"async\" width=\"135\" height=\"150\" src=\"https:\/\/actagis.ch\/wp-content\/uploads\/2021\/08\/ALTIS_Logo-e1628667148882.jpg\" class=\"attachment-medium size-medium wp-post-image\" alt=\"\" \/><\/div><div class=\"testimonial-text\">\n<p>Dans un cadre tr\u00e8s agr\u00e9able, j&rsquo;ai particip\u00e9 \u00e0 la formation GDPR-CDPO dispens\u00e9e par ACTAGIS que je recommande. Tout au long des sessions, l&rsquo;expert nous a form\u00e9s avec dynamisme et p\u00e9dagogie tout en partageant son exp\u00e9rience de terrain. Au cours de cette formation, j&rsquo;ai pu soumettre mes questions sur des cas pratiques. Tous ces points ont grandement contribu\u00e9 \u00e0 la r\u00e9ussite de l&rsquo;examen de certification.<\/p>\n<\/div><div class=\"testimonial-author\">Vincent Bovay, Responsable informatique, Altis<\/div><\/div><div class=\"testimonial-slide\"><div class=\"testimonial-image\"><img loading=\"lazy\" decoding=\"async\" width=\"100\" height=\"100\" src=\"https:\/\/actagis.ch\/wp-content\/uploads\/2021\/08\/SCC_Logo_1-2-e1628586985443.jpg\" class=\"attachment-medium size-medium wp-post-image\" alt=\"\" \/><\/div><div class=\"testimonial-text\">\n<p>Je voudrais remercier Jeff pour tout le soutien qu&rsquo;il m&rsquo;a apport\u00e9 et qui m&rsquo;a permis de r\u00e9ussir l&rsquo;examen de gestion de la continuit\u00e9 des activit\u00e9s (BCM). Le cours \u00e9tait stimulant, avec beaucoup d&rsquo;informations utiles, et Jeff \u00e9tait toujours l\u00e0 pour me soutenir (ainsi que tous les autres stagiaires) et pr\u00eat \u00e0 m&rsquo;aider. J&rsquo;ai beaucoup appr\u00e9ci\u00e9 votre cours. Je me r\u00e9jouis de suivre un autre cours avec ACTAGIS.   <\/p>\n<\/div><div class=\"testimonial-author\">Valentin Mazareanu, PhD, Data Security Officer, SCC Services Romania<\/div><\/div><div class=\"testimonial-slide\"><div class=\"testimonial-image\"><img loading=\"lazy\" decoding=\"async\" width=\"300\" height=\"125\" src=\"https:\/\/actagis.ch\/wp-content\/uploads\/2023\/03\/Groupe_Mutuel_logo-300x125.png\" class=\"attachment-medium size-medium wp-post-image\" alt=\"\" srcset=\"https:\/\/actagis.ch\/wp-content\/uploads\/2023\/03\/Groupe_Mutuel_logo-300x125.png 300w, https:\/\/actagis.ch\/wp-content\/uploads\/2023\/03\/Groupe_Mutuel_logo.png 348w\" sizes=\"(max-width: 300px) 100vw, 300px\" \/><\/div><div class=\"testimonial-text\">\n<p>Le cours de Business Continuity Management (BCM) m&rsquo;a permis d&rsquo;\u00e9largir ma compr\u00e9hension et mon analyse des diff\u00e9rents th\u00e8mes. Au-del\u00e0 du mat\u00e9riel de cours et des notions acad\u00e9miques n\u00e9cessaires \u00e0 la certification, Jeff met tout en \u0153uvre pour nous mettre dans un contexte pratique en partageant ses connaissances et son exp\u00e9rience. Il enseigne avec passion, enthousiasme et s&rsquo;adapte aux participants afin de nous faire b\u00e9n\u00e9ficier de son expertise.  <\/p>\n<\/div><div class=\"testimonial-author\">St\u00e9phane Rard, CIO<\/div><\/div><div class=\"testimonial-slide\"><div class=\"testimonial-image\"><img loading=\"lazy\" decoding=\"async\" width=\"40\" height=\"40\" src=\"https:\/\/actagis.ch\/wp-content\/uploads\/2021\/06\/UNHCR_Logo-e1624435848795.png\" class=\"attachment-medium size-medium wp-post-image\" alt=\"\" \/><\/div><div class=\"testimonial-text\">\n<p>L&rsquo;une des craintes lors des formations est qu&rsquo;elle ne soit que th\u00e9orique et n&rsquo;ait qu&rsquo;un rapport limit\u00e9 avec mes r\u00e9alit\u00e9s professionnelles. Je suis heureux d&rsquo;avoir suivi la formation \u00ab\u00a0Continuit\u00e9 des Activit\u00e9s\u00a0\u00bb avec ACTAGIS. Jeff a pu partager sa vaste exp\u00e9rience d&rsquo;expert et expliquer, \u00e0 l&rsquo;aide d&rsquo;exemples pratiques, comment appliquer les principes et les outils dans nos situations de travail r\u00e9elles. M\u00eame avec peu de pr\u00e9paration, j&rsquo;ai r\u00e9ussi l&rsquo;examen avec mention. J&rsquo;ai h\u00e2te de suivre le prochain cours avec ACTAGIS.<\/p>\n<\/div><div class=\"testimonial-author\">Mathew Siwoi, Senior Oversight Officer, UNHCR<\/div><\/div><div class=\"testimonial-slide\"><div class=\"testimonial-image\"><img loading=\"lazy\" decoding=\"async\" width=\"150\" height=\"83\" src=\"https:\/\/actagis.ch\/wp-content\/uploads\/2020\/08\/CIMO_Logo-e1598435393426.jpg\" class=\"attachment-medium size-medium wp-post-image\" alt=\"\" \/><\/div><div class=\"testimonial-text\">\n<p>Merci pour votre formation. J&rsquo;ai particuli\u00e8rement appr\u00e9ci\u00e9 la qualit\u00e9 des enseignants Jeff et son coll\u00e8gue qui ont su animer ce cours de mani\u00e8re attractive et instructive en alternant la partie th\u00e9orique et les exercices pratiques. Le support de cours est un condens\u00e9 d&rsquo;excellente qualit\u00e9. Je recommande vivement ce cours.   <\/p>\n<\/div><div class=\"testimonial-author\">Remo Stolz, IT Manager, CIMO<\/div><\/div><div class=\"testimonial-slide\"><div class=\"testimonial-text\">\n<p>La formation \u00e0 la gestion de la continuit\u00e9 des activit\u00e9s (BCM) dispens\u00e9e par le formateur m&rsquo;a \u00e9t\u00e9 d&rsquo;une aide pr\u00e9cieuse. Tous les participants ont fortement appr\u00e9ci\u00e9 ses excellentes connaissances, son exp\u00e9rience, sa concentration sur les points cl\u00e9s, sa mani\u00e8re d&rsquo;enseigner, sa compr\u00e9hension des besoins des participants. Merci pour l&rsquo;excellente formation dispens\u00e9e ! Je recommande vivement ACTAGIS si vous voulez r\u00e9ussir l&rsquo;examen.<\/p>\n<\/div><div class=\"testimonial-author\">Anna Glazunova, BC Manager<\/div><\/div><div class=\"testimonial-slide\"><div class=\"testimonial-image\"><img loading=\"lazy\" decoding=\"async\" width=\"300\" height=\"228\" src=\"https:\/\/actagis.ch\/wp-content\/uploads\/2021\/09\/IOC_Logo_2-300x228.png\" class=\"attachment-medium size-medium wp-post-image\" alt=\"\" \/><\/div><div class=\"testimonial-text\">\n<p>La formation CISSP dispens\u00e9e par les formateurs d&rsquo;ACTAGIS est intense et tr\u00e8s compl\u00e8te. Au cours des cinq jours, vous rentrez chez vous \u00e9puis\u00e9 mais avec des connaissances que vous n&rsquo;aviez pas au d\u00e9but de la journ\u00e9e. Les formateurs utilisent une m\u00e9thodologie qui vous aide \u00e0 comprendre les concepts et les questions pi\u00e8ges que vous pourriez rencontrer lors de l&rsquo;examen. Cela en vaut vraiment la peine.<\/p>\n<\/div><div class=\"testimonial-author\">Diego de Haller, IT Security Service Manager<\/div><\/div><div class=\"testimonial-slide\"><div class=\"testimonial-image\"><img loading=\"lazy\" decoding=\"async\" width=\"100\" height=\"100\" src=\"https:\/\/actagis.ch\/wp-content\/uploads\/2020\/09\/BIT_Logo-1-e1599343781527.png\" class=\"attachment-medium size-medium wp-post-image\" alt=\"\" \/><\/div><div class=\"testimonial-text\">\n<p>Je suis un habitu\u00e9 des cours de Jeff, ayant d\u00e9j\u00e0 particip\u00e9 aux cours CISA, CISSP et CRISC. Jeff est un professeur passionnant et apporte de nombreux exemples tir\u00e9s de la vie r\u00e9elle. Le nombre de participants \u00e9tant limit\u00e9, vous aurez toujours le temps de poser des questions. Je pr\u00e9vois d&rsquo;attaquer le CISM l&rsquo;ann\u00e9e prochaine et je ne manquerai pas de frapper \u00e0 nouveau \u00e0 la porte de Jeff. Hautement recommand\u00e9 !<\/p>\n<\/div><div class=\"testimonial-author\">Liz O&rsquo;Sullivan, Bundesamt f\u00fcr Informatik und Telekommunication BIT, Head of Security<\/div><\/div><div class=\"testimonial-slide\"><div class=\"testimonial-image\"><img loading=\"lazy\" decoding=\"async\" width=\"100\" height=\"100\" src=\"https:\/\/actagis.ch\/wp-content\/uploads\/2020\/09\/BIT_Logo-1-e1599343781527.png\" class=\"attachment-medium size-medium wp-post-image\" alt=\"\" \/><\/div><div class=\"testimonial-text\">\n<p>Participer \u00e0 la formation CDPO avec ACTAGIS. Le volume d&rsquo;informations et le sujet \u00e9taient intenses \u00e9tant donn\u00e9 la conduite en ligne en raison de la situation de pand\u00e9mie. Dans ce contexte, Massimo nous l&rsquo;a rendu tr\u00e8s accessible gr\u00e2ce \u00e0 sa grande exp\u00e9rience professionnelle et \u00e0 sa p\u00e9dagogie. Je ne peux que recommander ACTAGIS comme partenaire de formation.<\/p>\n<\/div><div class=\"testimonial-author\">Mahieu Perrin, IT Advisor, BIT<\/div><\/div><div class=\"testimonial-slide\"><div class=\"testimonial-image\"><img loading=\"lazy\" decoding=\"async\" width=\"300\" height=\"71\" src=\"https:\/\/actagis.ch\/wp-content\/uploads\/2022\/02\/SwissRe_logo-300x71.png\" class=\"attachment-medium size-medium wp-post-image\" alt=\"\" srcset=\"https:\/\/actagis.ch\/wp-content\/uploads\/2022\/02\/SwissRe_logo-300x71.png 300w, https:\/\/actagis.ch\/wp-content\/uploads\/2022\/02\/SwissRe_logo-e1643700494276.png 250w\" sizes=\"(max-width: 300px) 100vw, 300px\" \/><\/div><div class=\"testimonial-text\">\n<p>La formation en gestion de la continuit\u00e9 des affaires (BCM) avec ACTAGIS m&rsquo;a fourni les informations n\u00e9cessaires pour accro\u00eetre mes connaissances dans mon contexte professionnel actuel et pour comprendre \u00e0 quoi sert la continuit\u00e9 des affaires, y compris toutes les connexions avec le monde r\u00e9el afin d&rsquo;atteindre un niveau de connaissance plus \u00e9lev\u00e9.<\/p>\n<\/div><div class=\"testimonial-author\">Aristidis Lampiris, Major Incident and Process Expert, Swiss Re<\/div><\/div><div class=\"testimonial-slide\"><div class=\"testimonial-image\"><img loading=\"lazy\" decoding=\"async\" width=\"200\" height=\"200\" src=\"https:\/\/actagis.ch\/wp-content\/uploads\/2021\/07\/FINA_Logo-e1625218536166.png\" class=\"attachment-medium size-medium wp-post-image\" alt=\"\" \/><\/div><div class=\"testimonial-text\">\n<p>La formation dispens\u00e9e par ACTAGIS est d&rsquo;un haut niveau de qualit\u00e9 gr\u00e2ce \u00e0 l&rsquo;exp\u00e9rience et \u00e0 la personnalit\u00e9 du formateur. Nous avons pu non seulement nous pr\u00e9parer \u00e0 l&rsquo;examen CDPO, mais aussi b\u00e9n\u00e9ficier de ses connaissances n\u00e9cessaires \u00e0 une mise en \u0153uvre r\u00e9ussie du GDPR dans nos organisations. <\/p>\n<\/div><div class=\"testimonial-author\">Romain Galster, IT Manager, FINA<\/div><\/div><div class=\"testimonial-slide\"><div class=\"testimonial-image\"><img loading=\"lazy\" decoding=\"async\" width=\"300\" height=\"150\" src=\"https:\/\/actagis.ch\/wp-content\/uploads\/2022\/02\/Allianz_Logo-300x150.png\" class=\"attachment-medium size-medium wp-post-image\" alt=\"\" srcset=\"https:\/\/actagis.ch\/wp-content\/uploads\/2022\/02\/Allianz_Logo-300x150.png 300w, https:\/\/actagis.ch\/wp-content\/uploads\/2022\/02\/Allianz_Logo.png 317w\" sizes=\"(max-width: 300px) 100vw, 300px\" \/><\/div><div class=\"testimonial-text\">\n<p>Le formateur a tr\u00e8s bien dirig\u00e9 le cours de gestion de la continuit\u00e9 des activit\u00e9s (BCM). Il a couvert la mati\u00e8re \u00e0 un rythme id\u00e9al, a assur\u00e9 la participation active de tous et a encourag\u00e9 une atmosph\u00e8re interactive en classe. Tous ces avantages m&rsquo;ont permis de r\u00e9ussir l&rsquo;examen de certification.<\/p>\n<\/div><div class=\"testimonial-author\">Maximilian Mayer, Senior Consultant, Allianz<\/div><\/div><div class=\"testimonial-slide\"><div class=\"testimonial-image\"><img loading=\"lazy\" decoding=\"async\" width=\"300\" height=\"125\" src=\"https:\/\/actagis.ch\/wp-content\/uploads\/2023\/03\/Groupe_Mutuel_logo-300x125.png\" class=\"attachment-medium size-medium wp-post-image\" alt=\"\" srcset=\"https:\/\/actagis.ch\/wp-content\/uploads\/2023\/03\/Groupe_Mutuel_logo-300x125.png 300w, https:\/\/actagis.ch\/wp-content\/uploads\/2023\/03\/Groupe_Mutuel_logo.png 348w\" sizes=\"(max-width: 300px) 100vw, 300px\" \/><\/div><div class=\"testimonial-text\">\n<p>Je voudrais remercier ACTAGIS, et en particulier Jeff et Alexandre, pour le cours de pr\u00e9paration \u00e0 la certification CISSP. Une formation intense de 5 jours, dans une ambiance studieuse mais d\u00e9tendue, qui m&rsquo;a pr\u00e9par\u00e9 au mieux \u00e0 passer cette certification exigeante. Merci encore, et j&rsquo;attends avec impatience de suivre un autre cours avec vous !<\/p>\n<\/div><div class=\"testimonial-author\">Claude-Alain Schweri, Responsable s\u00e9curit\u00e9 informatique et technologie<\/div><\/div><div class=\"testimonial-slide\"><div class=\"testimonial-image\"><img loading=\"lazy\" decoding=\"async\" width=\"300\" height=\"171\" src=\"https:\/\/actagis.ch\/wp-content\/uploads\/2023\/03\/Syz-Group_logo-300x171.png\" class=\"attachment-medium size-medium wp-post-image\" alt=\"\" \/><\/div><div class=\"testimonial-text\">\n<p>Une tr\u00e8s bonne pr\u00e9paration pour le CISA. Bonne approche p\u00e9dagogique, allant \u00e0 l&rsquo;essentiel. Vous permet d&rsquo;avoir des \u00e9changes fructueux avec des sp\u00e9cialistes. Rend la pr\u00e9paration de l&rsquo;examen agr\u00e9able et ajoute des connaissances informatiques au-del\u00e0 du cadre strict du CISA.<\/p>\n<\/div><div class=\"testimonial-author\">Lionel Noetzlin, Head of Internal Audit<\/div><\/div><div class=\"testimonial-slide\"><div class=\"testimonial-image\"><img loading=\"lazy\" decoding=\"async\" width=\"119\" height=\"48\" src=\"https:\/\/actagis.ch\/wp-content\/uploads\/2023\/03\/Logo.png\" class=\"attachment-medium size-medium wp-post-image\" alt=\"\" \/><\/div><div class=\"testimonial-text\">\n<p>Je tiens \u00e0 exprimer mon enti\u00e8re satisfaction \u00e0 l&rsquo;\u00e9gard d&rsquo;ACTAGIS et de la formation CISSP dispens\u00e9e par leurs deux instructeurs. Leur expertise et leur passion pour le sujet ont grandement am\u00e9lior\u00e9 l&rsquo;exp\u00e9rience d&rsquo;apprentissage. Les cours \u00e9taient clairs, bien structur\u00e9s et \u00e9tay\u00e9s par des exemples concrets, ce qui a permis une assimilation efficace des connaissances. Je recommande vivement ce cours \u00e0 toute personne souhaitant se pr\u00e9parer \u00e0 la certification CISSP.<\/p>\n<\/div><div class=\"testimonial-author\">Sivathushn Vairavanathar, Chief Information Security Officer<\/div><\/div><\/div><a class=\"prev\">&#10094;<\/a><a class=\"next\">&#10095;<\/a><\/div>[\/et_pb_text][et_pb_blurb title=\u00a0\u00bbContactez ACTAGIS pour la liste des pays\u00a0\u00bb image=\u00a0\u00bbhttps:\/\/actagis.ch\/wp-content\/uploads\/2022\/03\/TrainingDelievredWorldwide-Square-600-FR.jpg\u00a0\u00bb _builder_version=\u00a0\u00bb4.16&Prime; _module_preset=\u00a0\u00bbdefault\u00a0\u00bb header_font=\u00a0\u00bb||on||||||\u00a0\u00bb header_text_align=\u00a0\u00bbcenter\u00a0\u00bb header_font_size=\u00a0\u00bb14px\u00a0\u00bb custom_css_blurb_image=\u00a0\u00bb  margin-bottom: 0;\u00a0\u00bb saved_tabs=\u00a0\u00bball\u00a0\u00bb locked=\u00a0\u00bboff\u00a0\u00bb global_colors_info=\u00a0\u00bb{}\u00a0\u00bb][\/et_pb_blurb][et_pb_blurb title=\u00a0\u00bbT\u00e9l\u00e9charger le PDF (en anglais)\u00a0\u00bb url=\u00a0\u00bbhttps:\/\/actagis.ch\/wp-content\/uploads\/2018\/02\/ACTAGIS_ACADEMY_GDPR_EN_20181203_V3_JP.pdf\u00a0\u00bb url_new_window=\u00a0\u00bbon\u00a0\u00bb image=\u00a0\u00bbhttps:\/\/actagis.ch\/wp-content\/uploads\/2017\/12\/GDPR2.jpg\u00a0\u00bb admin_label=\u00a0\u00bbBlurb\u00a0\u00bb module_class=\u00a0\u00bbdownload-iso\u00a0\u00bb _builder_version=\u00a0\u00bb4.16&Prime; background_size=\u00a0\u00bbinitial\u00a0\u00bb background_position=\u00a0\u00bbtop_left\u00a0\u00bb background_repeat=\u00a0\u00bbrepeat\u00a0\u00bb text_orientation=\u00a0\u00bbcenter\u00a0\u00bb box_shadow_style_image=\u00a0\u00bbpreset2&Prime; saved_tabs=\u00a0\u00bball\u00a0\u00bb global_colors_info=\u00a0\u00bb{}\u00a0\u00bb][\/et_pb_blurb][et_pb_text admin_label=\u00a0\u00bbText\u00a0\u00bb _builder_version=\u00a0\u00bb4.16&Prime; background_size=\u00a0\u00bbinitial\u00a0\u00bb background_position=\u00a0\u00bbtop_left\u00a0\u00bb background_repeat=\u00a0\u00bbrepeat\u00a0\u00bb custom_margin=\u00a0\u00bb||16px|||\u00a0\u00bb saved_tabs=\u00a0\u00bball\u00a0\u00bb global_colors_info=\u00a0\u00bb{}\u00a0\u00bb]<\/p>\n<p>&nbsp;<\/p>\n<h2 style=\"background-color: #ffffff; text-align: center;\">Organisation\u00a0de certification<\/h2>\n<p>[\/et_pb_text][et_pb_image src=\u00a0\u00bbhttps:\/\/actagis.ch\/wp-content\/uploads\/2020\/05\/pecb-logo-300.png\u00a0\u00bb _builder_version=\u00a0\u00bb4.16&Prime; width=\u00a0\u00bb70%\u00a0\u00bb module_alignment=\u00a0\u00bbcenter\u00a0\u00bb locked=\u00a0\u00bboff\u00a0\u00bb global_colors_info=\u00a0\u00bb{}\u00a0\u00bb][\/et_pb_image][et_pb_text admin_label=\u00a0\u00bbText\u00a0\u00bb _builder_version=\u00a0\u00bb4.16&Prime; background_size=\u00a0\u00bbinitial\u00a0\u00bb background_position=\u00a0\u00bbtop_left\u00a0\u00bb background_repeat=\u00a0\u00bbrepeat\u00a0\u00bb global_colors_info=\u00a0\u00bb{}\u00a0\u00bb]<\/p>\n<h2 style=\"text-align: center;\">Exemple de certificat<\/h2>\n<p>[\/et_pb_text][et_pb_image src=\u00a0\u00bbhttps:\/\/actagis.ch\/wp-content\/uploads\/2017\/10\/CDPO_Jeff_Primus_20171025.jpg\u00a0\u00bb alt=\u00a0\u00bbGDPR Certificate\u00a0\u00bb align=\u00a0\u00bbcenter\u00a0\u00bb align_tablet=\u00a0\u00bbcenter\u00a0\u00bb align_phone=\u00a0\u00bb\u00a0\u00bb align_last_edited=\u00a0\u00bbon|desktop\u00a0\u00bb _builder_version=\u00a0\u00bb4.16&Prime; animation_style=\u00a0\u00bbslide\u00a0\u00bb animation_direction=\u00a0\u00bbleft\u00a0\u00bb animation_duration=\u00a0\u00bb500ms\u00a0\u00bb animation_intensity_slide=\u00a0\u00bb10{f969dcb32c64d454d15604bb65b9ec17cc062b36f1719f1addbb25611afb9ba3}\u00a0\u00bb global_colors_info=\u00a0\u00bb{}\u00a0\u00bb][\/et_pb_image][\/et_pb_column][\/et_pb_section][et_pb_section fb_built=\u00a0\u00bb1&Prime; custom_padding_last_edited=\u00a0\u00bbon|desktop\u00a0\u00bb admin_label=\u00a0\u00bbSection\u00a0\u00bb _builder_version=\u00a0\u00bb4.16&Prime; background_color=\u00a0\u00bb#e9f0f4&Prime; custom_padding_tablet=\u00a0\u00bb50px|0|50px|0&Prime; custom_padding_phone=\u00a0\u00bb\u00a0\u00bb padding_mobile=\u00a0\u00bboff\u00a0\u00bb global_colors_info=\u00a0\u00bb{}\u00a0\u00bb][et_pb_row column_structure=\u00a0\u00bb2_3,1_3&Prime; admin_label=\u00a0\u00bbRow\u00a0\u00bb _builder_version=\u00a0\u00bb4.16&Prime; background_size=\u00a0\u00bbinitial\u00a0\u00bb background_position=\u00a0\u00bbtop_left\u00a0\u00bb background_repeat=\u00a0\u00bbrepeat\u00a0\u00bb global_colors_info=\u00a0\u00bb{}\u00a0\u00bb][et_pb_column type=\u00a0\u00bb2_3&Prime; _builder_version=\u00a0\u00bb4.16&Prime; custom_padding=\u00a0\u00bb|||\u00a0\u00bb global_colors_info=\u00a0\u00bb{}\u00a0\u00bb custom_padding__hover=\u00a0\u00bb|||\u00a0\u00bb][et_pb_text admin_label=\u00a0\u00bbText\u00a0\u00bb _builder_version=\u00a0\u00bb4.16&Prime; background_size=\u00a0\u00bbinitial\u00a0\u00bb background_position=\u00a0\u00bbtop_left\u00a0\u00bb background_repeat=\u00a0\u00bbrepeat\u00a0\u00bb global_colors_info=\u00a0\u00bb{}\u00a0\u00bb]<\/p>\n<h2>RGPD &#8211; Obtenir toutes les comp\u00e9tences et les connaissances n\u00e9cessaires pour mener toutes les proc\u00e9dures pour la mise en oeuvre et la mise en conformit\u00e9 avec les exigences du R\u00e9glement G\u00e9n\u00e9ral de la Protection des Donn\u00e9es (RGPD) d&rsquo;une organisation.<\/h2>\n<p>[\/et_pb_text][et_pb_tabs admin_label=\u00a0\u00bbTabs\u00a0\u00bb _builder_version=\u00a0\u00bb4.16&Prime; background_size=\u00a0\u00bbinitial\u00a0\u00bb background_position=\u00a0\u00bbtop_left\u00a0\u00bb background_repeat=\u00a0\u00bbrepeat\u00a0\u00bb global_colors_info=\u00a0\u00bb{}\u00a0\u00bb][et_pb_tab title=\u00a0\u00bbR\u00e9sum\u00e9\u00a0\u00bb _builder_version=\u00a0\u00bb4.16&Prime; body_font=\u00a0\u00bb||||\u00a0\u00bb body_line_height=\u00a0\u00bb2em\u00a0\u00bb tab_font=\u00a0\u00bb||||\u00a0\u00bb tab_line_height=\u00a0\u00bb2em\u00a0\u00bb background_size=\u00a0\u00bbinitial\u00a0\u00bb background_position=\u00a0\u00bbtop_left\u00a0\u00bb background_repeat=\u00a0\u00bbrepeat\u00a0\u00bb body_line_height_tablet=\u00a0\u00bb2em\u00a0\u00bb body_line_height_phone=\u00a0\u00bb2em\u00a0\u00bb tab_line_height_tablet=\u00a0\u00bb2em\u00a0\u00bb tab_line_height_phone=\u00a0\u00bb2em\u00a0\u00bb global_colors_info=\u00a0\u00bb{}\u00a0\u00bb]<\/p>\n<p>Ce cours intensif de quatre jours permet aux participants de d\u00e9velopper l&rsquo;expertise n\u00e9cessaire pour d\u00e9montrer leurs connaissances, leurs capacit\u00e9s\u00a0et leurs comp\u00e9tences, pour la mise en \u0153uvre, la gestion et l&rsquo;alignement d&rsquo;un cadre de confidentialit\u00e9 en fonction des exigences g\u00e9n\u00e9rales en mati\u00e8re de r\u00e9glementation de la protection des donn\u00e9es.<\/p>\n<p>Les participants seront en mesure de comprendre l&rsquo;\u00e9cart entre le R\u00e8glement g\u00e9n\u00e9ral sur la protection des donn\u00e9es et les processus organisationnels actuels, notamment les politiques de confidentialit\u00e9, les proc\u00e9dures, les instructions de travail, les formulaires de consentement, les \u00e9valuations d&rsquo;impact de la protection des donn\u00e9es, etc. afin d&rsquo;associer les organisations au processus d&rsquo;adoption d&rsquo;une nouvelle r\u00e9glementation qui les aidera \u00e0 rendre compte devant une \u00e9ventuelle inspection.<\/p>\n<p>[\/et_pb_tab][et_pb_tab title=\u00a0\u00bbPourquoi participer?\u00a0\u00bb _builder_version=\u00a0\u00bb4.16&Prime; global_colors_info=\u00a0\u00bb{}\u00a0\u00bb]<\/p>\n<p>Le cours de formation Certified Data Protection Officer vous permet de d\u00e9velopper les connaissances, les comp\u00e9tences et la ma\u00eetrise n\u00e9cessaires pour mettre en \u0153uvre et g\u00e9rer efficacement un cadre de conformit\u00e9 en mati\u00e8re de protection des donn\u00e9es personnelles.<\/p>\n<p>Apr\u00e8s avoir ma\u00eetris\u00e9 tous les concepts n\u00e9cessaires du R\u00e8glement G\u00e9n\u00e9ral sur la Protection des Donn\u00e9es (GDPR), vous pouvez vous inscrire \u00e0 l&rsquo;examen et postuler \u00e0 un certificat \u00abPECB Certified Data Protection Officer\u00bb. En d\u00e9tenant un certificat d&rsquo;agent de protection des donn\u00e9es certifi\u00e9 PECB, vous d\u00e9montrerez que vous comprenez parfaitement l&rsquo;\u00e9cart entre le R\u00e8glement G\u00e9n\u00e9ral sur la Protection des Donn\u00e9es et les processus organisationnels actuels, y compris: les politiques de confidentialit\u00e9, les proc\u00e9dures, les instructions de travail, les formulaires de consentement, les analyses d&rsquo;impact de la protection des donn\u00e9es, permettant d&rsquo;accompagner les organisations dans le processus d&rsquo;adoption du nouveau r\u00e8glement.<\/p>\n<p>[\/et_pb_tab][et_pb_tab title=\u00a0\u00bbQui est concern\u00e9 ?\u00a0\u00bb _builder_version=\u00a0\u00bb4.16&Prime; body_font=\u00a0\u00bb||||\u00a0\u00bb body_line_height=\u00a0\u00bb2em\u00a0\u00bb tab_font=\u00a0\u00bb||||\u00a0\u00bb tab_line_height=\u00a0\u00bb2em\u00a0\u00bb background_size=\u00a0\u00bbinitial\u00a0\u00bb background_position=\u00a0\u00bbtop_left\u00a0\u00bb background_repeat=\u00a0\u00bbrepeat\u00a0\u00bb body_line_height_tablet=\u00a0\u00bb2em\u00a0\u00bb body_line_height_phone=\u00a0\u00bb2em\u00a0\u00bb tab_line_height_tablet=\u00a0\u00bb2em\u00a0\u00bb tab_line_height_phone=\u00a0\u00bb2em\u00a0\u00bb global_colors_info=\u00a0\u00bb{}\u00a0\u00bb]<\/p>\n<ul>\n<li>Les gestionnaires de projet ou les consultants souhaitant pr\u00e9parer et soutenir une organisation dans la mise en \u0153uvre des nouvelles proc\u00e9dures et l&rsquo;adoption des nouvelles conditions pr\u00e9sent\u00e9es dans le GDPR, qui entreront en vigueur et auront effet d&rsquo;ici le 25 mai 2018<\/li>\n<li>DPO et cadres sup\u00e9rieurs responsables de la protection des donn\u00e9es personnelles d&rsquo;une entreprise et de la gestion de ses risques<\/li>\n<li>Membres d&rsquo;une \u00e9quipe de s\u00e9curit\u00e9 de l&rsquo;information, de gestion des incidents et de continuit\u00e9 des activit\u00e9s<\/li>\n<li>Des membres d\u2019un cabinet d\u2019avocats ;<\/li>\n<li>Conseillers experts en s\u00e9curit\u00e9 des donn\u00e9es personnelles<\/li>\n<li>Les experts techniques et les experts de la conformit\u00e9 souhaitant se pr\u00e9parer \u00e0 un poste d&rsquo;agent de protection des donn\u00e9es<\/li>\n<\/ul>\n<p>[\/et_pb_tab][et_pb_tab title=\u00a0\u00bbObjectifs du cours\u00a0\u00bb _builder_version=\u00a0\u00bb4.16&Prime; body_font=\u00a0\u00bb||||\u00a0\u00bb body_line_height=\u00a0\u00bb2em\u00a0\u00bb tab_font=\u00a0\u00bb||||\u00a0\u00bb tab_line_height=\u00a0\u00bb2em\u00a0\u00bb background_size=\u00a0\u00bbinitial\u00a0\u00bb background_position=\u00a0\u00bbtop_left\u00a0\u00bb background_repeat=\u00a0\u00bbrepeat\u00a0\u00bb body_line_height_tablet=\u00a0\u00bb2em\u00a0\u00bb body_line_height_phone=\u00a0\u00bb2em\u00a0\u00bb tab_line_height_tablet=\u00a0\u00bb2em\u00a0\u00bb tab_line_height_phone=\u00a0\u00bb2em\u00a0\u00bb global_colors_info=\u00a0\u00bb{}\u00a0\u00bb]<\/p>\n<ul>\n<li>Comprendre l&rsquo;histoire de la protection des donn\u00e9es personnelles en Europe<\/li>\n<li>Compr\u00e9hension compl\u00e8te des concepts et des approches n\u00e9cessaires \u00e0 l&rsquo;alignement effectif sur le R\u00e8glement G\u00e9n\u00e9ral sur la Protection des Donn\u00e9es<\/li>\n<li>Comprendre les nouvelles exigences que leR\u00e8glement G\u00e9n\u00e9ral sur la Protection des Donn\u00e9es apporte aux organisations de l&rsquo;UE et aux organisations non membres de l&rsquo;UE et lorsqu&rsquo;il est n\u00e9cessaire de les mettre en \u0153uvre<\/li>\n<li>Acqu\u00e9rir l&rsquo;expertise n\u00e9cessaire pour soutenir une organisation dans l&rsquo;\u00e9valuation de la mise en \u0153uvre de ces nouvelles exigences<\/li>\n<li>Apprendre \u00e0 g\u00e9rer une \u00e9quipe mettant en \u0153uvre le GDPR<\/li>\n<li>Gagner les connaissances et les comp\u00e9tences n\u00e9cessaires pour conseiller les organisations pour g\u00e9rer les donn\u00e9es personnelles<\/li>\n<li>Acqu\u00e9rir l&rsquo;expertise pour l&rsquo;analyse et la prise de d\u00e9cision dans le cadre de la protection des donn\u00e9es personnelles<\/li>\n<\/ul>\n<p>[\/et_pb_tab][et_pb_tab title=\u00a0\u00bbAgenda d\u00e9taill\u00e9\u00a0\u00bb _builder_version=\u00a0\u00bb4.16&Prime; body_font=\u00a0\u00bb||||\u00a0\u00bb body_line_height=\u00a0\u00bb2em\u00a0\u00bb tab_font=\u00a0\u00bb||||\u00a0\u00bb tab_line_height=\u00a0\u00bb2em\u00a0\u00bb background_size=\u00a0\u00bbinitial\u00a0\u00bb background_position=\u00a0\u00bbtop_left\u00a0\u00bb background_repeat=\u00a0\u00bbrepeat\u00a0\u00bb body_line_height_tablet=\u00a0\u00bb2em\u00a0\u00bb body_line_height_phone=\u00a0\u00bb2em\u00a0\u00bb tab_line_height_tablet=\u00a0\u00bb2em\u00a0\u00bb tab_line_height_phone=\u00a0\u00bb2em\u00a0\u00bb global_colors_info=\u00a0\u00bb{}\u00a0\u00bb]<\/p>\n<h3>Introduction au RGPD et initialisation de la conformit\u00e9 au RGPD<\/h3>\n<ul>\n<li>Objectifs et structure du cours<\/li>\n<li>R\u00e8glement g\u00e9n\u00e9ral sur la protection des donn\u00e9es<\/li>\n<li>Principes de protection des donn\u00e9es<\/li>\n<li>D\u00e9buter la mise en place du RGPD<\/li>\n<li>\u00a0Analyse du syst\u00e8me actuel<\/li>\n<\/ul>\n<h3>Planifier la mise en \u0153uvre du GDPR<\/h3>\n<ul>\n<li>Direction et approbation du projet de conformit\u00e9 du RGPD<\/li>\n<li>Politique de la protection des donn\u00e9es<\/li>\n<li>D\u00e9finition de la structure organisationnelle de la protection des donn\u00e9es<\/li>\n<li>Classification des donn\u00e9es<\/li>\n<li>\u00c9valuation des risques sous le RGPD<\/li>\n<\/ul>\n<h3>D\u00e9ployer le GDPR<\/h3>\n<ul>\n<li>Etude d&rsquo;impact sur la vie priv\u00e9e (EIVP)<\/li>\n<li>Conception des contr\u00f4les et r\u00e9daction de politiques et de proc\u00e9dures\u00a0<\/li>\n<li>Mise en oeuvre des contr\u00f4les<\/li>\n<li>D\u00e9finition du processus de gestion des documents<\/li>\n<li>Plan de communication<\/li>\n<li>Plan de formation et de sensibilisation\u00a0<\/li>\n<\/ul>\n<h3>Suivi et am\u00e9lioration continue de la conformit\u00e9 au GDPR<\/h3>\n<ul>\n<li>Gestion des op\u00e9rations<\/li>\n<li>Gestion des incidents<\/li>\n<li>Surveillance, mesures, analyse et \u00e9valuation<\/li>\n<li>Audit interne<\/li>\n<li>Violation des donn\u00e9es et mesures correctives<\/li>\n<li>Am\u00e9lioration continue<\/li>\n<li>Comp\u00e9tence, \u00e9valuation et fin de la formation\u00a0<\/li>\n<li><strong>Examen de certification<\/strong><\/li>\n<\/ul>\n<ul><\/ul>\n<ul><\/ul>\n<p>[\/et_pb_tab][et_pb_tab title=\u00a0\u00bbPr\u00e9requis\u00a0\u00bb _builder_version=\u00a0\u00bb4.16&Prime; body_font=\u00a0\u00bb||||\u00a0\u00bb body_line_height=\u00a0\u00bb2em\u00a0\u00bb tab_font=\u00a0\u00bb||||\u00a0\u00bb tab_line_height=\u00a0\u00bb2em\u00a0\u00bb background_size=\u00a0\u00bbinitial\u00a0\u00bb background_position=\u00a0\u00bbtop_left\u00a0\u00bb background_repeat=\u00a0\u00bbrepeat\u00a0\u00bb body_line_height_tablet=\u00a0\u00bb2em\u00a0\u00bb body_line_height_phone=\u00a0\u00bb2em\u00a0\u00bb tab_line_height_tablet=\u00a0\u00bb2em\u00a0\u00bb tab_line_height_phone=\u00a0\u00bb2em\u00a0\u00bb global_colors_info=\u00a0\u00bb{}\u00a0\u00bb]<\/p>\n<ul style=\"background-color: #ffffff;\">\n<li>Cinq ans d&rsquo;exp\u00e9rience professionnelle<\/li>\n<li>Deux ans d&rsquo;exp\u00e9rience professionnelle en protection des donn\u00e9es<\/li>\n<li>Activit\u00e9s de projet totalisant 300 heures<\/li>\n<li>Signature du code de d\u00e9ontologie de PECB<\/li>\n<\/ul>\n<p>[\/et_pb_tab][et_pb_tab title=\u00a0\u00bbApproche p\u00e9dagogique\u00a0\u00bb _builder_version=\u00a0\u00bb4.16&Prime; body_font=\u00a0\u00bb||||\u00a0\u00bb body_line_height=\u00a0\u00bb2em\u00a0\u00bb tab_font=\u00a0\u00bb||||\u00a0\u00bb tab_line_height=\u00a0\u00bb2em\u00a0\u00bb background_size=\u00a0\u00bbinitial\u00a0\u00bb background_position=\u00a0\u00bbtop_left\u00a0\u00bb background_repeat=\u00a0\u00bbrepeat\u00a0\u00bb body_line_height_tablet=\u00a0\u00bb2em\u00a0\u00bb body_line_height_phone=\u00a0\u00bb2em\u00a0\u00bb tab_line_height_tablet=\u00a0\u00bb2em\u00a0\u00bb tab_line_height_phone=\u00a0\u00bb2em\u00a0\u00bb global_colors_info=\u00a0\u00bb{}\u00a0\u00bb]<\/p>\n<ul>\n<li>\n<p style=\"background-color: #ffffff; font-size: 14px;\">Cette formation est bas\u00e9e sur la th\u00e9orie et la pratique:<\/p>\n<ul style=\"background-color: #ffffff; font-size: 14px;\">\n<li style=\"font-size: 14px;\">Sessions de conf\u00e9rences illustr\u00e9es par des exemples bas\u00e9s sur des cas r\u00e9els<\/li>\n<li style=\"font-size: 14px;\">Des exercices pratiques bas\u00e9s sur une \u00e9tude de cas compl\u00e8te, y compris des jeux de r\u00f4le et des pr\u00e9sentations orales<\/li>\n<li style=\"font-size: 14px;\">Revue d\u2019exercices pour aider \u00e0 la pr\u00e9paration de l\u2019examen<\/li>\n<li style=\"font-size: 14px;\">Test \u00a0pratique similaire \u00e0 l\u2019examen de certification<\/li>\n<\/ul>\n<p><span style=\"background-color: #ffffff; font-size: 14px;\">Pour que chacun puisse b\u00e9n\u00e9ficier des exercices pratiques, le nombre d\u2019\u00e9l\u00e8ves est limit\u00e9<\/span><\/li>\n<\/ul>\n<p>[\/et_pb_tab][et_pb_tab title=\u00a0\u00bbExamen\u00a0\u00bb _builder_version=\u00a0\u00bb4.16&Prime; global_colors_info=\u00a0\u00bb{}\u00a0\u00bb]<\/p>\n<p>L&rsquo;examen \u00ab\u00a0PECB Certified Data Protection Officer\u00a0\u00bb r\u00e9pond pleinement aux exigences du PECB Examination and Certification Program (ECP). L&rsquo;examen couvre les domaines de comp\u00e9tence suivants:<\/p>\n<ul>\n<li><strong>Domaine 1<\/strong> &#8211; Principes de protection des donn\u00e9es<\/li>\n<li><strong>Domaine 2<\/strong> &#8211; Contr\u00f4leur, processeur et agent de protection des donn\u00e9es<\/li>\n<li><strong>Domaine 3<\/strong> &#8211; \u00c9valuation d&rsquo;impact des donn\u00e9es personnelles et de la protection des donn\u00e9es<\/li>\n<li><strong>Domaine 4<\/strong> &#8211; Transferts de donn\u00e9es personnelles<\/li>\n<li><strong>Domaine 5<\/strong> &#8211; Dispositions relatives aux situations de traitement sp\u00e9cifiques<\/li>\n<li><strong>Domaine 6<\/strong> &#8211; S\u00e9curit\u00e9 de l&rsquo;information, continuit\u00e9 des activit\u00e9s et gestion des incidents<\/li>\n<li><strong>Domaine 7<\/strong> &#8211; Autorit\u00e9s ind\u00e9pendantes de surveillance et Conseil europ\u00e9en de la protection des donn\u00e9es<\/li>\n<\/ul>\n<p>Pour plus d&rsquo;informations sur les d\u00e9tails de l&rsquo;examen, veuillez consulter les <a href=\"https:\/\/pecb.com\/en\/examination-rules-and-policies\" target=\"_blank\" rel=\"noopener noreferrer\">R\u00e8gles et les politiques d&rsquo;examen<\/a>.<\/p>\n<p>[\/et_pb_tab][et_pb_tab title=\u00a0\u00bbInformation g\u00e9n\u00e9rale\u00a0\u00bb _builder_version=\u00a0\u00bb4.16&Prime; body_font=\u00a0\u00bb||||\u00a0\u00bb body_line_height=\u00a0\u00bb2em\u00a0\u00bb tab_font=\u00a0\u00bb||||\u00a0\u00bb tab_line_height=\u00a0\u00bb2em\u00a0\u00bb background_size=\u00a0\u00bbinitial\u00a0\u00bb background_position=\u00a0\u00bbtop_left\u00a0\u00bb background_repeat=\u00a0\u00bbrepeat\u00a0\u00bb body_line_height_tablet=\u00a0\u00bb2em\u00a0\u00bb body_line_height_phone=\u00a0\u00bb2em\u00a0\u00bb tab_line_height_tablet=\u00a0\u00bb2em\u00a0\u00bb tab_line_height_phone=\u00a0\u00bb2em\u00a0\u00bb global_colors_info=\u00a0\u00bb{}\u00a0\u00bb]<\/p>\n<ul>\n<li>Les frais de certification sont inclus dans le prix de l&rsquo;examen<\/li>\n<li>Le mat\u00e9riel de formation contenant plus de 400 pages d&rsquo;informations et d&rsquo;exemples pratiques sera distribu\u00e9<\/li>\n<li>L&rsquo;examen est sans mat\u00e9riel et comprend 150 questions \u00e0 choix multiples<\/li>\n<li>Un certificat de participation de 31 cr\u00e9dits CPD (perfectionnement professionnel continu) sera d\u00e9livr\u00e9 par PECB. En cas d\u2019\u00e9chec, les participants peuvent repasser l\u2019examen gratuitement, sous\u00a0<a href=\"https:\/\/actagis.ch\/fr\/actagis-academy\/garantie-actagis-academy\/\" target=\"_blank\" rel=\"noopener noreferrer\">certaines conditions<\/a><\/li>\n<\/ul>\n<p>[\/et_pb_tab][\/et_pb_tabs][et_pb_text _builder_version=\u00a0\u00bb4.16&Prime; locked=\u00a0\u00bboff\u00a0\u00bb global_colors_info=\u00a0\u00bb{}\u00a0\u00bb]<\/p>\n<p>* Ce cours est \u00e9galement disponible en format d&rsquo;auto-apprentissage. Pour en savoir plus, contactez-nous en utilisant le <a href=\"#contact\">formulaire de contact ci-dessous<\/a>.<\/p>\n<p>[\/et_pb_text][\/et_pb_column][et_pb_column type=\u00a0\u00bb1_3&Prime; _builder_version=\u00a0\u00bb4.16&Prime; custom_padding=\u00a0\u00bb|||\u00a0\u00bb global_colors_info=\u00a0\u00bb{}\u00a0\u00bb custom_padding__hover=\u00a0\u00bb|||\u00a0\u00bb][et_pb_number_counter title=\u00a0\u00bbJours\u00a0\u00bb number=\u00a0\u00bb4&Prime; percent_sign=\u00a0\u00bboff\u00a0\u00bb admin_label=\u00a0\u00bbNumber Counter\u00a0\u00bb _builder_version=\u00a0\u00bb4.16&Prime; number_text_color=\u00a0\u00bb#0071bb\u00a0\u00bb number_font_size=\u00a0\u00bb40&Prime; number_line_height=\u00a0\u00bb40px\u00a0\u00bb background_color=\u00a0\u00bb#e9f0f4&Prime; background_size=\u00a0\u00bbinitial\u00a0\u00bb background_position=\u00a0\u00bbtop_left\u00a0\u00bb background_repeat=\u00a0\u00bbrepeat\u00a0\u00bb custom_padding=\u00a0\u00bb20px||20px|\u00a0\u00bb custom_css_percent=\u00a0\u00bbheight: 40px;\u00a0\u00bb global_colors_info=\u00a0\u00bb{}\u00a0\u00bb][\/et_pb_number_counter][et_pb_text _builder_version=\u00a0\u00bb4.16&Prime; text_text_color=\u00a0\u00bb#0c71c3&Prime; background_color=\u00a0\u00bb#7ccf80&Prime; background_size=\u00a0\u00bbinitial\u00a0\u00bb background_position=\u00a0\u00bbtop_left\u00a0\u00bb background_repeat=\u00a0\u00bbrepeat\u00a0\u00bb custom_padding=\u00a0\u00bb20px|20px|20px|20px\u00a0\u00bb global_colors_info=\u00a0\u00bb{}\u00a0\u00bb]<\/p>\n<h5 style=\"text-align: center;\"><strong>Les cours mis en \u00e9vidence en vert<\/strong><br \/> <strong> se remplissent rapidement.<\/strong><br \/> <strong> Ne manquez pas votre chance.<\/strong><\/h5>\n<p>[\/et_pb_text][et_pb_text _builder_version=\u00a0\u00bb4.16&Prime; custom_margin=\u00a0\u00bb||-5px\u00a0\u00bb custom_padding=\u00a0\u00bb||0px\u00a0\u00bb global_colors_info=\u00a0\u00bb{}\u00a0\u00bb]<\/p>\n<h3>Prochaines formations<\/h3>\n<p>[\/et_pb_text][et_pb_text admin_label=\u00a0\u00bbText\u00a0\u00bb _builder_version=\u00a0\u00bb4.16&Prime; background_size=\u00a0\u00bbinitial\u00a0\u00bb background_position=\u00a0\u00bbtop_left\u00a0\u00bb background_repeat=\u00a0\u00bbrepeat\u00a0\u00bb global_colors_info=\u00a0\u00bb{}\u00a0\u00bb]<\/p>\n<!-- EventON Calendar --><div id='evcal_calendar_776' class='ajde_evcal_calendar clean esty_0 noiajx etttc_custom evoEL ' data-cal=''><div id='evcal_head' class='calendar_header ' ><div class='evo_cal_above evodfx evofx_dr_r marb5 evofx_ww'><button class='cal_head_btn evo-gototoday-btn' style='' data-mo='' data-yr='' data-dy='' aria-label='Go to today'>Current Month<\/button><\/div><div class='evo_cal_above_content'><\/div><div class='evo_header_title right'><p class='evo_cal_other_header'>Upcoming courses<\/p><\/div><\/div><div id='eventon_loadbar_section'><div id='eventon_loadbar'><\/div><\/div><!-- Events List --><div class='evo_events_list_box'><div id='evcal_list' class='eventon_events_list  el_cal'><div id=\"event_69535_0\" class=\"eventon_list_event evo_eventtop scheduled  event clrD event_69535_0\" data-event_id=\"69535\" data-ri=\"0r\" data-time=\"1778482800-1778682600\" data-colr=\"#0070bb\" itemscope itemtype='http:\/\/schema.org\/Event'><div class=\"evo_event_schema\" style=\"display:none\" ><a itemprop='url'  href='https:\/\/actagis.ch\/fr\/events\/gdpr-11\/var\/ri-0.l-L2'><\/a><meta itemprop='image'  \/><meta itemprop='startDate' content=\"2026-5-11T09:00+2:00\" \/><meta itemprop='endDate' content=\"2026-5-13T16:30+2:00\" \/><meta itemprop='eventStatus' content=\"https:\/\/schema.org\/EventScheduled\" \/><meta itemprop='eventAttendanceMode'   itemscope itemtype=\"https:\/\/schema.org\/OfflineEventAttendanceMode\"\/><div style=\"display:none\" itemprop=\"location\" itemscope itemtype=\"http:\/\/schema.org\/Place\"><span itemprop=\"name\">Geneva \/ Lausanne - Switzerland<\/span><span itemprop=\"address\" itemscope itemtype=\"http:\/\/schema.org\/PostalAddress\"><item itemprop=\"streetAddress\">Geneva<\/item><\/span><\/div><script type=\"application\/ld+json\">{\"@context\": \"http:\/\/schema.org\",\"@type\": \"Event\",\n\t\t\t\t\"@id\": \"event_69535_0\",\n\t\t\t\t\"eventAttendanceMode\":\"https:\/\/schema.org\/OfflineEventAttendanceMode\",\n\t\t\t\t\"eventStatus\":\"https:\/\/schema.org\/EventScheduled\",\n\t\t\t\t\"name\": \"GDPR\",\n\t\t\t\t\"url\": \"https:\/\/actagis.ch\/fr\/events\/gdpr-11\/var\/ri-0.l-L2\",\n\t\t\t\t\"startDate\": \"2026-5-11T09:00+2:00\",\n\t\t\t\t\"endDate\": \"2026-5-13T16:30+2:00\",\n\t\t\t\t\"image\":\"\", \n\t\t\t\t\"description\":\" <p id='block-fcb636ba-a9cd-442c-8c2f-b704448baae8'><strong>Become a Certified Data Protection Officer<\/strong><\/p>    <p id='block-4760af23-7f48-49c9-a062-228c1cffe2a2'>This four-day intensive course enables participants to develop the necessary expertise to demonstrate their knowledge, skills and competence, for implementing, managing and aligning a privacy framework based on General Data Protection Regulation requirements.<\/p>    <p id='block-5b92568a-0e7e-46b5-915c-b94ade6f7f61'><a href='\/?page_id=26535'>Click for full course description<\/a><\/p>    <p id='block-3abe9f4b-88dd-4f05-81ff-5d24e1170e89'><a href='https:\/\/actagis.ch\/fr\/actagis-academy\/iso-formation-certifiantes\/reglement-general-de-la-protection-des-donnees\/'>Cliquez pour la description en fran\u00e7ais<\/a><\/p> \",\"location\":[{\"@type\":\"Place\",\"name\":\"Geneva \/ Lausanne - Switzerland\",\"address\":{\"@type\": \"PostalAddress\",\"streetAddress\":\"Geneva\"}}]}<\/script><\/div>\r\n\t\t\t\t<p class=\"desc_trig_outter\" style=\"\"><a data-gmap_status=\"null\" data-exlk=\"0\" style=\"border-color: #0070bb;\" id=\"evc_177848280069535\" href=\"#\" class=\"desc_trig mul_val evcal_list_a\" data-ux_val=\"1\" data-ux_val_mob=\"-\"  ><span class='evoet_in'><span class='evoet_c2 evoet_cx '><span class='evoet_dayblock evcal_cblock ' data-bgcolor='#0070bb' data-smon='mai' data-syr='2026' data-bub=''><span class='evo_start  evofxdrc'><em class='date'>11<\/em><em class='month'>mai<\/em><em class='time'><i t=\"y\">(mai 11)<\/i>9h00<\/em><\/span><span class='evo_end  evofxdrc'><em class='date'>13<\/em><em class='time'><i t=\"y\">(mai 13)<\/i>16h30<\/em><\/span><\/span><\/span><span class='evoet_c3 evoet_cx evcal_desc hide_eventtopdata '><span class='evoet_title evcal_desc2 evcal_event_title ' itemprop='name'>GDPR<\/span><span class='event_location_attrs evodni'  data-location_address=\"Geneva\" data-location_type=\"lonlat\" data-location_name=\"Geneva \/ Lausanne - Switzerland\" data-location_url=\"https:\/\/actagis.ch\/event-location\/geneva-lausanne-switzerland\/\" data-location_status=\"true\" data-locid=\"51\" data-latlng=\"46.2043907,6.1431577\"><\/span><span class='evoet_cy evoet_subtitle evo_below_title' ><span class='evcal_event_subtitle ' >IN-CLASSROOM - Geneva \/ Lausanne-Switzerland \/ ONLINE - Live Interactive<\/span><\/span><\/span><\/span><span class='evoet_data' style='display:none' data-d=\"{&quot;loc.n&quot;:&quot;Geneva \\\/ Lausanne - Switzerland&quot;,&quot;orgs&quot;:[],&quot;tags&quot;:[]}\" data-bgc=\"#0070bb\" data-bggrad=\"\" ><\/span><\/a><\/p><div class='event_description evcal_eventcard ' style=\"display:none\"><div class='evocard_row'><div id='event_eventdetails' class='evocard_box eventdetails' data-c='' \n\t\t\t\t\tstyle=''><div class=\"evo_metarow_details evorow evcal_evdata_row evcal_event_details\">\n    <div class=\"event_excerpt\" style=\"display:none\"><h3 class=\"padb5 evo_h3\">Event Details<\/h3><p>Become a Certified Data Protection Officer\n\n\n\nThis four-day intensive course enables participants to develop the necessary expertise to demonstrate their knowledge, skills and competence, for implementing, managing and aligning<\/p><\/div><span class='evcal_evdata_icons'><i class='fa fa-align-justify'><\/i><\/span>    <div class=\"evcal_evdata_cell \">\n        <div class=\"eventon_full_description\">\n            <h3 class=\"padb5 evo_h3\"><span class='evcal_evdata_icons'><i class='fa fa-align-justify'><\/i><\/span>Event Details<\/h3>\n            <div class=\"eventon_desc_in\" itemprop=\"description\">\n                <p id=\"block-fcb636ba-a9cd-442c-8c2f-b704448baae8\"><strong>Become a Certified Data Protection Officer<\/strong><\/p>\n<p id=\"block-4760af23-7f48-49c9-a062-228c1cffe2a2\">This four-day intensive course enables participants to develop the necessary expertise to demonstrate their knowledge, skills and competence, for implementing, managing and aligning a privacy framework based on General Data Protection Regulation requirements.<\/p>\n<p id=\"block-5b92568a-0e7e-46b5-915c-b94ade6f7f61\"><a href=\"\/?page_id=26535\">Click for full course description<\/a><\/p>\n<p id=\"block-3abe9f4b-88dd-4f05-81ff-5d24e1170e89\"><a href=\"https:\/\/actagis.ch\/fr\/actagis-academy\/iso-formation-certifiantes\/reglement-general-de-la-protection-des-donnees\/\">Cliquez pour la description en fran\u00e7ais<\/a><\/p>\n            <\/div>\n            <div class='clear'><\/div>        <\/div>\n    <\/div>\n<\/div><\/div><\/div><!-- row close --><div class='evocard_row'><div id='event_time' class='evocard_box time' data-c='' \n\t\t\t\t\tstyle=''><div class='evo_metarow_time evorow evcal_evdata_row evcal_evrow_sm '>\n\t\t<span class='evcal_evdata_icons'><i class='fa fa-clock-o'><\/i><\/span>\n\t\t<div class='evcal_evdata_cell'>\t\t\t\t\t\t\t\n\t\t\t<h3 class='evo_h3'><span class='evcal_evdata_icons'><i class='fa fa-clock-o'><\/i><\/span>Horaire<\/h3><div><span class='evo_eventcard_time_t evogap5 evofxww'><span class=\"start\">mai 11 (lundi) 09:00<\/span> <span class=\"stime\">9:00am<\/span> - <span class='end'>mai 13 (mercredi) 16:30<\/span> <span class='etime'>4:30pm<\/span><\/span><span class='evo_tz marr5'>(GMT+02:00)<\/span><\/div>\n\t\t<\/div>\n\t<\/div><\/div><\/div><!-- row close --><div class='evocard_row'><div id='event_location' class='evocard_box location' data-c='' \n\t\t\t\t\tstyle=''><div class='evcal_evdata_row evo_metarow_time_location evorow '>\n\t\t\n\t\t\t<span class='evcal_evdata_icons'><i class='fa fa-map-marker'><\/i><\/span>\n\t\t\t<div class='evcal_evdata_cell' data-loc_tax_id='51'><h3 class='evo_h3 evodfx'><span class='evcal_evdata_icons'><i class='fa fa-map-marker'><\/i><\/span>Lieu<\/h3><p class='evo_location_name'>Geneva \/ Lausanne - Switzerland<\/p><p class='evo_location_address evodfxi evogap10'>Geneva<\/p><\/div>\n\t\t\n\t<\/div><\/div><\/div><!-- row close --><div class='evocard_row'><div id='event_evorsvp' class='evocard_box evorsvp' data-c='' \n\t\t\t\t\tstyle=''><div class='evorow evcal_evdata_row evcal_evrow_sm evo_metarow_rsvp' ><div class='evors_jdata' data-j='{\"etitle\":\"GDPR\",\"e_id\":69535,\"repeat_interval\":0,\"cap\":\"nocap\",\"true_cap\":\"nocap\",\"precap\":\"na\",\"uid\":\"na\",\"prefill\":false,\"lang\":\"L2\",\"incard\":\"no\",\"form_style\":\"def\",\"rsvpid\":null,\"rsvp\":null}'><\/div><span class='evcal_evdata_icons'><i class='fa fa-envelope'><\/i><\/span><div class='evcal_evdata_cell'>\r\n\t\t\t\t\t\t\t\t<h3 class='evo_h3'>RSVP to This Event<\/h3><div class='evors_eventcard_content'><div class='evors_section evors_subtext evomarb10'><p class='evo_data_val'>Pensez \u00e0 r\u00e9server assez t\u00f4t.<\/p><\/div><div class='evors_section evors_user_text '><p>Nous vous contacterons rapidement<\/p><\/div><div class='evoRS_status_option_selection evors_section sec_shade evodfx evofx_dr_r evofxww evogap10 evofxaic evofxjcsb'><div class=''><p class='evors_rsvp_choices_title' style='margin-right:20px;'>RSVP Now<\/p><\/div><p class='evors_rsvp_choices sin'><span class='evors_rsvp_select_box evofxww evogap10'><span data-val='y' class='evors_choices '>Demandez plus d'informations<\/span><\/span><\/p><\/div>\t\t\t\t\t<div class=\"evors_incard_form\"><\/div>\r\n\r\n\t\t\t\t\t\r\n\t\t\t\t\t<div class='evors_information'><div class='evors_attendance_count_data evors_stat_data fx_ai_c'><div class='evors_section evors_remaining_spots sec_shade'><p class='evors_nocap_spaceleft remaining_count'><em class='space'>Open<\/em>Spaces Still Available<\/p><\/div><\/div><\/div><\/div><\/div><\/div><\/div><\/div><!-- row close --><div class='evocard_row'><div id='event_evosocial' class='evocard_box evosocial' data-c='' \n\t\t\t\t\tstyle=''><div class='evo_metarow_socialmedia evcal_evdata_row '><div class='evo_sm FacebookShare'><a class=\" evo_ss\" target=\"_blank\" onclick=\"javascript:window.open(this.href, '', 'left=50,top=50,width=600,height=350,toolbar=0');return false;\"\r\n\t\t\t\t\t\thref=\"\/\/www.facebook.com\/sharer.php?u=https%3A%2F%2Factagis.ch%2Ffr%2Fevents%2Fgdpr-11%2Fvar%2Fri-0.l-L2\" title=\"Share on facebook\"><i class=\"fa fab fa-facebook\"><\/i><\/a><\/div><div class='evo_sm LinkedIn'><a class=\"li evo_ss\" href=\"\/\/www.linkedin.com\/shareArticle?mini=true&url=https%3A%2F%2Factagis.ch%2Ffr%2Fevents%2Fgdpr-11%2Fvar%2Fri-0.l-L2&title=GDPR&summary=Become+a+Certified+Data+Protection+Officer%0A%0A%0A%0AThis+four-day+intensive+course+enables+participants+to+develop+the\" target=\"_blank\" title=\"Share on Linkedin\"><i class=\"fa fab fa-linkedin\"><\/i><\/a><\/div><div class='evo_sm EmailShare'><a class=\"em evo_ss\" href=\"mailto:?subject=GDPR&body=Event Name: GDPR%0AEvent Date: 11 Mai 2026 9h00 - 13 Mai 2026 16h30%0ALink: https%3A%2F%2Factagis.ch%2Ffr%2Fevents%2Fgdpr-11%2Fvar%2Fri-0.l-L2%0A\" target=\"_blank\"><i class=\"fa fa-envelope\"><\/i><\/a><\/div><\/div><\/div><\/div><!-- row close --><button class='evo_card_row_end evcal_close' title='Close'><\/button><\/div><div class='clear end'><\/div><\/div><div id=\"event_69536_0\" class=\"eventon_list_event evo_eventtop scheduled  event clrD event_69536_0\" data-event_id=\"69536\" data-ri=\"0r\" data-time=\"1782111600-1782397800\" data-colr=\"#0070bb\" itemscope itemtype='http:\/\/schema.org\/Event'><div class=\"evo_event_schema\" style=\"display:none\" ><a itemprop='url'  href='https:\/\/actagis.ch\/fr\/events\/gdpr-12\/var\/ri-0.l-L2'><\/a><meta itemprop='image'  \/><meta itemprop='startDate' content=\"2026-6-22T09:00+2:00\" \/><meta itemprop='endDate' content=\"2026-6-25T16:30+2:00\" \/><meta itemprop='eventStatus' content=\"https:\/\/schema.org\/EventScheduled\" \/><meta itemprop='eventAttendanceMode'   itemscope itemtype=\"https:\/\/schema.org\/OfflineEventAttendanceMode\"\/><div style=\"display:none\" itemprop=\"location\" itemscope itemtype=\"http:\/\/schema.org\/Place\"><span itemprop=\"name\">Geneva \/ Lausanne - Switzerland<\/span><span itemprop=\"address\" itemscope itemtype=\"http:\/\/schema.org\/PostalAddress\"><item itemprop=\"streetAddress\">Geneva<\/item><\/span><\/div><script type=\"application\/ld+json\">{\"@context\": \"http:\/\/schema.org\",\"@type\": \"Event\",\n\t\t\t\t\"@id\": \"event_69536_0\",\n\t\t\t\t\"eventAttendanceMode\":\"https:\/\/schema.org\/OfflineEventAttendanceMode\",\n\t\t\t\t\"eventStatus\":\"https:\/\/schema.org\/EventScheduled\",\n\t\t\t\t\"name\": \"GDPR\",\n\t\t\t\t\"url\": \"https:\/\/actagis.ch\/fr\/events\/gdpr-12\/var\/ri-0.l-L2\",\n\t\t\t\t\"startDate\": \"2026-6-22T09:00+2:00\",\n\t\t\t\t\"endDate\": \"2026-6-25T16:30+2:00\",\n\t\t\t\t\"image\":\"\", \n\t\t\t\t\"description\":\" <p id='block-fcb636ba-a9cd-442c-8c2f-b704448baae8'><strong>Become a Certified Data Protection Officer<\/strong><\/p>    <p id='block-4760af23-7f48-49c9-a062-228c1cffe2a2'>This four-day intensive course enables participants to develop the necessary expertise to demonstrate their knowledge, skills and competence, for implementing, managing and aligning a privacy framework based on General Data Protection Regulation requirements.<\/p>    <p id='block-5b92568a-0e7e-46b5-915c-b94ade6f7f61'><a href='\/?page_id=26535'>Click for full course description<\/a><\/p>    <p id='block-3abe9f4b-88dd-4f05-81ff-5d24e1170e89'><a href='https:\/\/actagis.ch\/fr\/actagis-academy\/iso-formation-certifiantes\/reglement-general-de-la-protection-des-donnees\/'>Cliquez pour la description en fran\u00e7ais<\/a><\/p> \",\"location\":[{\"@type\":\"Place\",\"name\":\"Geneva \/ Lausanne - Switzerland\",\"address\":{\"@type\": \"PostalAddress\",\"streetAddress\":\"Geneva\"}}]}<\/script><\/div>\r\n\t\t\t\t<p class=\"desc_trig_outter\" style=\"\"><a data-gmap_status=\"null\" data-exlk=\"0\" style=\"border-color: #0070bb;\" id=\"evc_178211160069536\" href=\"#\" class=\"desc_trig mul_val evcal_list_a\" data-ux_val=\"1\" data-ux_val_mob=\"-\"  ><span class='evoet_in'><span class='evoet_c2 evoet_cx '><span class='evoet_dayblock evcal_cblock ' data-bgcolor='#0070bb' data-smon='juin' data-syr='2026' data-bub=''><span class='evo_start  evofxdrc'><em class='date'>22<\/em><em class='month'>juin<\/em><em class='time'><i t=\"y\">(juin 22)<\/i>9h00<\/em><\/span><span class='evo_end  evofxdrc'><em class='date'>25<\/em><em class='time'><i t=\"y\">(juin 25)<\/i>16h30<\/em><\/span><\/span><\/span><span class='evoet_c3 evoet_cx evcal_desc hide_eventtopdata '><span class='evoet_title evcal_desc2 evcal_event_title ' itemprop='name'>GDPR<\/span><span class='event_location_attrs evodni'  data-location_address=\"Geneva\" data-location_type=\"lonlat\" data-location_name=\"Geneva \/ Lausanne - Switzerland\" data-location_url=\"https:\/\/actagis.ch\/event-location\/geneva-lausanne-switzerland\/\" data-location_status=\"true\" data-locid=\"51\" data-latlng=\"46.2043907,6.1431577\"><\/span><span class='evoet_cy evoet_subtitle evo_below_title' ><span class='evcal_event_subtitle ' >IN-CLASSROOM - Geneva \/ Lausanne-Switzerland \/ ONLINE - Live Interactive<\/span><\/span><\/span><\/span><span class='evoet_data' style='display:none' data-d=\"{&quot;loc.n&quot;:&quot;Geneva \\\/ Lausanne - Switzerland&quot;,&quot;orgs&quot;:[],&quot;tags&quot;:[]}\" data-bgc=\"#0070bb\" data-bggrad=\"\" ><\/span><\/a><\/p><div class='event_description evcal_eventcard ' style=\"display:none\"><div class='evocard_row'><div id='event_eventdetails' class='evocard_box eventdetails' data-c='' \n\t\t\t\t\tstyle=''><div class=\"evo_metarow_details evorow evcal_evdata_row evcal_event_details\">\n    <div class=\"event_excerpt\" style=\"display:none\"><h3 class=\"padb5 evo_h3\">Event Details<\/h3><p>Become a Certified Data Protection Officer\n\n\n\nThis four-day intensive course enables participants to develop the necessary expertise to demonstrate their knowledge, skills and competence, for implementing, managing and aligning<\/p><\/div><span class='evcal_evdata_icons'><i class='fa fa-align-justify'><\/i><\/span>    <div class=\"evcal_evdata_cell \">\n        <div class=\"eventon_full_description\">\n            <h3 class=\"padb5 evo_h3\"><span class='evcal_evdata_icons'><i class='fa fa-align-justify'><\/i><\/span>Event Details<\/h3>\n            <div class=\"eventon_desc_in\" itemprop=\"description\">\n                <p id=\"block-fcb636ba-a9cd-442c-8c2f-b704448baae8\"><strong>Become a Certified Data Protection Officer<\/strong><\/p>\n<p id=\"block-4760af23-7f48-49c9-a062-228c1cffe2a2\">This four-day intensive course enables participants to develop the necessary expertise to demonstrate their knowledge, skills and competence, for implementing, managing and aligning a privacy framework based on General Data Protection Regulation requirements.<\/p>\n<p id=\"block-5b92568a-0e7e-46b5-915c-b94ade6f7f61\"><a href=\"\/?page_id=26535\">Click for full course description<\/a><\/p>\n<p id=\"block-3abe9f4b-88dd-4f05-81ff-5d24e1170e89\"><a href=\"https:\/\/actagis.ch\/fr\/actagis-academy\/iso-formation-certifiantes\/reglement-general-de-la-protection-des-donnees\/\">Cliquez pour la description en fran\u00e7ais<\/a><\/p>\n            <\/div>\n            <div class='clear'><\/div>        <\/div>\n    <\/div>\n<\/div><\/div><\/div><!-- row close --><div class='evocard_row'><div id='event_time' class='evocard_box time' data-c='' \n\t\t\t\t\tstyle=''><div class='evo_metarow_time evorow evcal_evdata_row evcal_evrow_sm '>\n\t\t<span class='evcal_evdata_icons'><i class='fa fa-clock-o'><\/i><\/span>\n\t\t<div class='evcal_evdata_cell'>\t\t\t\t\t\t\t\n\t\t\t<h3 class='evo_h3'><span class='evcal_evdata_icons'><i class='fa fa-clock-o'><\/i><\/span>Horaire<\/h3><div><span class='evo_eventcard_time_t evogap5 evofxww'><span class=\"start\">juin 22 (lundi) 09:00<\/span> <span class=\"stime\">9:00am<\/span> - <span class='end'>juin 25 (jeudi) 16:30<\/span> <span class='etime'>4:30pm<\/span><\/span><span class='evo_tz marr5'>(GMT+02:00)<\/span><\/div>\n\t\t<\/div>\n\t<\/div><\/div><\/div><!-- row close --><div class='evocard_row'><div id='event_location' class='evocard_box location' data-c='' \n\t\t\t\t\tstyle=''><div class='evcal_evdata_row evo_metarow_time_location evorow '>\n\t\t\n\t\t\t<span class='evcal_evdata_icons'><i class='fa fa-map-marker'><\/i><\/span>\n\t\t\t<div class='evcal_evdata_cell' data-loc_tax_id='51'><h3 class='evo_h3 evodfx'><span class='evcal_evdata_icons'><i class='fa fa-map-marker'><\/i><\/span>Lieu<\/h3><p class='evo_location_name'>Geneva \/ Lausanne - Switzerland<\/p><p class='evo_location_address evodfxi evogap10'>Geneva<\/p><\/div>\n\t\t\n\t<\/div><\/div><\/div><!-- row close --><div class='evocard_row'><div id='event_evorsvp' class='evocard_box evorsvp' data-c='' \n\t\t\t\t\tstyle=''><div class='evorow evcal_evdata_row evcal_evrow_sm evo_metarow_rsvp' ><div class='evors_jdata' data-j='{\"etitle\":\"GDPR\",\"e_id\":69536,\"repeat_interval\":0,\"cap\":\"nocap\",\"true_cap\":\"nocap\",\"precap\":\"na\",\"uid\":\"na\",\"prefill\":false,\"lang\":\"L2\",\"incard\":\"no\",\"form_style\":\"def\",\"rsvpid\":null,\"rsvp\":null}'><\/div><span class='evcal_evdata_icons'><i class='fa fa-envelope'><\/i><\/span><div class='evcal_evdata_cell'>\r\n\t\t\t\t\t\t\t\t<h3 class='evo_h3'>RSVP to This Event<\/h3><div class='evors_eventcard_content'><div class='evors_section evors_subtext evomarb10'><p class='evo_data_val'>Pensez \u00e0 r\u00e9server assez t\u00f4t.<\/p><\/div><div class='evors_section evors_user_text '><p>Nous vous contacterons rapidement<\/p><\/div><div class='evoRS_status_option_selection evors_section sec_shade evodfx evofx_dr_r evofxww evogap10 evofxaic evofxjcsb'><div class=''><p class='evors_rsvp_choices_title' style='margin-right:20px;'>RSVP Now<\/p><\/div><p class='evors_rsvp_choices sin'><span class='evors_rsvp_select_box evofxww evogap10'><span data-val='y' class='evors_choices '>Demandez plus d'informations<\/span><\/span><\/p><\/div>\t\t\t\t\t<div class=\"evors_incard_form\"><\/div>\r\n\r\n\t\t\t\t\t\r\n\t\t\t\t\t<div class='evors_information'><div class='evors_attendance_count_data evors_stat_data fx_ai_c'><div class='evors_section evors_remaining_spots sec_shade'><p class='evors_nocap_spaceleft remaining_count'><em class='space'>Open<\/em>Spaces Still Available<\/p><\/div><\/div><\/div><\/div><\/div><\/div><\/div><\/div><!-- row close --><div class='evocard_row'><div id='event_evosocial' class='evocard_box evosocial' data-c='' \n\t\t\t\t\tstyle=''><div class='evo_metarow_socialmedia evcal_evdata_row '><div class='evo_sm FacebookShare'><a class=\" evo_ss\" target=\"_blank\" onclick=\"javascript:window.open(this.href, '', 'left=50,top=50,width=600,height=350,toolbar=0');return false;\"\r\n\t\t\t\t\t\thref=\"\/\/www.facebook.com\/sharer.php?u=https%3A%2F%2Factagis.ch%2Ffr%2Fevents%2Fgdpr-12%2Fvar%2Fri-0.l-L2\" title=\"Share on facebook\"><i class=\"fa fab fa-facebook\"><\/i><\/a><\/div><div class='evo_sm LinkedIn'><a class=\"li evo_ss\" href=\"\/\/www.linkedin.com\/shareArticle?mini=true&url=https%3A%2F%2Factagis.ch%2Ffr%2Fevents%2Fgdpr-12%2Fvar%2Fri-0.l-L2&title=GDPR&summary=Become+a+Certified+Data+Protection+Officer%0A%0A%0A%0AThis+four-day+intensive+course+enables+participants+to+develop+the\" target=\"_blank\" title=\"Share on Linkedin\"><i class=\"fa fab fa-linkedin\"><\/i><\/a><\/div><div class='evo_sm EmailShare'><a class=\"em evo_ss\" href=\"mailto:?subject=GDPR&body=Event Name: GDPR%0AEvent Date: 22 Juin 2026 9h00 - 25 Juin 2026 16h30%0ALink: https%3A%2F%2Factagis.ch%2Ffr%2Fevents%2Fgdpr-12%2Fvar%2Fri-0.l-L2%0A\" target=\"_blank\"><i class=\"fa fa-envelope\"><\/i><\/a><\/div><\/div><\/div><\/div><!-- row close --><button class='evo_card_row_end evcal_close' title='Close'><\/button><\/div><div class='clear end'><\/div><\/div><div id=\"event_69761_0\" class=\"eventon_list_event evo_eventtop scheduled  event clrD event_69761_0\" data-event_id=\"69761\" data-ri=\"0r\" data-time=\"1790060400-1790346600\" data-colr=\"#0070bb\" itemscope itemtype='http:\/\/schema.org\/Event'><div class=\"evo_event_schema\" style=\"display:none\" ><a itemprop='url'  href='https:\/\/actagis.ch\/fr\/events\/gdpr-61\/var\/ri-0.l-L2'><\/a><meta itemprop='image'  \/><meta itemprop='startDate' content=\"2026-9-22T09:00+2:00\" \/><meta itemprop='endDate' content=\"2026-9-25T16:30+2:00\" \/><meta itemprop='eventStatus' content=\"https:\/\/schema.org\/EventScheduled\" \/><meta itemprop='eventAttendanceMode'   itemscope itemtype=\"https:\/\/schema.org\/OfflineEventAttendanceMode\"\/><div style=\"display:none\" itemprop=\"location\" itemscope itemtype=\"http:\/\/schema.org\/Place\"><span itemprop=\"name\">Geneva \/ Lausanne - Switzerland<\/span><span itemprop=\"address\" itemscope itemtype=\"http:\/\/schema.org\/PostalAddress\"><item itemprop=\"streetAddress\">Geneva<\/item><\/span><\/div><script type=\"application\/ld+json\">{\"@context\": \"http:\/\/schema.org\",\"@type\": \"Event\",\n\t\t\t\t\"@id\": \"event_69761_0\",\n\t\t\t\t\"eventAttendanceMode\":\"https:\/\/schema.org\/OfflineEventAttendanceMode\",\n\t\t\t\t\"eventStatus\":\"https:\/\/schema.org\/EventScheduled\",\n\t\t\t\t\"name\": \"GDPR\",\n\t\t\t\t\"url\": \"https:\/\/actagis.ch\/fr\/events\/gdpr-61\/var\/ri-0.l-L2\",\n\t\t\t\t\"startDate\": \"2026-9-22T09:00+2:00\",\n\t\t\t\t\"endDate\": \"2026-9-25T16:30+2:00\",\n\t\t\t\t\"image\":\"\", \n\t\t\t\t\"description\":\" <p id='block-fcb636ba-a9cd-442c-8c2f-b704448baae8'><strong>Become a Certified Data Protection Officer<\/strong><\/p>    <p id='block-4760af23-7f48-49c9-a062-228c1cffe2a2'>This four-day intensive course enables participants to develop the necessary expertise to demonstrate their knowledge, skills and competence, for implementing, managing and aligning a privacy framework based on General Data Protection Regulation requirements.<\/p>    <p id='block-5b92568a-0e7e-46b5-915c-b94ade6f7f61'><a href='\/?page_id=26535'>Click for full course description<\/a><\/p>    <p id='block-3abe9f4b-88dd-4f05-81ff-5d24e1170e89'><a href='https:\/\/actagis.ch\/fr\/actagis-academy\/iso-formation-certifiantes\/reglement-general-de-la-protection-des-donnees\/'>Cliquez pour la description en fran\u00e7ais<\/a><\/p> \",\"location\":[{\"@type\":\"Place\",\"name\":\"Geneva \/ Lausanne - Switzerland\",\"address\":{\"@type\": \"PostalAddress\",\"streetAddress\":\"Geneva\"}}]}<\/script><\/div>\r\n\t\t\t\t<p class=\"desc_trig_outter\" style=\"\"><a data-gmap_status=\"null\" data-exlk=\"0\" style=\"border-color: #0070bb;\" id=\"evc_179006040069761\" href=\"#\" class=\"desc_trig mul_val evcal_list_a\" data-ux_val=\"1\" data-ux_val_mob=\"-\"  ><span class='evoet_in'><span class='evoet_c2 evoet_cx '><span class='evoet_dayblock evcal_cblock ' data-bgcolor='#0070bb' data-smon='septembre' data-syr='2026' data-bub=''><span class='evo_start  evofxdrc'><em class='date'>22<\/em><em class='month'>sept<\/em><em class='time'><i t=\"y\">(sept 22)<\/i>9h00<\/em><\/span><span class='evo_end  evofxdrc'><em class='date'>25<\/em><em class='time'><i t=\"y\">(sept 25)<\/i>16h30<\/em><\/span><\/span><\/span><span class='evoet_c3 evoet_cx evcal_desc hide_eventtopdata '><span class='evoet_title evcal_desc2 evcal_event_title ' itemprop='name'>GDPR<\/span><span class='event_location_attrs evodni'  data-location_address=\"Geneva\" data-location_type=\"lonlat\" data-location_name=\"Geneva \/ Lausanne - Switzerland\" data-location_url=\"https:\/\/actagis.ch\/event-location\/geneva-lausanne-switzerland\/\" data-location_status=\"true\" data-locid=\"51\" data-latlng=\"46.2043907,6.1431577\"><\/span><span class='evoet_cy evoet_subtitle evo_below_title' ><span class='evcal_event_subtitle ' >IN-CLASSROOM - Geneva \/ Lausanne-Switzerland \/ ONLINE - Live Interactive<\/span><\/span><\/span><\/span><span class='evoet_data' style='display:none' data-d=\"{&quot;loc.n&quot;:&quot;Geneva \\\/ Lausanne - Switzerland&quot;,&quot;orgs&quot;:[],&quot;tags&quot;:[]}\" data-bgc=\"#0070bb\" data-bggrad=\"\" ><\/span><\/a><\/p><div class='event_description evcal_eventcard ' style=\"display:none\"><div class='evocard_row'><div id='event_eventdetails' class='evocard_box eventdetails' data-c='' \n\t\t\t\t\tstyle=''><div class=\"evo_metarow_details evorow evcal_evdata_row evcal_event_details\">\n    <div class=\"event_excerpt\" style=\"display:none\"><h3 class=\"padb5 evo_h3\">Event Details<\/h3><p>Become a Certified Data Protection Officer\n\n\n\nThis four-day intensive course enables participants to develop the necessary expertise to demonstrate their knowledge, skills and competence, for implementing, managing and aligning<\/p><\/div><span class='evcal_evdata_icons'><i class='fa fa-align-justify'><\/i><\/span>    <div class=\"evcal_evdata_cell \">\n        <div class=\"eventon_full_description\">\n            <h3 class=\"padb5 evo_h3\"><span class='evcal_evdata_icons'><i class='fa fa-align-justify'><\/i><\/span>Event Details<\/h3>\n            <div class=\"eventon_desc_in\" itemprop=\"description\">\n                <p id=\"block-fcb636ba-a9cd-442c-8c2f-b704448baae8\"><strong>Become a Certified Data Protection Officer<\/strong><\/p>\n<p id=\"block-4760af23-7f48-49c9-a062-228c1cffe2a2\">This four-day intensive course enables participants to develop the necessary expertise to demonstrate their knowledge, skills and competence, for implementing, managing and aligning a privacy framework based on General Data Protection Regulation requirements.<\/p>\n<p id=\"block-5b92568a-0e7e-46b5-915c-b94ade6f7f61\"><a href=\"\/?page_id=26535\">Click for full course description<\/a><\/p>\n<p id=\"block-3abe9f4b-88dd-4f05-81ff-5d24e1170e89\"><a href=\"https:\/\/actagis.ch\/fr\/actagis-academy\/iso-formation-certifiantes\/reglement-general-de-la-protection-des-donnees\/\">Cliquez pour la description en fran\u00e7ais<\/a><\/p>\n            <\/div>\n            <div class='clear'><\/div>        <\/div>\n    <\/div>\n<\/div><\/div><\/div><!-- row close --><div class='evocard_row'><div id='event_time' class='evocard_box time' data-c='' \n\t\t\t\t\tstyle=''><div class='evo_metarow_time evorow evcal_evdata_row evcal_evrow_sm '>\n\t\t<span class='evcal_evdata_icons'><i class='fa fa-clock-o'><\/i><\/span>\n\t\t<div class='evcal_evdata_cell'>\t\t\t\t\t\t\t\n\t\t\t<h3 class='evo_h3'><span class='evcal_evdata_icons'><i class='fa fa-clock-o'><\/i><\/span>Horaire<\/h3><div><span class='evo_eventcard_time_t evogap5 evofxww'><span class=\"start\">septembre 22 (mardi) 09:00<\/span> <span class=\"stime\">9:00am<\/span> - <span class='end'>septembre 25 (vendredi) 16:30<\/span> <span class='etime'>4:30pm<\/span><\/span><span class='evo_tz marr5'>(GMT+02:00)<\/span><\/div>\n\t\t<\/div>\n\t<\/div><\/div><\/div><!-- row close --><div class='evocard_row'><div id='event_location' class='evocard_box location' data-c='' \n\t\t\t\t\tstyle=''><div class='evcal_evdata_row evo_metarow_time_location evorow '>\n\t\t\n\t\t\t<span class='evcal_evdata_icons'><i class='fa fa-map-marker'><\/i><\/span>\n\t\t\t<div class='evcal_evdata_cell' data-loc_tax_id='51'><h3 class='evo_h3 evodfx'><span class='evcal_evdata_icons'><i class='fa fa-map-marker'><\/i><\/span>Lieu<\/h3><p class='evo_location_name'>Geneva \/ Lausanne - Switzerland<\/p><p class='evo_location_address evodfxi evogap10'>Geneva<\/p><\/div>\n\t\t\n\t<\/div><\/div><\/div><!-- row close --><div class='evocard_row'><div id='event_evorsvp' class='evocard_box evorsvp' data-c='' \n\t\t\t\t\tstyle=''><div class='evorow evcal_evdata_row evcal_evrow_sm evo_metarow_rsvp' ><div class='evors_jdata' data-j='{\"etitle\":\"GDPR\",\"e_id\":69761,\"repeat_interval\":0,\"cap\":\"nocap\",\"true_cap\":\"nocap\",\"precap\":\"na\",\"uid\":\"na\",\"prefill\":false,\"lang\":\"L2\",\"incard\":\"no\",\"form_style\":\"def\",\"rsvpid\":null,\"rsvp\":null}'><\/div><span class='evcal_evdata_icons'><i class='fa fa-envelope'><\/i><\/span><div class='evcal_evdata_cell'>\r\n\t\t\t\t\t\t\t\t<h3 class='evo_h3'>RSVP to This Event<\/h3><div class='evors_eventcard_content'><div class='evors_section evors_subtext evomarb10'><p class='evo_data_val'>Pensez \u00e0 r\u00e9server assez t\u00f4t.<\/p><\/div><div class='evors_section evors_user_text '><p>Nous vous contacterons rapidement<\/p><\/div><div class='evoRS_status_option_selection evors_section sec_shade evodfx evofx_dr_r evofxww evogap10 evofxaic evofxjcsb'><div class=''><p class='evors_rsvp_choices_title' style='margin-right:20px;'>RSVP Now<\/p><\/div><p class='evors_rsvp_choices sin'><span class='evors_rsvp_select_box evofxww evogap10'><span data-val='y' class='evors_choices '>Demandez plus d'informations<\/span><\/span><\/p><\/div>\t\t\t\t\t<div class=\"evors_incard_form\"><\/div>\r\n\r\n\t\t\t\t\t\r\n\t\t\t\t\t<div class='evors_information'><div class='evors_attendance_count_data evors_stat_data fx_ai_c'><div class='evors_section evors_remaining_spots sec_shade'><p class='evors_nocap_spaceleft remaining_count'><em class='space'>Open<\/em>Spaces Still Available<\/p><\/div><\/div><\/div><\/div><\/div><\/div><\/div><\/div><!-- row close --><div class='evocard_row'><div id='event_evosocial' class='evocard_box evosocial' data-c='' \n\t\t\t\t\tstyle=''><div class='evo_metarow_socialmedia evcal_evdata_row '><div class='evo_sm FacebookShare'><a class=\" evo_ss\" target=\"_blank\" onclick=\"javascript:window.open(this.href, '', 'left=50,top=50,width=600,height=350,toolbar=0');return false;\"\r\n\t\t\t\t\t\thref=\"\/\/www.facebook.com\/sharer.php?u=https%3A%2F%2Factagis.ch%2Ffr%2Fevents%2Fgdpr-61%2Fvar%2Fri-0.l-L2\" title=\"Share on facebook\"><i class=\"fa fab fa-facebook\"><\/i><\/a><\/div><div class='evo_sm LinkedIn'><a class=\"li evo_ss\" href=\"\/\/www.linkedin.com\/shareArticle?mini=true&url=https%3A%2F%2Factagis.ch%2Ffr%2Fevents%2Fgdpr-61%2Fvar%2Fri-0.l-L2&title=GDPR&summary=Become+a+Certified+Data+Protection+Officer%0A%0A%0A%0AThis+four-day+intensive+course+enables+participants+to+develop+the\" target=\"_blank\" title=\"Share on Linkedin\"><i class=\"fa fab fa-linkedin\"><\/i><\/a><\/div><div class='evo_sm EmailShare'><a class=\"em evo_ss\" href=\"mailto:?subject=GDPR&body=Event Name: GDPR%0AEvent Date: 22 Septembre 2026 9h00 - 25 Septembre 2026 16h30%0ALink: https%3A%2F%2Factagis.ch%2Ffr%2Fevents%2Fgdpr-61%2Fvar%2Fri-0.l-L2%0A\" target=\"_blank\"><i class=\"fa fa-envelope\"><\/i><\/a><\/div><\/div><\/div><\/div><!-- row close --><button class='evo_card_row_end evcal_close' title='Close'><\/button><\/div><div class='clear end'><\/div><\/div><div id=\"event_69762_0\" class=\"eventon_list_event evo_eventtop scheduled  event clrD event_69762_0\" data-event_id=\"69762\" data-ri=\"0r\" data-time=\"1793692800-1793979000\" data-colr=\"#0070bb\" itemscope itemtype='http:\/\/schema.org\/Event'><div class=\"evo_event_schema\" style=\"display:none\" ><a itemprop='url'  href='https:\/\/actagis.ch\/fr\/events\/gdpr-62\/var\/ri-0.l-L2'><\/a><meta itemprop='image'  \/><meta itemprop='startDate' content=\"2026-11-3T09:00+2:00\" \/><meta itemprop='endDate' content=\"2026-11-6T16:30+2:00\" \/><meta itemprop='eventStatus' content=\"https:\/\/schema.org\/EventScheduled\" \/><meta itemprop='eventAttendanceMode'   itemscope itemtype=\"https:\/\/schema.org\/OfflineEventAttendanceMode\"\/><div style=\"display:none\" itemprop=\"location\" itemscope itemtype=\"http:\/\/schema.org\/Place\"><span itemprop=\"name\">Geneva \/ Lausanne - Switzerland<\/span><span itemprop=\"address\" itemscope itemtype=\"http:\/\/schema.org\/PostalAddress\"><item itemprop=\"streetAddress\">Geneva<\/item><\/span><\/div><script type=\"application\/ld+json\">{\"@context\": \"http:\/\/schema.org\",\"@type\": \"Event\",\n\t\t\t\t\"@id\": \"event_69762_0\",\n\t\t\t\t\"eventAttendanceMode\":\"https:\/\/schema.org\/OfflineEventAttendanceMode\",\n\t\t\t\t\"eventStatus\":\"https:\/\/schema.org\/EventScheduled\",\n\t\t\t\t\"name\": \"GDPR\",\n\t\t\t\t\"url\": \"https:\/\/actagis.ch\/fr\/events\/gdpr-62\/var\/ri-0.l-L2\",\n\t\t\t\t\"startDate\": \"2026-11-3T09:00+2:00\",\n\t\t\t\t\"endDate\": \"2026-11-6T16:30+2:00\",\n\t\t\t\t\"image\":\"\", \n\t\t\t\t\"description\":\" <p id='block-fcb636ba-a9cd-442c-8c2f-b704448baae8'><strong>Become a Certified Data Protection Officer<\/strong><\/p>    <p id='block-4760af23-7f48-49c9-a062-228c1cffe2a2'>This four-day intensive course enables participants to develop the necessary expertise to demonstrate their knowledge, skills and competence, for implementing, managing and aligning a privacy framework based on General Data Protection Regulation requirements.<\/p>    <p id='block-5b92568a-0e7e-46b5-915c-b94ade6f7f61'><a href='\/?page_id=26535'>Click for full course description<\/a><\/p>    <p id='block-3abe9f4b-88dd-4f05-81ff-5d24e1170e89'><a href='https:\/\/actagis.ch\/fr\/actagis-academy\/iso-formation-certifiantes\/reglement-general-de-la-protection-des-donnees\/'>Cliquez pour la description en fran\u00e7ais<\/a><\/p> \",\"location\":[{\"@type\":\"Place\",\"name\":\"Geneva \/ Lausanne - Switzerland\",\"address\":{\"@type\": \"PostalAddress\",\"streetAddress\":\"Geneva\"}}]}<\/script><\/div>\r\n\t\t\t\t<p class=\"desc_trig_outter\" style=\"\"><a data-gmap_status=\"null\" data-exlk=\"0\" style=\"border-color: #0070bb;\" id=\"evc_179369280069762\" href=\"#\" class=\"desc_trig mul_val evcal_list_a\" data-ux_val=\"1\" data-ux_val_mob=\"-\"  ><span class='evoet_in'><span class='evoet_c2 evoet_cx '><span class='evoet_dayblock evcal_cblock ' data-bgcolor='#0070bb' data-smon='novembre' data-syr='2026' data-bub=''><span class='evo_start  evofxdrc'><em class='date'>03<\/em><em class='month'>nov<\/em><em class='time'><i t=\"y\">(nov 3)<\/i>9h00<\/em><\/span><span class='evo_end  evofxdrc'><em class='date'>06<\/em><em class='time'><i t=\"y\">(nov 6)<\/i>16h30<\/em><\/span><\/span><\/span><span class='evoet_c3 evoet_cx evcal_desc hide_eventtopdata '><span class='evoet_title evcal_desc2 evcal_event_title ' itemprop='name'>GDPR<\/span><span class='event_location_attrs evodni'  data-location_address=\"Geneva\" data-location_type=\"lonlat\" data-location_name=\"Geneva \/ Lausanne - Switzerland\" data-location_url=\"https:\/\/actagis.ch\/event-location\/geneva-lausanne-switzerland\/\" data-location_status=\"true\" data-locid=\"51\" data-latlng=\"46.2043907,6.1431577\"><\/span><span class='evoet_cy evoet_subtitle evo_below_title' ><span class='evcal_event_subtitle ' >IN-CLASSROOM - Geneva \/ Lausanne-Switzerland \/ ONLINE - Live Interactive<\/span><\/span><\/span><\/span><span class='evoet_data' style='display:none' data-d=\"{&quot;loc.n&quot;:&quot;Geneva \\\/ Lausanne - Switzerland&quot;,&quot;orgs&quot;:[],&quot;tags&quot;:[]}\" data-bgc=\"#0070bb\" data-bggrad=\"\" ><\/span><\/a><\/p><div class='event_description evcal_eventcard ' style=\"display:none\"><div class='evocard_row'><div id='event_eventdetails' class='evocard_box eventdetails' data-c='' \n\t\t\t\t\tstyle=''><div class=\"evo_metarow_details evorow evcal_evdata_row evcal_event_details\">\n    <div class=\"event_excerpt\" style=\"display:none\"><h3 class=\"padb5 evo_h3\">Event Details<\/h3><p>Become a Certified Data Protection Officer\n\n\n\nThis four-day intensive course enables participants to develop the necessary expertise to demonstrate their knowledge, skills and competence, for implementing, managing and aligning<\/p><\/div><span class='evcal_evdata_icons'><i class='fa fa-align-justify'><\/i><\/span>    <div class=\"evcal_evdata_cell \">\n        <div class=\"eventon_full_description\">\n            <h3 class=\"padb5 evo_h3\"><span class='evcal_evdata_icons'><i class='fa fa-align-justify'><\/i><\/span>Event Details<\/h3>\n            <div class=\"eventon_desc_in\" itemprop=\"description\">\n                <p id=\"block-fcb636ba-a9cd-442c-8c2f-b704448baae8\"><strong>Become a Certified Data Protection Officer<\/strong><\/p>\n<p id=\"block-4760af23-7f48-49c9-a062-228c1cffe2a2\">This four-day intensive course enables participants to develop the necessary expertise to demonstrate their knowledge, skills and competence, for implementing, managing and aligning a privacy framework based on General Data Protection Regulation requirements.<\/p>\n<p id=\"block-5b92568a-0e7e-46b5-915c-b94ade6f7f61\"><a href=\"\/?page_id=26535\">Click for full course description<\/a><\/p>\n<p id=\"block-3abe9f4b-88dd-4f05-81ff-5d24e1170e89\"><a href=\"https:\/\/actagis.ch\/fr\/actagis-academy\/iso-formation-certifiantes\/reglement-general-de-la-protection-des-donnees\/\">Cliquez pour la description en fran\u00e7ais<\/a><\/p>\n            <\/div>\n            <div class='clear'><\/div>        <\/div>\n    <\/div>\n<\/div><\/div><\/div><!-- row close --><div class='evocard_row'><div id='event_time' class='evocard_box time' data-c='' \n\t\t\t\t\tstyle=''><div class='evo_metarow_time evorow evcal_evdata_row evcal_evrow_sm '>\n\t\t<span class='evcal_evdata_icons'><i class='fa fa-clock-o'><\/i><\/span>\n\t\t<div class='evcal_evdata_cell'>\t\t\t\t\t\t\t\n\t\t\t<h3 class='evo_h3'><span class='evcal_evdata_icons'><i class='fa fa-clock-o'><\/i><\/span>Horaire<\/h3><div><span class='evo_eventcard_time_t evogap5 evofxww'><span class=\"start\">novembre 3 (mardi) 09:00<\/span> <span class=\"stime\">9:00am<\/span> - <span class='end'>novembre 6 (vendredi) 16:30<\/span> <span class='etime'>4:30pm<\/span><\/span><span class='evo_tz marr5'>(GMT+01:00)<\/span><\/div>\n\t\t<\/div>\n\t<\/div><\/div><\/div><!-- row close --><div class='evocard_row'><div id='event_location' class='evocard_box location' data-c='' \n\t\t\t\t\tstyle=''><div class='evcal_evdata_row evo_metarow_time_location evorow '>\n\t\t\n\t\t\t<span class='evcal_evdata_icons'><i class='fa fa-map-marker'><\/i><\/span>\n\t\t\t<div class='evcal_evdata_cell' data-loc_tax_id='51'><h3 class='evo_h3 evodfx'><span class='evcal_evdata_icons'><i class='fa fa-map-marker'><\/i><\/span>Lieu<\/h3><p class='evo_location_name'>Geneva \/ Lausanne - Switzerland<\/p><p class='evo_location_address evodfxi evogap10'>Geneva<\/p><\/div>\n\t\t\n\t<\/div><\/div><\/div><!-- row close --><div class='evocard_row'><div id='event_evorsvp' class='evocard_box evorsvp' data-c='' \n\t\t\t\t\tstyle=''><div class='evorow evcal_evdata_row evcal_evrow_sm evo_metarow_rsvp' ><div class='evors_jdata' data-j='{\"etitle\":\"GDPR\",\"e_id\":69762,\"repeat_interval\":0,\"cap\":\"nocap\",\"true_cap\":\"nocap\",\"precap\":\"na\",\"uid\":\"na\",\"prefill\":false,\"lang\":\"L2\",\"incard\":\"no\",\"form_style\":\"def\",\"rsvpid\":null,\"rsvp\":null}'><\/div><span class='evcal_evdata_icons'><i class='fa fa-envelope'><\/i><\/span><div class='evcal_evdata_cell'>\r\n\t\t\t\t\t\t\t\t<h3 class='evo_h3'>RSVP to This Event<\/h3><div class='evors_eventcard_content'><div class='evors_section evors_subtext evomarb10'><p class='evo_data_val'>Pensez \u00e0 r\u00e9server assez t\u00f4t.<\/p><\/div><div class='evors_section evors_user_text '><p>Nous vous contacterons rapidement<\/p><\/div><div class='evoRS_status_option_selection evors_section sec_shade evodfx evofx_dr_r evofxww evogap10 evofxaic evofxjcsb'><div class=''><p class='evors_rsvp_choices_title' style='margin-right:20px;'>RSVP Now<\/p><\/div><p class='evors_rsvp_choices sin'><span class='evors_rsvp_select_box evofxww evogap10'><span data-val='y' class='evors_choices '>Demandez plus d'informations<\/span><\/span><\/p><\/div>\t\t\t\t\t<div class=\"evors_incard_form\"><\/div>\r\n\r\n\t\t\t\t\t\r\n\t\t\t\t\t<div class='evors_information'><div class='evors_attendance_count_data evors_stat_data fx_ai_c'><div class='evors_section evors_remaining_spots sec_shade'><p class='evors_nocap_spaceleft remaining_count'><em class='space'>Open<\/em>Spaces Still Available<\/p><\/div><\/div><\/div><\/div><\/div><\/div><\/div><\/div><!-- row close --><div class='evocard_row'><div id='event_evosocial' class='evocard_box evosocial' data-c='' \n\t\t\t\t\tstyle=''><div class='evo_metarow_socialmedia evcal_evdata_row '><div class='evo_sm FacebookShare'><a class=\" evo_ss\" target=\"_blank\" onclick=\"javascript:window.open(this.href, '', 'left=50,top=50,width=600,height=350,toolbar=0');return false;\"\r\n\t\t\t\t\t\thref=\"\/\/www.facebook.com\/sharer.php?u=https%3A%2F%2Factagis.ch%2Ffr%2Fevents%2Fgdpr-62%2Fvar%2Fri-0.l-L2\" title=\"Share on facebook\"><i class=\"fa fab fa-facebook\"><\/i><\/a><\/div><div class='evo_sm LinkedIn'><a class=\"li evo_ss\" href=\"\/\/www.linkedin.com\/shareArticle?mini=true&url=https%3A%2F%2Factagis.ch%2Ffr%2Fevents%2Fgdpr-62%2Fvar%2Fri-0.l-L2&title=GDPR&summary=Become+a+Certified+Data+Protection+Officer%0A%0A%0A%0AThis+four-day+intensive+course+enables+participants+to+develop+the\" target=\"_blank\" title=\"Share on Linkedin\"><i class=\"fa fab fa-linkedin\"><\/i><\/a><\/div><div class='evo_sm EmailShare'><a class=\"em evo_ss\" href=\"mailto:?subject=GDPR&body=Event Name: GDPR%0AEvent Date: 3 Novembre 2026 9h00 - 6 Novembre 2026 16h30%0ALink: https%3A%2F%2Factagis.ch%2Ffr%2Fevents%2Fgdpr-62%2Fvar%2Fri-0.l-L2%0A\" target=\"_blank\"><i class=\"fa fa-envelope\"><\/i><\/a><\/div><\/div><\/div><\/div><!-- row close --><button class='evo_card_row_end evcal_close' title='Close'><\/button><\/div><div class='clear end'><\/div><\/div><div id=\"event_69763_0\" class=\"eventon_list_event evo_eventtop scheduled  event clrD event_69763_0\" data-event_id=\"69763\" data-ri=\"0r\" data-time=\"1797321600-1797607800\" data-colr=\"#0070bb\" itemscope itemtype='http:\/\/schema.org\/Event'><div class=\"evo_event_schema\" style=\"display:none\" ><a itemprop='url'  href='https:\/\/actagis.ch\/fr\/events\/gdpr-63\/var\/ri-0.l-L2'><\/a><meta itemprop='image'  \/><meta itemprop='startDate' content=\"2026-12-15T09:00+2:00\" \/><meta itemprop='endDate' content=\"2026-12-18T16:30+2:00\" \/><meta itemprop='eventStatus' content=\"https:\/\/schema.org\/EventScheduled\" \/><meta itemprop='eventAttendanceMode'   itemscope itemtype=\"https:\/\/schema.org\/OfflineEventAttendanceMode\"\/><div style=\"display:none\" itemprop=\"location\" itemscope itemtype=\"http:\/\/schema.org\/Place\"><span itemprop=\"name\">Geneva \/ Lausanne - Switzerland<\/span><span itemprop=\"address\" itemscope itemtype=\"http:\/\/schema.org\/PostalAddress\"><item itemprop=\"streetAddress\">Geneva<\/item><\/span><\/div><script type=\"application\/ld+json\">{\"@context\": \"http:\/\/schema.org\",\"@type\": \"Event\",\n\t\t\t\t\"@id\": \"event_69763_0\",\n\t\t\t\t\"eventAttendanceMode\":\"https:\/\/schema.org\/OfflineEventAttendanceMode\",\n\t\t\t\t\"eventStatus\":\"https:\/\/schema.org\/EventScheduled\",\n\t\t\t\t\"name\": \"GDPR\",\n\t\t\t\t\"url\": \"https:\/\/actagis.ch\/fr\/events\/gdpr-63\/var\/ri-0.l-L2\",\n\t\t\t\t\"startDate\": \"2026-12-15T09:00+2:00\",\n\t\t\t\t\"endDate\": \"2026-12-18T16:30+2:00\",\n\t\t\t\t\"image\":\"\", \n\t\t\t\t\"description\":\" <p id='block-fcb636ba-a9cd-442c-8c2f-b704448baae8'><strong>Become a Certified Data Protection Officer<\/strong><\/p>    <p id='block-4760af23-7f48-49c9-a062-228c1cffe2a2'>This four-day intensive course enables participants to develop the necessary expertise to demonstrate their knowledge, skills and competence, for implementing, managing and aligning a privacy framework based on General Data Protection Regulation requirements.<\/p>    <p id='block-5b92568a-0e7e-46b5-915c-b94ade6f7f61'><a href='\/?page_id=26535'>Click for full course description<\/a><\/p>    <p id='block-3abe9f4b-88dd-4f05-81ff-5d24e1170e89'><a href='https:\/\/actagis.ch\/fr\/actagis-academy\/iso-formation-certifiantes\/reglement-general-de-la-protection-des-donnees\/'>Cliquez pour la description en fran\u00e7ais<\/a><\/p> \",\"location\":[{\"@type\":\"Place\",\"name\":\"Geneva \/ Lausanne - Switzerland\",\"address\":{\"@type\": \"PostalAddress\",\"streetAddress\":\"Geneva\"}}]}<\/script><\/div>\r\n\t\t\t\t<p class=\"desc_trig_outter\" style=\"\"><a data-gmap_status=\"null\" data-exlk=\"0\" style=\"border-color: #0070bb;\" id=\"evc_179732160069763\" href=\"#\" class=\"desc_trig mul_val evcal_list_a\" data-ux_val=\"1\" data-ux_val_mob=\"-\"  ><span class='evoet_in'><span class='evoet_c2 evoet_cx '><span class='evoet_dayblock evcal_cblock ' data-bgcolor='#0070bb' data-smon='d\u00e9cembre' data-syr='2026' data-bub=''><span class='evo_start  evofxdrc'><em class='date'>15<\/em><em class='month'>d\u00e9c<\/em><em class='time'><i t=\"y\">(d\u00e9c 15)<\/i>9h00<\/em><\/span><span class='evo_end  evofxdrc'><em class='date'>18<\/em><em class='time'><i t=\"y\">(d\u00e9c 18)<\/i>16h30<\/em><\/span><\/span><\/span><span class='evoet_c3 evoet_cx evcal_desc hide_eventtopdata '><span class='evoet_title evcal_desc2 evcal_event_title ' itemprop='name'>GDPR<\/span><span class='event_location_attrs evodni'  data-location_address=\"Geneva\" data-location_type=\"lonlat\" data-location_name=\"Geneva \/ Lausanne - Switzerland\" data-location_url=\"https:\/\/actagis.ch\/event-location\/geneva-lausanne-switzerland\/\" data-location_status=\"true\" data-locid=\"51\" data-latlng=\"46.2043907,6.1431577\"><\/span><span class='evoet_cy evoet_subtitle evo_below_title' ><span class='evcal_event_subtitle ' >IN-CLASSROOM - Geneva \/ Lausanne-Switzerland \/ ONLINE - Live Interactive<\/span><\/span><\/span><\/span><span class='evoet_data' style='display:none' data-d=\"{&quot;loc.n&quot;:&quot;Geneva \\\/ Lausanne - Switzerland&quot;,&quot;orgs&quot;:[],&quot;tags&quot;:[]}\" data-bgc=\"#0070bb\" data-bggrad=\"\" ><\/span><\/a><\/p><div class='event_description evcal_eventcard ' style=\"display:none\"><div class='evocard_row'><div id='event_eventdetails' class='evocard_box eventdetails' data-c='' \n\t\t\t\t\tstyle=''><div class=\"evo_metarow_details evorow evcal_evdata_row evcal_event_details\">\n    <div class=\"event_excerpt\" style=\"display:none\"><h3 class=\"padb5 evo_h3\">Event Details<\/h3><p>Become a Certified Data Protection Officer\n\n\n\nThis four-day intensive course enables participants to develop the necessary expertise to demonstrate their knowledge, skills and competence, for implementing, managing and aligning<\/p><\/div><span class='evcal_evdata_icons'><i class='fa fa-align-justify'><\/i><\/span>    <div class=\"evcal_evdata_cell \">\n        <div class=\"eventon_full_description\">\n            <h3 class=\"padb5 evo_h3\"><span class='evcal_evdata_icons'><i class='fa fa-align-justify'><\/i><\/span>Event Details<\/h3>\n            <div class=\"eventon_desc_in\" itemprop=\"description\">\n                <p id=\"block-fcb636ba-a9cd-442c-8c2f-b704448baae8\"><strong>Become a Certified Data Protection Officer<\/strong><\/p>\n<p id=\"block-4760af23-7f48-49c9-a062-228c1cffe2a2\">This four-day intensive course enables participants to develop the necessary expertise to demonstrate their knowledge, skills and competence, for implementing, managing and aligning a privacy framework based on General Data Protection Regulation requirements.<\/p>\n<p id=\"block-5b92568a-0e7e-46b5-915c-b94ade6f7f61\"><a href=\"\/?page_id=26535\">Click for full course description<\/a><\/p>\n<p id=\"block-3abe9f4b-88dd-4f05-81ff-5d24e1170e89\"><a href=\"https:\/\/actagis.ch\/fr\/actagis-academy\/iso-formation-certifiantes\/reglement-general-de-la-protection-des-donnees\/\">Cliquez pour la description en fran\u00e7ais<\/a><\/p>\n            <\/div>\n            <div class='clear'><\/div>        <\/div>\n    <\/div>\n<\/div><\/div><\/div><!-- row close --><div class='evocard_row'><div id='event_time' class='evocard_box time' data-c='' \n\t\t\t\t\tstyle=''><div class='evo_metarow_time evorow evcal_evdata_row evcal_evrow_sm '>\n\t\t<span class='evcal_evdata_icons'><i class='fa fa-clock-o'><\/i><\/span>\n\t\t<div class='evcal_evdata_cell'>\t\t\t\t\t\t\t\n\t\t\t<h3 class='evo_h3'><span class='evcal_evdata_icons'><i class='fa fa-clock-o'><\/i><\/span>Horaire<\/h3><div><span class='evo_eventcard_time_t evogap5 evofxww'><span class=\"start\">d\u00e9cembre 15 (mardi) 09:00<\/span> <span class=\"stime\">9:00am<\/span> - <span class='end'>d\u00e9cembre 18 (vendredi) 16:30<\/span> <span class='etime'>4:30pm<\/span><\/span><span class='evo_tz marr5'>(GMT+01:00)<\/span><\/div>\n\t\t<\/div>\n\t<\/div><\/div><\/div><!-- row close --><div class='evocard_row'><div id='event_location' class='evocard_box location' data-c='' \n\t\t\t\t\tstyle=''><div class='evcal_evdata_row evo_metarow_time_location evorow '>\n\t\t\n\t\t\t<span class='evcal_evdata_icons'><i class='fa fa-map-marker'><\/i><\/span>\n\t\t\t<div class='evcal_evdata_cell' data-loc_tax_id='51'><h3 class='evo_h3 evodfx'><span class='evcal_evdata_icons'><i class='fa fa-map-marker'><\/i><\/span>Lieu<\/h3><p class='evo_location_name'>Geneva \/ Lausanne - Switzerland<\/p><p class='evo_location_address evodfxi evogap10'>Geneva<\/p><\/div>\n\t\t\n\t<\/div><\/div><\/div><!-- row close --><div class='evocard_row'><div id='event_evorsvp' class='evocard_box evorsvp' data-c='' \n\t\t\t\t\tstyle=''><div class='evorow evcal_evdata_row evcal_evrow_sm evo_metarow_rsvp' ><div class='evors_jdata' data-j='{\"etitle\":\"GDPR\",\"e_id\":69763,\"repeat_interval\":0,\"cap\":\"nocap\",\"true_cap\":\"nocap\",\"precap\":\"na\",\"uid\":\"na\",\"prefill\":false,\"lang\":\"L2\",\"incard\":\"no\",\"form_style\":\"def\",\"rsvpid\":null,\"rsvp\":null}'><\/div><span class='evcal_evdata_icons'><i class='fa fa-envelope'><\/i><\/span><div class='evcal_evdata_cell'>\r\n\t\t\t\t\t\t\t\t<h3 class='evo_h3'>RSVP to This Event<\/h3><div class='evors_eventcard_content'><div class='evors_section evors_subtext evomarb10'><p class='evo_data_val'>Pensez \u00e0 r\u00e9server assez t\u00f4t.<\/p><\/div><div class='evors_section evors_user_text '><p>Nous vous contacterons rapidement<\/p><\/div><div class='evoRS_status_option_selection evors_section sec_shade evodfx evofx_dr_r evofxww evogap10 evofxaic evofxjcsb'><div class=''><p class='evors_rsvp_choices_title' style='margin-right:20px;'>RSVP Now<\/p><\/div><p class='evors_rsvp_choices sin'><span class='evors_rsvp_select_box evofxww evogap10'><span data-val='y' class='evors_choices '>Demandez plus d'informations<\/span><\/span><\/p><\/div>\t\t\t\t\t<div class=\"evors_incard_form\"><\/div>\r\n\r\n\t\t\t\t\t\r\n\t\t\t\t\t<div class='evors_information'><div class='evors_attendance_count_data evors_stat_data fx_ai_c'><div class='evors_section evors_remaining_spots sec_shade'><p class='evors_nocap_spaceleft remaining_count'><em class='space'>Open<\/em>Spaces Still Available<\/p><\/div><\/div><\/div><\/div><\/div><\/div><\/div><\/div><!-- row close --><div class='evocard_row'><div id='event_evosocial' class='evocard_box evosocial' data-c='' \n\t\t\t\t\tstyle=''><div class='evo_metarow_socialmedia evcal_evdata_row '><div class='evo_sm FacebookShare'><a class=\" evo_ss\" target=\"_blank\" onclick=\"javascript:window.open(this.href, '', 'left=50,top=50,width=600,height=350,toolbar=0');return false;\"\r\n\t\t\t\t\t\thref=\"\/\/www.facebook.com\/sharer.php?u=https%3A%2F%2Factagis.ch%2Ffr%2Fevents%2Fgdpr-63%2Fvar%2Fri-0.l-L2\" title=\"Share on facebook\"><i class=\"fa fab fa-facebook\"><\/i><\/a><\/div><div class='evo_sm LinkedIn'><a class=\"li evo_ss\" href=\"\/\/www.linkedin.com\/shareArticle?mini=true&url=https%3A%2F%2Factagis.ch%2Ffr%2Fevents%2Fgdpr-63%2Fvar%2Fri-0.l-L2&title=GDPR&summary=Become+a+Certified+Data+Protection+Officer%0A%0A%0A%0AThis+four-day+intensive+course+enables+participants+to+develop+the\" target=\"_blank\" title=\"Share on Linkedin\"><i class=\"fa fab fa-linkedin\"><\/i><\/a><\/div><div class='evo_sm EmailShare'><a class=\"em evo_ss\" href=\"mailto:?subject=GDPR&body=Event Name: GDPR%0AEvent Date: 15 D\u00e9cembre 2026 9h00 - 18 D\u00e9cembre 2026 16h30%0ALink: https%3A%2F%2Factagis.ch%2Ffr%2Fevents%2Fgdpr-63%2Fvar%2Fri-0.l-L2%0A\" target=\"_blank\"><i class=\"fa fa-envelope\"><\/i><\/a><\/div><\/div><\/div><\/div><!-- row close --><button class='evo_card_row_end evcal_close' title='Close'><\/button><\/div><div class='clear end'><\/div><\/div>\t\t\t<\/div>\r\n\t\t\t<\/div><!-- evo_events_list_box -->\t\r\n\t\t\t<div class='clear'><\/div>\r\n\t\t\t\t\t \t<div id='evcal_footer' class='evo_bottom' style='display:none'>\r\n\t\t \t\t<div class='evo_cal_data' data-sc=\"{&quot;accord&quot;:&quot;yes&quot;,&quot;bottom_nav&quot;:&quot;no&quot;,&quot;cal_id&quot;:&quot;&quot;,&quot;cal_init_nonajax&quot;:&quot;yes&quot;,&quot;cal_type&quot;:&quot;&quot;,&quot;calendar_type&quot;:&quot;el&quot;,&quot;currentuser&quot;:&quot;no&quot;,&quot;el_title&quot;:&quot;Upcoming courses&quot;,&quot;el_type&quot;:&quot;ue&quot;,&quot;end_range&quot;:0,&quot;ep_fields&quot;:&quot;&quot;,&quot;etc_override&quot;:&quot;no&quot;,&quot;evc_open&quot;:&quot;no&quot;,&quot;event_count&quot;:0,&quot;event_count_list&quot;:&quot;no&quot;,&quot;event_location&quot;:&quot;all&quot;,&quot;event_order&quot;:&quot;ASC&quot;,&quot;event_organizer&quot;:&quot;all&quot;,&quot;event_parts&quot;:&quot;no&quot;,&quot;event_past_future&quot;:&quot;future&quot;,&quot;event_status&quot;:&quot;all&quot;,&quot;event_tag&quot;:&quot;all&quot;,&quot;event_type&quot;:&quot;97&quot;,&quot;event_type_2&quot;:&quot;all&quot;,&quot;event_users&quot;:&quot;all&quot;,&quot;event_virtual&quot;:&quot;all&quot;,&quot;eventtop_date_style&quot;:0,&quot;eventtop_style&quot;:&quot;0&quot;,&quot;exp_jumper&quot;:&quot;no&quot;,&quot;exp_so&quot;:&quot;no&quot;,&quot;filter_relationship&quot;:&quot;AND&quot;,&quot;filter_show_set_only&quot;:&quot;no&quot;,&quot;filter_style&quot;:&quot;default&quot;,&quot;filter_type&quot;:&quot;default&quot;,&quot;filters&quot;:&quot;yes&quot;,&quot;fixed_month&quot;:&quot;&quot;,&quot;fixed_year&quot;:&quot;&quot;,&quot;focus_end_date_range&quot;:&quot;1840744799&quot;,&quot;focus_start_date_range&quot;:&quot;1777699470&quot;,&quot;ft_event_priority&quot;:&quot;no&quot;,&quot;hide_arrows&quot;:&quot;no&quot;,&quot;hide_cancels&quot;:&quot;no&quot;,&quot;hide_empty_months&quot;:&quot;no&quot;,&quot;hide_end_time&quot;:&quot;no&quot;,&quot;hide_et_dn&quot;:&quot;no&quot;,&quot;hide_et_extra&quot;:&quot;no&quot;,&quot;hide_et_tags&quot;:&quot;no&quot;,&quot;hide_et_tl&quot;:&quot;no&quot;,&quot;hide_ft&quot;:&quot;no&quot;,&quot;hide_ft_img&quot;:&quot;no&quot;,&quot;hide_month_headers&quot;:&quot;no&quot;,&quot;hide_mult_occur&quot;:&quot;yes&quot;,&quot;hide_past&quot;:&quot;yes&quot;,&quot;hide_past_by&quot;:&quot;ss&quot;,&quot;hide_so&quot;:&quot;no&quot;,&quot;ics&quot;:&quot;no&quot;,&quot;jumper&quot;:&quot;no&quot;,&quot;jumper_count&quot;:5,&quot;jumper_offset&quot;:&quot;0&quot;,&quot;lang&quot;:&quot;L2&quot;,&quot;layout_changer&quot;:&quot;no&quot;,&quot;livenow_bar&quot;:&quot;yes&quot;,&quot;mapformat&quot;:&quot;roadmap&quot;,&quot;mapiconurl&quot;:&quot;&quot;,&quot;maps_load&quot;:&quot;yes&quot;,&quot;mapscroll&quot;:&quot;true&quot;,&quot;mapzoom&quot;:&quot;16&quot;,&quot;members_only&quot;:&quot;no&quot;,&quot;ml_priority&quot;:&quot;no&quot;,&quot;ml_toend&quot;:&quot;no&quot;,&quot;month_incre&quot;:0,&quot;month_order&quot;:&quot;ASC&quot;,&quot;number_of_months&quot;:&quot;24&quot;,&quot;only_ft&quot;:&quot;no&quot;,&quot;pec&quot;:&quot;&quot;,&quot;s&quot;:&quot;&quot;,&quot;search&quot;:&quot;&quot;,&quot;search_all&quot;:&quot;no&quot;,&quot;sep_month&quot;:&quot;no&quot;,&quot;show_et_ft_img&quot;:&quot;yes&quot;,&quot;show_limit&quot;:&quot;no&quot;,&quot;show_limit_ajax&quot;:&quot;no&quot;,&quot;show_limit_paged&quot;:1,&quot;show_limit_redir&quot;:&quot;&quot;,&quot;show_repeats&quot;:&quot;no&quot;,&quot;show_rsvp&quot;:&quot;no&quot;,&quot;show_search&quot;:&quot;no&quot;,&quot;show_upcoming&quot;:0,&quot;show_year&quot;:&quot;no&quot;,&quot;social_share&quot;:&quot;no&quot;,&quot;sort_by&quot;:&quot;sort_date&quot;,&quot;start_range&quot;:0,&quot;tile_bg&quot;:0,&quot;tile_bg_size&quot;:&quot;full&quot;,&quot;tile_count&quot;:2,&quot;tile_height&quot;:0,&quot;tile_style&quot;:0,&quot;tiles&quot;:&quot;no&quot;,&quot;users&quot;:&quot;all&quot;,&quot;ux_val&quot;:&quot;1&quot;,&quot;view_switcher&quot;:&quot;no&quot;,&quot;wpml_l1&quot;:&quot;en&quot;,&quot;wpml_l2&quot;:&quot;fr&quot;,&quot;wpml_l3&quot;:&quot;&quot;,&quot;x_ids&quot;:&quot;&quot;,&quot;yl_priority&quot;:&quot;no&quot;,&quot;yl_toend&quot;:&quot;no&quot;,&quot;fixed_day&quot;:&quot;2&quot;,&quot;fixed_date&quot;:&quot;&quot;,&quot;_cver&quot;:&quot;5.0.9&quot;}\" data-filter_data=\"[]\" data-nav_data=\"{&quot;month_title&quot;:&quot;&lt;p id=&#039;evcal_cur&#039; class=&#039;evo_month_title padr10&#039;&gt; , &lt;\\\/p&gt;&quot;}\" data-od=\"{&quot;lang_no_events&quot;:&quot;No Events&quot;,&quot;cal_tz_offset&quot;:120,&quot;cal_tz&quot;:&quot;Europe\\\/Zurich&quot;}\" ><\/div>\r\n\t\t \t\t<div class='evo_cal_events' data-events=\"\"><\/div>\r\n\t\t \t<\/div>\r\n\t\t\t\t\r\n\t\t\t\r\n\t\t\t\t\t\t<\/div><!-- EventON End -->\r\n\t\t\t\n<p>[\/et_pb_text][\/et_pb_column][\/et_pb_row][\/et_pb_section][et_pb_section fb_built=\u00a0\u00bb1&Prime; custom_padding_last_edited=\u00a0\u00bbon|desktop\u00a0\u00bb admin_label=\u00a0\u00bbSection\u00a0\u00bb _builder_version=\u00a0\u00bb4.16&Prime; custom_padding_tablet=\u00a0\u00bb50px|0|50px|0&Prime; custom_padding_phone=\u00a0\u00bb\u00a0\u00bb padding_mobile=\u00a0\u00bboff\u00a0\u00bb global_colors_info=\u00a0\u00bb{}\u00a0\u00bb][et_pb_row column_structure=\u00a0\u00bb2_3,1_3&Prime; admin_label=\u00a0\u00bbRow\u00a0\u00bb _builder_version=\u00a0\u00bb4.16&Prime; background_size=\u00a0\u00bbinitial\u00a0\u00bb background_position=\u00a0\u00bbtop_left\u00a0\u00bb background_repeat=\u00a0\u00bbrepeat\u00a0\u00bb global_colors_info=\u00a0\u00bb{}\u00a0\u00bb][et_pb_column type=\u00a0\u00bb2_3&Prime; _builder_version=\u00a0\u00bb4.16&Prime; custom_padding=\u00a0\u00bb|||\u00a0\u00bb global_colors_info=\u00a0\u00bb{}\u00a0\u00bb custom_padding__hover=\u00a0\u00bb|||\u00a0\u00bb][et_pb_text admin_label=\u00a0\u00bbText\u00a0\u00bb _builder_version=\u00a0\u00bb4.16&Prime; background_size=\u00a0\u00bbinitial\u00a0\u00bb background_position=\u00a0\u00bbtop_left\u00a0\u00bb background_repeat=\u00a0\u00bbrepeat\u00a0\u00bb global_colors_info=\u00a0\u00bb{}\u00a0\u00bb]<\/p>\n<h2>RGPD &#8211; Introduction<\/h2>\n<p>[\/et_pb_text][et_pb_tabs admin_label=\u00a0\u00bbTabs\u00a0\u00bb _builder_version=\u00a0\u00bb4.16&Prime; background_size=\u00a0\u00bbinitial\u00a0\u00bb background_position=\u00a0\u00bbtop_left\u00a0\u00bb background_repeat=\u00a0\u00bbrepeat\u00a0\u00bb global_colors_info=\u00a0\u00bb{}\u00a0\u00bb][et_pb_tab title=\u00a0\u00bbR\u00e9sum\u00e9\u00a0\u00bb _builder_version=\u00a0\u00bb4.16&Prime; body_font=\u00a0\u00bb||||\u00a0\u00bb body_line_height=\u00a0\u00bb2em\u00a0\u00bb tab_font=\u00a0\u00bb||||\u00a0\u00bb tab_line_height=\u00a0\u00bb2em\u00a0\u00bb background_size=\u00a0\u00bbinitial\u00a0\u00bb background_position=\u00a0\u00bbtop_left\u00a0\u00bb background_repeat=\u00a0\u00bbrepeat\u00a0\u00bb body_line_height_tablet=\u00a0\u00bb2em\u00a0\u00bb body_line_height_phone=\u00a0\u00bb2em\u00a0\u00bb tab_line_height_tablet=\u00a0\u00bb2em\u00a0\u00bb tab_line_height_phone=\u00a0\u00bb2em\u00a0\u00bb global_colors_info=\u00a0\u00bb{}\u00a0\u00bb]<\/p>\n<p><span>La formation d\u2019introduction au RGPD (GDPR) vous permettra d\u2019appr\u00e9hender les concepts de base et les exigences du R\u00e8glement g\u00e9n\u00e9ral de la protection des donn\u00e9es (RGPD). En participant au cours d&rsquo;introduction au RGPD, vous allez comprendre l&rsquo;importance du RGPD et les avantages que les entreprises, la soci\u00e9t\u00e9 et les gouvernements peuvent en tirer.<\/span><\/p>\n<p>[\/et_pb_tab][et_pb_tab title=\u00a0\u00bbQui est concern\u00e9 ?\u00a0\u00bb _builder_version=\u00a0\u00bb4.16&Prime; body_font=\u00a0\u00bb||||\u00a0\u00bb body_line_height=\u00a0\u00bb2em\u00a0\u00bb tab_font=\u00a0\u00bb||||\u00a0\u00bb tab_line_height=\u00a0\u00bb2em\u00a0\u00bb background_size=\u00a0\u00bbinitial\u00a0\u00bb background_position=\u00a0\u00bbtop_left\u00a0\u00bb background_repeat=\u00a0\u00bbrepeat\u00a0\u00bb body_line_height_tablet=\u00a0\u00bb2em\u00a0\u00bb body_line_height_phone=\u00a0\u00bb2em\u00a0\u00bb tab_line_height_tablet=\u00a0\u00bb2em\u00a0\u00bb tab_line_height_phone=\u00a0\u00bb2em\u00a0\u00bb global_colors_info=\u00a0\u00bb{}\u00a0\u00bb]<\/p>\n<ul>\n<li>Les personnes int\u00e9ress\u00e9es par les principes fondamentaux de protection de la vie priv\u00e9e<\/li>\n<li>Personnes souhaitant acqu\u00e9rir des connaissances sur les principales exigences du r\u00e8glement g\u00e9n\u00e9ral sur la protection des donn\u00e9es (RGPD)<\/li>\n<\/ul>\n<p>[\/et_pb_tab][et_pb_tab title=\u00a0\u00bbObjectifs de la formation\u00a0\u00bb _builder_version=\u00a0\u00bb4.16&Prime; body_font=\u00a0\u00bb||||\u00a0\u00bb body_line_height=\u00a0\u00bb2em\u00a0\u00bb tab_font=\u00a0\u00bb||||\u00a0\u00bb tab_line_height=\u00a0\u00bb2em\u00a0\u00bb background_size=\u00a0\u00bbinitial\u00a0\u00bb background_position=\u00a0\u00bbtop_left\u00a0\u00bb background_repeat=\u00a0\u00bbrepeat\u00a0\u00bb body_line_height_tablet=\u00a0\u00bb2em\u00a0\u00bb body_line_height_phone=\u00a0\u00bb2em\u00a0\u00bb tab_line_height_tablet=\u00a0\u00bb2em\u00a0\u00bb tab_line_height_phone=\u00a0\u00bb2em\u00a0\u00bb global_colors_info=\u00a0\u00bb{}\u00a0\u00bb]<\/p>\n<ul>\n<li>Comprendre les principes fondamentaux de protection de la vie priv\u00e9e et l&rsquo;histoire de la protection des donn\u00e9es personnelles en Europe<\/li>\n<li>Comprendre les concepts de base et les exigences du r\u00e8glement g\u00e9n\u00e9ral sur la protection des donn\u00e9es (RGPD)<\/li>\n<\/ul>\n<p>[\/et_pb_tab][et_pb_tab title=\u00a0\u00bbAgenda d\u00e9taill\u00e9\u00a0\u00bb _builder_version=\u00a0\u00bb4.16&Prime; body_font=\u00a0\u00bb||||\u00a0\u00bb body_line_height=\u00a0\u00bb2em\u00a0\u00bb tab_font=\u00a0\u00bb||||\u00a0\u00bb tab_line_height=\u00a0\u00bb2em\u00a0\u00bb background_size=\u00a0\u00bbinitial\u00a0\u00bb background_position=\u00a0\u00bbtop_left\u00a0\u00bb background_repeat=\u00a0\u00bbrepeat\u00a0\u00bb body_line_height_tablet=\u00a0\u00bb2em\u00a0\u00bb body_line_height_phone=\u00a0\u00bb2em\u00a0\u00bb tab_line_height_tablet=\u00a0\u00bb2em\u00a0\u00bb tab_line_height_phone=\u00a0\u00bb2em\u00a0\u00bb global_colors_info=\u00a0\u00bb{}\u00a0\u00bb]<\/p>\n<h3><span>Introduction au R\u00e8glement G\u00e9n\u00e9ral sur la Protection des Donn\u00e9es (RGPD)<\/span><\/h3>\n<ul><\/ul>\n<ul><\/ul>\n<p>[\/et_pb_tab][et_pb_tab title=\u00a0\u00bbPr\u00e9requis\u00a0\u00bb _builder_version=\u00a0\u00bb4.16&Prime; body_font=\u00a0\u00bb||||\u00a0\u00bb body_line_height=\u00a0\u00bb2em\u00a0\u00bb tab_font=\u00a0\u00bb||||\u00a0\u00bb tab_line_height=\u00a0\u00bb2em\u00a0\u00bb background_size=\u00a0\u00bbinitial\u00a0\u00bb background_position=\u00a0\u00bbtop_left\u00a0\u00bb background_repeat=\u00a0\u00bbrepeat\u00a0\u00bb body_line_height_tablet=\u00a0\u00bb2em\u00a0\u00bb body_line_height_phone=\u00a0\u00bb2em\u00a0\u00bb tab_line_height_tablet=\u00a0\u00bb2em\u00a0\u00bb tab_line_height_phone=\u00a0\u00bb2em\u00a0\u00bb global_colors_info=\u00a0\u00bb{}\u00a0\u00bb]<\/p>\n<ul style=\"background-color: #ffffff;\">\n<li>Aucun<\/li>\n<\/ul>\n<p>[\/et_pb_tab][et_pb_tab title=\u00a0\u00bbInformation g\u00e9n\u00e9rale\u00a0\u00bb _builder_version=\u00a0\u00bb4.16&Prime; body_font=\u00a0\u00bb||||\u00a0\u00bb body_line_height=\u00a0\u00bb2em\u00a0\u00bb tab_font=\u00a0\u00bb||||\u00a0\u00bb tab_line_height=\u00a0\u00bb2em\u00a0\u00bb background_size=\u00a0\u00bbinitial\u00a0\u00bb background_position=\u00a0\u00bbtop_left\u00a0\u00bb background_repeat=\u00a0\u00bbrepeat\u00a0\u00bb body_line_height_tablet=\u00a0\u00bb2em\u00a0\u00bb body_line_height_phone=\u00a0\u00bb2em\u00a0\u00bb tab_line_height_tablet=\u00a0\u00bb2em\u00a0\u00bb tab_line_height_phone=\u00a0\u00bb2em\u00a0\u00bb global_colors_info=\u00a0\u00bb{}\u00a0\u00bb]<\/p>\n<ul>\n<li>Un manuel de cours contenant plus de 100 pages d&rsquo;informations et des exemples pratiques sera distribu\u00e9<\/li>\n<li>Un certificat de participation de 7 cr\u00e9dits DPC (d\u00e9veloppement professionnel continu) sera d\u00e9livr\u00e9 \u00e0 l\u2019issue de la formation par PECB<\/li>\n<\/ul>\n<p>[\/et_pb_tab][\/et_pb_tabs][et_pb_text _builder_version=\u00a0\u00bb4.16&Prime; locked=\u00a0\u00bboff\u00a0\u00bb global_colors_info=\u00a0\u00bb{}\u00a0\u00bb]<\/p>\n<p>* Ce cours est \u00e9galement disponible en format d&rsquo;auto-apprentissage. Pour en savoir plus, contactez-nous en utilisant le <a href=\"#contact\">formulaire de contact ci-dessous<\/a>.<\/p>\n<p>[\/et_pb_text][\/et_pb_column][et_pb_column type=\u00a0\u00bb1_3&Prime; _builder_version=\u00a0\u00bb4.16&Prime; custom_padding=\u00a0\u00bb|||\u00a0\u00bb global_colors_info=\u00a0\u00bb{}\u00a0\u00bb custom_padding__hover=\u00a0\u00bb|||\u00a0\u00bb][et_pb_number_counter title=\u00a0\u00bbJour\u00a0\u00bb number=\u00a0\u00bb1&Prime; percent_sign=\u00a0\u00bboff\u00a0\u00bb admin_label=\u00a0\u00bbNumber Counter\u00a0\u00bb _builder_version=\u00a0\u00bb4.16&Prime; number_text_color=\u00a0\u00bb#0071bb\u00a0\u00bb number_font_size=\u00a0\u00bb40&Prime; number_line_height=\u00a0\u00bb40px\u00a0\u00bb background_color=\u00a0\u00bb#e9f0f4&Prime; background_size=\u00a0\u00bbinitial\u00a0\u00bb background_position=\u00a0\u00bbtop_left\u00a0\u00bb background_repeat=\u00a0\u00bbrepeat\u00a0\u00bb custom_padding=\u00a0\u00bb20px||20px|\u00a0\u00bb custom_css_percent=\u00a0\u00bbheight: 40px;\u00a0\u00bb global_colors_info=\u00a0\u00bb{}\u00a0\u00bb][\/et_pb_number_counter][et_pb_text _builder_version=\u00a0\u00bb4.16&Prime; text_text_color=\u00a0\u00bb#0c71c3&Prime; background_color=\u00a0\u00bb#7ccf80&Prime; background_size=\u00a0\u00bbinitial\u00a0\u00bb background_position=\u00a0\u00bbtop_left\u00a0\u00bb background_repeat=\u00a0\u00bbrepeat\u00a0\u00bb custom_padding=\u00a0\u00bb20px|20px|20px|20px\u00a0\u00bb locked=\u00a0\u00bboff\u00a0\u00bb global_colors_info=\u00a0\u00bb{}\u00a0\u00bb]<\/p>\n<h5 style=\"text-align: center;\"><strong>Les cours mis en \u00e9vidence en vert<\/strong><br \/> <strong> se remplissent rapidement.<\/strong><br \/> <strong> Ne manquez pas votre chance.<\/strong><\/h5>\n<p>[\/et_pb_text][et_pb_text admin_label=\u00a0\u00bbText\u00a0\u00bb _builder_version=\u00a0\u00bb4.16&Prime; background_size=\u00a0\u00bbinitial\u00a0\u00bb background_position=\u00a0\u00bbtop_left\u00a0\u00bb background_repeat=\u00a0\u00bbrepeat\u00a0\u00bb global_colors_info=\u00a0\u00bb{}\u00a0\u00bb]<\/p>\n<!-- EventON Calendar --><div id='evcal_calendar_633' class='ajde_evcal_calendar clean esty_0 noiajx etttc_custom evoEL ' data-cal=''><div id='evcal_head' class='calendar_header ' ><div class='evo_cal_above evodfx evofx_dr_r marb5 evofx_ww'><button class='cal_head_btn evo-gototoday-btn' style='' data-mo='' data-yr='' data-dy='' aria-label='Go to today'>Current Month<\/button><\/div><div class='evo_cal_above_content'><\/div><div class='evo_header_title right'><p class='evo_cal_other_header'>Upcoming courses<\/p><\/div><\/div><div id='eventon_loadbar_section'><div id='eventon_loadbar'><\/div><\/div><!-- Events List --><div class='evo_events_list_box'><div id='evcal_list' class='eventon_events_list  el_cal'><div class='eventon_list_event no_events'><p class='no_events' >No Events<\/p><\/div>\t\t\t<\/div>\r\n\t\t\t<\/div><!-- evo_events_list_box -->\t\r\n\t\t\t<div class='clear'><\/div>\r\n\t\t\t\t\t \t<div id='evcal_footer' class='evo_bottom' style='display:none'>\r\n\t\t \t\t<div class='evo_cal_data' data-sc=\"{&quot;accord&quot;:&quot;no&quot;,&quot;bottom_nav&quot;:&quot;no&quot;,&quot;cal_id&quot;:&quot;&quot;,&quot;cal_init_nonajax&quot;:&quot;yes&quot;,&quot;cal_type&quot;:&quot;&quot;,&quot;calendar_type&quot;:&quot;el&quot;,&quot;currentuser&quot;:&quot;no&quot;,&quot;el_title&quot;:&quot;Upcoming courses&quot;,&quot;el_type&quot;:&quot;ue&quot;,&quot;end_range&quot;:0,&quot;ep_fields&quot;:&quot;&quot;,&quot;etc_override&quot;:&quot;no&quot;,&quot;evc_open&quot;:&quot;no&quot;,&quot;event_count&quot;:0,&quot;event_count_list&quot;:&quot;no&quot;,&quot;event_location&quot;:&quot;all&quot;,&quot;event_order&quot;:&quot;ASC&quot;,&quot;event_organizer&quot;:&quot;all&quot;,&quot;event_parts&quot;:&quot;no&quot;,&quot;event_past_future&quot;:&quot;future&quot;,&quot;event_status&quot;:&quot;all&quot;,&quot;event_tag&quot;:&quot;all&quot;,&quot;event_type&quot;:&quot;115&quot;,&quot;event_type_2&quot;:&quot;all&quot;,&quot;event_users&quot;:&quot;all&quot;,&quot;event_virtual&quot;:&quot;all&quot;,&quot;eventtop_date_style&quot;:0,&quot;eventtop_style&quot;:&quot;0&quot;,&quot;exp_jumper&quot;:&quot;no&quot;,&quot;exp_so&quot;:&quot;no&quot;,&quot;filter_relationship&quot;:&quot;AND&quot;,&quot;filter_show_set_only&quot;:&quot;no&quot;,&quot;filter_style&quot;:&quot;default&quot;,&quot;filter_type&quot;:&quot;default&quot;,&quot;filters&quot;:&quot;yes&quot;,&quot;fixed_month&quot;:&quot;&quot;,&quot;fixed_year&quot;:&quot;&quot;,&quot;focus_end_date_range&quot;:&quot;1840744799&quot;,&quot;focus_start_date_range&quot;:&quot;1777699470&quot;,&quot;ft_event_priority&quot;:&quot;no&quot;,&quot;hide_arrows&quot;:&quot;no&quot;,&quot;hide_cancels&quot;:&quot;no&quot;,&quot;hide_empty_months&quot;:&quot;no&quot;,&quot;hide_end_time&quot;:&quot;no&quot;,&quot;hide_et_dn&quot;:&quot;no&quot;,&quot;hide_et_extra&quot;:&quot;no&quot;,&quot;hide_et_tags&quot;:&quot;no&quot;,&quot;hide_et_tl&quot;:&quot;no&quot;,&quot;hide_ft&quot;:&quot;no&quot;,&quot;hide_ft_img&quot;:&quot;no&quot;,&quot;hide_month_headers&quot;:&quot;no&quot;,&quot;hide_mult_occur&quot;:&quot;yes&quot;,&quot;hide_past&quot;:&quot;yes&quot;,&quot;hide_past_by&quot;:&quot;ss&quot;,&quot;hide_so&quot;:&quot;no&quot;,&quot;ics&quot;:&quot;no&quot;,&quot;jumper&quot;:&quot;no&quot;,&quot;jumper_count&quot;:5,&quot;jumper_offset&quot;:&quot;0&quot;,&quot;lang&quot;:&quot;L2&quot;,&quot;layout_changer&quot;:&quot;no&quot;,&quot;livenow_bar&quot;:&quot;yes&quot;,&quot;mapformat&quot;:&quot;roadmap&quot;,&quot;mapiconurl&quot;:&quot;&quot;,&quot;maps_load&quot;:&quot;yes&quot;,&quot;mapscroll&quot;:&quot;true&quot;,&quot;mapzoom&quot;:&quot;16&quot;,&quot;members_only&quot;:&quot;no&quot;,&quot;ml_priority&quot;:&quot;no&quot;,&quot;ml_toend&quot;:&quot;no&quot;,&quot;month_incre&quot;:0,&quot;month_order&quot;:&quot;ASC&quot;,&quot;number_of_months&quot;:&quot;24&quot;,&quot;only_ft&quot;:&quot;no&quot;,&quot;pec&quot;:&quot;&quot;,&quot;s&quot;:&quot;&quot;,&quot;search&quot;:&quot;&quot;,&quot;search_all&quot;:&quot;no&quot;,&quot;sep_month&quot;:&quot;no&quot;,&quot;show_et_ft_img&quot;:&quot;yes&quot;,&quot;show_limit&quot;:&quot;no&quot;,&quot;show_limit_ajax&quot;:&quot;no&quot;,&quot;show_limit_paged&quot;:1,&quot;show_limit_redir&quot;:&quot;&quot;,&quot;show_repeats&quot;:&quot;no&quot;,&quot;show_rsvp&quot;:&quot;no&quot;,&quot;show_search&quot;:&quot;no&quot;,&quot;show_upcoming&quot;:0,&quot;show_year&quot;:&quot;no&quot;,&quot;social_share&quot;:&quot;no&quot;,&quot;sort_by&quot;:&quot;sort_date&quot;,&quot;start_range&quot;:0,&quot;tile_bg&quot;:0,&quot;tile_bg_size&quot;:&quot;full&quot;,&quot;tile_count&quot;:2,&quot;tile_height&quot;:0,&quot;tile_style&quot;:0,&quot;tiles&quot;:&quot;no&quot;,&quot;users&quot;:&quot;all&quot;,&quot;ux_val&quot;:&quot;1&quot;,&quot;view_switcher&quot;:&quot;no&quot;,&quot;wpml_l1&quot;:&quot;en&quot;,&quot;wpml_l2&quot;:&quot;fr&quot;,&quot;wpml_l3&quot;:&quot;&quot;,&quot;x_ids&quot;:&quot;&quot;,&quot;yl_priority&quot;:&quot;no&quot;,&quot;yl_toend&quot;:&quot;no&quot;,&quot;0&quot;:&quot;=\\&quot;yes\\&quot;&quot;,&quot;fixed_day&quot;:&quot;2&quot;,&quot;1&quot;:&quot;=\\&quot;yes\\&quot;&quot;,&quot;fixed_date&quot;:&quot;&quot;,&quot;_cver&quot;:&quot;5.0.9&quot;}\" data-filter_data=\"[]\" data-nav_data=\"{&quot;month_title&quot;:&quot;&lt;p id=&#039;evcal_cur&#039; class=&#039;evo_month_title padr10&#039;&gt; , &lt;\\\/p&gt;&quot;}\" data-od=\"{&quot;lang_no_events&quot;:&quot;No Events&quot;,&quot;cal_tz_offset&quot;:120,&quot;cal_tz&quot;:&quot;Europe\\\/Zurich&quot;}\" ><\/div>\r\n\t\t \t\t<div class='evo_cal_events' data-events=\"\"><\/div>\r\n\t\t \t<\/div>\r\n\t\t\t\t\r\n\t\t\t\r\n\t\t\t\t\t\t<\/div><!-- EventON End -->\r\n\t\t\t\n<p>[\/et_pb_text][\/et_pb_column][\/et_pb_row][\/et_pb_section][et_pb_section fb_built=\u00a0\u00bb1&Prime; custom_padding_last_edited=\u00a0\u00bbon|desktop\u00a0\u00bb admin_label=\u00a0\u00bbSection\u00a0\u00bb _builder_version=\u00a0\u00bb4.16&Prime; background_color=\u00a0\u00bb#e9f0f4&Prime; custom_padding=\u00a0\u00bb54px|0|54px|0px|false|false\u00a0\u00bb custom_padding_tablet=\u00a0\u00bb50px|0|50px|0&Prime; custom_padding_phone=\u00a0\u00bb\u00a0\u00bb global_colors_info=\u00a0\u00bb{}\u00a0\u00bb][et_pb_row column_structure=\u00a0\u00bb2_3,1_3&Prime; admin_label=\u00a0\u00bbRow\u00a0\u00bb _builder_version=\u00a0\u00bb4.16&Prime; background_size=\u00a0\u00bbinitial\u00a0\u00bb background_position=\u00a0\u00bbtop_left\u00a0\u00bb background_repeat=\u00a0\u00bbrepeat\u00a0\u00bb global_colors_info=\u00a0\u00bb{}\u00a0\u00bb][et_pb_column type=\u00a0\u00bb2_3&Prime; _builder_version=\u00a0\u00bb4.16&Prime; custom_padding=\u00a0\u00bb|||\u00a0\u00bb global_colors_info=\u00a0\u00bb{}\u00a0\u00bb custom_padding__hover=\u00a0\u00bb|||\u00a0\u00bb][et_pb_text admin_label=\u00a0\u00bbText\u00a0\u00bb _builder_version=\u00a0\u00bb4.16&Prime; background_size=\u00a0\u00bbinitial\u00a0\u00bb background_position=\u00a0\u00bbtop_left\u00a0\u00bb background_repeat=\u00a0\u00bbrepeat\u00a0\u00bb global_colors_info=\u00a0\u00bb{}\u00a0\u00bb]<\/p>\n<h2>RGPD &#8211; Foundation<\/h2>\n<p>[\/et_pb_text][et_pb_tabs admin_label=\u00a0\u00bbTabs\u00a0\u00bb _builder_version=\u00a0\u00bb4.16&Prime; background_size=\u00a0\u00bbinitial\u00a0\u00bb background_position=\u00a0\u00bbtop_left\u00a0\u00bb background_repeat=\u00a0\u00bbrepeat\u00a0\u00bb global_colors_info=\u00a0\u00bb{}\u00a0\u00bb][et_pb_tab title=\u00a0\u00bbR\u00e9sum\u00e9\u00a0\u00bb _builder_version=\u00a0\u00bb4.16&Prime; body_font=\u00a0\u00bb||||\u00a0\u00bb body_line_height=\u00a0\u00bb2em\u00a0\u00bb tab_font=\u00a0\u00bb||||\u00a0\u00bb tab_line_height=\u00a0\u00bb2em\u00a0\u00bb background_size=\u00a0\u00bbinitial\u00a0\u00bb background_position=\u00a0\u00bbtop_left\u00a0\u00bb background_repeat=\u00a0\u00bbrepeat\u00a0\u00bb body_line_height_tablet=\u00a0\u00bb2em\u00a0\u00bb body_line_height_phone=\u00a0\u00bb2em\u00a0\u00bb tab_line_height_tablet=\u00a0\u00bb2em\u00a0\u00bb tab_line_height_phone=\u00a0\u00bb2em\u00a0\u00bb global_colors_info=\u00a0\u00bb{}\u00a0\u00bb]<\/p>\n<p>La formation de base RGPD Foundation vous permettra d\u2019appr\u00e9hender les \u00e9l\u00e9ments fondamentaux pour mettre en \u0153uvre et g\u00e9rer un cadre de conformit\u00e9 en mati\u00e8re de protection des donn\u00e9es personnelles. Au cours de cette formation, vous serez en mesure de comprendre principes fondamentaux de protection de la vie priv\u00e9e\u00a0 et de vous familiariser avec le r\u00f4le du d\u00e9l\u00e9gu\u00e9 \u00e0 la protection des donn\u00e9es (DPO)<\/p>\n<p>Apr\u00e8s avoir suivi la formation, vous pouvez vous pr\u00e9senter \u00e0 l\u2019examen et postuler au titre de \u00ab\u00a0PECB Certified GDPR Foundation\u00a0\u00bb. La certification PECB Foundation atteste que vous avez compris les m\u00e9thodologies fondamentales, les lignes directrices et l\u2019approche de gestion.<\/p>\n<p>[\/et_pb_tab][et_pb_tab title=\u00a0\u00bbQui est concern\u00e9 ?\u00a0\u00bb _builder_version=\u00a0\u00bb4.16&Prime; body_font=\u00a0\u00bb||||\u00a0\u00bb body_line_height=\u00a0\u00bb2em\u00a0\u00bb tab_font=\u00a0\u00bb||||\u00a0\u00bb tab_line_height=\u00a0\u00bb2em\u00a0\u00bb background_size=\u00a0\u00bbinitial\u00a0\u00bb background_position=\u00a0\u00bbtop_left\u00a0\u00bb background_repeat=\u00a0\u00bbrepeat\u00a0\u00bb body_line_height_tablet=\u00a0\u00bb2em\u00a0\u00bb body_line_height_phone=\u00a0\u00bb2em\u00a0\u00bb tab_line_height_tablet=\u00a0\u00bb2em\u00a0\u00bb tab_line_height_phone=\u00a0\u00bb2em\u00a0\u00bb global_colors_info=\u00a0\u00bb{}\u00a0\u00bb]<\/p>\n<ul>\n<li>Aux\u00a0 personnes impliqu\u00e9es dans la protection des donn\u00e9es personnelles et la s\u00e9curit\u00e9 de l&rsquo;information<\/li>\n<li>Aux\u00a0 personnes cherchant \u00e0 acqu\u00e9rir des connaissances sur les principes essentiels de protection de la vie priv\u00e9e<\/li>\n<li>Aux personnes int\u00e9ress\u00e9es \u00e0 poursuivre une carri\u00e8re dans le domaine de la protection des donn\u00e9es<\/li>\n<\/ul>\n<p>[\/et_pb_tab][et_pb_tab title=\u00a0\u00bbObjectifs de la formation\u00a0\u00bb _builder_version=\u00a0\u00bb4.16&Prime; body_font=\u00a0\u00bb||||\u00a0\u00bb body_line_height=\u00a0\u00bb2em\u00a0\u00bb tab_font=\u00a0\u00bb||||\u00a0\u00bb tab_line_height=\u00a0\u00bb2em\u00a0\u00bb background_size=\u00a0\u00bbinitial\u00a0\u00bb background_position=\u00a0\u00bbtop_left\u00a0\u00bb background_repeat=\u00a0\u00bbrepeat\u00a0\u00bb body_line_height_tablet=\u00a0\u00bb2em\u00a0\u00bb body_line_height_phone=\u00a0\u00bb2em\u00a0\u00bb tab_line_height_tablet=\u00a0\u00bb2em\u00a0\u00bb tab_line_height_phone=\u00a0\u00bb2em\u00a0\u00bb global_colors_info=\u00a0\u00bb{}\u00a0\u00bb]<\/p>\n<ul>\n<li>Comprendre les exigences du r\u00e8glement g\u00e9n\u00e9ral sur la protection des donn\u00e9es et les concepts fondamentaux de protection de la vie priv\u00e9e<\/li>\n<li>Comprendre les obligations, les r\u00f4les et les responsabilit\u00e9s du d\u00e9l\u00e9gu\u00e9 \u00e0 la protection des donn\u00e9es DPO<\/li>\n<li>Comprendre les concepts, les approches, les m\u00e9thodes et les techniques pour aligner efficacement un cadre de conformit\u00e9 en ce qui concerne la protection des donn\u00e9es personnelles.<\/li>\n<\/ul>\n<p>[\/et_pb_tab][et_pb_tab title=\u00a0\u00bbAgenda d\u00e9taill\u00e9\u00a0\u00bb _builder_version=\u00a0\u00bb4.16&Prime; body_font=\u00a0\u00bb||||\u00a0\u00bb body_line_height=\u00a0\u00bb2em\u00a0\u00bb tab_font=\u00a0\u00bb||||\u00a0\u00bb tab_line_height=\u00a0\u00bb2em\u00a0\u00bb background_size=\u00a0\u00bbinitial\u00a0\u00bb background_position=\u00a0\u00bbtop_left\u00a0\u00bb background_repeat=\u00a0\u00bbrepeat\u00a0\u00bb body_line_height_tablet=\u00a0\u00bb2em\u00a0\u00bb body_line_height_phone=\u00a0\u00bb2em\u00a0\u00bb tab_line_height_tablet=\u00a0\u00bb2em\u00a0\u00bb tab_line_height_phone=\u00a0\u00bb2em\u00a0\u00bb global_colors_info=\u00a0\u00bb{}\u00a0\u00bb]<\/p>\n<p>Introduction aux principes de protection des donn\u00e9es et du RGPD<\/p>\n<h3><span style=\"font-size: 14px; color: #666666;\">Les exigences du r\u00e8glement g\u00e9n\u00e9ral sur la protection des donn\u00e9es et l&rsquo;examen de certification<\/span><\/h3>\n<p>[\/et_pb_tab][et_pb_tab title=\u00a0\u00bbPr\u00e9requis\u00a0\u00bb _builder_version=\u00a0\u00bb4.16&Prime; body_font=\u00a0\u00bb||||\u00a0\u00bb body_line_height=\u00a0\u00bb2em\u00a0\u00bb tab_font=\u00a0\u00bb||||\u00a0\u00bb tab_line_height=\u00a0\u00bb2em\u00a0\u00bb background_size=\u00a0\u00bbinitial\u00a0\u00bb background_position=\u00a0\u00bbtop_left\u00a0\u00bb background_repeat=\u00a0\u00bbrepeat\u00a0\u00bb body_line_height_tablet=\u00a0\u00bb2em\u00a0\u00bb body_line_height_phone=\u00a0\u00bb2em\u00a0\u00bb tab_line_height_tablet=\u00a0\u00bb2em\u00a0\u00bb tab_line_height_phone=\u00a0\u00bb2em\u00a0\u00bb global_colors_info=\u00a0\u00bb{}\u00a0\u00bb]<\/p>\n<ul style=\"background-color: #ffffff;\">\n<li>Aucun<\/li>\n<\/ul>\n<p>[\/et_pb_tab][et_pb_tab title=\u00a0\u00bbApproche p\u00e9dagogique\u00a0\u00bb _builder_version=\u00a0\u00bb4.16&Prime; body_font=\u00a0\u00bb||||\u00a0\u00bb body_line_height=\u00a0\u00bb2em\u00a0\u00bb tab_font=\u00a0\u00bb||||\u00a0\u00bb tab_line_height=\u00a0\u00bb2em\u00a0\u00bb background_size=\u00a0\u00bbinitial\u00a0\u00bb background_position=\u00a0\u00bbtop_left\u00a0\u00bb background_repeat=\u00a0\u00bbrepeat\u00a0\u00bb body_line_height_tablet=\u00a0\u00bb2em\u00a0\u00bb body_line_height_phone=\u00a0\u00bb2em\u00a0\u00bb tab_line_height_tablet=\u00a0\u00bb2em\u00a0\u00bb tab_line_height_phone=\u00a0\u00bb2em\u00a0\u00bb global_colors_info=\u00a0\u00bb{}\u00a0\u00bb]<\/p>\n<ul>\n<li>Les cours de formation sont illustr\u00e9s par des questions pratiques et des exemples<\/li>\n<li>Les exercices pratiques comprennent des exemples et des discussions<\/li>\n<li>Les tests pratiques sont similaires \u00e0 l&rsquo;examen de certification<\/li>\n<\/ul>\n<p>[\/et_pb_tab][et_pb_tab title=\u00a0\u00bbExamen\u00a0\u00bb _builder_version=\u00a0\u00bb4.16&Prime; global_colors_info=\u00a0\u00bb{}\u00a0\u00bb]<\/p>\n<h2>Examen<\/h2>\n<p>L&rsquo;examen \u00abPECB Certified GDPR Foundation\u00bb r\u00e9pond enti\u00e8rement aux exigences relatives au programme d&rsquo;examen et de certification de PECB. L&rsquo;examen couvre les domaines de comp\u00e9tences suivants:<\/p>\n<p><strong>Domaine 1:<\/strong><span>\u00a0<\/span>Principes et concepts fondamentaux du r\u00e8glement g\u00e9n\u00e9ral sur la protection des donn\u00e9es (GDRP)<\/p>\n<p><strong>Domaine 2:<span>\u00a0<\/span><\/strong>R\u00e8glement g\u00e9n\u00e9ral sur la protection des donn\u00e9es (GDPR)<\/p>\n<p>Pour de plus amples informations concernant l\u2019examen veuillez consulter\u00a0<span>\u00a0<\/span><a href=\"https:\/\/pecb.com\/fr\/examination-rules-and-policies\">Politiques et r\u00e8glement relatifs \u00e0 examen\u00a0<\/a><\/p>\n<p>[\/et_pb_tab][et_pb_tab title=\u00a0\u00bbCertification\u00a0\u00bb _builder_version=\u00a0\u00bb4.16&Prime; global_colors_info=\u00a0\u00bb{}\u00a0\u00bb]<\/p>\n<div id=\"content\" class=\"col-lg-9 col-md-9 col-sm-12 col-xs-12\">\n<div class=\"row\">\n<div class=\"blog-masonry\">\n<div class=\"col-lg-12\">\n<div class=\"col-lg-9 col-md-9 col-sm-12 col-xs-9\">\n<div class=\"tab-content\">\n<div class=\"tab-pane active\" id=\"1645\">\n<p>Apr\u00e8s avoir r\u00e9ussi l\u2019examen, les participants peuvent demander la qualification \u00ab\u00a0PECB Certified GDPR Foundation\u00a0\u00bb. Pour plus d&rsquo;informations concernant les certifications de protection des donn\u00e9es et le processus de certification PECB, veuillez cliquer sur<span>\u00a0<\/span><a href=\"https:\/\/pecb.com\/fr\/certification-rules-and-policies\">Politiques et r\u00e8glement de certification<\/a><\/p>\n<p><strong>Les exigences pour la certification PECB Foundation sont:<\/strong><\/p>\n<div>\n<div class=\"table-responsive\">\n<table>\n<tbody>\n<tr>\n<td align=\"center\" bgcolor=\"#ebebeb\" valign=\"middle\"><strong>Qualification<\/strong><\/td>\n<td align=\"center\" bgcolor=\"#ebebeb\" valign=\"middle\"><span><strong>Examen<\/strong><\/span><\/td>\n<td align=\"center\" bgcolor=\"#ebebeb\" valign=\"middle\"><span><strong>Exp\u00e9rience professionnelle<\/strong><\/span><\/td>\n<td align=\"center\" bgcolor=\"#ebebeb\" valign=\"middle\"><span><strong>Exp\u00e9rience projet du SM<\/strong><\/span><\/td>\n<td align=\"center\" bgcolor=\"#ebebeb\" valign=\"middle\"><span><strong>Autres exigences<\/strong><\/span><\/td>\n<\/tr>\n<tr>\n<td align=\"center\" valign=\"middle\"><strong>PECB Certified GDPR Foundation<\/strong><\/td>\n<td align=\"center\" valign=\"middle\">Examen PECB Certified GDPR Foundation ou \u00e9quivalent<\/td>\n<td align=\"center\" valign=\"middle\">Aucune<\/td>\n<td align=\"center\" valign=\"middle\">Aucune<\/td>\n<td align=\"center\" valign=\"middle\">Signer le Code de d\u00e9ontologie de PECB<\/td>\n<\/tr>\n<\/tbody>\n<\/table>\n<\/div>\n<\/div>\n<p>&nbsp;<\/p>\n<\/div>\n<\/div>\n<div class=\"clearfix\"><\/div>\n<div class=\"doc\"><\/div>\n<div class=\"row\"><\/div>\n<\/div>\n<\/div>\n<\/div>\n<\/div>\n<\/div>\n<div id=\"sidebar\" class=\"col-lg-3 col-md-3 col-sm-12 col-xs-12\">\n<div class=\"widget\">\n<div class=\"title\"><\/div>\n<\/div>\n<\/div>\n<p>[\/et_pb_tab][et_pb_tab title=\u00a0\u00bbInformation g\u00e9n\u00e9rale\u00a0\u00bb _builder_version=\u00a0\u00bb4.16&Prime; body_font=\u00a0\u00bb||||\u00a0\u00bb body_line_height=\u00a0\u00bb2em\u00a0\u00bb tab_font=\u00a0\u00bb||||\u00a0\u00bb tab_line_height=\u00a0\u00bb2em\u00a0\u00bb background_size=\u00a0\u00bbinitial\u00a0\u00bb background_position=\u00a0\u00bbtop_left\u00a0\u00bb background_repeat=\u00a0\u00bbrepeat\u00a0\u00bb body_line_height_tablet=\u00a0\u00bb2em\u00a0\u00bb body_line_height_phone=\u00a0\u00bb2em\u00a0\u00bb tab_line_height_tablet=\u00a0\u00bb2em\u00a0\u00bb tab_line_height_phone=\u00a0\u00bb2em\u00a0\u00bb global_colors_info=\u00a0\u00bb{}\u00a0\u00bb]<\/p>\n<ul>\n<li>Les frais de certification sont inclus dans le prix de l&rsquo;examen.<\/li>\n<li>Un manuel du cours contenant plus de 200 pages d&rsquo;informations et d\u2019exemples pratiques sera fourni<\/li>\n<li>\u00c0 l\u2019issue de la formation, un certificat de participation de 14 cr\u00e9dits DPC (d\u00e9veloppement professionnel continu) sera d\u00e9livr\u00e9 par PECB<\/li>\n<li>En cas d&rsquo;\u00e9chec \u00e0 l&rsquo;examen, vous pouvez reprendre l&rsquo;examen dans les 12 mois qui suivent sans frais suppl\u00e9mentaires<\/li>\n<\/ul>\n<p>[\/et_pb_tab][\/et_pb_tabs][et_pb_text _builder_version=\u00a0\u00bb4.16&Prime; locked=\u00a0\u00bboff\u00a0\u00bb global_colors_info=\u00a0\u00bb{}\u00a0\u00bb]<\/p>\n<p>* Ce cours est \u00e9galement disponible en format d&rsquo;auto-apprentissage. Pour en savoir plus, contactez-nous en utilisant le <a href=\"#contact\">formulaire de contact ci-dessous<\/a>.<\/p>\n<p>[\/et_pb_text][\/et_pb_column][et_pb_column type=\u00a0\u00bb1_3&Prime; _builder_version=\u00a0\u00bb4.16&Prime; custom_padding=\u00a0\u00bb|||\u00a0\u00bb global_colors_info=\u00a0\u00bb{}\u00a0\u00bb custom_padding__hover=\u00a0\u00bb|||\u00a0\u00bb][et_pb_number_counter title=\u00a0\u00bbJours\u00a0\u00bb number=\u00a0\u00bb2&Prime; percent_sign=\u00a0\u00bboff\u00a0\u00bb admin_label=\u00a0\u00bbNumber Counter\u00a0\u00bb _builder_version=\u00a0\u00bb4.16&Prime; number_text_color=\u00a0\u00bb#0071bb\u00a0\u00bb number_font_size=\u00a0\u00bb40&Prime; number_line_height=\u00a0\u00bb40px\u00a0\u00bb background_color=\u00a0\u00bb#e9f0f4&Prime; background_size=\u00a0\u00bbinitial\u00a0\u00bb background_position=\u00a0\u00bbtop_left\u00a0\u00bb background_repeat=\u00a0\u00bbrepeat\u00a0\u00bb custom_padding=\u00a0\u00bb20px||20px|\u00a0\u00bb custom_css_percent=\u00a0\u00bbheight: 40px;\u00a0\u00bb global_colors_info=\u00a0\u00bb{}\u00a0\u00bb][\/et_pb_number_counter][et_pb_text _builder_version=\u00a0\u00bb4.16&Prime; text_text_color=\u00a0\u00bb#0c71c3&Prime; background_color=\u00a0\u00bb#7ccf80&Prime; background_size=\u00a0\u00bbinitial\u00a0\u00bb background_position=\u00a0\u00bbtop_left\u00a0\u00bb background_repeat=\u00a0\u00bbrepeat\u00a0\u00bb custom_padding=\u00a0\u00bb20px|20px|20px|20px\u00a0\u00bb locked=\u00a0\u00bboff\u00a0\u00bb global_colors_info=\u00a0\u00bb{}\u00a0\u00bb]<\/p>\n<h5 style=\"text-align: center;\"><strong>Les cours mis en \u00e9vidence en vert<\/strong><br \/> <strong> se remplissent rapidement.<\/strong><br \/> <strong> Ne manquez pas votre chance.<\/strong><\/h5>\n<p>[\/et_pb_text][et_pb_text admin_label=\u00a0\u00bbText\u00a0\u00bb _builder_version=\u00a0\u00bb4.16&Prime; background_size=\u00a0\u00bbinitial\u00a0\u00bb background_position=\u00a0\u00bbtop_left\u00a0\u00bb background_repeat=\u00a0\u00bbrepeat\u00a0\u00bb global_colors_info=\u00a0\u00bb{}\u00a0\u00bb]<\/p>\n<!-- EventON Calendar --><div id='evcal_calendar_677' class='ajde_evcal_calendar clean esty_0 noiajx etttc_custom evoEL ' data-cal=''><div id='evcal_head' class='calendar_header ' ><div class='evo_cal_above evodfx evofx_dr_r marb5 evofx_ww'><button class='cal_head_btn evo-gototoday-btn' style='' data-mo='' data-yr='' data-dy='' aria-label='Go to today'>Current Month<\/button><\/div><div class='evo_cal_above_content'><\/div><div class='evo_header_title right'><p class='evo_cal_other_header'>Upcoming courses<\/p><\/div><\/div><div id='eventon_loadbar_section'><div id='eventon_loadbar'><\/div><\/div><!-- Events List --><div class='evo_events_list_box'><div id='evcal_list' class='eventon_events_list  el_cal'><div id=\"event_69537_0\" class=\"eventon_list_event evo_eventtop scheduled  event clrD event_69537_0\" data-event_id=\"69537\" data-ri=\"0r\" data-time=\"1782198000-1782311400\" data-colr=\"#0070bb\" itemscope itemtype='http:\/\/schema.org\/Event'><div class=\"evo_event_schema\" style=\"display:none\" ><a itemprop='url'  href='https:\/\/actagis.ch\/fr\/events\/gdpr-foundation-34\/var\/ri-0.l-L2'><\/a><meta itemprop='image'  \/><meta itemprop='startDate' content=\"2026-6-23T09:00+2:00\" \/><meta itemprop='endDate' content=\"2026-6-24T16:30+2:00\" \/><meta itemprop='eventStatus' content=\"https:\/\/schema.org\/EventScheduled\" \/><meta itemprop='eventAttendanceMode'   itemscope itemtype=\"https:\/\/schema.org\/OfflineEventAttendanceMode\"\/><div style=\"display:none\" itemprop=\"location\" itemscope itemtype=\"http:\/\/schema.org\/Place\"><span itemprop=\"name\">Lausanne<\/span><span itemprop=\"address\" itemscope itemtype=\"http:\/\/schema.org\/PostalAddress\"><item itemprop=\"streetAddress\">Ch. de la Fontaine 2, Paudex<\/item><\/span><\/div><script type=\"application\/ld+json\">{\"@context\": \"http:\/\/schema.org\",\"@type\": \"Event\",\n\t\t\t\t\"@id\": \"event_69537_0\",\n\t\t\t\t\"eventAttendanceMode\":\"https:\/\/schema.org\/OfflineEventAttendanceMode\",\n\t\t\t\t\"eventStatus\":\"https:\/\/schema.org\/EventScheduled\",\n\t\t\t\t\"name\": \"GDPR Foundation\",\n\t\t\t\t\"url\": \"https:\/\/actagis.ch\/fr\/events\/gdpr-foundation-34\/var\/ri-0.l-L2\",\n\t\t\t\t\"startDate\": \"2026-6-23T09:00+2:00\",\n\t\t\t\t\"endDate\": \"2026-6-24T16:30+2:00\",\n\t\t\t\t\"image\":\"\", \n\t\t\t\t\"description\":\" <p id='block-fcb636ba-a9cd-442c-8c2f-b704448baae8'><strong>Learn about General Data Protection Regulation (GDPR)<\/strong><\/p>    <p id='block-4760af23-7f48-49c9-a062-228c1cffe2a2'>The GDPR Foundation training enables you to learn the basic elements to implement and manage a compliance framework with regard to the protection of personal data. During this training course, you will be able to understand the fundamental privacy principles and become familiar with the role of the Data Protection Officer.<\/p>    <p id='block-5b92568a-0e7e-46b5-915c-b94ade6f7f61'><a href='\/?page_id=26535'>Click for full course description<\/a><\/p>    <p id='block-3abe9f4b-88dd-4f05-81ff-5d24e1170e89'><a href='https:\/\/actagis.ch\/fr\/actagis-academy\/iso-formation-certifiantes\/reglement-general-de-la-protection-des-donnees\/'>Cliquez pour la description en fran\u00e7ais<\/a><\/p> \",\"location\":[{\"@type\":\"Place\",\"name\":\"Lausanne\",\"address\":{\"@type\": \"PostalAddress\",\"streetAddress\":\"Ch. de la Fontaine 2, Paudex\"}}]}<\/script><\/div>\r\n\t\t\t\t<p class=\"desc_trig_outter\" style=\"\"><a data-gmap_status=\"null\" data-exlk=\"0\" style=\"border-color: #0070bb;\" id=\"evc_178219800069537\" href=\"#\" class=\"desc_trig mul_val evcal_list_a\" data-ux_val=\"1\" data-ux_val_mob=\"-\"  ><span class='evoet_in'><span class='evoet_c2 evoet_cx '><span class='evoet_dayblock evcal_cblock ' data-bgcolor='#0070bb' data-smon='juin' data-syr='2026' data-bub=''><span class='evo_start  evofxdrc'><em class='date'>23<\/em><em class='month'>juin<\/em><em class='time'><i t=\"y\">(juin 23)<\/i>9h00<\/em><\/span><span class='evo_end  evofxdrc'><em class='date'>24<\/em><em class='time'><i t=\"y\">(juin 24)<\/i>16h30<\/em><\/span><\/span><\/span><span class='evoet_c3 evoet_cx evcal_desc hide_eventtopdata '><span class='evoet_title evcal_desc2 evcal_event_title ' itemprop='name'>GDPR Foundation<\/span><span class='event_location_attrs evodni'  data-location_address=\"Ch. de la Fontaine 2, Paudex\" data-location_type=\"lonlat\" data-location_name=\"Lausanne\" data-location_url=\"https:\/\/actagis.ch\/event-location\/lausanne\/\" data-location_status=\"true\" data-locid=\"50\" data-latlng=\"46.5062801,6.6717238\"><\/span><span class='evoet_cy evoet_subtitle evo_below_title' ><span class='evcal_event_subtitle ' >IN-CLASSROOM - Lausanne-Switzerland \/ ONLINE - Live Interactive<\/span><\/span><\/span><\/span><span class='evoet_data' style='display:none' data-d=\"{&quot;loc.n&quot;:&quot;Lausanne&quot;,&quot;orgs&quot;:[],&quot;tags&quot;:[]}\" data-bgc=\"#0070bb\" data-bggrad=\"\" ><\/span><\/a><\/p><div class='event_description evcal_eventcard ' style=\"display:none\"><div class='evocard_row'><div id='event_eventdetails' class='evocard_box eventdetails' data-c='' \n\t\t\t\t\tstyle=''><div class=\"evo_metarow_details evorow evcal_evdata_row evcal_event_details\">\n    <div class=\"event_excerpt\" style=\"display:none\"><h3 class=\"padb5 evo_h3\">Event Details<\/h3><p>Learn about General Data Protection Regulation (GDPR)\n\n\n\nThe GDPR Foundation training enables you to learn the basic elements to implement and manage a compliance framework with regard to the<\/p><\/div><span class='evcal_evdata_icons'><i class='fa fa-align-justify'><\/i><\/span>    <div class=\"evcal_evdata_cell \">\n        <div class=\"eventon_full_description\">\n            <h3 class=\"padb5 evo_h3\"><span class='evcal_evdata_icons'><i class='fa fa-align-justify'><\/i><\/span>Event Details<\/h3>\n            <div class=\"eventon_desc_in\" itemprop=\"description\">\n                <p id=\"block-fcb636ba-a9cd-442c-8c2f-b704448baae8\"><strong>Learn about General Data Protection Regulation (GDPR)<\/strong><\/p>\n<p id=\"block-4760af23-7f48-49c9-a062-228c1cffe2a2\">The GDPR Foundation training enables you to learn the basic elements to implement and manage a compliance framework with regard to the protection of personal data. During this training course, you will be able to understand the fundamental privacy principles and become familiar with the role of the Data Protection Officer.<\/p>\n<p id=\"block-5b92568a-0e7e-46b5-915c-b94ade6f7f61\"><a href=\"\/?page_id=26535\">Click for full course description<\/a><\/p>\n<p id=\"block-3abe9f4b-88dd-4f05-81ff-5d24e1170e89\"><a href=\"https:\/\/actagis.ch\/fr\/actagis-academy\/iso-formation-certifiantes\/reglement-general-de-la-protection-des-donnees\/\">Cliquez pour la description en fran\u00e7ais<\/a><\/p>\n            <\/div>\n            <div class='clear'><\/div>        <\/div>\n    <\/div>\n<\/div><\/div><\/div><!-- row close --><div class='evocard_row'><div id='event_time' class='evocard_box time' data-c='' \n\t\t\t\t\tstyle=''><div class='evo_metarow_time evorow evcal_evdata_row evcal_evrow_sm '>\n\t\t<span class='evcal_evdata_icons'><i class='fa fa-clock-o'><\/i><\/span>\n\t\t<div class='evcal_evdata_cell'>\t\t\t\t\t\t\t\n\t\t\t<h3 class='evo_h3'><span class='evcal_evdata_icons'><i class='fa fa-clock-o'><\/i><\/span>Horaire<\/h3><div><span class='evo_eventcard_time_t evogap5 evofxww'><span class=\"start\">juin 23 (mardi) 09:00<\/span> <span class=\"stime\">9:00am<\/span> - <span class='end'>juin 24 (mercredi) 16:30<\/span> <span class='etime'>4:30pm<\/span><\/span><span class='evo_tz marr5'>(GMT+02:00)<\/span><\/div>\n\t\t<\/div>\n\t<\/div><\/div><\/div><!-- row close --><div class='evocard_row'><div id='event_location' class='evocard_box location' data-c='' \n\t\t\t\t\tstyle=''><div class='evcal_evdata_row evo_metarow_time_location evorow '>\n\t\t\n\t\t\t<span class='evcal_evdata_icons'><i class='fa fa-map-marker'><\/i><\/span>\n\t\t\t<div class='evcal_evdata_cell' data-loc_tax_id='50'><h3 class='evo_h3 evodfx'><span class='evcal_evdata_icons'><i class='fa fa-map-marker'><\/i><\/span>Lieu<\/h3><p class='evo_location_name'>Lausanne<\/p><p class='evo_location_address evodfxi evogap10'>Ch. de la Fontaine 2, Paudex<\/p><\/div>\n\t\t\n\t<\/div><\/div><\/div><!-- row close --><div class='evocard_row'><div id='event_evorsvp' class='evocard_box evorsvp' data-c='' \n\t\t\t\t\tstyle=''><div class='evorow evcal_evdata_row evcal_evrow_sm evo_metarow_rsvp' ><div class='evors_jdata' data-j='{\"etitle\":\"GDPR Foundation\",\"e_id\":69537,\"repeat_interval\":0,\"cap\":\"nocap\",\"true_cap\":\"nocap\",\"precap\":\"na\",\"uid\":\"na\",\"prefill\":false,\"lang\":\"L2\",\"incard\":\"no\",\"form_style\":\"def\",\"rsvpid\":null,\"rsvp\":null}'><\/div><span class='evcal_evdata_icons'><i class='fa fa-envelope'><\/i><\/span><div class='evcal_evdata_cell'>\r\n\t\t\t\t\t\t\t\t<h3 class='evo_h3'>RSVP to This Event<\/h3><div class='evors_eventcard_content'><div class='evors_section evors_subtext evomarb10'><p class='evo_data_val'>Pensez \u00e0 r\u00e9server assez t\u00f4t.<\/p><\/div><div class='evors_section evors_user_text '><p>Nous vous contacterons rapidement<\/p><\/div><div class='evoRS_status_option_selection evors_section sec_shade evodfx evofx_dr_r evofxww evogap10 evofxaic evofxjcsb'><div class=''><p class='evors_rsvp_choices_title' style='margin-right:20px;'>RSVP Now<\/p><\/div><p class='evors_rsvp_choices sin'><span class='evors_rsvp_select_box evofxww evogap10'><span data-val='y' class='evors_choices '>Demandez plus d'informations<\/span><\/span><\/p><\/div>\t\t\t\t\t<div class=\"evors_incard_form\"><\/div>\r\n\r\n\t\t\t\t\t\r\n\t\t\t\t\t<div class='evors_information'><div class='evors_attendance_count_data evors_stat_data fx_ai_c'><div class='evors_section evors_remaining_spots sec_shade'><p class='evors_nocap_spaceleft remaining_count'><em class='space'>Open<\/em>Spaces Still Available<\/p><\/div><\/div><\/div><\/div><\/div><\/div><\/div><\/div><!-- row close --><div class='evocard_row'><div id='event_evosocial' class='evocard_box evosocial' data-c='' \n\t\t\t\t\tstyle=''><div class='evo_metarow_socialmedia evcal_evdata_row '><div class='evo_sm FacebookShare'><a class=\" evo_ss\" target=\"_blank\" onclick=\"javascript:window.open(this.href, '', 'left=50,top=50,width=600,height=350,toolbar=0');return false;\"\r\n\t\t\t\t\t\thref=\"\/\/www.facebook.com\/sharer.php?u=https%3A%2F%2Factagis.ch%2Ffr%2Fevents%2Fgdpr-foundation-34%2Fvar%2Fri-0.l-L2\" title=\"Share on facebook\"><i class=\"fa fab fa-facebook\"><\/i><\/a><\/div><div class='evo_sm LinkedIn'><a class=\"li evo_ss\" href=\"\/\/www.linkedin.com\/shareArticle?mini=true&url=https%3A%2F%2Factagis.ch%2Ffr%2Fevents%2Fgdpr-foundation-34%2Fvar%2Fri-0.l-L2&title=GDPR%20Foundation&summary=Learn+about+General+Data+Protection+Regulation+%28GDPR%29%0A%0A%0A%0AThe+GDPR+Foundation+training+enables+you+to+learn\" target=\"_blank\" title=\"Share on Linkedin\"><i class=\"fa fab fa-linkedin\"><\/i><\/a><\/div><div class='evo_sm EmailShare'><a class=\"em evo_ss\" href=\"mailto:?subject=GDPR%20Foundation&body=Event Name: GDPR%20Foundation%0AEvent Date: 23 Juin 2026 9h00 - 24 Juin 2026 16h30%0ALink: https%3A%2F%2Factagis.ch%2Ffr%2Fevents%2Fgdpr-foundation-34%2Fvar%2Fri-0.l-L2%0A\" target=\"_blank\"><i class=\"fa fa-envelope\"><\/i><\/a><\/div><\/div><\/div><\/div><!-- row close --><button class='evo_card_row_end evcal_close' title='Close'><\/button><\/div><div class='clear end'><\/div><\/div><div id=\"event_69764_0\" class=\"eventon_list_event evo_eventtop scheduled  event clrD event_69764_0\" data-event_id=\"69764\" data-ri=\"0r\" data-time=\"1793692800-1793806200\" data-colr=\"#0070bb\" itemscope itemtype='http:\/\/schema.org\/Event'><div class=\"evo_event_schema\" style=\"display:none\" ><a itemprop='url'  href='https:\/\/actagis.ch\/fr\/events\/gdpr-foundation-35\/var\/ri-0.l-L2'><\/a><meta itemprop='image'  \/><meta itemprop='startDate' content=\"2026-11-3T09:00+2:00\" \/><meta itemprop='endDate' content=\"2026-11-4T16:30+2:00\" \/><meta itemprop='eventStatus' content=\"https:\/\/schema.org\/EventScheduled\" \/><meta itemprop='eventAttendanceMode'   itemscope itemtype=\"https:\/\/schema.org\/OfflineEventAttendanceMode\"\/><div style=\"display:none\" itemprop=\"location\" itemscope itemtype=\"http:\/\/schema.org\/Place\"><span itemprop=\"name\">Lausanne<\/span><span itemprop=\"address\" itemscope itemtype=\"http:\/\/schema.org\/PostalAddress\"><item itemprop=\"streetAddress\">Ch. de la Fontaine 2, Paudex<\/item><\/span><\/div><script type=\"application\/ld+json\">{\"@context\": \"http:\/\/schema.org\",\"@type\": \"Event\",\n\t\t\t\t\"@id\": \"event_69764_0\",\n\t\t\t\t\"eventAttendanceMode\":\"https:\/\/schema.org\/OfflineEventAttendanceMode\",\n\t\t\t\t\"eventStatus\":\"https:\/\/schema.org\/EventScheduled\",\n\t\t\t\t\"name\": \"GDPR Foundation\",\n\t\t\t\t\"url\": \"https:\/\/actagis.ch\/fr\/events\/gdpr-foundation-35\/var\/ri-0.l-L2\",\n\t\t\t\t\"startDate\": \"2026-11-3T09:00+2:00\",\n\t\t\t\t\"endDate\": \"2026-11-4T16:30+2:00\",\n\t\t\t\t\"image\":\"\", \n\t\t\t\t\"description\":\" <p id='block-fcb636ba-a9cd-442c-8c2f-b704448baae8'><strong>Learn about General Data Protection Regulation (GDPR)<\/strong><\/p>    <p id='block-4760af23-7f48-49c9-a062-228c1cffe2a2'>The GDPR Foundation training enables you to learn the basic elements to implement and manage a compliance framework with regard to the protection of personal data. During this training course, you will be able to understand the fundamental privacy principles and become familiar with the role of the Data Protection Officer.<\/p>    <p id='block-5b92568a-0e7e-46b5-915c-b94ade6f7f61'><a href='\/?page_id=26535'>Click for full course description<\/a><\/p>    <p id='block-3abe9f4b-88dd-4f05-81ff-5d24e1170e89'><a href='https:\/\/actagis.ch\/fr\/actagis-academy\/iso-formation-certifiantes\/reglement-general-de-la-protection-des-donnees\/'>Cliquez pour la description en fran\u00e7ais<\/a><\/p> \",\"location\":[{\"@type\":\"Place\",\"name\":\"Lausanne\",\"address\":{\"@type\": \"PostalAddress\",\"streetAddress\":\"Ch. de la Fontaine 2, Paudex\"}}]}<\/script><\/div>\r\n\t\t\t\t<p class=\"desc_trig_outter\" style=\"\"><a data-gmap_status=\"null\" data-exlk=\"0\" style=\"border-color: #0070bb;\" id=\"evc_179369280069764\" href=\"#\" class=\"desc_trig mul_val evcal_list_a\" data-ux_val=\"1\" data-ux_val_mob=\"-\"  ><span class='evoet_in'><span class='evoet_c2 evoet_cx '><span class='evoet_dayblock evcal_cblock ' data-bgcolor='#0070bb' data-smon='novembre' data-syr='2026' data-bub=''><span class='evo_start  evofxdrc'><em class='date'>03<\/em><em class='month'>nov<\/em><em class='time'><i t=\"y\">(nov 3)<\/i>9h00<\/em><\/span><span class='evo_end  evofxdrc'><em class='date'>04<\/em><em class='time'><i t=\"y\">(nov 4)<\/i>16h30<\/em><\/span><\/span><\/span><span class='evoet_c3 evoet_cx evcal_desc hide_eventtopdata '><span class='evoet_title evcal_desc2 evcal_event_title ' itemprop='name'>GDPR Foundation<\/span><span class='event_location_attrs evodni'  data-location_address=\"Ch. de la Fontaine 2, Paudex\" data-location_type=\"lonlat\" data-location_name=\"Lausanne\" data-location_url=\"https:\/\/actagis.ch\/event-location\/lausanne\/\" data-location_status=\"true\" data-locid=\"50\" data-latlng=\"46.5062801,6.6717238\"><\/span><span class='evoet_cy evoet_subtitle evo_below_title' ><span class='evcal_event_subtitle ' >IN-CLASSROOM - Lausanne-Switzerland \/ ONLINE - Live Interactive<\/span><\/span><\/span><\/span><span class='evoet_data' style='display:none' data-d=\"{&quot;loc.n&quot;:&quot;Lausanne&quot;,&quot;orgs&quot;:[],&quot;tags&quot;:[]}\" data-bgc=\"#0070bb\" data-bggrad=\"\" ><\/span><\/a><\/p><div class='event_description evcal_eventcard ' style=\"display:none\"><div class='evocard_row'><div id='event_eventdetails' class='evocard_box eventdetails' data-c='' \n\t\t\t\t\tstyle=''><div class=\"evo_metarow_details evorow evcal_evdata_row evcal_event_details\">\n    <div class=\"event_excerpt\" style=\"display:none\"><h3 class=\"padb5 evo_h3\">Event Details<\/h3><p>Learn about General Data Protection Regulation (GDPR)\n\n\n\nThe GDPR Foundation training enables you to learn the basic elements to implement and manage a compliance framework with regard to the<\/p><\/div><span class='evcal_evdata_icons'><i class='fa fa-align-justify'><\/i><\/span>    <div class=\"evcal_evdata_cell \">\n        <div class=\"eventon_full_description\">\n            <h3 class=\"padb5 evo_h3\"><span class='evcal_evdata_icons'><i class='fa fa-align-justify'><\/i><\/span>Event Details<\/h3>\n            <div class=\"eventon_desc_in\" itemprop=\"description\">\n                <p id=\"block-fcb636ba-a9cd-442c-8c2f-b704448baae8\"><strong>Learn about General Data Protection Regulation (GDPR)<\/strong><\/p>\n<p id=\"block-4760af23-7f48-49c9-a062-228c1cffe2a2\">The GDPR Foundation training enables you to learn the basic elements to implement and manage a compliance framework with regard to the protection of personal data. During this training course, you will be able to understand the fundamental privacy principles and become familiar with the role of the Data Protection Officer.<\/p>\n<p id=\"block-5b92568a-0e7e-46b5-915c-b94ade6f7f61\"><a href=\"\/?page_id=26535\">Click for full course description<\/a><\/p>\n<p id=\"block-3abe9f4b-88dd-4f05-81ff-5d24e1170e89\"><a href=\"https:\/\/actagis.ch\/fr\/actagis-academy\/iso-formation-certifiantes\/reglement-general-de-la-protection-des-donnees\/\">Cliquez pour la description en fran\u00e7ais<\/a><\/p>\n            <\/div>\n            <div class='clear'><\/div>        <\/div>\n    <\/div>\n<\/div><\/div><\/div><!-- row close --><div class='evocard_row'><div id='event_time' class='evocard_box time' data-c='' \n\t\t\t\t\tstyle=''><div class='evo_metarow_time evorow evcal_evdata_row evcal_evrow_sm '>\n\t\t<span class='evcal_evdata_icons'><i class='fa fa-clock-o'><\/i><\/span>\n\t\t<div class='evcal_evdata_cell'>\t\t\t\t\t\t\t\n\t\t\t<h3 class='evo_h3'><span class='evcal_evdata_icons'><i class='fa fa-clock-o'><\/i><\/span>Horaire<\/h3><div><span class='evo_eventcard_time_t evogap5 evofxww'><span class=\"start\">novembre 3 (mardi) 09:00<\/span> <span class=\"stime\">9:00am<\/span> - <span class='end'>novembre 4 (mercredi) 16:30<\/span> <span class='etime'>4:30pm<\/span><\/span><span class='evo_tz marr5'>(GMT+01:00)<\/span><\/div>\n\t\t<\/div>\n\t<\/div><\/div><\/div><!-- row close --><div class='evocard_row'><div id='event_location' class='evocard_box location' data-c='' \n\t\t\t\t\tstyle=''><div class='evcal_evdata_row evo_metarow_time_location evorow '>\n\t\t\n\t\t\t<span class='evcal_evdata_icons'><i class='fa fa-map-marker'><\/i><\/span>\n\t\t\t<div class='evcal_evdata_cell' data-loc_tax_id='50'><h3 class='evo_h3 evodfx'><span class='evcal_evdata_icons'><i class='fa fa-map-marker'><\/i><\/span>Lieu<\/h3><p class='evo_location_name'>Lausanne<\/p><p class='evo_location_address evodfxi evogap10'>Ch. de la Fontaine 2, Paudex<\/p><\/div>\n\t\t\n\t<\/div><\/div><\/div><!-- row close --><div class='evocard_row'><div id='event_evorsvp' class='evocard_box evorsvp' data-c='' \n\t\t\t\t\tstyle=''><div class='evorow evcal_evdata_row evcal_evrow_sm evo_metarow_rsvp' ><div class='evors_jdata' data-j='{\"etitle\":\"GDPR Foundation\",\"e_id\":69764,\"repeat_interval\":0,\"cap\":\"nocap\",\"true_cap\":\"nocap\",\"precap\":\"na\",\"uid\":\"na\",\"prefill\":false,\"lang\":\"L2\",\"incard\":\"no\",\"form_style\":\"def\",\"rsvpid\":null,\"rsvp\":null}'><\/div><span class='evcal_evdata_icons'><i class='fa fa-envelope'><\/i><\/span><div class='evcal_evdata_cell'>\r\n\t\t\t\t\t\t\t\t<h3 class='evo_h3'>RSVP to This Event<\/h3><div class='evors_eventcard_content'><div class='evors_section evors_subtext evomarb10'><p class='evo_data_val'>Pensez \u00e0 r\u00e9server assez t\u00f4t.<\/p><\/div><div class='evors_section evors_user_text '><p>Nous vous contacterons rapidement<\/p><\/div><div class='evoRS_status_option_selection evors_section sec_shade evodfx evofx_dr_r evofxww evogap10 evofxaic evofxjcsb'><div class=''><p class='evors_rsvp_choices_title' style='margin-right:20px;'>RSVP Now<\/p><\/div><p class='evors_rsvp_choices sin'><span class='evors_rsvp_select_box evofxww evogap10'><span data-val='y' class='evors_choices '>Demandez plus d'informations<\/span><\/span><\/p><\/div>\t\t\t\t\t<div class=\"evors_incard_form\"><\/div>\r\n\r\n\t\t\t\t\t\r\n\t\t\t\t\t<div class='evors_information'><div class='evors_attendance_count_data evors_stat_data fx_ai_c'><div class='evors_section evors_remaining_spots sec_shade'><p class='evors_nocap_spaceleft remaining_count'><em class='space'>Open<\/em>Spaces Still Available<\/p><\/div><\/div><\/div><\/div><\/div><\/div><\/div><\/div><!-- row close --><div class='evocard_row'><div id='event_evosocial' class='evocard_box evosocial' data-c='' \n\t\t\t\t\tstyle=''><div class='evo_metarow_socialmedia evcal_evdata_row '><div class='evo_sm FacebookShare'><a class=\" evo_ss\" target=\"_blank\" onclick=\"javascript:window.open(this.href, '', 'left=50,top=50,width=600,height=350,toolbar=0');return false;\"\r\n\t\t\t\t\t\thref=\"\/\/www.facebook.com\/sharer.php?u=https%3A%2F%2Factagis.ch%2Ffr%2Fevents%2Fgdpr-foundation-35%2Fvar%2Fri-0.l-L2\" title=\"Share on facebook\"><i class=\"fa fab fa-facebook\"><\/i><\/a><\/div><div class='evo_sm LinkedIn'><a class=\"li evo_ss\" href=\"\/\/www.linkedin.com\/shareArticle?mini=true&url=https%3A%2F%2Factagis.ch%2Ffr%2Fevents%2Fgdpr-foundation-35%2Fvar%2Fri-0.l-L2&title=GDPR%20Foundation&summary=Learn+about+General+Data+Protection+Regulation+%28GDPR%29%0A%0A%0A%0AThe+GDPR+Foundation+training+enables+you+to+learn\" target=\"_blank\" title=\"Share on Linkedin\"><i class=\"fa fab fa-linkedin\"><\/i><\/a><\/div><div class='evo_sm EmailShare'><a class=\"em evo_ss\" href=\"mailto:?subject=GDPR%20Foundation&body=Event Name: GDPR%20Foundation%0AEvent Date: 3 Novembre 2026 9h00 - 4 Novembre 2026 16h30%0ALink: https%3A%2F%2Factagis.ch%2Ffr%2Fevents%2Fgdpr-foundation-35%2Fvar%2Fri-0.l-L2%0A\" target=\"_blank\"><i class=\"fa fa-envelope\"><\/i><\/a><\/div><\/div><\/div><\/div><!-- row close --><button class='evo_card_row_end evcal_close' title='Close'><\/button><\/div><div class='clear end'><\/div><\/div><div id=\"event_69765_0\" class=\"eventon_list_event evo_eventtop scheduled  event clrD event_69765_0\" data-event_id=\"69765\" data-ri=\"0r\" data-time=\"1797321600-1797435000\" data-colr=\"#0070bb\" itemscope itemtype='http:\/\/schema.org\/Event'><div class=\"evo_event_schema\" style=\"display:none\" ><a itemprop='url'  href='https:\/\/actagis.ch\/fr\/events\/gdpr-foundation-36\/var\/ri-0.l-L2'><\/a><meta itemprop='image'  \/><meta itemprop='startDate' content=\"2026-12-15T09:00+2:00\" \/><meta itemprop='endDate' content=\"2026-12-16T16:30+2:00\" \/><meta itemprop='eventStatus' content=\"https:\/\/schema.org\/EventScheduled\" \/><meta itemprop='eventAttendanceMode'   itemscope itemtype=\"https:\/\/schema.org\/OfflineEventAttendanceMode\"\/><div style=\"display:none\" itemprop=\"location\" itemscope itemtype=\"http:\/\/schema.org\/Place\"><span itemprop=\"name\">Lausanne<\/span><span itemprop=\"address\" itemscope itemtype=\"http:\/\/schema.org\/PostalAddress\"><item itemprop=\"streetAddress\">Ch. de la Fontaine 2, Paudex<\/item><\/span><\/div><script type=\"application\/ld+json\">{\"@context\": \"http:\/\/schema.org\",\"@type\": \"Event\",\n\t\t\t\t\"@id\": \"event_69765_0\",\n\t\t\t\t\"eventAttendanceMode\":\"https:\/\/schema.org\/OfflineEventAttendanceMode\",\n\t\t\t\t\"eventStatus\":\"https:\/\/schema.org\/EventScheduled\",\n\t\t\t\t\"name\": \"GDPR Foundation\",\n\t\t\t\t\"url\": \"https:\/\/actagis.ch\/fr\/events\/gdpr-foundation-36\/var\/ri-0.l-L2\",\n\t\t\t\t\"startDate\": \"2026-12-15T09:00+2:00\",\n\t\t\t\t\"endDate\": \"2026-12-16T16:30+2:00\",\n\t\t\t\t\"image\":\"\", \n\t\t\t\t\"description\":\" <p id='block-fcb636ba-a9cd-442c-8c2f-b704448baae8'><strong>Learn about General Data Protection Regulation (GDPR)<\/strong><\/p>    <p id='block-4760af23-7f48-49c9-a062-228c1cffe2a2'>The GDPR Foundation training enables you to learn the basic elements to implement and manage a compliance framework with regard to the protection of personal data. During this training course, you will be able to understand the fundamental privacy principles and become familiar with the role of the Data Protection Officer.<\/p>    <p id='block-5b92568a-0e7e-46b5-915c-b94ade6f7f61'><a href='\/?page_id=26535'>Click for full course description<\/a><\/p>    <p id='block-3abe9f4b-88dd-4f05-81ff-5d24e1170e89'><a href='https:\/\/actagis.ch\/fr\/actagis-academy\/iso-formation-certifiantes\/reglement-general-de-la-protection-des-donnees\/'>Cliquez pour la description en fran\u00e7ais<\/a><\/p> \",\"location\":[{\"@type\":\"Place\",\"name\":\"Lausanne\",\"address\":{\"@type\": \"PostalAddress\",\"streetAddress\":\"Ch. de la Fontaine 2, Paudex\"}}]}<\/script><\/div>\r\n\t\t\t\t<p class=\"desc_trig_outter\" style=\"\"><a data-gmap_status=\"null\" data-exlk=\"0\" style=\"border-color: #0070bb;\" id=\"evc_179732160069765\" href=\"#\" class=\"desc_trig mul_val evcal_list_a\" data-ux_val=\"1\" data-ux_val_mob=\"-\"  ><span class='evoet_in'><span class='evoet_c2 evoet_cx '><span class='evoet_dayblock evcal_cblock ' data-bgcolor='#0070bb' data-smon='d\u00e9cembre' data-syr='2026' data-bub=''><span class='evo_start  evofxdrc'><em class='date'>15<\/em><em class='month'>d\u00e9c<\/em><em class='time'><i t=\"y\">(d\u00e9c 15)<\/i>9h00<\/em><\/span><span class='evo_end  evofxdrc'><em class='date'>16<\/em><em class='time'><i t=\"y\">(d\u00e9c 16)<\/i>16h30<\/em><\/span><\/span><\/span><span class='evoet_c3 evoet_cx evcal_desc hide_eventtopdata '><span class='evoet_title evcal_desc2 evcal_event_title ' itemprop='name'>GDPR Foundation<\/span><span class='event_location_attrs evodni'  data-location_address=\"Ch. de la Fontaine 2, Paudex\" data-location_type=\"lonlat\" data-location_name=\"Lausanne\" data-location_url=\"https:\/\/actagis.ch\/event-location\/lausanne\/\" data-location_status=\"true\" data-locid=\"50\" data-latlng=\"46.5062801,6.6717238\"><\/span><span class='evoet_cy evoet_subtitle evo_below_title' ><span class='evcal_event_subtitle ' >IN-CLASSROOM - Lausanne-Switzerland \/ ONLINE - Live Interactive<\/span><\/span><\/span><\/span><span class='evoet_data' style='display:none' data-d=\"{&quot;loc.n&quot;:&quot;Lausanne&quot;,&quot;orgs&quot;:[],&quot;tags&quot;:[]}\" data-bgc=\"#0070bb\" data-bggrad=\"\" ><\/span><\/a><\/p><div class='event_description evcal_eventcard ' style=\"display:none\"><div class='evocard_row'><div id='event_eventdetails' class='evocard_box eventdetails' data-c='' \n\t\t\t\t\tstyle=''><div class=\"evo_metarow_details evorow evcal_evdata_row evcal_event_details\">\n    <div class=\"event_excerpt\" style=\"display:none\"><h3 class=\"padb5 evo_h3\">Event Details<\/h3><p>Learn about General Data Protection Regulation (GDPR)\n\n\n\nThe GDPR Foundation training enables you to learn the basic elements to implement and manage a compliance framework with regard to the<\/p><\/div><span class='evcal_evdata_icons'><i class='fa fa-align-justify'><\/i><\/span>    <div class=\"evcal_evdata_cell \">\n        <div class=\"eventon_full_description\">\n            <h3 class=\"padb5 evo_h3\"><span class='evcal_evdata_icons'><i class='fa fa-align-justify'><\/i><\/span>Event Details<\/h3>\n            <div class=\"eventon_desc_in\" itemprop=\"description\">\n                <p id=\"block-fcb636ba-a9cd-442c-8c2f-b704448baae8\"><strong>Learn about General Data Protection Regulation (GDPR)<\/strong><\/p>\n<p id=\"block-4760af23-7f48-49c9-a062-228c1cffe2a2\">The GDPR Foundation training enables you to learn the basic elements to implement and manage a compliance framework with regard to the protection of personal data. During this training course, you will be able to understand the fundamental privacy principles and become familiar with the role of the Data Protection Officer.<\/p>\n<p id=\"block-5b92568a-0e7e-46b5-915c-b94ade6f7f61\"><a href=\"\/?page_id=26535\">Click for full course description<\/a><\/p>\n<p id=\"block-3abe9f4b-88dd-4f05-81ff-5d24e1170e89\"><a href=\"https:\/\/actagis.ch\/fr\/actagis-academy\/iso-formation-certifiantes\/reglement-general-de-la-protection-des-donnees\/\">Cliquez pour la description en fran\u00e7ais<\/a><\/p>\n            <\/div>\n            <div class='clear'><\/div>        <\/div>\n    <\/div>\n<\/div><\/div><\/div><!-- row close --><div class='evocard_row'><div id='event_time' class='evocard_box time' data-c='' \n\t\t\t\t\tstyle=''><div class='evo_metarow_time evorow evcal_evdata_row evcal_evrow_sm '>\n\t\t<span class='evcal_evdata_icons'><i class='fa fa-clock-o'><\/i><\/span>\n\t\t<div class='evcal_evdata_cell'>\t\t\t\t\t\t\t\n\t\t\t<h3 class='evo_h3'><span class='evcal_evdata_icons'><i class='fa fa-clock-o'><\/i><\/span>Horaire<\/h3><div><span class='evo_eventcard_time_t evogap5 evofxww'><span class=\"start\">d\u00e9cembre 15 (mardi) 09:00<\/span> <span class=\"stime\">9:00am<\/span> - <span class='end'>d\u00e9cembre 16 (mercredi) 16:30<\/span> <span class='etime'>4:30pm<\/span><\/span><span class='evo_tz marr5'>(GMT+01:00)<\/span><\/div>\n\t\t<\/div>\n\t<\/div><\/div><\/div><!-- row close --><div class='evocard_row'><div id='event_location' class='evocard_box location' data-c='' \n\t\t\t\t\tstyle=''><div class='evcal_evdata_row evo_metarow_time_location evorow '>\n\t\t\n\t\t\t<span class='evcal_evdata_icons'><i class='fa fa-map-marker'><\/i><\/span>\n\t\t\t<div class='evcal_evdata_cell' data-loc_tax_id='50'><h3 class='evo_h3 evodfx'><span class='evcal_evdata_icons'><i class='fa fa-map-marker'><\/i><\/span>Lieu<\/h3><p class='evo_location_name'>Lausanne<\/p><p class='evo_location_address evodfxi evogap10'>Ch. de la Fontaine 2, Paudex<\/p><\/div>\n\t\t\n\t<\/div><\/div><\/div><!-- row close --><div class='evocard_row'><div id='event_evorsvp' class='evocard_box evorsvp' data-c='' \n\t\t\t\t\tstyle=''><div class='evorow evcal_evdata_row evcal_evrow_sm evo_metarow_rsvp' ><div class='evors_jdata' data-j='{\"etitle\":\"GDPR Foundation\",\"e_id\":69765,\"repeat_interval\":0,\"cap\":\"nocap\",\"true_cap\":\"nocap\",\"precap\":\"na\",\"uid\":\"na\",\"prefill\":false,\"lang\":\"L2\",\"incard\":\"no\",\"form_style\":\"def\",\"rsvpid\":null,\"rsvp\":null}'><\/div><span class='evcal_evdata_icons'><i class='fa fa-envelope'><\/i><\/span><div class='evcal_evdata_cell'>\r\n\t\t\t\t\t\t\t\t<h3 class='evo_h3'>RSVP to This Event<\/h3><div class='evors_eventcard_content'><div class='evors_section evors_subtext evomarb10'><p class='evo_data_val'>Pensez \u00e0 r\u00e9server assez t\u00f4t.<\/p><\/div><div class='evors_section evors_user_text '><p>Nous vous contacterons rapidement<\/p><\/div><div class='evoRS_status_option_selection evors_section sec_shade evodfx evofx_dr_r evofxww evogap10 evofxaic evofxjcsb'><div class=''><p class='evors_rsvp_choices_title' style='margin-right:20px;'>RSVP Now<\/p><\/div><p class='evors_rsvp_choices sin'><span class='evors_rsvp_select_box evofxww evogap10'><span data-val='y' class='evors_choices '>Demandez plus d'informations<\/span><\/span><\/p><\/div>\t\t\t\t\t<div class=\"evors_incard_form\"><\/div>\r\n\r\n\t\t\t\t\t\r\n\t\t\t\t\t<div class='evors_information'><div class='evors_attendance_count_data evors_stat_data fx_ai_c'><div class='evors_section evors_remaining_spots sec_shade'><p class='evors_nocap_spaceleft remaining_count'><em class='space'>Open<\/em>Spaces Still Available<\/p><\/div><\/div><\/div><\/div><\/div><\/div><\/div><\/div><!-- row close --><div class='evocard_row'><div id='event_evosocial' class='evocard_box evosocial' data-c='' \n\t\t\t\t\tstyle=''><div class='evo_metarow_socialmedia evcal_evdata_row '><div class='evo_sm FacebookShare'><a class=\" evo_ss\" target=\"_blank\" onclick=\"javascript:window.open(this.href, '', 'left=50,top=50,width=600,height=350,toolbar=0');return false;\"\r\n\t\t\t\t\t\thref=\"\/\/www.facebook.com\/sharer.php?u=https%3A%2F%2Factagis.ch%2Ffr%2Fevents%2Fgdpr-foundation-36%2Fvar%2Fri-0.l-L2\" title=\"Share on facebook\"><i class=\"fa fab fa-facebook\"><\/i><\/a><\/div><div class='evo_sm LinkedIn'><a class=\"li evo_ss\" href=\"\/\/www.linkedin.com\/shareArticle?mini=true&url=https%3A%2F%2Factagis.ch%2Ffr%2Fevents%2Fgdpr-foundation-36%2Fvar%2Fri-0.l-L2&title=GDPR%20Foundation&summary=Learn+about+General+Data+Protection+Regulation+%28GDPR%29%0A%0A%0A%0AThe+GDPR+Foundation+training+enables+you+to+learn\" target=\"_blank\" title=\"Share on Linkedin\"><i class=\"fa fab fa-linkedin\"><\/i><\/a><\/div><div class='evo_sm EmailShare'><a class=\"em evo_ss\" href=\"mailto:?subject=GDPR%20Foundation&body=Event Name: GDPR%20Foundation%0AEvent Date: 15 D\u00e9cembre 2026 9h00 - 16 D\u00e9cembre 2026 16h30%0ALink: https%3A%2F%2Factagis.ch%2Ffr%2Fevents%2Fgdpr-foundation-36%2Fvar%2Fri-0.l-L2%0A\" target=\"_blank\"><i class=\"fa fa-envelope\"><\/i><\/a><\/div><\/div><\/div><\/div><!-- row close --><button class='evo_card_row_end evcal_close' title='Close'><\/button><\/div><div class='clear end'><\/div><\/div>\t\t\t<\/div>\r\n\t\t\t<\/div><!-- evo_events_list_box -->\t\r\n\t\t\t<div class='clear'><\/div>\r\n\t\t\t\t\t \t<div id='evcal_footer' class='evo_bottom' style='display:none'>\r\n\t\t \t\t<div class='evo_cal_data' data-sc=\"{&quot;accord&quot;:&quot;no&quot;,&quot;bottom_nav&quot;:&quot;no&quot;,&quot;cal_id&quot;:&quot;&quot;,&quot;cal_init_nonajax&quot;:&quot;yes&quot;,&quot;cal_type&quot;:&quot;&quot;,&quot;calendar_type&quot;:&quot;el&quot;,&quot;currentuser&quot;:&quot;no&quot;,&quot;el_title&quot;:&quot;Upcoming courses&quot;,&quot;el_type&quot;:&quot;ue&quot;,&quot;end_range&quot;:0,&quot;ep_fields&quot;:&quot;&quot;,&quot;etc_override&quot;:&quot;no&quot;,&quot;evc_open&quot;:&quot;no&quot;,&quot;event_count&quot;:0,&quot;event_count_list&quot;:&quot;no&quot;,&quot;event_location&quot;:&quot;all&quot;,&quot;event_order&quot;:&quot;ASC&quot;,&quot;event_organizer&quot;:&quot;all&quot;,&quot;event_parts&quot;:&quot;no&quot;,&quot;event_past_future&quot;:&quot;future&quot;,&quot;event_status&quot;:&quot;all&quot;,&quot;event_tag&quot;:&quot;all&quot;,&quot;event_type&quot;:&quot;116&quot;,&quot;event_type_2&quot;:&quot;all&quot;,&quot;event_users&quot;:&quot;all&quot;,&quot;event_virtual&quot;:&quot;all&quot;,&quot;eventtop_date_style&quot;:0,&quot;eventtop_style&quot;:&quot;0&quot;,&quot;exp_jumper&quot;:&quot;no&quot;,&quot;exp_so&quot;:&quot;no&quot;,&quot;filter_relationship&quot;:&quot;AND&quot;,&quot;filter_show_set_only&quot;:&quot;no&quot;,&quot;filter_style&quot;:&quot;default&quot;,&quot;filter_type&quot;:&quot;default&quot;,&quot;filters&quot;:&quot;yes&quot;,&quot;fixed_month&quot;:&quot;&quot;,&quot;fixed_year&quot;:&quot;&quot;,&quot;focus_end_date_range&quot;:&quot;1840744799&quot;,&quot;focus_start_date_range&quot;:&quot;1777699470&quot;,&quot;ft_event_priority&quot;:&quot;no&quot;,&quot;hide_arrows&quot;:&quot;no&quot;,&quot;hide_cancels&quot;:&quot;no&quot;,&quot;hide_empty_months&quot;:&quot;no&quot;,&quot;hide_end_time&quot;:&quot;no&quot;,&quot;hide_et_dn&quot;:&quot;no&quot;,&quot;hide_et_extra&quot;:&quot;no&quot;,&quot;hide_et_tags&quot;:&quot;no&quot;,&quot;hide_et_tl&quot;:&quot;no&quot;,&quot;hide_ft&quot;:&quot;no&quot;,&quot;hide_ft_img&quot;:&quot;no&quot;,&quot;hide_month_headers&quot;:&quot;no&quot;,&quot;hide_mult_occur&quot;:&quot;yes&quot;,&quot;hide_past&quot;:&quot;yes&quot;,&quot;hide_past_by&quot;:&quot;ss&quot;,&quot;hide_so&quot;:&quot;no&quot;,&quot;ics&quot;:&quot;no&quot;,&quot;jumper&quot;:&quot;no&quot;,&quot;jumper_count&quot;:5,&quot;jumper_offset&quot;:&quot;0&quot;,&quot;lang&quot;:&quot;L2&quot;,&quot;layout_changer&quot;:&quot;no&quot;,&quot;livenow_bar&quot;:&quot;yes&quot;,&quot;mapformat&quot;:&quot;roadmap&quot;,&quot;mapiconurl&quot;:&quot;&quot;,&quot;maps_load&quot;:&quot;yes&quot;,&quot;mapscroll&quot;:&quot;true&quot;,&quot;mapzoom&quot;:&quot;16&quot;,&quot;members_only&quot;:&quot;no&quot;,&quot;ml_priority&quot;:&quot;no&quot;,&quot;ml_toend&quot;:&quot;no&quot;,&quot;month_incre&quot;:0,&quot;month_order&quot;:&quot;ASC&quot;,&quot;number_of_months&quot;:&quot;24&quot;,&quot;only_ft&quot;:&quot;no&quot;,&quot;pec&quot;:&quot;&quot;,&quot;s&quot;:&quot;&quot;,&quot;search&quot;:&quot;&quot;,&quot;search_all&quot;:&quot;no&quot;,&quot;sep_month&quot;:&quot;no&quot;,&quot;show_et_ft_img&quot;:&quot;yes&quot;,&quot;show_limit&quot;:&quot;no&quot;,&quot;show_limit_ajax&quot;:&quot;no&quot;,&quot;show_limit_paged&quot;:1,&quot;show_limit_redir&quot;:&quot;&quot;,&quot;show_repeats&quot;:&quot;no&quot;,&quot;show_rsvp&quot;:&quot;no&quot;,&quot;show_search&quot;:&quot;no&quot;,&quot;show_upcoming&quot;:0,&quot;show_year&quot;:&quot;no&quot;,&quot;social_share&quot;:&quot;no&quot;,&quot;sort_by&quot;:&quot;sort_date&quot;,&quot;start_range&quot;:0,&quot;tile_bg&quot;:0,&quot;tile_bg_size&quot;:&quot;full&quot;,&quot;tile_count&quot;:2,&quot;tile_height&quot;:0,&quot;tile_style&quot;:0,&quot;tiles&quot;:&quot;no&quot;,&quot;users&quot;:&quot;all&quot;,&quot;ux_val&quot;:&quot;1&quot;,&quot;view_switcher&quot;:&quot;no&quot;,&quot;wpml_l1&quot;:&quot;en&quot;,&quot;wpml_l2&quot;:&quot;fr&quot;,&quot;wpml_l3&quot;:&quot;&quot;,&quot;x_ids&quot;:&quot;&quot;,&quot;yl_priority&quot;:&quot;no&quot;,&quot;yl_toend&quot;:&quot;no&quot;,&quot;0&quot;:&quot;=\\&quot;yes\\&quot;&quot;,&quot;fixed_day&quot;:&quot;2&quot;,&quot;1&quot;:&quot;=\\&quot;yes\\&quot;&quot;,&quot;fixed_date&quot;:&quot;&quot;,&quot;_cver&quot;:&quot;5.0.9&quot;}\" data-filter_data=\"[]\" data-nav_data=\"{&quot;month_title&quot;:&quot;&lt;p id=&#039;evcal_cur&#039; class=&#039;evo_month_title padr10&#039;&gt; , &lt;\\\/p&gt;&quot;}\" data-od=\"{&quot;lang_no_events&quot;:&quot;No Events&quot;,&quot;cal_tz_offset&quot;:120,&quot;cal_tz&quot;:&quot;Europe\\\/Zurich&quot;}\" ><\/div>\r\n\t\t \t\t<div class='evo_cal_events' data-events=\"\"><\/div>\r\n\t\t \t<\/div>\r\n\t\t\t\t\r\n\t\t\t\r\n\t\t\t\t\t\t<\/div><!-- EventON End -->\r\n\t\t\t\n<p>[\/et_pb_text][\/et_pb_column][\/et_pb_row][\/et_pb_section][et_pb_section fb_built=\u00a0\u00bb1&Prime; _builder_version=\u00a0\u00bb4.24.3&Prime; _module_preset=\u00a0\u00bbdefault\u00a0\u00bb global_colors_info=\u00a0\u00bb{}\u00a0\u00bb][et_pb_row _builder_version=\u00a0\u00bb4.24.3&Prime; _module_preset=\u00a0\u00bbdefault\u00a0\u00bb global_colors_info=\u00a0\u00bb{}\u00a0\u00bb][et_pb_column type=\u00a0\u00bb4_4&Prime; _builder_version=\u00a0\u00bb4.24.3&Prime; _module_preset=\u00a0\u00bbdefault\u00a0\u00bb global_colors_info=\u00a0\u00bb{}\u00a0\u00bb][et_pb_text _builder_version=\u00a0\u00bb4.24.3&Prime; _module_preset=\u00a0\u00bbdefault\u00a0\u00bb global_colors_info=\u00a0\u00bb{}\u00a0\u00bb]<\/p>\n<h2>Nous pouvons \u00e9galement vous aider \u00e0 mettre en \u0153uvre le GDPR dans votre entreprise<\/h2>\n<p>[\/et_pb_text][\/et_pb_column][\/et_pb_row][et_pb_row column_structure=\u00a0\u00bb3_5,2_5&Prime; _builder_version=\u00a0\u00bb4.24.3&Prime; _module_preset=\u00a0\u00bbdefault\u00a0\u00bb custom_padding=\u00a0\u00bb14px|||||\u00a0\u00bb global_colors_info=\u00a0\u00bb{}\u00a0\u00bb][et_pb_column type=\u00a0\u00bb3_5&Prime; _builder_version=\u00a0\u00bb4.24.3&Prime; _module_preset=\u00a0\u00bbdefault\u00a0\u00bb global_colors_info=\u00a0\u00bb{}\u00a0\u00bb][et_pb_image src=\u00a0\u00bbhttps:\/\/actagis.ch\/wp-content\/uploads\/2018\/05\/25019704768_cbbb4d598a_b.jpg\u00a0\u00bb title_text=\u00a0\u00bb25019704768_cbbb4d598a_b\u00a0\u00bb _builder_version=\u00a0\u00bb4.24.3&Prime; _module_preset=\u00a0\u00bbdefault\u00a0\u00bb global_colors_info=\u00a0\u00bb{}\u00a0\u00bb][\/et_pb_image][et_pb_button button_url=\u00a0\u00bbhttps:\/\/actagis.ch\/fr\/services-de-consulting\/gdpr-general-data-protection-regulation\/\u00a0\u00bb button_text=\u00a0\u00bbEn savoir plus\u00a0\u00bb button_alignment=\u00a0\u00bbright\u00a0\u00bb _builder_version=\u00a0\u00bb4.24.3&Prime; _module_preset=\u00a0\u00bbdefault\u00a0\u00bb custom_button=\u00a0\u00bbon\u00a0\u00bb button_text_color=\u00a0\u00bb#0C71C3&Prime; global_colors_info=\u00a0\u00bb{}\u00a0\u00bb][\/et_pb_button][\/et_pb_column][et_pb_column type=\u00a0\u00bb2_5&Prime; _builder_version=\u00a0\u00bb4.24.3&Prime; _module_preset=\u00a0\u00bbdefault\u00a0\u00bb global_colors_info=\u00a0\u00bb{}\u00a0\u00bb][et_pb_text _builder_version=\u00a0\u00bb4.24.3&Prime; _module_preset=\u00a0\u00bbdefault\u00a0\u00bb global_colors_info=\u00a0\u00bb{}\u00a0\u00bb]<\/p>\n<h2>Nos services GDPR<\/h2>\n<ul>\n<li>Evaluation d&rsquo;impl\u00e9mentation<\/li>\n<li>Analyse des \u00e9carts<\/li>\n<li>Analyse d&rsquo;impact relative \u00e0 la protection des donn\u00e9es<\/li>\n<li>Impl\u00e9mentation de cadre r\u00e9f\u00e9rentiel pour la protection des donn\u00e9es<\/li>\n<li>D\u00e9l\u00e9gu\u00e9 \u00e0 la Protection des Donn\u00e9es (DPO) externe<\/li>\n<li>Gestion des incidents<\/li>\n<li>Mise en place de codes de conduite<\/li>\n<li>Mise en place de processus d&rsquo;adoption<\/li>\n<li>Formation et certification<\/li>\n<\/ul>\n<p>[\/et_pb_text][\/et_pb_column][\/et_pb_row][\/et_pb_section][et_pb_section fb_built=\u00a0\u00bb1&Prime; custom_padding_last_edited=\u00a0\u00bbon|desktop\u00a0\u00bb _builder_version=\u00a0\u00bb3.22.3&Prime; background_color=\u00a0\u00bb#f0d4aa\u00a0\u00bb custom_padding=\u00a0\u00bb50px|0px|50px|0px\u00a0\u00bb custom_padding_tablet=\u00a0\u00bb50px|0|50px|0&Prime; custom_padding_phone=\u00a0\u00bb\u00a0\u00bb global_module=\u00a0\u00bb54741&Prime; saved_tabs=\u00a0\u00bball\u00a0\u00bb global_colors_info=\u00a0\u00bb{}\u00a0\u00bb][et_pb_row column_structure=\u00a0\u00bb1_3,1_3,1_3&Prime; _builder_version=\u00a0\u00bb4.16&Prime; background_size=\u00a0\u00bbinitial\u00a0\u00bb background_position=\u00a0\u00bbtop_left\u00a0\u00bb background_repeat=\u00a0\u00bbrepeat\u00a0\u00bb global_colors_info=\u00a0\u00bb{}\u00a0\u00bb][et_pb_column type=\u00a0\u00bb1_3&Prime; _builder_version=\u00a0\u00bb4.16&Prime; custom_padding=\u00a0\u00bb|||\u00a0\u00bb global_colors_info=\u00a0\u00bb{}\u00a0\u00bb custom_padding__hover=\u00a0\u00bb|||\u00a0\u00bb][et_pb_image src=\u00a0\u00bbhttps:\/\/actagis.ch\/wp-content\/uploads\/2021\/05\/hands-on-exercises3.png\u00a0\u00bb alt=\u00a0\u00bbACTAGIS Academy Guarantee\u00a0\u00bb title_text=\u00a0\u00bbhands-on-exercises3&Prime; url=\u00a0\u00bbhttps:\/\/actagis.ch\/fr\/actagis-academy\/garantie-actagis-academy\/\u00a0\u00bb show_bottom_space=\u00a0\u00bboff\u00a0\u00bb align=\u00a0\u00bbcenter\u00a0\u00bb align_tablet=\u00a0\u00bbcenter\u00a0\u00bb align_phone=\u00a0\u00bb\u00a0\u00bb align_last_edited=\u00a0\u00bbon|desktop\u00a0\u00bb _builder_version=\u00a0\u00bb4.16&Prime; custom_padding=\u00a0\u00bb||20px|\u00a0\u00bb animation_style=\u00a0\u00bbslide\u00a0\u00bb animation_direction=\u00a0\u00bbleft\u00a0\u00bb animation_duration=\u00a0\u00bb500ms\u00a0\u00bb animation_intensity_slide=\u00a0\u00bb10%\u00a0\u00bb sticky=\u00a0\u00bbon\u00a0\u00bb global_colors_info=\u00a0\u00bb{}\u00a0\u00bb][\/et_pb_image][et_pb_text disabled_on=\u00a0\u00bboff|on|on\u00a0\u00bb _builder_version=\u00a0\u00bb4.16&Prime; background_size=\u00a0\u00bbinitial\u00a0\u00bb background_position=\u00a0\u00bbtop_left\u00a0\u00bb background_repeat=\u00a0\u00bbrepeat\u00a0\u00bb global_colors_info=\u00a0\u00bb{}\u00a0\u00bb]<\/p>\n<p><span>La formation est une combinaison de th\u00e9orie directement applicable, <strong>d\u2019exercices pratiques<\/strong>, de retours d\u2019exp\u00e9rience et d\u2019interaction de la classe.<\/span><\/p>\n<p>[\/et_pb_text][\/et_pb_column][et_pb_column type=\u00a0\u00bb1_3&Prime; _builder_version=\u00a0\u00bb4.16&Prime; custom_padding=\u00a0\u00bb|||\u00a0\u00bb global_colors_info=\u00a0\u00bb{}\u00a0\u00bb custom_padding__hover=\u00a0\u00bb|||\u00a0\u00bb][et_pb_number_counter title=\u00a0\u00bbTaux de r\u00e9ussite\u00a0\u00bb number=\u00a0\u00bb99.2%\u00a0\u00bb counter_color=\u00a0\u00bb#0071bb\u00a0\u00bb _builder_version=\u00a0\u00bb4.16&Prime; background_size=\u00a0\u00bbinitial\u00a0\u00bb background_position=\u00a0\u00bbtop_left\u00a0\u00bb background_repeat=\u00a0\u00bbrepeat\u00a0\u00bb global_colors_info=\u00a0\u00bb{}\u00a0\u00bb][\/et_pb_number_counter][et_pb_text disabled_on=\u00a0\u00bboff|on|on\u00a0\u00bb _builder_version=\u00a0\u00bb4.16&Prime; background_size=\u00a0\u00bbinitial\u00a0\u00bb background_position=\u00a0\u00bbtop_left\u00a0\u00bb background_repeat=\u00a0\u00bbrepeat\u00a0\u00bb global_colors_info=\u00a0\u00bb{}\u00a0\u00bb]<\/p>\n<p>Vous serez <strong>bien pr\u00e9par\u00e9<\/strong> pour votre examen. 99.2% de nos \u00e9tudiants ont r\u00e9ussi.<\/p>\n<p>[\/et_pb_text][\/et_pb_column][et_pb_column type=\u00a0\u00bb1_3&Prime; _builder_version=\u00a0\u00bb4.16&Prime; custom_padding=\u00a0\u00bb|||\u00a0\u00bb global_colors_info=\u00a0\u00bb{}\u00a0\u00bb custom_padding__hover=\u00a0\u00bb|||\u00a0\u00bb][et_pb_image src=\u00a0\u00bbhttps:\/\/actagis.ch\/wp-content\/uploads\/2016\/01\/UpToDate3.png\u00a0\u00bb alt=\u00a0\u00bbUp To Date\u00a0\u00bb align=\u00a0\u00bbcenter\u00a0\u00bb align_tablet=\u00a0\u00bbcenter\u00a0\u00bb align_phone=\u00a0\u00bb\u00a0\u00bb align_last_edited=\u00a0\u00bbon|desktop\u00a0\u00bb _builder_version=\u00a0\u00bb4.16&Prime; animation_style=\u00a0\u00bbslide\u00a0\u00bb animation_direction=\u00a0\u00bbright\u00a0\u00bb animation_duration=\u00a0\u00bb500ms\u00a0\u00bb animation_intensity_slide=\u00a0\u00bb10%\u00a0\u00bb animation=\u00a0\u00bbright\u00a0\u00bb global_colors_info=\u00a0\u00bb{}\u00a0\u00bb][\/et_pb_image][et_pb_text disabled_on=\u00a0\u00bboff|on|on\u00a0\u00bb _builder_version=\u00a0\u00bb4.16&Prime; background_size=\u00a0\u00bbinitial\u00a0\u00bb background_position=\u00a0\u00bbtop_left\u00a0\u00bb background_repeat=\u00a0\u00bbrepeat\u00a0\u00bb global_colors_info=\u00a0\u00bb{}\u00a0\u00bb]<\/p>\n<p><strong>Nos cours\u00a0sont \u00e0 jour<\/strong>. Ils ont \u00e9t\u00e9 adapt\u00e9s aux derni\u00e8res modifications des diff\u00e9rents examens. Nous sommes en contact r\u00e9gulier avec chaque organisation de certification.<\/p>\n<p>[\/et_pb_text][\/et_pb_column][\/et_pb_row][et_pb_row column_structure=\u00a0\u00bb1_3,1_3,1_3&Prime; disabled_on=\u00a0\u00bbon|off|off\u00a0\u00bb _builder_version=\u00a0\u00bb4.16&Prime; background_size=\u00a0\u00bbinitial\u00a0\u00bb background_position=\u00a0\u00bbtop_left\u00a0\u00bb background_repeat=\u00a0\u00bbrepeat\u00a0\u00bb global_colors_info=\u00a0\u00bb{}\u00a0\u00bb][et_pb_column type=\u00a0\u00bb1_3&Prime; _builder_version=\u00a0\u00bb4.16&Prime; custom_padding=\u00a0\u00bb|||\u00a0\u00bb global_colors_info=\u00a0\u00bb{}\u00a0\u00bb custom_padding__hover=\u00a0\u00bb|||\u00a0\u00bb][et_pb_text _builder_version=\u00a0\u00bb4.16&Prime; background_size=\u00a0\u00bbinitial\u00a0\u00bb background_position=\u00a0\u00bbtop_left\u00a0\u00bb background_repeat=\u00a0\u00bbrepeat\u00a0\u00bb global_colors_info=\u00a0\u00bb{}\u00a0\u00bb]<\/p>\n<p><span>La formation est une combinaison de th\u00e9orie directement applicable, <strong>d\u2019exercices pratiques<\/strong>, de retours d\u2019exp\u00e9rience et d\u2019interaction de la classe.<\/span><\/p>\n<p>[\/et_pb_text][\/et_pb_column][et_pb_column type=\u00a0\u00bb1_3&Prime; _builder_version=\u00a0\u00bb4.16&Prime; custom_padding=\u00a0\u00bb|||\u00a0\u00bb global_colors_info=\u00a0\u00bb{}\u00a0\u00bb custom_padding__hover=\u00a0\u00bb|||\u00a0\u00bb][et_pb_text _builder_version=\u00a0\u00bb4.16&Prime; background_size=\u00a0\u00bbinitial\u00a0\u00bb background_position=\u00a0\u00bbtop_left\u00a0\u00bb background_repeat=\u00a0\u00bbrepeat\u00a0\u00bb global_colors_info=\u00a0\u00bb{}\u00a0\u00bb]<\/p>\n<p>Vous serez <strong>bien pr\u00e9par\u00e9<\/strong> pour votre examen. 99.2% de nos \u00e9tudiants ont r\u00e9ussi.<\/p>\n<p>[\/et_pb_text][\/et_pb_column][et_pb_column type=\u00a0\u00bb1_3&Prime; _builder_version=\u00a0\u00bb4.16&Prime; custom_padding=\u00a0\u00bb|||\u00a0\u00bb global_colors_info=\u00a0\u00bb{}\u00a0\u00bb custom_padding__hover=\u00a0\u00bb|||\u00a0\u00bb][et_pb_text _builder_version=\u00a0\u00bb4.16&Prime; background_size=\u00a0\u00bbinitial\u00a0\u00bb background_position=\u00a0\u00bbtop_left\u00a0\u00bb background_repeat=\u00a0\u00bbrepeat\u00a0\u00bb global_colors_info=\u00a0\u00bb{}\u00a0\u00bb]<\/p>\n<p><strong>Nos cours\u00a0sont \u00e0 jour<\/strong>. Ils ont \u00e9t\u00e9 adapt\u00e9s aux derni\u00e8res modifications des diff\u00e9rents examens. Nous sommes en contact r\u00e9gulier avec chaque organisation de certification.<\/p>\n<p>[\/et_pb_text][\/et_pb_column][\/et_pb_row][\/et_pb_section][et_pb_section fb_built=\u00a0\u00bb1&Prime; custom_padding_last_edited=\u00a0\u00bbon|desktop\u00a0\u00bb _builder_version=\u00a0\u00bb4.16&Prime; background_color=\u00a0\u00bb#f0e5d5&Prime; custom_padding_tablet=\u00a0\u00bb50px|0|50px|0&Prime; custom_padding_phone=\u00a0\u00bb\u00a0\u00bb padding_mobile=\u00a0\u00bboff\u00a0\u00bb global_colors_info=\u00a0\u00bb{}\u00a0\u00bb][et_pb_row _builder_version=\u00a0\u00bb4.24.2&Prime; _module_preset=\u00a0\u00bbdefault\u00a0\u00bb custom_padding=\u00a0\u00bb||0px|||\u00a0\u00bb global_colors_info=\u00a0\u00bb{}\u00a0\u00bb][et_pb_column type=\u00a0\u00bb4_4&Prime; _builder_version=\u00a0\u00bb4.24.2&Prime; _module_preset=\u00a0\u00bbdefault\u00a0\u00bb global_colors_info=\u00a0\u00bb{}\u00a0\u00bb][et_pb_text _builder_version=\u00a0\u00bb4.24.2&Prime; background_size=\u00a0\u00bbinitial\u00a0\u00bb background_position=\u00a0\u00bbtop_left\u00a0\u00bb background_repeat=\u00a0\u00bbrepeat\u00a0\u00bb global_colors_info=\u00a0\u00bb{}\u00a0\u00bb]<\/p>\n<h2 class=\"et_pb_contact_main_title\">Int\u00e9ress\u00e9? Contactez-nous.<\/h2>\n<div id=\"gtx-trans\" style=\"position: absolute; left: 549px; top: 97.8125px;\">\n<div class=\"gtx-trans-icon\"><\/div>\n<\/div>\n<p>[\/et_pb_text][\/et_pb_column][\/et_pb_row][et_pb_row column_structure=\u00a0\u00bb2_3,1_3&Prime; _builder_version=\u00a0\u00bb4.16&Prime; background_size=\u00a0\u00bbinitial\u00a0\u00bb background_position=\u00a0\u00bbtop_left\u00a0\u00bb background_repeat=\u00a0\u00bbrepeat\u00a0\u00bb custom_padding=\u00a0\u00bb1px|||||\u00a0\u00bb global_colors_info=\u00a0\u00bb{}\u00a0\u00bb][et_pb_column type=\u00a0\u00bb2_3&Prime; _builder_version=\u00a0\u00bb4.16&Prime; custom_padding=\u00a0\u00bb|||\u00a0\u00bb global_colors_info=\u00a0\u00bb{}\u00a0\u00bb custom_padding__hover=\u00a0\u00bb|||\u00a0\u00bb][et_pb_text _builder_version=\u00a0\u00bb4.24.2&Prime; background_size=\u00a0\u00bbinitial\u00a0\u00bb background_position=\u00a0\u00bbtop_left\u00a0\u00bb background_repeat=\u00a0\u00bbrepeat\u00a0\u00bb global_colors_info=\u00a0\u00bb{}\u00a0\u00bb]<\/p>\n\n<div class=\"wpcf7 no-js\" id=\"wpcf7-f3034-o1\" lang=\"en-US\" dir=\"ltr\" data-wpcf7-id=\"3034\">\n<div class=\"screen-reader-response\"><p role=\"status\" aria-live=\"polite\" aria-atomic=\"true\"><\/p> <ul><\/ul><\/div>\n<form action=\"\/fr\/wp-json\/wp\/v2\/pages\/26536#wpcf7-f3034-o1\" method=\"post\" class=\"wpcf7-form init\" aria-label=\"Contact form\" novalidate=\"novalidate\" data-status=\"init\">\n<fieldset class=\"hidden-fields-container\"><input type=\"hidden\" name=\"_wpcf7\" value=\"3034\" \/><input type=\"hidden\" name=\"_wpcf7_version\" value=\"6.1.5\" \/><input type=\"hidden\" name=\"_wpcf7_locale\" value=\"en_US\" \/><input type=\"hidden\" name=\"_wpcf7_unit_tag\" value=\"wpcf7-f3034-o1\" \/><input type=\"hidden\" name=\"_wpcf7_container_post\" value=\"0\" \/><input type=\"hidden\" name=\"_wpcf7_posted_data_hash\" value=\"\" \/><input type=\"hidden\" name=\"_wpcf7dtx_version\" value=\"5.0.5\" \/>\n<\/fieldset>\n<p>Votre int\u00e9r\u00eat\n<\/p>\n<p><span class=\"wpcf7-form-control-wrap contact-form-subject\" data-name=\"contact-form-subject\"><input type=\"text\" name=\"contact-form-subject\" class=\"wpcf7-form-control wpcf7-text wpcf7dtx wpcf7dtx-text\" aria-invalid=\"false\" value=\"GDPR Foundation\"><\/span>\n<\/p>\n<p>Nom (obligatoire)\n<\/p>\n<p><span class=\"wpcf7-form-control-wrap\" data-name=\"your-name\"><input size=\"40\" maxlength=\"400\" class=\"wpcf7-form-control wpcf7-text wpcf7-validates-as-required\" aria-required=\"true\" aria-invalid=\"false\" value=\"\" type=\"text\" name=\"your-name\" \/><\/span>\n<\/p>\n<p>Email (obligatoire)\n<\/p>\n<p><span class=\"wpcf7-form-control-wrap\" data-name=\"your-email\"><input size=\"40\" maxlength=\"400\" class=\"wpcf7-form-control wpcf7-email wpcf7-validates-as-required wpcf7-text wpcf7-validates-as-email\" aria-required=\"true\" aria-invalid=\"false\" value=\"\" type=\"email\" name=\"your-email\" \/><\/span>\n<\/p>\n<p>T\u00e9l\u00e9phone professionnel direct avec l'indicatif du pays (obligatoire)\n<\/p>\n<p><span class=\"wpcf7-form-control-wrap\" data-name=\"your-tel\"><input size=\"40\" maxlength=\"400\" class=\"wpcf7-form-control wpcf7-tel wpcf7-validates-as-required wpcf7-text wpcf7-validates-as-tel\" aria-required=\"true\" aria-invalid=\"false\" value=\"\" type=\"tel\" name=\"your-tel\" \/><\/span>\n<\/p>\n<p>T\u00e9l\u00e9phone mobile avec l'indicatif du pays (obligatoire)\n<\/p>\n<p><span class=\"wpcf7-form-control-wrap\" data-name=\"your-mob-tel\"><input size=\"40\" maxlength=\"400\" class=\"wpcf7-form-control wpcf7-tel wpcf7-validates-as-required wpcf7-text wpcf7-validates-as-tel\" aria-required=\"true\" aria-invalid=\"false\" value=\"\" type=\"tel\" name=\"your-mob-tel\" \/><\/span>\n<\/p>\n<p>Ville (obligatoire)\n<\/p>\n<p><span class=\"wpcf7-form-control-wrap\" data-name=\"your-city\"><input size=\"40\" maxlength=\"400\" class=\"wpcf7-form-control wpcf7-text wpcf7-validates-as-required\" aria-required=\"true\" aria-invalid=\"false\" value=\"\" type=\"text\" name=\"your-city\" \/><\/span>\n<\/p>\n<p>Pays (obligatoire)\n<\/p>\n<p><span class=\"wpcf7-form-control-wrap\" data-name=\"your-country\"><input size=\"40\" maxlength=\"400\" class=\"wpcf7-form-control wpcf7-text wpcf7-validates-as-required\" aria-required=\"true\" aria-invalid=\"false\" value=\"\" type=\"text\" name=\"your-country\" \/><\/span>\n<\/p>\n<p>Votre message\n<\/p>\n<p><span class=\"wpcf7-form-control-wrap\" data-name=\"your-message\"><textarea cols=\"40\" rows=\"10\" maxlength=\"2000\" class=\"wpcf7-form-control wpcf7-textarea\" aria-invalid=\"false\" name=\"your-message\"><\/textarea><\/span>\n<\/p>\n<p><span class=\"wpcf7-form-control-wrap\" data-name=\"protection-donnes\"><span class=\"wpcf7-form-control wpcf7-acceptance\"><span class=\"wpcf7-list-item\"><label><input type=\"checkbox\" name=\"protection-donnes\" value=\"1\" aria-invalid=\"false\" \/><span class=\"wpcf7-list-item-label\">J'accepte la <a href=\"https:\/\/actagis.ch\/fr\/protection-des-donnees\/\" target=\"_blank\">politique de protection des donn\u00e9es<\/a><\/span><\/label><\/span><\/span><\/span>\n<\/p>\n<p><div class=\"cf7-cf-turnstile\" style=\"margin-top: 0px; margin-bottom: -15px;\"> <div id=\"cf-turnstile-cf7-3761955233\" class=\"cf-turnstile\" data-sitekey=\"0x4AAAAAAAC_PaAUNM8_UEH3\" data-theme=\"light\" data-language=\"en\" data-size=\"\" data-retry=\"auto\" data-retry-interval=\"1000\" data-refresh-expired=\"auto\" data-refresh-timeout=\"auto\" data-action=\"contact-form-7\" data-callback=\"turnstileCF7Callback\" data-appearance=\"interaction-only\"><\/div> <script>document.addEventListener(\"DOMContentLoaded\", function() { setTimeout(function(){ var e=document.getElementById(\"cf-turnstile-cf7-3761955233\"); if(e&&!e.innerHTML.trim()){turnstile.render(e, {sitekey:\"0x4AAAAAAAC_PaAUNM8_UEH3\"});} }, 200); });<\/script> <style>#cf-turnstile-cf7-3761955233 iframe { margin-bottom: 15px; }<\/style> <style>#cf-turnstile-cf7-3761955233 { margin-left: -15px; }<\/style> <script>document.addEventListener(\"DOMContentLoaded\",function(){document.querySelectorAll('.wpcf7-form').forEach(function(e){e.addEventListener('submit',function(){if(document.getElementById('cf-turnstile-cf7-3761955233')){setTimeout(function(){turnstile.reset('#cf-turnstile-cf7-3761955233');},1000)}})})});<\/script> <\/div>\n<\/p>\n<p><input class=\"wpcf7-form-control wpcf7-submit has-spinner\" type=\"submit\" value=\"Envoyer\" \/>\n<\/p><div class=\"wpcf7-response-output\" aria-hidden=\"true\"><\/div>\n<\/form>\n<\/div>\n\n<p>[\/et_pb_text][\/et_pb_column][et_pb_column type=\u00a0\u00bb1_3&Prime; _builder_version=\u00a0\u00bb4.16&Prime; custom_padding=\u00a0\u00bb|||\u00a0\u00bb global_colors_info=\u00a0\u00bb{}\u00a0\u00bb custom_padding__hover=\u00a0\u00bb|||\u00a0\u00bb][et_pb_image src=\u00a0\u00bbhttps:\/\/actagis.ch\/wp-content\/uploads\/2024\/03\/email-contact-blue.png\u00a0\u00bb title_text=\u00a0\u00bbemail-contact-blue\u00a0\u00bb _builder_version=\u00a0\u00bb4.24.2&Prime; _module_preset=\u00a0\u00bbdefault\u00a0\u00bb custom_margin=\u00a0\u00bb20px||||false|false\u00a0\u00bb global_colors_info=\u00a0\u00bb{}\u00a0\u00bb][\/et_pb_image][\/et_pb_column][\/et_pb_row][\/et_pb_section]<\/p>\n","protected":false},"excerpt":{"rendered":"<p>Familiarisez-vous avec tous les processus n\u00e9cessaires pour adopter un r\u00e8glement g\u00e9n\u00e9ral sur la protection des donn\u00e9es (RGPD) dans une organisation.<\/p>\n","protected":false},"author":2,"featured_media":0,"parent":3071,"menu_order":0,"comment_status":"closed","ping_status":"closed","template":"","meta":{"_et_pb_use_builder":"on","_et_pb_old_content":"","_et_gb_content_width":"","inline_featured_image":false,"footnotes":""},"class_list":["post-26536","page","type-page","status-publish","hentry"],"yoast_head":"<!-- This site is optimized with the Yoast SEO plugin v27.4 - https:\/\/yoast.com\/product\/yoast-seo-wordpress\/ -->\n<title>R\u00e9glement G\u00e9n\u00e9ral de la Protection des Donn\u00e9es - ACTAGIS<\/title>\n<meta name=\"description\" content=\"Familiarisez-vous avec tous les processus n\u00e9cessaires pour adopter un r\u00e8glement g\u00e9n\u00e9ral sur la protection des donn\u00e9es (RGPD) dans une organisation.\" \/>\n<meta name=\"robots\" content=\"index, follow, max-snippet:-1, max-image-preview:large, max-video-preview:-1\" \/>\n<link rel=\"canonical\" href=\"https:\/\/actagis.ch\/fr\/actagis-academy\/iso-formation-certifiantes\/reglement-general-de-la-protection-des-donnees\/\" \/>\n<meta property=\"og:locale\" content=\"fr_FR\" \/>\n<meta property=\"og:type\" content=\"article\" \/>\n<meta property=\"og:title\" content=\"R\u00e9glement G\u00e9n\u00e9ral de la Protection des Donn\u00e9es - ACTAGIS\" \/>\n<meta property=\"og:description\" content=\"Familiarisez-vous avec tous les processus n\u00e9cessaires pour adopter un r\u00e8glement g\u00e9n\u00e9ral sur la protection des donn\u00e9es (RGPD) dans une organisation.\" \/>\n<meta property=\"og:url\" content=\"https:\/\/actagis.ch\/fr\/actagis-academy\/iso-formation-certifiantes\/reglement-general-de-la-protection-des-donnees\/\" \/>\n<meta property=\"og:site_name\" content=\"ACTAGIS\" \/>\n<meta property=\"article:modified_time\" content=\"2025-08-28T14:48:37+00:00\" \/>\n<meta property=\"og:image\" content=\"https:\/\/actagis.ch\/wp-content\/uploads\/2018\/09\/actagisLinkedIn.jpg\" \/>\n\t<meta property=\"og:image:width\" content=\"522\" \/>\n\t<meta property=\"og:image:height\" content=\"324\" \/>\n\t<meta property=\"og:image:type\" content=\"image\/jpeg\" \/>\n<meta name=\"twitter:card\" content=\"summary_large_image\" \/>\n<meta name=\"twitter:label1\" content=\"Dur\u00e9e de lecture estim\u00e9e\" \/>\n\t<meta name=\"twitter:data1\" content=\"35 minutes\" \/>\n<script type=\"application\/ld+json\" class=\"yoast-schema-graph\">{\"@context\":\"https:\\\/\\\/schema.org\",\"@graph\":[{\"@type\":\"WebPage\",\"@id\":\"https:\\\/\\\/actagis.ch\\\/fr\\\/actagis-academy\\\/iso-formation-certifiantes\\\/reglement-general-de-la-protection-des-donnees\\\/\",\"url\":\"https:\\\/\\\/actagis.ch\\\/fr\\\/actagis-academy\\\/iso-formation-certifiantes\\\/reglement-general-de-la-protection-des-donnees\\\/\",\"name\":\"R\u00e9glement G\u00e9n\u00e9ral de la Protection des Donn\u00e9es - ACTAGIS\",\"isPartOf\":{\"@id\":\"https:\\\/\\\/actagis.ch\\\/fr\\\/#website\"},\"datePublished\":\"2017-05-01T14:28:37+00:00\",\"dateModified\":\"2025-08-28T14:48:37+00:00\",\"description\":\"Familiarisez-vous avec tous les processus n\u00e9cessaires pour adopter un r\u00e8glement g\u00e9n\u00e9ral sur la protection des donn\u00e9es (RGPD) dans une organisation.\",\"breadcrumb\":{\"@id\":\"https:\\\/\\\/actagis.ch\\\/fr\\\/actagis-academy\\\/iso-formation-certifiantes\\\/reglement-general-de-la-protection-des-donnees\\\/#breadcrumb\"},\"inLanguage\":\"fr-FR\",\"potentialAction\":[{\"@type\":\"ReadAction\",\"target\":[\"https:\\\/\\\/actagis.ch\\\/fr\\\/actagis-academy\\\/iso-formation-certifiantes\\\/reglement-general-de-la-protection-des-donnees\\\/\"]}]},{\"@type\":\"BreadcrumbList\",\"@id\":\"https:\\\/\\\/actagis.ch\\\/fr\\\/actagis-academy\\\/iso-formation-certifiantes\\\/reglement-general-de-la-protection-des-donnees\\\/#breadcrumb\",\"itemListElement\":[{\"@type\":\"ListItem\",\"position\":1,\"name\":\"Home\",\"item\":\"https:\\\/\\\/actagis.ch\\\/fr\\\/actagis\\\/\"},{\"@type\":\"ListItem\",\"position\":2,\"name\":\"ACTAGIS Academy old\",\"item\":\"https:\\\/\\\/actagis.ch\\\/fr\\\/actagis-academy\\\/\"},{\"@type\":\"ListItem\",\"position\":3,\"name\":\"ISO : Formation certifiantes\",\"item\":\"https:\\\/\\\/actagis.ch\\\/fr\\\/actagis-academy\\\/iso-formation-certifiantes\\\/\"},{\"@type\":\"ListItem\",\"position\":4,\"name\":\"R\u00e9glement G\u00e9n\u00e9ral de la Protection des Donn\u00e9es\"}]},{\"@type\":\"WebSite\",\"@id\":\"https:\\\/\\\/actagis.ch\\\/fr\\\/#website\",\"url\":\"https:\\\/\\\/actagis.ch\\\/fr\\\/\",\"name\":\"ACTAGIS\",\"description\":\"Govern your IT, Security and Business\",\"publisher\":{\"@id\":\"https:\\\/\\\/actagis.ch\\\/fr\\\/#organization\"},\"potentialAction\":[{\"@type\":\"SearchAction\",\"target\":{\"@type\":\"EntryPoint\",\"urlTemplate\":\"https:\\\/\\\/actagis.ch\\\/fr\\\/?s={search_term_string}\"},\"query-input\":{\"@type\":\"PropertyValueSpecification\",\"valueRequired\":true,\"valueName\":\"search_term_string\"}}],\"inLanguage\":\"fr-FR\"},{\"@type\":\"Organization\",\"@id\":\"https:\\\/\\\/actagis.ch\\\/fr\\\/#organization\",\"name\":\"ACTAGIS\",\"url\":\"https:\\\/\\\/actagis.ch\\\/fr\\\/\",\"logo\":{\"@type\":\"ImageObject\",\"inLanguage\":\"fr-FR\",\"@id\":\"https:\\\/\\\/actagis.ch\\\/fr\\\/#\\\/schema\\\/logo\\\/image\\\/\",\"url\":\"https:\\\/\\\/actagis.ch\\\/wp-content\\\/uploads\\\/2016\\\/01\\\/actagis.svg\",\"contentUrl\":\"https:\\\/\\\/actagis.ch\\\/wp-content\\\/uploads\\\/2016\\\/01\\\/actagis.svg\",\"width\":1,\"height\":1,\"caption\":\"ACTAGIS\"},\"image\":{\"@id\":\"https:\\\/\\\/actagis.ch\\\/fr\\\/#\\\/schema\\\/logo\\\/image\\\/\"}}]}<\/script>\n<!-- \/ Yoast SEO plugin. -->","yoast_head_json":{"title":"R\u00e9glement G\u00e9n\u00e9ral de la Protection des Donn\u00e9es - ACTAGIS","description":"Familiarisez-vous avec tous les processus n\u00e9cessaires pour adopter un r\u00e8glement g\u00e9n\u00e9ral sur la protection des donn\u00e9es (RGPD) dans une organisation.","robots":{"index":"index","follow":"follow","max-snippet":"max-snippet:-1","max-image-preview":"max-image-preview:large","max-video-preview":"max-video-preview:-1"},"canonical":"https:\/\/actagis.ch\/fr\/actagis-academy\/iso-formation-certifiantes\/reglement-general-de-la-protection-des-donnees\/","og_locale":"fr_FR","og_type":"article","og_title":"R\u00e9glement G\u00e9n\u00e9ral de la Protection des Donn\u00e9es - ACTAGIS","og_description":"Familiarisez-vous avec tous les processus n\u00e9cessaires pour adopter un r\u00e8glement g\u00e9n\u00e9ral sur la protection des donn\u00e9es (RGPD) dans une organisation.","og_url":"https:\/\/actagis.ch\/fr\/actagis-academy\/iso-formation-certifiantes\/reglement-general-de-la-protection-des-donnees\/","og_site_name":"ACTAGIS","article_modified_time":"2025-08-28T14:48:37+00:00","og_image":[{"width":522,"height":324,"url":"https:\/\/actagis.ch\/wp-content\/uploads\/2018\/09\/actagisLinkedIn.jpg","type":"image\/jpeg"}],"twitter_card":"summary_large_image","twitter_misc":{"Dur\u00e9e de lecture estim\u00e9e":"35 minutes"},"schema":{"@context":"https:\/\/schema.org","@graph":[{"@type":"WebPage","@id":"https:\/\/actagis.ch\/fr\/actagis-academy\/iso-formation-certifiantes\/reglement-general-de-la-protection-des-donnees\/","url":"https:\/\/actagis.ch\/fr\/actagis-academy\/iso-formation-certifiantes\/reglement-general-de-la-protection-des-donnees\/","name":"R\u00e9glement G\u00e9n\u00e9ral de la Protection des Donn\u00e9es - ACTAGIS","isPartOf":{"@id":"https:\/\/actagis.ch\/fr\/#website"},"datePublished":"2017-05-01T14:28:37+00:00","dateModified":"2025-08-28T14:48:37+00:00","description":"Familiarisez-vous avec tous les processus n\u00e9cessaires pour adopter un r\u00e8glement g\u00e9n\u00e9ral sur la protection des donn\u00e9es (RGPD) dans une organisation.","breadcrumb":{"@id":"https:\/\/actagis.ch\/fr\/actagis-academy\/iso-formation-certifiantes\/reglement-general-de-la-protection-des-donnees\/#breadcrumb"},"inLanguage":"fr-FR","potentialAction":[{"@type":"ReadAction","target":["https:\/\/actagis.ch\/fr\/actagis-academy\/iso-formation-certifiantes\/reglement-general-de-la-protection-des-donnees\/"]}]},{"@type":"BreadcrumbList","@id":"https:\/\/actagis.ch\/fr\/actagis-academy\/iso-formation-certifiantes\/reglement-general-de-la-protection-des-donnees\/#breadcrumb","itemListElement":[{"@type":"ListItem","position":1,"name":"Home","item":"https:\/\/actagis.ch\/fr\/actagis\/"},{"@type":"ListItem","position":2,"name":"ACTAGIS Academy old","item":"https:\/\/actagis.ch\/fr\/actagis-academy\/"},{"@type":"ListItem","position":3,"name":"ISO : Formation certifiantes","item":"https:\/\/actagis.ch\/fr\/actagis-academy\/iso-formation-certifiantes\/"},{"@type":"ListItem","position":4,"name":"R\u00e9glement G\u00e9n\u00e9ral de la Protection des Donn\u00e9es"}]},{"@type":"WebSite","@id":"https:\/\/actagis.ch\/fr\/#website","url":"https:\/\/actagis.ch\/fr\/","name":"ACTAGIS","description":"Govern your IT, Security and Business","publisher":{"@id":"https:\/\/actagis.ch\/fr\/#organization"},"potentialAction":[{"@type":"SearchAction","target":{"@type":"EntryPoint","urlTemplate":"https:\/\/actagis.ch\/fr\/?s={search_term_string}"},"query-input":{"@type":"PropertyValueSpecification","valueRequired":true,"valueName":"search_term_string"}}],"inLanguage":"fr-FR"},{"@type":"Organization","@id":"https:\/\/actagis.ch\/fr\/#organization","name":"ACTAGIS","url":"https:\/\/actagis.ch\/fr\/","logo":{"@type":"ImageObject","inLanguage":"fr-FR","@id":"https:\/\/actagis.ch\/fr\/#\/schema\/logo\/image\/","url":"https:\/\/actagis.ch\/wp-content\/uploads\/2016\/01\/actagis.svg","contentUrl":"https:\/\/actagis.ch\/wp-content\/uploads\/2016\/01\/actagis.svg","width":1,"height":1,"caption":"ACTAGIS"},"image":{"@id":"https:\/\/actagis.ch\/fr\/#\/schema\/logo\/image\/"}}]}},"_links":{"self":[{"href":"https:\/\/actagis.ch\/fr\/wp-json\/wp\/v2\/pages\/26536","targetHints":{"allow":["GET"]}}],"collection":[{"href":"https:\/\/actagis.ch\/fr\/wp-json\/wp\/v2\/pages"}],"about":[{"href":"https:\/\/actagis.ch\/fr\/wp-json\/wp\/v2\/types\/page"}],"author":[{"embeddable":true,"href":"https:\/\/actagis.ch\/fr\/wp-json\/wp\/v2\/users\/2"}],"replies":[{"embeddable":true,"href":"https:\/\/actagis.ch\/fr\/wp-json\/wp\/v2\/comments?post=26536"}],"version-history":[{"count":70,"href":"https:\/\/actagis.ch\/fr\/wp-json\/wp\/v2\/pages\/26536\/revisions"}],"predecessor-version":[{"id":69239,"href":"https:\/\/actagis.ch\/fr\/wp-json\/wp\/v2\/pages\/26536\/revisions\/69239"}],"up":[{"embeddable":true,"href":"https:\/\/actagis.ch\/fr\/wp-json\/wp\/v2\/pages\/3071"}],"wp:attachment":[{"href":"https:\/\/actagis.ch\/fr\/wp-json\/wp\/v2\/media?parent=26536"}],"curies":[{"name":"wp","href":"https:\/\/api.w.org\/{rel}","templated":true}]}}